{"version":"1.0","provider_name":"Paroisse La Chaux-de-Fonds","provider_url":"https:\/\/www.eren.ch\/cdf","title":"Pr\u00e9sence \u00e0 l'\u00e9cole","type":"rich","width":600,"height":338,"html":"<blockquote class=\"wp-embedded-content\" data-secret=\"8B7rJoIgfo\"><a href=\"https:\/\/www.eren.ch\/cdf\/enfance-et-jeunesse\/presence-a-lecole\/\">Pr\u00e9sence \u00e0 l&rsquo;\u00e9cole<\/a><\/blockquote><iframe sandbox=\"allow-scripts\" security=\"restricted\" src=\"https:\/\/www.eren.ch\/cdf\/enfance-et-jeunesse\/presence-a-lecole\/embed\/#?secret=8B7rJoIgfo\" width=\"600\" height=\"338\" title=\"\u00ab\u00a0Pr\u00e9sence \u00e0 l&rsquo;\u00e9cole\u00a0\u00bb &#8212; Paroisse La Chaux-de-Fonds\" data-secret=\"8B7rJoIgfo\" frameborder=\"0\" marginwidth=\"0\" marginheight=\"0\" scrolling=\"no\" class=\"wp-embedded-content\"><\/iframe><script>\n\/*! This file is auto-generated *\/\n!function(d,l){\"use strict\";l.querySelector&&d.addEventListener&&\"undefined\"!=typeof URL&&(d.wp=d.wp||{},d.wp.receiveEmbedMessage||(d.wp.receiveEmbedMessage=function(e){var t=e.data;if((t||t.secret||t.message||t.value)&&!\/[^a-zA-Z0-9]\/.test(t.secret)){for(var s,r,n,a=l.querySelectorAll('iframe[data-secret=\"'+t.secret+'\"]'),o=l.querySelectorAll('blockquote[data-secret=\"'+t.secret+'\"]'),c=new RegExp(\"^https?:$\",\"i\"),i=0;i<o.length;i++)o[i].style.display=\"none\";for(i=0;i<a.length;i++)s=a[i],e.source===s.contentWindow&&(s.removeAttribute(\"style\"),\"height\"===t.message?(1e3<(r=parseInt(t.value,10))?r=1e3:~~r<200&&(r=200),s.height=r):\"link\"===t.message&&(r=new URL(s.getAttribute(\"src\")),n=new URL(t.value),c.test(n.protocol))&&n.host===r.host&&l.activeElement===s&&(d.top.location.href=t.value))}},d.addEventListener(\"message\",d.wp.receiveEmbedMessage,!1),l.addEventListener(\"DOMContentLoaded\",function(){for(var e,t,s=l.querySelectorAll(\"iframe.wp-embedded-content\"),r=0;r<s.length;r++)(t=(e=s[r]).getAttribute(\"data-secret\"))||(t=Math.random().toString(36).substring(2,12),e.src+=\"#?secret=\"+t,e.setAttribute(\"data-secret\",t)),e.contentWindow.postMessage({message:\"ready\",secret:t},\"*\")},!1)))}(window,document);\n\/\/# sourceURL=https:\/\/www.eren.ch\/cdf\/wp-includes\/js\/wp-embed.min.js\n<\/script>\n","description":"Pour les 4-7H Au Coll\u00e8ge primaire de la Sagne Le\u00e7ons de religion ouvertes \u00e0 tous les \u00e9l\u00e8ves int\u00e9ress\u00e9s. Les enfants se familiarisent avec les histoires bibliques et d\u00e9couvrent leur richesse \u00e0 travers des animations vari\u00e9es. Quand : Sur les temps de midi les jeudis (\u00e0 convenir).O\u00f9 : Au coll\u00e8ge de la Sagne.Contact : Vy Tirman, &hellip; Continuer la lecture de &laquo;&nbsp;&nbsp;&raquo;","thumbnail_url":"https:\/\/www.eren.ch\/cdf\/wp-content\/uploads\/sites\/16\/2022\/11\/pencils-gf588f895c_1920-1024x681.jpg"}