{"id":31,"date":"2016-04-16T00:17:33","date_gmt":"2016-04-15T22:17:33","guid":{"rendered":"https:\/\/www.eren.ch\/cote\/?page_id=31"},"modified":"2026-04-19T20:01:59","modified_gmt":"2026-04-19T18:01:59","slug":"vie-paroissiale","status":"publish","type":"page","link":"https:\/\/www.eren.ch\/cote\/vie-paroissiale\/","title":{"rendered":"Vie paroissiale"},"content":{"rendered":"<header class=\"entry-header\">\n<h1 class=\"entry-title\"><span style=\"color: #636363\">Prier, m\u00e9diter, se former<\/span><\/h1>\n<\/header>\n<div class=\"entry-content\">\n<h4><span style=\"color: #800080\">GROUPE DE PRI\u00c8RE \u0153cum\u00e9nique<\/span><\/h4>\n<p><span class=\"lacote\" style=\"color: #000000\">Tous les mardis, sauf pendant les vacances scolaires, \u00e0 9h, \u00e0 l&rsquo;\u00e9glise catholique de Peseux (rue Ernest-Roulet 8)<\/span><\/p>\n<h4><span style=\"color: #ff0000\">\u00ab\u00a0\u00c7A BOUQUINE \u00e0 la c\u00f4te\u00a0\u00bb, groupe de lecture mensuel<\/span><\/h4>\n<p>Une fois par mois, nous nous retrouvons autour d\u2019un livre choisi et pr\u00e9alablement lu pour prendre le temps d&rsquo;\u00e9changer ensemble. Dans une atmosph\u00e8re conviviale et ouverte, chacun et chacune est invit\u00e9 \u00e0 partager ses impressions, ses questions et ses d\u00e9couvertes.<\/p>\n<p>Ce temps de rencontre est accessible \u00e0 toutes et tous, que vous soyez lecteur assidu ou occasionnel. Il ne s\u2019agit pas d\u2019un cours, mais d\u2019un espace de dialogue o\u00f9 les points de vue se croisent et s\u2019enrichissent.<\/p>\n<p>Les rencontres ont lieu en pr\u00e9sentiel \u00e0 la <a href=\"https:\/\/www.eren.ch\/cote\/maison-de-paroisse-de-peseux\/\" target=\"_blank\" rel=\"noopener\">Maison de paroisse de Peseux<\/a>\u00a0(rue des Granges 8) avec la possibilit\u00e9 de participer \u00e9galement \u00e0 distance via Zoom.<\/p>\n<p>Prochaines rencontres :<\/p>\n<ul>\n<li style=\"list-style-type: none\">\n<ul>\n<li><strong>Mardi 12 mai, 14h-15h30<\/strong> : Eric-Emmanuel Schmitt, <em>L&rsquo;enfant de No\u00e9<\/em>.<\/li>\n<li><strong>Mardi 16 juin, 14h-15h30<\/strong> : Christian Bobin,\u00a0<em>Le Tr\u00e8s-Bas<\/em>.<\/li>\n<li><strong>Mardi 15 septembre, 14h-15h30<\/strong> (livre \u00e0 choisir)<\/li>\n<li><strong>Mardi 27 octobre, 14h-15h30<\/strong> (livre \u00e0 choisir)<\/li>\n<li><strong>Mardi 24 novembre, 14h-15h30<\/strong> (livre \u00e0 choisir)<\/li>\n<\/ul>\n<\/li>\n<\/ul>\n<\/div>\n<h4 class=\"entry-content\"><span style=\"color: #000080\">PARTAGEs autour de la BIBlE<\/span><\/h4>\n<div class=\"entry-content\">\n<p class=\"p1\"><span style=\"color: #000000\">Une heure de partage autour d&rsquo;un th\u00e8me de la Bible en vue d&rsquo;une \u00e9dification mutuelle.<\/span><\/p>\n<p class=\"p1\">Prochaines rencontres (17h-18h, \u00e0 la <a href=\"https:\/\/www.eren.ch\/cote\/maison-de-paroisse-de-peseux\/\">Maison de paroisse de Peseux<\/a>, rue des Granges 8)<\/p>\n<ul>\n<li style=\"list-style-type: none\">\n<ul>\n<li><span style=\"color: #999999\"><em>Lundi 26 janvier 2026<\/em><\/span><\/li>\n<li><span style=\"color: #999999\"><em>Lundi 23 mars<\/em><\/span><\/li>\n<li><strong>Lundi 18 mai<\/strong><\/li>\n<\/ul>\n<\/li>\n<\/ul>\n<p><span style=\"color: #000000\"><strong>Pour plu<span style=\"color: #000000\">s d\u2019infos<\/span><\/strong>, contacter le responsable : M. Jean-Paul Sandoz,\u00a0t\u00e9l.: 032 730 60 31, &lt;<a href=\"mailto:jeanpaul.sandoz@gmail.com\">jeanpaul.sandoz@gmail.com<\/a>&gt;<\/span><\/p>\n<h4><span style=\"color: #008000\">Groupe de partage spirituel \u00ab\u00a0Le Hamac\u00a0\u00bb<\/span><\/h4>\n<p>C&rsquo;est un lieu o\u00f9 l\u2019on peut se d\u00e9tendre, se reposer, avec des personnes qui vous \u00e9coutent et qui partagent \u00e0 leur tour : sur ce qui les interroge \u00e0 propos de leur relation \u00e0 Dieu, \u00e0 J\u00e9sus Christ, de la place de la spiritualit\u00e9 dans leur vie. Il n\u2019est pas n\u00e9cessaire d\u2019appartenir \u00e0 une confession particuli\u00e8re.<\/p>\n<p>En principe, le groupe se r\u00e9unit les uns chez les autres, de 19h30 \u00e0 21h, une \u00e0 deux fois par mois, selon la disponibilit\u00e9 des personnes inscrites.<\/p>\n<p>Pour s&rsquo;inscrire, veuillez contacter Hyonou Paik, 032 731 22 00 \/ <a href=\"mailto:Hyonou.Paik@eren.ch\">Hyonou.Paik@eren.ch<\/a><\/p>\n<div class=\"entry-content\">\n<h4><span style=\"color: #993300\">Dialogues d&rsquo;automne<\/span><\/h4>\n<div class=\"entry-content\">\n<h5 class=\"p1\" style=\"text-align: center\">Edition 2026 en cours d&rsquo;\u00e9laboration<\/h5>\n<p style=\"text-align: center\"><strong>R\u00e9servez les dates !<\/strong><\/p>\n<ul>\n<li style=\"list-style-type: none\">\n<ul>\n<li><span style=\"color: #000000\">Soir\u00e9e 1 \u2013 mercredi 11 novembre 2026, 19h30<\/span><br \/>\n<em><span style=\"color: #000000\">\u00ab\u00a0Th\u00e8me en cours d&rsquo;\u00e9laboration\u00a0\u00bb<\/span><\/em><\/li>\n<li><span style=\"color: #000000\">Soir\u00e9e 2 \u2013 mercredi 18 novembre 2026, 19h30<\/span><br \/>\n<em><span style=\"color: #000000\">\u00ab\u00a0Th\u00e8me en cours d&rsquo;\u00e9laboration\u00a0\u00bb<\/span><\/em><\/li>\n<\/ul>\n<\/li>\n<\/ul>\n<\/div>\n<\/div>\n<\/div>\n<div class=\"entry-content\">\n<hr \/>\n<header class=\"entry-header\">\n<h1 class=\"entry-title\"><span style=\"color: #636363\">Partager<\/span><\/h1>\n<\/header>\n<div class=\"entry-content\">\n<h4><span style=\"color: #ff6600\">Jouons ensemble. Apr\u00e8s-midis r\u00e9cr\u00e9atifs<\/span><\/h4>\n<p>Prochaines rencontres (vendredis, 14h-16h, \u00e0 la <a href=\"https:\/\/www.eren.ch\/cote\/salle-de-paroisse-de-corcelles\/\">Salle de paroisse de Corcelles<\/a>, rue de la Cure 6)<\/p>\n<ul>\n<li style=\"list-style-type: none\">\n<ul>\n<li><span style=\"color: #999999\"><em>9 et 30 janvier 2026<\/em><\/span><\/li>\n<li><span style=\"color: #999999\"><em>13 et 27 f\u00e9vrier<\/em><\/span><\/li>\n<li><span style=\"color: #999999\"><em>6 et 27 mars<\/em><\/span><\/li>\n<li><span style=\"color: #999999\"><em>10 et 17 avril<\/em><\/span><\/li>\n<li><strong>8 et 22 mai<\/strong><\/li>\n<li><strong>5 et 19 juin<\/strong><\/li>\n<\/ul>\n<\/li>\n<\/ul>\n<h4><span style=\"color: #003366\">camp des a\u00een\u00e9s (<\/span>Chaque ann\u00e9e, fin ao\u00fbt)<\/h4>\n<p><strong>Edition 2026 : du dimanche 23 au vendredi 28 ao\u00fbt, \u00e0 Saas-Grund, avec le th\u00e8me &#8230;<\/strong><\/p>\n<p><span style=\"color: #000000\"><strong>Pour plus d\u2019infos<\/strong>, contacter : Marcel et Isabelle Allemann, t\u00e9l.: 032 740 15 72\u202c \/ <a href=\"mailto:marcel.allemann@bluewin.ch\">marcel.allemann@bluewin.ch<\/a><\/span><\/p>\n<p><strong>Et quelques photos de souvenir :<\/strong><\/p>\n<p><img decoding=\"async\" class=\"aligncenter size-large wp-image-4081\" src=\"https:\/\/www.eren.ch\/cote\/wp-content\/uploads\/sites\/5\/2025\/10\/IMG_2208-1024x683.jpg\" alt=\"\" width=\"840\" height=\"560\" srcset=\"https:\/\/www.eren.ch\/cote\/wp-content\/uploads\/sites\/5\/2025\/10\/IMG_2208-1024x683.jpg 1024w, https:\/\/www.eren.ch\/cote\/wp-content\/uploads\/sites\/5\/2025\/10\/IMG_2208-300x200.jpg 300w, https:\/\/www.eren.ch\/cote\/wp-content\/uploads\/sites\/5\/2025\/10\/IMG_2208-768x512.jpg 768w, https:\/\/www.eren.ch\/cote\/wp-content\/uploads\/sites\/5\/2025\/10\/IMG_2208-1536x1024.jpg 1536w, https:\/\/www.eren.ch\/cote\/wp-content\/uploads\/sites\/5\/2025\/10\/IMG_2208-2048x1365.jpg 2048w, https:\/\/www.eren.ch\/cote\/wp-content\/uploads\/sites\/5\/2025\/10\/IMG_2208-1200x800.jpg 1200w\" sizes=\"(max-width: 709px) 85vw, (max-width: 909px) 67vw, (max-width: 1362px) 62vw, 840px\" \/> <img decoding=\"async\" class=\"aligncenter size-large wp-image-4082\" src=\"https:\/\/www.eren.ch\/cote\/wp-content\/uploads\/sites\/5\/2025\/10\/IMG_2382-1024x749.jpg\" alt=\"\" width=\"840\" height=\"614\" srcset=\"https:\/\/www.eren.ch\/cote\/wp-content\/uploads\/sites\/5\/2025\/10\/IMG_2382-1024x749.jpg 1024w, https:\/\/www.eren.ch\/cote\/wp-content\/uploads\/sites\/5\/2025\/10\/IMG_2382-300x219.jpg 300w, https:\/\/www.eren.ch\/cote\/wp-content\/uploads\/sites\/5\/2025\/10\/IMG_2382-768x562.jpg 768w, https:\/\/www.eren.ch\/cote\/wp-content\/uploads\/sites\/5\/2025\/10\/IMG_2382-1536x1123.jpg 1536w, https:\/\/www.eren.ch\/cote\/wp-content\/uploads\/sites\/5\/2025\/10\/IMG_2382-2048x1498.jpg 2048w, https:\/\/www.eren.ch\/cote\/wp-content\/uploads\/sites\/5\/2025\/10\/IMG_2382-1200x878.jpg 1200w\" sizes=\"(max-width: 709px) 85vw, (max-width: 909px) 67vw, (max-width: 1362px) 62vw, 840px\" \/><\/p>\n<h4><span style=\"color: #ff0000\">Club de Midi<\/span><\/h4>\n<p><span style=\"color: #000000\">Un repas mensuel sur inscription. <\/span><span style=\"color: #000000\"><strong>Pour plus d\u2019infos<\/strong>, contacter : M. Marcel Linder, t\u00e9l.: 032 730 19 41.<\/span><\/p>\n<p>Prochains rendez-vous, \u00e0 12h, \u00e0 la salle sous l&rsquo;\u00e9glise catholique de Peseux (Ernest-Roulet 8)<\/p>\n<ul>\n<li style=\"list-style-type: none\">\n<ul>\n<li><span style=\"color: #999999\"><em>29 janvier 2026<\/em><\/span><\/li>\n<li><span style=\"color: #999999\"><em>26 f\u00e9vrier<\/em><\/span><\/li>\n<li><span style=\"color: #999999\"><em>26 mars<\/em><\/span><\/li>\n<li><strong>23 avril (attention \u00e0 la date modifi\u00e9e !)<\/strong><\/li>\n<li><strong>28 mai<\/strong><\/li>\n<li><strong>25 juin<\/strong><\/li>\n<li><strong>24 septembre<\/strong><\/li>\n<li><strong>29 octobre<\/strong><\/li>\n<li><strong>26 novembre<\/strong><\/li>\n<\/ul>\n<\/li>\n<\/ul>\n<p><img decoding=\"async\" class=\"aligncenter wp-image-4225 size-large\" src=\"https:\/\/www.eren.ch\/cote\/wp-content\/uploads\/sites\/5\/2026\/03\/23-e1774532057784-808x1024.jpg\" alt=\"\" width=\"808\" height=\"1024\" srcset=\"https:\/\/www.eren.ch\/cote\/wp-content\/uploads\/sites\/5\/2026\/03\/23-e1774532057784-808x1024.jpg 808w, https:\/\/www.eren.ch\/cote\/wp-content\/uploads\/sites\/5\/2026\/03\/23-e1774532057784-237x300.jpg 237w, https:\/\/www.eren.ch\/cote\/wp-content\/uploads\/sites\/5\/2026\/03\/23-e1774532057784-768x973.jpg 768w, https:\/\/www.eren.ch\/cote\/wp-content\/uploads\/sites\/5\/2026\/03\/23-e1774532057784-1212x1536.jpg 1212w, https:\/\/www.eren.ch\/cote\/wp-content\/uploads\/sites\/5\/2026\/03\/23-e1774532057784-1200x1520.jpg 1200w, https:\/\/www.eren.ch\/cote\/wp-content\/uploads\/sites\/5\/2026\/03\/23-e1774532057784.jpg 1397w\" sizes=\"(max-width: 808px) 85vw, 808px\" \/><\/p>\n<hr \/>\n<header class=\"entry-header\">\n<h1 class=\"entry-title\"><span style=\"color: #636363\">Accompagner, s\u2019entraider<\/span><\/h1>\n<\/header>\n<div class=\"entry-content\">\n<h4><span style=\"color: #800080\">Avan\u00e7ons ensemble ! Entraide paroissial<\/span><\/h4>\n<p><img decoding=\"async\" class=\"alignnone size-large wp-image-2690\" src=\"https:\/\/www.eren.ch\/cote\/wp-content\/uploads\/sites\/5\/2022\/03\/SorgendeGemeinschaftenFR-2-1024x394.jpeg\" alt=\"\" width=\"840\" height=\"323\" srcset=\"https:\/\/www.eren.ch\/cote\/wp-content\/uploads\/sites\/5\/2022\/03\/SorgendeGemeinschaftenFR-2-1024x394.jpeg 1024w, https:\/\/www.eren.ch\/cote\/wp-content\/uploads\/sites\/5\/2022\/03\/SorgendeGemeinschaftenFR-2-300x115.jpeg 300w, https:\/\/www.eren.ch\/cote\/wp-content\/uploads\/sites\/5\/2022\/03\/SorgendeGemeinschaftenFR-2-768x295.jpeg 768w, https:\/\/www.eren.ch\/cote\/wp-content\/uploads\/sites\/5\/2022\/03\/SorgendeGemeinschaftenFR-2-1200x461.jpeg 1200w, https:\/\/www.eren.ch\/cote\/wp-content\/uploads\/sites\/5\/2022\/03\/SorgendeGemeinschaftenFR-2.jpeg 1280w\" sizes=\"(max-width: 709px) 85vw, (max-width: 909px) 67vw, (max-width: 1362px) 62vw, 840px\" \/><\/p>\n<p>Un petit groupe de notre paroisse met en relation et accompagne des personnes qui souhaitent se soutenir r\u00e9ciproquement par des petits gestes du quotidien. Partager un caf\u00e9, accompagner pour des courses, prendre r\u00e9guli\u00e8rement des nouvelles, informer sur la vie locale, se promener, montrer des astuces de couture, cuisiner ensemble, d\u00e9panner sous diverses formes&#8230; <a href=\"https:\/\/www.eren.ch\/cote\/entraide-paroissiale-avancons-ensemble\/\"><em>POUR EN SAVOIR PLUS<\/em><\/a><\/p>\n<p><span style=\"color: #000000\"><strong>Pour plus d\u2019infos<\/strong>, contacter : <\/span>Yvena Garraud Thomas, 032 731 22 00 (r\u00e9pondeur en cas d&rsquo;absence) \/ <a href=\"mailto:YvenaGarraudThomas@eren.ch\">YvenaGarraudThomas@eren.ch<\/a><\/p>\n<h4><span style=\"color: #008000\">Visite<\/span><\/h4>\n<p><span style=\"color: #000000\">N&rsquo;h\u00e9sitez pas \u00e0 vous adresser \u00e0 l&rsquo;un de <a href=\"https:\/\/www.eren.ch\/cote\/contacter-un-pasteur\/\" target=\"_blank\" rel=\"noopener noreferrer\">nos pasteurs<\/a> !<\/span><\/p>\n<h4><span style=\"color: #ff6600\">Service de transport<\/span><\/h4>\n<\/div>\n<p><img decoding=\"async\" class=\"wp-image-611 alignright\" src=\"https:\/\/www.eren.ch\/cote\/wp-content\/uploads\/sites\/5\/2018\/08\/Service-transport-214x300.jpg\" alt=\"\" width=\"148\" height=\"208\" srcset=\"https:\/\/www.eren.ch\/cote\/wp-content\/uploads\/sites\/5\/2018\/08\/Service-transport-214x300.jpg 214w, https:\/\/www.eren.ch\/cote\/wp-content\/uploads\/sites\/5\/2018\/08\/Service-transport-768x1075.jpg 768w, https:\/\/www.eren.ch\/cote\/wp-content\/uploads\/sites\/5\/2018\/08\/Service-transport-731x1024.jpg 731w, https:\/\/www.eren.ch\/cote\/wp-content\/uploads\/sites\/5\/2018\/08\/Service-transport.jpg 865w\" sizes=\"(max-width: 148px) 85vw, 148px\" \/><span style=\"color: #000000\">Avez-vous des difficult\u00e9s pour venir au culte ? Des paroissiens b\u00e9n\u00e9voles auront plaisir \u00e0 venir vous chercher chez vous !<\/span><\/p>\n<p><span style=\"color: #000000\">N&rsquo;h\u00e9sitez pas \u00e0 contacter : Mme Anne-Lise Steiner (079 704 64 36) ou Mme Martine Schl\u00e4ppy (079 737 56 33).<\/span><\/p>\n<\/div>\n<\/div>\n<hr \/>\n<header class=\"entry-header\">\n<h1 class=\"entry-title\"><span style=\"color: #636363\">Rester solidaires<\/span><\/h1>\n<\/header>\n<div class=\"entry-content\">\n<h4><span style=\"color: #0000ff\">Terre Nouvelle &amp; ACAT<\/span><\/h4>\n<p><strong>Pour plus d&rsquo;infos<\/strong>, contacter Mme Ariane Moser, &lt;ariane.moser@bluewin.ch&gt;<\/p>\n<\/div>\n","protected":false},"excerpt":{"rendered":"<p>Prier, m\u00e9diter, se former GROUPE DE PRI\u00c8RE \u0153cum\u00e9nique Tous les mardis, sauf pendant les vacances scolaires, \u00e0 9h, \u00e0 l&rsquo;\u00e9glise catholique de Peseux (rue Ernest-Roulet 8) \u00ab\u00a0\u00c7A BOUQUINE \u00e0 la c\u00f4te\u00a0\u00bb, groupe de lecture mensuel Une fois par mois, nous nous retrouvons autour d\u2019un livre choisi et pr\u00e9alablement lu pour prendre le temps d&rsquo;\u00e9changer ensemble. &hellip; <a href=\"https:\/\/www.eren.ch\/cote\/vie-paroissiale\/\" class=\"more-link\">Continuer la lecture<span class=\"screen-reader-text\"> de &laquo;&nbsp;Vie paroissiale&nbsp;&raquo;<\/span><\/a><\/p>\n","protected":false},"author":6,"featured_media":0,"parent":0,"menu_order":0,"comment_status":"closed","ping_status":"closed","template":"","meta":{"footnotes":""},"class_list":["post-31","page","type-page","status-publish","hentry"],"yoast_head":"<!-- This site is optimized with the Yoast SEO Premium plugin v27.5 (Yoast SEO v27.5) - https:\/\/yoast.com\/product\/yoast-seo-premium-wordpress\/ -->\n<title>Vie paroissiale - Paroisse de la C\u00f4te<\/title>\n<meta name=\"description\" content=\"Prier, m\u00e9diter, se former GROUPE DE PRI\u00c8RE \u0153cum\u00e9nique Tous les mardis, sauf pendant les vacances scolaires, \u00e0 9h, \u00e0 l&#039;\u00e9glise catholique de Peseux (rue\" \/>\n<meta name=\"robots\" content=\"index, follow, max-snippet:-1, max-image-preview:large, max-video-preview:-1\" \/>\n<link rel=\"canonical\" href=\"https:\/\/www.eren.ch\/cote\/vie-paroissiale\/\" \/>\n<meta property=\"og:locale\" content=\"fr_FR\" \/>\n<meta property=\"og:type\" content=\"article\" \/>\n<meta property=\"og:title\" content=\"Vie paroissiale\" \/>\n<meta property=\"og:description\" content=\"Prier, m\u00e9diter, se former GROUPE DE PRI\u00c8RE \u0153cum\u00e9nique Tous les mardis, sauf pendant les vacances scolaires, \u00e0 9h, \u00e0 l&#039;\u00e9glise catholique de Peseux (rue\" \/>\n<meta property=\"og:url\" content=\"https:\/\/www.eren.ch\/cote\/vie-paroissiale\/\" \/>\n<meta property=\"og:site_name\" content=\"Paroisse de la C\u00f4te\" \/>\n<meta property=\"article:publisher\" content=\"https:\/\/www.facebook.com\/eglise.EREN\" \/>\n<meta property=\"article:modified_time\" content=\"2026-04-19T18:01:59+00:00\" \/>\n<meta property=\"og:image\" content=\"https:\/\/www.eren.ch\/cote\/wp-content\/uploads\/sites\/5\/2025\/10\/IMG_2208-scaled.jpg\" \/>\n\t<meta property=\"og:image:width\" content=\"2560\" \/>\n\t<meta property=\"og:image:height\" content=\"1707\" \/>\n\t<meta property=\"og:image:type\" content=\"image\/jpeg\" \/>\n<meta name=\"twitter:card\" content=\"summary_large_image\" \/>\n<meta name=\"twitter:site\" content=\"@EgliseEREN\" \/>\n<meta name=\"twitter:label1\" content=\"Dur\u00e9e de lecture estim\u00e9e\" \/>\n\t<meta name=\"twitter:data1\" content=\"5 minutes\" \/>\n<script type=\"application\/ld+json\" class=\"yoast-schema-graph\">{\"@context\":\"https:\\\/\\\/schema.org\",\"@graph\":[{\"@type\":\"WebPage\",\"@id\":\"https:\\\/\\\/www.eren.ch\\\/cote\\\/vie-paroissiale\\\/\",\"url\":\"https:\\\/\\\/www.eren.ch\\\/cote\\\/vie-paroissiale\\\/\",\"name\":\"Vie paroissiale - Paroisse de la C\u00f4te\",\"isPartOf\":{\"@id\":\"https:\\\/\\\/www.eren.ch\\\/cote\\\/#website\"},\"primaryImageOfPage\":{\"@id\":\"https:\\\/\\\/www.eren.ch\\\/cote\\\/vie-paroissiale\\\/#primaryimage\"},\"image\":{\"@id\":\"https:\\\/\\\/www.eren.ch\\\/cote\\\/vie-paroissiale\\\/#primaryimage\"},\"thumbnailUrl\":\"https:\\\/\\\/www.eren.ch\\\/cote\\\/wp-content\\\/uploads\\\/sites\\\/5\\\/2025\\\/10\\\/IMG_2208-1024x683.jpg\",\"datePublished\":\"2016-04-15T22:17:33+00:00\",\"dateModified\":\"2026-04-19T18:01:59+00:00\",\"description\":\"Prier, m\u00e9diter, se former GROUPE DE PRI\u00c8RE \u0153cum\u00e9nique Tous les mardis, sauf pendant les vacances scolaires, \u00e0 9h, \u00e0 l'\u00e9glise catholique de Peseux (rue\",\"breadcrumb\":{\"@id\":\"https:\\\/\\\/www.eren.ch\\\/cote\\\/vie-paroissiale\\\/#breadcrumb\"},\"inLanguage\":\"fr-FR\",\"potentialAction\":[{\"@type\":\"ReadAction\",\"target\":[\"https:\\\/\\\/www.eren.ch\\\/cote\\\/vie-paroissiale\\\/\"]}]},{\"@type\":\"ImageObject\",\"inLanguage\":\"fr-FR\",\"@id\":\"https:\\\/\\\/www.eren.ch\\\/cote\\\/vie-paroissiale\\\/#primaryimage\",\"url\":\"https:\\\/\\\/www.eren.ch\\\/cote\\\/wp-content\\\/uploads\\\/sites\\\/5\\\/2025\\\/10\\\/IMG_2208-scaled.jpg\",\"contentUrl\":\"https:\\\/\\\/www.eren.ch\\\/cote\\\/wp-content\\\/uploads\\\/sites\\\/5\\\/2025\\\/10\\\/IMG_2208-scaled.jpg\",\"width\":2560,\"height\":1707},{\"@type\":\"BreadcrumbList\",\"@id\":\"https:\\\/\\\/www.eren.ch\\\/cote\\\/vie-paroissiale\\\/#breadcrumb\",\"itemListElement\":[{\"@type\":\"ListItem\",\"position\":1,\"name\":\"Accueil\",\"item\":\"https:\\\/\\\/www.eren.ch\\\/cote\\\/\"},{\"@type\":\"ListItem\",\"position\":2,\"name\":\"Vie paroissiale\"}]},{\"@type\":\"WebSite\",\"@id\":\"https:\\\/\\\/www.eren.ch\\\/cote\\\/#website\",\"url\":\"https:\\\/\\\/www.eren.ch\\\/cote\\\/\",\"name\":\"Paroisse de la C\u00f4te\",\"description\":\"La pr\u00e9sence protestante reconnue \u00e0 Peseux et Corcelles-Cormondr\u00e8che\",\"publisher\":{\"@id\":\"https:\\\/\\\/www.eren.ch\\\/cote\\\/#organization\"},\"potentialAction\":[{\"@type\":\"SearchAction\",\"target\":{\"@type\":\"EntryPoint\",\"urlTemplate\":\"https:\\\/\\\/www.eren.ch\\\/cote\\\/?s={search_term_string}\"},\"query-input\":{\"@type\":\"PropertyValueSpecification\",\"valueRequired\":true,\"valueName\":\"search_term_string\"}}],\"inLanguage\":\"fr-FR\"},{\"@type\":\"Organization\",\"@id\":\"https:\\\/\\\/www.eren.ch\\\/cote\\\/#organization\",\"name\":\"Paroisse de La C\u00f4te\",\"url\":\"https:\\\/\\\/www.eren.ch\\\/cote\\\/\",\"logo\":{\"@type\":\"ImageObject\",\"inLanguage\":\"fr-FR\",\"@id\":\"https:\\\/\\\/www.eren.ch\\\/cote\\\/#\\\/schema\\\/logo\\\/image\\\/\",\"url\":\"https:\\\/\\\/www.eren.ch\\\/cote\\\/wp-content\\\/uploads\\\/sites\\\/5\\\/2019\\\/10\\\/logo-eren-carre.jpg\",\"contentUrl\":\"https:\\\/\\\/www.eren.ch\\\/cote\\\/wp-content\\\/uploads\\\/sites\\\/5\\\/2019\\\/10\\\/logo-eren-carre.jpg\",\"width\":512,\"height\":512,\"caption\":\"Paroisse de La C\u00f4te\"},\"image\":{\"@id\":\"https:\\\/\\\/www.eren.ch\\\/cote\\\/#\\\/schema\\\/logo\\\/image\\\/\"},\"sameAs\":[\"https:\\\/\\\/www.facebook.com\\\/eglise.EREN\",\"https:\\\/\\\/x.com\\\/EgliseEREN\",\"https:\\\/\\\/fr.wikipedia.org\\\/wiki\\\/\u00c9glise_r\u00e9form\u00e9e_\u00e9vang\u00e9lique_du_canton_de_Neuch\u00e2tel\"]}]}<\/script>\n<!-- \/ Yoast SEO Premium plugin. -->","yoast_head_json":{"title":"Vie paroissiale - Paroisse de la C\u00f4te","description":"Prier, m\u00e9diter, se former GROUPE DE PRI\u00c8RE \u0153cum\u00e9nique Tous les mardis, sauf pendant les vacances scolaires, \u00e0 9h, \u00e0 l'\u00e9glise catholique de Peseux (rue","robots":{"index":"index","follow":"follow","max-snippet":"max-snippet:-1","max-image-preview":"max-image-preview:large","max-video-preview":"max-video-preview:-1"},"canonical":"https:\/\/www.eren.ch\/cote\/vie-paroissiale\/","og_locale":"fr_FR","og_type":"article","og_title":"Vie paroissiale","og_description":"Prier, m\u00e9diter, se former GROUPE DE PRI\u00c8RE \u0153cum\u00e9nique Tous les mardis, sauf pendant les vacances scolaires, \u00e0 9h, \u00e0 l'\u00e9glise catholique de Peseux (rue","og_url":"https:\/\/www.eren.ch\/cote\/vie-paroissiale\/","og_site_name":"Paroisse de la C\u00f4te","article_publisher":"https:\/\/www.facebook.com\/eglise.EREN","article_modified_time":"2026-04-19T18:01:59+00:00","og_image":[{"width":2560,"height":1707,"url":"https:\/\/www.eren.ch\/cote\/wp-content\/uploads\/sites\/5\/2025\/10\/IMG_2208-scaled.jpg","type":"image\/jpeg"}],"twitter_card":"summary_large_image","twitter_site":"@EgliseEREN","twitter_misc":{"Dur\u00e9e de lecture estim\u00e9e":"5 minutes"},"schema":{"@context":"https:\/\/schema.org","@graph":[{"@type":"WebPage","@id":"https:\/\/www.eren.ch\/cote\/vie-paroissiale\/","url":"https:\/\/www.eren.ch\/cote\/vie-paroissiale\/","name":"Vie paroissiale - Paroisse de la C\u00f4te","isPartOf":{"@id":"https:\/\/www.eren.ch\/cote\/#website"},"primaryImageOfPage":{"@id":"https:\/\/www.eren.ch\/cote\/vie-paroissiale\/#primaryimage"},"image":{"@id":"https:\/\/www.eren.ch\/cote\/vie-paroissiale\/#primaryimage"},"thumbnailUrl":"https:\/\/www.eren.ch\/cote\/wp-content\/uploads\/sites\/5\/2025\/10\/IMG_2208-1024x683.jpg","datePublished":"2016-04-15T22:17:33+00:00","dateModified":"2026-04-19T18:01:59+00:00","description":"Prier, m\u00e9diter, se former GROUPE DE PRI\u00c8RE \u0153cum\u00e9nique Tous les mardis, sauf pendant les vacances scolaires, \u00e0 9h, \u00e0 l'\u00e9glise catholique de Peseux (rue","breadcrumb":{"@id":"https:\/\/www.eren.ch\/cote\/vie-paroissiale\/#breadcrumb"},"inLanguage":"fr-FR","potentialAction":[{"@type":"ReadAction","target":["https:\/\/www.eren.ch\/cote\/vie-paroissiale\/"]}]},{"@type":"ImageObject","inLanguage":"fr-FR","@id":"https:\/\/www.eren.ch\/cote\/vie-paroissiale\/#primaryimage","url":"https:\/\/www.eren.ch\/cote\/wp-content\/uploads\/sites\/5\/2025\/10\/IMG_2208-scaled.jpg","contentUrl":"https:\/\/www.eren.ch\/cote\/wp-content\/uploads\/sites\/5\/2025\/10\/IMG_2208-scaled.jpg","width":2560,"height":1707},{"@type":"BreadcrumbList","@id":"https:\/\/www.eren.ch\/cote\/vie-paroissiale\/#breadcrumb","itemListElement":[{"@type":"ListItem","position":1,"name":"Accueil","item":"https:\/\/www.eren.ch\/cote\/"},{"@type":"ListItem","position":2,"name":"Vie paroissiale"}]},{"@type":"WebSite","@id":"https:\/\/www.eren.ch\/cote\/#website","url":"https:\/\/www.eren.ch\/cote\/","name":"Paroisse de la C\u00f4te","description":"La pr\u00e9sence protestante reconnue \u00e0 Peseux et Corcelles-Cormondr\u00e8che","publisher":{"@id":"https:\/\/www.eren.ch\/cote\/#organization"},"potentialAction":[{"@type":"SearchAction","target":{"@type":"EntryPoint","urlTemplate":"https:\/\/www.eren.ch\/cote\/?s={search_term_string}"},"query-input":{"@type":"PropertyValueSpecification","valueRequired":true,"valueName":"search_term_string"}}],"inLanguage":"fr-FR"},{"@type":"Organization","@id":"https:\/\/www.eren.ch\/cote\/#organization","name":"Paroisse de La C\u00f4te","url":"https:\/\/www.eren.ch\/cote\/","logo":{"@type":"ImageObject","inLanguage":"fr-FR","@id":"https:\/\/www.eren.ch\/cote\/#\/schema\/logo\/image\/","url":"https:\/\/www.eren.ch\/cote\/wp-content\/uploads\/sites\/5\/2019\/10\/logo-eren-carre.jpg","contentUrl":"https:\/\/www.eren.ch\/cote\/wp-content\/uploads\/sites\/5\/2019\/10\/logo-eren-carre.jpg","width":512,"height":512,"caption":"Paroisse de La C\u00f4te"},"image":{"@id":"https:\/\/www.eren.ch\/cote\/#\/schema\/logo\/image\/"},"sameAs":["https:\/\/www.facebook.com\/eglise.EREN","https:\/\/x.com\/EgliseEREN","https:\/\/fr.wikipedia.org\/wiki\/\u00c9glise_r\u00e9form\u00e9e_\u00e9vang\u00e9lique_du_canton_de_Neuch\u00e2tel"]}]}},"_links":{"self":[{"href":"https:\/\/www.eren.ch\/cote\/wp-json\/wp\/v2\/pages\/31","targetHints":{"allow":["GET"]}}],"collection":[{"href":"https:\/\/www.eren.ch\/cote\/wp-json\/wp\/v2\/pages"}],"about":[{"href":"https:\/\/www.eren.ch\/cote\/wp-json\/wp\/v2\/types\/page"}],"author":[{"embeddable":true,"href":"https:\/\/www.eren.ch\/cote\/wp-json\/wp\/v2\/users\/6"}],"replies":[{"embeddable":true,"href":"https:\/\/www.eren.ch\/cote\/wp-json\/wp\/v2\/comments?post=31"}],"version-history":[{"count":0,"href":"https:\/\/www.eren.ch\/cote\/wp-json\/wp\/v2\/pages\/31\/revisions"}],"wp:attachment":[{"href":"https:\/\/www.eren.ch\/cote\/wp-json\/wp\/v2\/media?parent=31"}],"curies":[{"name":"wp","href":"https:\/\/api.w.org\/{rel}","templated":true}]}}