{"id":133,"date":"2015-11-16T09:46:55","date_gmt":"2015-11-16T08:46:55","guid":{"rendered":"https:\/\/www.eren.ch\/documentation\/?page_id=133"},"modified":"2024-01-19T09:03:16","modified_gmt":"2024-01-19T08:03:16","slug":"about","status":"publish","type":"page","link":"https:\/\/www.eren.ch\/documentation\/","title":{"rendered":"Documentation de l&rsquo;EREN"},"content":{"rendered":"\n<h2 class=\"wp-block-heading\" id=\"h-photos-pour-les-medias\">Photos pour les m\u00e9dias<\/h2>\n\n\n\n<figure class=\"wp-block-gallery has-nested-images columns-5 is-cropped wp-block-gallery-1 is-layout-flex wp-block-gallery-is-layout-flex\">\n<figure class=\"wp-block-image size-full\"><a href=\"https:\/\/www.eren.ch\/documentation\/wp-content\/uploads\/sites\/2\/2023\/08\/bourquin-yves-9259-scaled.jpg\"><img loading=\"lazy\" decoding=\"async\" width=\"1365\" height=\"2048\" data-id=\"1309\" src=\"https:\/\/www.eren.ch\/documentation\/wp-content\/uploads\/sites\/2\/2023\/08\/bourquin-yves-9259-scaled.jpg\" alt=\"Yves Bourquin\" class=\"wp-image-1309\" srcset=\"https:\/\/www.eren.ch\/documentation\/wp-content\/uploads\/sites\/2\/2023\/08\/bourquin-yves-9259-scaled.jpg 1365w, https:\/\/www.eren.ch\/documentation\/wp-content\/uploads\/sites\/2\/2023\/08\/bourquin-yves-9259-200x300.jpg 200w, https:\/\/www.eren.ch\/documentation\/wp-content\/uploads\/sites\/2\/2023\/08\/bourquin-yves-9259-683x1024.jpg 683w, https:\/\/www.eren.ch\/documentation\/wp-content\/uploads\/sites\/2\/2023\/08\/bourquin-yves-9259-768x1152.jpg 768w, https:\/\/www.eren.ch\/documentation\/wp-content\/uploads\/sites\/2\/2023\/08\/bourquin-yves-9259-1024x1536.jpg 1024w, https:\/\/www.eren.ch\/documentation\/wp-content\/uploads\/sites\/2\/2023\/08\/bourquin-yves-9259-1200x1800.jpg 1200w\" sizes=\"auto, (max-width: 709px) 85vw, (max-width: 909px) 67vw, (max-width: 1362px) 62vw, 840px\" \/><\/a><\/figure>\n\n\n\n<figure class=\"wp-block-image size-full\"><a href=\"https:\/\/www.eren.ch\/documentation\/wp-content\/uploads\/sites\/2\/2023\/08\/bourquin-yves-9263-scaled.jpg\"><img loading=\"lazy\" decoding=\"async\" width=\"1365\" height=\"2048\" data-id=\"1312\" src=\"https:\/\/www.eren.ch\/documentation\/wp-content\/uploads\/sites\/2\/2023\/08\/bourquin-yves-9263-scaled.jpg\" alt=\"Yves Bourquin\" class=\"wp-image-1312\" srcset=\"https:\/\/www.eren.ch\/documentation\/wp-content\/uploads\/sites\/2\/2023\/08\/bourquin-yves-9263-scaled.jpg 1365w, https:\/\/www.eren.ch\/documentation\/wp-content\/uploads\/sites\/2\/2023\/08\/bourquin-yves-9263-200x300.jpg 200w, https:\/\/www.eren.ch\/documentation\/wp-content\/uploads\/sites\/2\/2023\/08\/bourquin-yves-9263-683x1024.jpg 683w, https:\/\/www.eren.ch\/documentation\/wp-content\/uploads\/sites\/2\/2023\/08\/bourquin-yves-9263-768x1152.jpg 768w, https:\/\/www.eren.ch\/documentation\/wp-content\/uploads\/sites\/2\/2023\/08\/bourquin-yves-9263-1024x1536.jpg 1024w, https:\/\/www.eren.ch\/documentation\/wp-content\/uploads\/sites\/2\/2023\/08\/bourquin-yves-9263-1200x1800.jpg 1200w\" sizes=\"auto, (max-width: 709px) 85vw, (max-width: 909px) 67vw, (max-width: 1362px) 62vw, 840px\" \/><\/a><\/figure>\n\n\n\n<figure class=\"wp-block-image size-full\"><a href=\"https:\/\/www.eren.ch\/documentation\/wp-content\/uploads\/sites\/2\/2023\/08\/bourquin-yves-9269-scaled.jpg\"><img loading=\"lazy\" decoding=\"async\" width=\"1365\" height=\"2048\" data-id=\"1311\" src=\"https:\/\/www.eren.ch\/documentation\/wp-content\/uploads\/sites\/2\/2023\/08\/bourquin-yves-9269-scaled.jpg\" alt=\"Yves Bourquin\" class=\"wp-image-1311\" srcset=\"https:\/\/www.eren.ch\/documentation\/wp-content\/uploads\/sites\/2\/2023\/08\/bourquin-yves-9269-scaled.jpg 1365w, https:\/\/www.eren.ch\/documentation\/wp-content\/uploads\/sites\/2\/2023\/08\/bourquin-yves-9269-200x300.jpg 200w, https:\/\/www.eren.ch\/documentation\/wp-content\/uploads\/sites\/2\/2023\/08\/bourquin-yves-9269-683x1024.jpg 683w, https:\/\/www.eren.ch\/documentation\/wp-content\/uploads\/sites\/2\/2023\/08\/bourquin-yves-9269-768x1152.jpg 768w, https:\/\/www.eren.ch\/documentation\/wp-content\/uploads\/sites\/2\/2023\/08\/bourquin-yves-9269-1024x1536.jpg 1024w, https:\/\/www.eren.ch\/documentation\/wp-content\/uploads\/sites\/2\/2023\/08\/bourquin-yves-9269-1200x1800.jpg 1200w\" sizes=\"auto, (max-width: 709px) 85vw, (max-width: 909px) 67vw, (max-width: 1362px) 62vw, 840px\" \/><\/a><\/figure>\n\n\n\n<figure class=\"wp-block-image size-full\"><a href=\"https:\/\/www.eren.ch\/documentation\/wp-content\/uploads\/sites\/2\/2023\/08\/bourquin-yves-9276-scaled.jpg\"><img loading=\"lazy\" decoding=\"async\" width=\"1365\" height=\"2048\" data-id=\"1310\" src=\"https:\/\/www.eren.ch\/documentation\/wp-content\/uploads\/sites\/2\/2023\/08\/bourquin-yves-9276-scaled.jpg\" alt=\"Yves Bourquin\" class=\"wp-image-1310\" srcset=\"https:\/\/www.eren.ch\/documentation\/wp-content\/uploads\/sites\/2\/2023\/08\/bourquin-yves-9276-scaled.jpg 1365w, https:\/\/www.eren.ch\/documentation\/wp-content\/uploads\/sites\/2\/2023\/08\/bourquin-yves-9276-200x300.jpg 200w, https:\/\/www.eren.ch\/documentation\/wp-content\/uploads\/sites\/2\/2023\/08\/bourquin-yves-9276-683x1024.jpg 683w, https:\/\/www.eren.ch\/documentation\/wp-content\/uploads\/sites\/2\/2023\/08\/bourquin-yves-9276-768x1152.jpg 768w, https:\/\/www.eren.ch\/documentation\/wp-content\/uploads\/sites\/2\/2023\/08\/bourquin-yves-9276-1024x1536.jpg 1024w, https:\/\/www.eren.ch\/documentation\/wp-content\/uploads\/sites\/2\/2023\/08\/bourquin-yves-9276-1200x1800.jpg 1200w\" sizes=\"auto, (max-width: 709px) 85vw, (max-width: 909px) 67vw, (max-width: 1362px) 62vw, 840px\" \/><\/a><\/figure>\n\n\n\n<figure class=\"wp-block-image size-full\"><a href=\"https:\/\/www.eren.ch\/documentation\/wp-content\/uploads\/sites\/2\/2023\/08\/bourquin-yves-9282-scaled.jpg\"><img loading=\"lazy\" decoding=\"async\" width=\"1365\" height=\"2048\" data-id=\"1308\" src=\"https:\/\/www.eren.ch\/documentation\/wp-content\/uploads\/sites\/2\/2023\/08\/bourquin-yves-9282-scaled.jpg\" alt=\"Yves Bourquin\" class=\"wp-image-1308\" srcset=\"https:\/\/www.eren.ch\/documentation\/wp-content\/uploads\/sites\/2\/2023\/08\/bourquin-yves-9282-scaled.jpg 1365w, https:\/\/www.eren.ch\/documentation\/wp-content\/uploads\/sites\/2\/2023\/08\/bourquin-yves-9282-200x300.jpg 200w, https:\/\/www.eren.ch\/documentation\/wp-content\/uploads\/sites\/2\/2023\/08\/bourquin-yves-9282-683x1024.jpg 683w, https:\/\/www.eren.ch\/documentation\/wp-content\/uploads\/sites\/2\/2023\/08\/bourquin-yves-9282-768x1152.jpg 768w, https:\/\/www.eren.ch\/documentation\/wp-content\/uploads\/sites\/2\/2023\/08\/bourquin-yves-9282-1024x1536.jpg 1024w, https:\/\/www.eren.ch\/documentation\/wp-content\/uploads\/sites\/2\/2023\/08\/bourquin-yves-9282-1200x1800.jpg 1200w\" sizes=\"auto, (max-width: 709px) 85vw, (max-width: 909px) 67vw, (max-width: 1362px) 62vw, 840px\" \/><\/a><\/figure>\n<figcaption class=\"blocks-gallery-caption wp-element-caption\">Photographie: Pierre William-Henry<\/figcaption><\/figure>\n\n\n\n<h2 class=\"wp-block-heading\" id=\"h-a-propos\">\u00c0 propos<\/h2>\n\n\n\n<p>Dans ce site, nous regroupons pour vous un certain nombre de documents utiles. C&rsquo;est un sous-site, parce qu&rsquo;il s&rsquo;adresse \u00e0 des publics plus r\u00e9duits que le site principal:<\/p>\n\n\n\n<ul class=\"wp-block-list\">\n<li>permanents de l&rsquo;EREN<\/li>\n\n\n\n<li>journalistes<\/li>\n\n\n\n<li>et toute personne int\u00e9ress\u00e9e aux coulisses<\/li>\n<\/ul>\n\n\n\n<p>Il n&rsquo;y a rien de secret, simplement des outils et des documents qui n&rsquo;int\u00e9resseront pas forc\u00e9ment le grand public.<\/p>\n\n\n\n<p>Votre service communication<\/p>\n","protected":false},"excerpt":{"rendered":"<p>Photos pour les m\u00e9dias \u00c0 propos Dans ce site, nous regroupons pour vous un certain nombre de documents utiles. C&rsquo;est un sous-site, parce qu&rsquo;il s&rsquo;adresse \u00e0 des publics plus r\u00e9duits que le site principal: Il n&rsquo;y a rien de secret, simplement des outils et des documents qui n&rsquo;int\u00e9resseront pas forc\u00e9ment le grand public. Votre service &hellip; <a href=\"https:\/\/www.eren.ch\/documentation\/\" class=\"more-link\">Continuer la lecture<span class=\"screen-reader-text\"> de &laquo;&nbsp;Documentation de l&rsquo;EREN&nbsp;&raquo;<\/span><\/a><\/p>\n","protected":false},"author":1,"featured_media":0,"parent":0,"menu_order":0,"comment_status":"closed","ping_status":"closed","template":"","meta":{"footnotes":""},"class_list":["post-133","page","type-page","status-publish","hentry"],"yoast_head":"<!-- This site is optimized with the Yoast SEO Premium plugin v27.5 (Yoast SEO v27.5) - https:\/\/yoast.com\/product\/yoast-seo-premium-wordpress\/ -->\n<title>Documentation de l&#039;EREN - Documentation<\/title>\n<meta name=\"description\" content=\"Photos pour les m\u00e9dias Photographie: Pierre William-Henry \u00c0 propos Dans ce site, nous regroupons pour vous un certain nombre de documents utiles. C&#039;est un\" \/>\n<meta name=\"robots\" content=\"index, follow, max-snippet:-1, max-image-preview:large, max-video-preview:-1\" \/>\n<link rel=\"canonical\" href=\"https:\/\/www.eren.ch\/documentation\/\" \/>\n<meta property=\"og:locale\" content=\"fr_FR\" \/>\n<meta property=\"og:type\" content=\"article\" \/>\n<meta property=\"og:title\" content=\"Documentation de l&#039;EREN\" \/>\n<meta property=\"og:description\" content=\"Photos pour les m\u00e9dias Photographie: Pierre William-Henry \u00c0 propos Dans ce site, nous regroupons pour vous un certain nombre de documents utiles. C&#039;est un\" \/>\n<meta property=\"og:url\" content=\"https:\/\/www.eren.ch\/documentation\/\" \/>\n<meta property=\"og:site_name\" content=\"Documentation\" \/>\n<meta property=\"article:publisher\" content=\"https:\/\/www.facebook.com\/eglise.EREN\" \/>\n<meta property=\"article:modified_time\" content=\"2024-01-19T08:03:16+00:00\" \/>\n<meta property=\"og:image\" content=\"https:\/\/www.eren.ch\/documentation\/wp-content\/uploads\/sites\/2\/2023\/08\/bourquin-yves-9259-scaled.jpg\" \/>\n<meta name=\"twitter:card\" content=\"summary_large_image\" \/>\n<meta name=\"twitter:site\" content=\"@EgliseEREN\" \/>\n<meta name=\"twitter:label1\" content=\"Dur\u00e9e de lecture estim\u00e9e\" \/>\n\t<meta name=\"twitter:data1\" content=\"2 minutes\" \/>\n<script type=\"application\/ld+json\" class=\"yoast-schema-graph\">{\"@context\":\"https:\\\/\\\/schema.org\",\"@graph\":[{\"@type\":\"WebPage\",\"@id\":\"https:\\\/\\\/www.eren.ch\\\/documentation\\\/\",\"url\":\"https:\\\/\\\/www.eren.ch\\\/documentation\\\/\",\"name\":\"Documentation de l'EREN - Documentation\",\"isPartOf\":{\"@id\":\"https:\\\/\\\/www.eren.ch\\\/documentation\\\/#website\"},\"primaryImageOfPage\":{\"@id\":\"https:\\\/\\\/www.eren.ch\\\/documentation\\\/#primaryimage\"},\"image\":{\"@id\":\"https:\\\/\\\/www.eren.ch\\\/documentation\\\/#primaryimage\"},\"thumbnailUrl\":\"https:\\\/\\\/www.eren.ch\\\/documentation\\\/wp-content\\\/uploads\\\/sites\\\/2\\\/2023\\\/08\\\/bourquin-yves-9259-scaled.jpg\",\"datePublished\":\"2015-11-16T08:46:55+00:00\",\"dateModified\":\"2024-01-19T08:03:16+00:00\",\"description\":\"Photos pour les m\u00e9dias Photographie: Pierre William-Henry \u00c0 propos Dans ce site, nous regroupons pour vous un certain nombre de documents utiles. C'est un\",\"breadcrumb\":{\"@id\":\"https:\\\/\\\/www.eren.ch\\\/documentation\\\/#breadcrumb\"},\"inLanguage\":\"fr-FR\",\"potentialAction\":[{\"@type\":\"ReadAction\",\"target\":[\"https:\\\/\\\/www.eren.ch\\\/documentation\\\/\"]}]},{\"@type\":\"ImageObject\",\"inLanguage\":\"fr-FR\",\"@id\":\"https:\\\/\\\/www.eren.ch\\\/documentation\\\/#primaryimage\",\"url\":\"https:\\\/\\\/www.eren.ch\\\/documentation\\\/wp-content\\\/uploads\\\/sites\\\/2\\\/2023\\\/08\\\/bourquin-yves-9259-scaled.jpg\",\"contentUrl\":\"https:\\\/\\\/www.eren.ch\\\/documentation\\\/wp-content\\\/uploads\\\/sites\\\/2\\\/2023\\\/08\\\/bourquin-yves-9259-scaled.jpg\"},{\"@type\":\"BreadcrumbList\",\"@id\":\"https:\\\/\\\/www.eren.ch\\\/documentation\\\/#breadcrumb\",\"itemListElement\":[{\"@type\":\"ListItem\",\"position\":1,\"name\":\"Accueil\",\"item\":\"https:\\\/\\\/www.eren.ch\\\/documentation\\\/\"},{\"@type\":\"ListItem\",\"position\":2,\"name\":\"Documentation de l&rsquo;EREN\"}]},{\"@type\":\"WebSite\",\"@id\":\"https:\\\/\\\/www.eren.ch\\\/documentation\\\/#website\",\"url\":\"https:\\\/\\\/www.eren.ch\\\/documentation\\\/\",\"name\":\"Documentation\",\"description\":\"Les ressources de l&#039;EREN\",\"publisher\":{\"@id\":\"https:\\\/\\\/www.eren.ch\\\/documentation\\\/#organization\"},\"potentialAction\":[{\"@type\":\"SearchAction\",\"target\":{\"@type\":\"EntryPoint\",\"urlTemplate\":\"https:\\\/\\\/www.eren.ch\\\/documentation\\\/?s={search_term_string}\"},\"query-input\":{\"@type\":\"PropertyValueSpecification\",\"valueRequired\":true,\"valueName\":\"search_term_string\"}}],\"inLanguage\":\"fr-FR\"},{\"@type\":\"Organization\",\"@id\":\"https:\\\/\\\/www.eren.ch\\\/documentation\\\/#organization\",\"name\":\"Eglise r\u00e9form\u00e9e \u00e9vang\u00e9lique du canton de Neuch\u00e2tel (EREN)\",\"url\":\"https:\\\/\\\/www.eren.ch\\\/documentation\\\/\",\"logo\":{\"@type\":\"ImageObject\",\"inLanguage\":\"fr-FR\",\"@id\":\"https:\\\/\\\/www.eren.ch\\\/documentation\\\/#\\\/schema\\\/logo\\\/image\\\/\",\"url\":\"https:\\\/\\\/www.eren.ch\\\/documentation\\\/wp-content\\\/uploads\\\/sites\\\/2\\\/2019\\\/10\\\/logo-eren-carre.jpg\",\"contentUrl\":\"https:\\\/\\\/www.eren.ch\\\/documentation\\\/wp-content\\\/uploads\\\/sites\\\/2\\\/2019\\\/10\\\/logo-eren-carre.jpg\",\"width\":512,\"height\":512,\"caption\":\"Eglise r\u00e9form\u00e9e \u00e9vang\u00e9lique du canton de Neuch\u00e2tel (EREN)\"},\"image\":{\"@id\":\"https:\\\/\\\/www.eren.ch\\\/documentation\\\/#\\\/schema\\\/logo\\\/image\\\/\"},\"sameAs\":[\"https:\\\/\\\/www.facebook.com\\\/eglise.EREN\",\"https:\\\/\\\/x.com\\\/EgliseEREN\"]}]}<\/script>\n<!-- \/ Yoast SEO Premium plugin. -->","yoast_head_json":{"title":"Documentation de l'EREN - Documentation","description":"Photos pour les m\u00e9dias Photographie: Pierre William-Henry \u00c0 propos Dans ce site, nous regroupons pour vous un certain nombre de documents utiles. C'est un","robots":{"index":"index","follow":"follow","max-snippet":"max-snippet:-1","max-image-preview":"max-image-preview:large","max-video-preview":"max-video-preview:-1"},"canonical":"https:\/\/www.eren.ch\/documentation\/","og_locale":"fr_FR","og_type":"article","og_title":"Documentation de l'EREN","og_description":"Photos pour les m\u00e9dias Photographie: Pierre William-Henry \u00c0 propos Dans ce site, nous regroupons pour vous un certain nombre de documents utiles. C'est un","og_url":"https:\/\/www.eren.ch\/documentation\/","og_site_name":"Documentation","article_publisher":"https:\/\/www.facebook.com\/eglise.EREN","article_modified_time":"2024-01-19T08:03:16+00:00","og_image":[{"url":"https:\/\/www.eren.ch\/documentation\/wp-content\/uploads\/sites\/2\/2023\/08\/bourquin-yves-9259-scaled.jpg","type":"","width":"","height":""}],"twitter_card":"summary_large_image","twitter_site":"@EgliseEREN","twitter_misc":{"Dur\u00e9e de lecture estim\u00e9e":"2 minutes"},"schema":{"@context":"https:\/\/schema.org","@graph":[{"@type":"WebPage","@id":"https:\/\/www.eren.ch\/documentation\/","url":"https:\/\/www.eren.ch\/documentation\/","name":"Documentation de l'EREN - Documentation","isPartOf":{"@id":"https:\/\/www.eren.ch\/documentation\/#website"},"primaryImageOfPage":{"@id":"https:\/\/www.eren.ch\/documentation\/#primaryimage"},"image":{"@id":"https:\/\/www.eren.ch\/documentation\/#primaryimage"},"thumbnailUrl":"https:\/\/www.eren.ch\/documentation\/wp-content\/uploads\/sites\/2\/2023\/08\/bourquin-yves-9259-scaled.jpg","datePublished":"2015-11-16T08:46:55+00:00","dateModified":"2024-01-19T08:03:16+00:00","description":"Photos pour les m\u00e9dias Photographie: Pierre William-Henry \u00c0 propos Dans ce site, nous regroupons pour vous un certain nombre de documents utiles. C'est un","breadcrumb":{"@id":"https:\/\/www.eren.ch\/documentation\/#breadcrumb"},"inLanguage":"fr-FR","potentialAction":[{"@type":"ReadAction","target":["https:\/\/www.eren.ch\/documentation\/"]}]},{"@type":"ImageObject","inLanguage":"fr-FR","@id":"https:\/\/www.eren.ch\/documentation\/#primaryimage","url":"https:\/\/www.eren.ch\/documentation\/wp-content\/uploads\/sites\/2\/2023\/08\/bourquin-yves-9259-scaled.jpg","contentUrl":"https:\/\/www.eren.ch\/documentation\/wp-content\/uploads\/sites\/2\/2023\/08\/bourquin-yves-9259-scaled.jpg"},{"@type":"BreadcrumbList","@id":"https:\/\/www.eren.ch\/documentation\/#breadcrumb","itemListElement":[{"@type":"ListItem","position":1,"name":"Accueil","item":"https:\/\/www.eren.ch\/documentation\/"},{"@type":"ListItem","position":2,"name":"Documentation de l&rsquo;EREN"}]},{"@type":"WebSite","@id":"https:\/\/www.eren.ch\/documentation\/#website","url":"https:\/\/www.eren.ch\/documentation\/","name":"Documentation","description":"Les ressources de l&#039;EREN","publisher":{"@id":"https:\/\/www.eren.ch\/documentation\/#organization"},"potentialAction":[{"@type":"SearchAction","target":{"@type":"EntryPoint","urlTemplate":"https:\/\/www.eren.ch\/documentation\/?s={search_term_string}"},"query-input":{"@type":"PropertyValueSpecification","valueRequired":true,"valueName":"search_term_string"}}],"inLanguage":"fr-FR"},{"@type":"Organization","@id":"https:\/\/www.eren.ch\/documentation\/#organization","name":"Eglise r\u00e9form\u00e9e \u00e9vang\u00e9lique du canton de Neuch\u00e2tel (EREN)","url":"https:\/\/www.eren.ch\/documentation\/","logo":{"@type":"ImageObject","inLanguage":"fr-FR","@id":"https:\/\/www.eren.ch\/documentation\/#\/schema\/logo\/image\/","url":"https:\/\/www.eren.ch\/documentation\/wp-content\/uploads\/sites\/2\/2019\/10\/logo-eren-carre.jpg","contentUrl":"https:\/\/www.eren.ch\/documentation\/wp-content\/uploads\/sites\/2\/2019\/10\/logo-eren-carre.jpg","width":512,"height":512,"caption":"Eglise r\u00e9form\u00e9e \u00e9vang\u00e9lique du canton de Neuch\u00e2tel (EREN)"},"image":{"@id":"https:\/\/www.eren.ch\/documentation\/#\/schema\/logo\/image\/"},"sameAs":["https:\/\/www.facebook.com\/eglise.EREN","https:\/\/x.com\/EgliseEREN"]}]}},"_links":{"self":[{"href":"https:\/\/www.eren.ch\/documentation\/wp-json\/wp\/v2\/pages\/133","targetHints":{"allow":["GET"]}}],"collection":[{"href":"https:\/\/www.eren.ch\/documentation\/wp-json\/wp\/v2\/pages"}],"about":[{"href":"https:\/\/www.eren.ch\/documentation\/wp-json\/wp\/v2\/types\/page"}],"author":[{"embeddable":true,"href":"https:\/\/www.eren.ch\/documentation\/wp-json\/wp\/v2\/users\/1"}],"replies":[{"embeddable":true,"href":"https:\/\/www.eren.ch\/documentation\/wp-json\/wp\/v2\/comments?post=133"}],"version-history":[{"count":5,"href":"https:\/\/www.eren.ch\/documentation\/wp-json\/wp\/v2\/pages\/133\/revisions"}],"predecessor-version":[{"id":1353,"href":"https:\/\/www.eren.ch\/documentation\/wp-json\/wp\/v2\/pages\/133\/revisions\/1353"}],"wp:attachment":[{"href":"https:\/\/www.eren.ch\/documentation\/wp-json\/wp\/v2\/media?parent=133"}],"curies":[{"name":"wp","href":"https:\/\/api.w.org\/{rel}","templated":true}]}}