{"version":"1.0","provider_name":"Paroisse des Hautes Joux","provider_url":"https:\/\/www.eren.ch\/hautesjoux","title":"Campagne de Car\u00eame","type":"rich","width":600,"height":338,"html":"<blockquote class=\"wp-embedded-content\" data-secret=\"0bTRtAMqMe\"><a href=\"https:\/\/www.eren.ch\/hautesjoux\/2025\/03\/10\/campagne-de-careme\/\">Campagne de Car\u00eame<\/a><\/blockquote><iframe sandbox=\"allow-scripts\" security=\"restricted\" src=\"https:\/\/www.eren.ch\/hautesjoux\/2025\/03\/10\/campagne-de-careme\/embed\/#?secret=0bTRtAMqMe\" width=\"600\" height=\"338\" title=\"\u00ab\u00a0Campagne de Car\u00eame\u00a0\u00bb &#8212; Paroisse des Hautes Joux\" data-secret=\"0bTRtAMqMe\" frameborder=\"0\" marginwidth=\"0\" marginheight=\"0\" scrolling=\"no\" class=\"wp-embedded-content\"><\/iframe><script>\n\/*! This file is auto-generated *\/\n!function(d,l){\"use strict\";l.querySelector&&d.addEventListener&&\"undefined\"!=typeof URL&&(d.wp=d.wp||{},d.wp.receiveEmbedMessage||(d.wp.receiveEmbedMessage=function(e){var t=e.data;if((t||t.secret||t.message||t.value)&&!\/[^a-zA-Z0-9]\/.test(t.secret)){for(var s,r,n,a=l.querySelectorAll('iframe[data-secret=\"'+t.secret+'\"]'),o=l.querySelectorAll('blockquote[data-secret=\"'+t.secret+'\"]'),c=new RegExp(\"^https?:$\",\"i\"),i=0;i<o.length;i++)o[i].style.display=\"none\";for(i=0;i<a.length;i++)s=a[i],e.source===s.contentWindow&&(s.removeAttribute(\"style\"),\"height\"===t.message?(1e3<(r=parseInt(t.value,10))?r=1e3:~~r<200&&(r=200),s.height=r):\"link\"===t.message&&(r=new URL(s.getAttribute(\"src\")),n=new URL(t.value),c.test(n.protocol))&&n.host===r.host&&l.activeElement===s&&(d.top.location.href=t.value))}},d.addEventListener(\"message\",d.wp.receiveEmbedMessage,!1),l.addEventListener(\"DOMContentLoaded\",function(){for(var e,t,s=l.querySelectorAll(\"iframe.wp-embedded-content\"),r=0;r<s.length;r++)(t=(e=s[r]).getAttribute(\"data-secret\"))||(t=Math.random().toString(36).substring(2,12),e.src+=\"#?secret=\"+t,e.setAttribute(\"data-secret\",t)),e.contentWindow.postMessage({message:\"ready\",secret:t},\"*\")},!1)))}(window,document);\n\/\/# sourceURL=https:\/\/www.eren.ch\/hautesjoux\/wp-includes\/js\/wp-embed.min.js\n<\/script>\n","thumbnail_url":"https:\/\/www.eren.ch\/hautesjoux\/wp-content\/uploads\/sites\/12\/2025\/03\/2560x1012px_FR-2100x700-1.jpg","thumbnail_width":2100,"thumbnail_height":700,"description":"M\u00e9ditorial de St\u00e9phanie WurzParu dans la pive 139 Avec le th\u00e8me \u00ab La faim bouffe l\u2019avenir \u00bb, les \u0153uvres d\u2019entraide de nos Eglises, Action de Car\u00eame de l\u2019\u00c9glise catholique, l\u2019EPER pour l\u2019\u00c9glise protestante et \u00catre partenaires de l\u2019Eglise-catholique-chr\u00e9tienne, nous invite, durant la p\u00e9riode de car\u00eame, \u00e0 entamer un nouveau cycle th\u00e9matique de trois ans, d\u00e9di\u00e9 &hellip; Continuer la lecture de &laquo;&nbsp;&nbsp;&raquo;"}