{"version":"1.0","provider_name":"Paroisse des Hautes Joux","provider_url":"https:\/\/www.eren.ch\/hautesjoux","title":"P\u00e2ques sans Vendredi Saint\u00a0?","type":"rich","width":600,"height":338,"html":"<blockquote class=\"wp-embedded-content\" data-secret=\"MzJjOpkyBm\"><a href=\"https:\/\/www.eren.ch\/hautesjoux\/2025\/04\/08\/paques-sans-vendredi-saint\/\">P\u00e2ques sans Vendredi Saint\u00a0?<\/a><\/blockquote><iframe sandbox=\"allow-scripts\" security=\"restricted\" src=\"https:\/\/www.eren.ch\/hautesjoux\/2025\/04\/08\/paques-sans-vendredi-saint\/embed\/#?secret=MzJjOpkyBm\" width=\"600\" height=\"338\" title=\"\u00ab\u00a0P\u00e2ques sans Vendredi Saint\u00a0?\u00a0\u00bb &#8212; Paroisse des Hautes Joux\" data-secret=\"MzJjOpkyBm\" frameborder=\"0\" marginwidth=\"0\" marginheight=\"0\" scrolling=\"no\" class=\"wp-embedded-content\"><\/iframe><script>\n\/*! This file is auto-generated *\/\n!function(d,l){\"use strict\";l.querySelector&&d.addEventListener&&\"undefined\"!=typeof URL&&(d.wp=d.wp||{},d.wp.receiveEmbedMessage||(d.wp.receiveEmbedMessage=function(e){var t=e.data;if((t||t.secret||t.message||t.value)&&!\/[^a-zA-Z0-9]\/.test(t.secret)){for(var s,r,n,a=l.querySelectorAll('iframe[data-secret=\"'+t.secret+'\"]'),o=l.querySelectorAll('blockquote[data-secret=\"'+t.secret+'\"]'),c=new RegExp(\"^https?:$\",\"i\"),i=0;i<o.length;i++)o[i].style.display=\"none\";for(i=0;i<a.length;i++)s=a[i],e.source===s.contentWindow&&(s.removeAttribute(\"style\"),\"height\"===t.message?(1e3<(r=parseInt(t.value,10))?r=1e3:~~r<200&&(r=200),s.height=r):\"link\"===t.message&&(r=new URL(s.getAttribute(\"src\")),n=new URL(t.value),c.test(n.protocol))&&n.host===r.host&&l.activeElement===s&&(d.top.location.href=t.value))}},d.addEventListener(\"message\",d.wp.receiveEmbedMessage,!1),l.addEventListener(\"DOMContentLoaded\",function(){for(var e,t,s=l.querySelectorAll(\"iframe.wp-embedded-content\"),r=0;r<s.length;r++)(t=(e=s[r]).getAttribute(\"data-secret\"))||(t=Math.random().toString(36).substring(2,12),e.src+=\"#?secret=\"+t,e.setAttribute(\"data-secret\",t)),e.contentWindow.postMessage({message:\"ready\",secret:t},\"*\")},!1)))}(window,document);\n\/\/# sourceURL=https:\/\/www.eren.ch\/hautesjoux\/wp-includes\/js\/wp-embed.min.js\n<\/script>\n","thumbnail_url":"https:\/\/www.eren.ch\/hautesjoux\/wp-content\/uploads\/sites\/12\/2025\/04\/1200x680_sc_17-03-23-jardin-printemps-jacky-parker-photography-gettyimages-1194700824.jpg","thumbnail_width":1200,"thumbnail_height":680,"description":"Jean 12.24 \/ Quentin Beck Que cette p\u00e9riode de P\u00e2ques est agr\u00e9able&nbsp;! La temp\u00e9rature se fait de plus en plus chaude, les gens se retrouvent au soleil, sur les terrasses, les rayons des magasins se remplissent de chocolat et les f\u00eates de famille se pr\u00e9parent. Apr\u00e8s l\u2019hiver, cette p\u00e9riode a r\u00e9ellement un petit go\u00fbt de &hellip; Continuer la lecture de &laquo;&nbsp;&nbsp;&raquo;"}