{"id":49,"date":"2021-07-08T08:39:41","date_gmt":"2021-07-08T06:39:41","guid":{"rendered":"https:\/\/www.eren.ch\/lanterne\/?page_id=49"},"modified":"2026-01-30T10:44:42","modified_gmt":"2026-01-30T09:44:42","slug":"solidarites","status":"publish","type":"page","link":"https:\/\/www.eren.ch\/lanterne\/solidarites\/","title":{"rendered":"Solidarit\u00e9s"},"content":{"rendered":"<p>Vous trouverez ici les adresses de lieux, associations, institutions et services qui pourront r\u00e9pondre \u00e0 vos demandes. Chaque site vous donnera tous les d\u00e9tails utiles, les prestations propos\u00e9es et les conditions pour y recourir.<\/p>\n<p>Mise \u00e0 jour du 21 f\u00e9vrier 2025.<\/p>\n<h2>Aum\u00f4nerie de rue<\/h2>\n<ul>\n<li><a href=\"https:\/\/www.eren.ch\/accompagnement\/aumonerie-rue-cdf\/\">L&rsquo;aum\u00f4nerie de rue de La Chaux-de-Fonds<\/a><\/li>\n<\/ul>\n<h2>Repas et nourriture<\/h2>\n<ul>\n<li><a href=\"https:\/\/indexaddictions.infodrog.ch\/offres\/101-addiction-neuch%C3%A2tel\">Le 13Ouvert<\/a><\/li>\n<li><a href=\"https:\/\/www.caritas-neuchatel.ch\/trouver-de-l-aide\/lieux\/espace-des-solidarites\">L&rsquo;Espace des Solidarit\u00e9s<\/a><\/li>\n<li><a href=\"https:\/\/neuchatel.armeedusalut.ch\/\">Le poste de l&rsquo;Arm\u00e9e du Salut<\/a><\/li>\n<li><a href=\"https:\/\/cartonsducoeur-ne.ch\/\">Les Cartons du C\u0153ur<\/a><\/li>\n<\/ul>\n<h2>H\u00e9bergements<\/h2>\n<ul>\n<li><a href=\"https:\/\/www.neuchatelville.ch\/vivre-a-neuchatel\/social\/sleep-in-de-neuchatel\">Sleep-in en Ville de Neuch\u00e2tel<\/a><\/li>\n<li>Num\u00e9ro d&rsquo;urgence : <a href=\"tel:0800880480\">0800 880 480<\/a><\/li>\n<li><a href=\"http:\/\/fads-ne.ch\/hebergements\/feu-vert\/\">Le Rocher-Feu-Vert<\/a><\/li>\n<\/ul>\n<h2>Magasins et boutiques<\/h2>\n<ul>\n<li><a href=\"https:\/\/www.caritas-neuchatel.ch\/trouver-de-l-aide\/petits-budgets\/epiceries-caritas\">\u00c9picerie Caritas<\/a><\/li>\n<li><a href=\"https:\/\/www.caritas-neuchatel.ch\/trouver-de-l-aide\/lieux\/le-vestiaire\">Vestiaire Caritas<\/a><\/li>\n<li><a href=\"https:\/\/csp.ch\/neuchatel\/boutiques\/\">Boutique du Centre social protestant en Ville de Neuch\u00e2tel<\/a><\/li>\n<li><a href=\"https:\/\/csp.ch\/neuchatel\/boutique_facade\/\">Boutique et meubles du Centre social protestant \u00e0 La Jonch\u00e8re<\/a><\/li>\n<\/ul>\n<h2>Services divers<\/h2>\n<ul>\n<li><a href=\"https:\/\/www.dispensairedesrues.ch\/\">Le Dispensaire des rues<\/a><\/li>\n<\/ul>\n<h2>R\u00e9duction des risques<\/h2>\n<ul>\n<li><a href=\"https:\/\/www.addiction-neuchatel.ch\/\">Addictions Neuch\u00e2tel<\/a><\/li>\n<li><a href=\"https:\/\/www.cortaillod.ch\/vie-quotidienne\/cohesion-sociale\/societes-locales\/detail\/croix-bleue-romande-section-neuchateloise\">Croix-Bleue neuch\u00e2teloise<\/a><\/li>\n<\/ul>\n<h2>Orientation<\/h2>\n<ul>\n<li><a href=\"https:\/\/ensemble-ne.ch\/\">Plateforme Pr\u00e9carit\u00e9 du Canton de Neuch\u00e2tel<\/a><\/li>\n<li><a href=\"https:\/\/www.aross.ch\/\">Service d&rsquo;information et d&rsquo;orientation pour les +65 ans et leurs proches<\/a><\/li>\n<\/ul>\n<h2>Aides administratives, d\u00e9sendettement<\/h2>\n<ul>\n<li><a href=\"https:\/\/www.caritas-neuchatel.ch\/homepage\">Caritas<\/a><\/li>\n<li><a href=\"https:\/\/csp.ch\/neuchatel\/\">Centre social protestant<\/a><\/li>\n<li><a href=\"https:\/\/www.neuchatelville.ch\/fr\/vivre-a-neuchatel\/social-et-solidarite\/guichet-social-regional\/\">Guichet Social R\u00e9gional<\/a><\/li>\n<li><a href=\"https:\/\/jestime.ch\/\">Prestations sociales, s&rsquo;y retrouver<\/a><\/li>\n<\/ul>\n<h2>Lieux d&rsquo;\u00e9coute et communaut\u00e9s<\/h2>\n<ul>\n<li><a href=\"https:\/\/www.grandchamp.org\/\">Communaut\u00e9 de Grandchamp<\/a><\/li>\n<li><a href=\"https:\/\/www.eren.ch\/accompagnement\/espace-oskar-pfister\/\">Espace Oskar Pfister<\/a><\/li>\n<li><a href=\"https:\/\/neuchatel.armeedusalut.ch\/\">L&rsquo;Arm\u00e9e du Salut<\/a><\/li>\n<li><a href=\"https:\/\/larochette.ch\/\">L&rsquo;\u00c9glise \u00e9vang\u00e9lique libre<\/a><\/li>\n<li><a href=\"https:\/\/www.eren.ch\/neuchatel\/\">Paroisse r\u00e9form\u00e9e de Neuch\u00e2tel<\/a><\/li>\n<li><a href=\"https:\/\/www.cath-ne.ch\/paroisses\">Les paroisses de l&rsquo;\u00c9glise catholique romaine en Ville de Neuch\u00e2tel<\/a><\/li>\n<li><a href=\"https:\/\/christkatholisch.ch\/fr\/cantonneuchatel\/\">\u00c9glise catholique chr\u00e9tienne en Ville de Neuch\u00e2tel<\/a><\/li>\n<\/ul>\n<p><span class=\"attribution_field hide-sm hide-md\">Image par <a href=\"https:\/\/pixabay.com\/fr\/users\/geralt-9301\/?utm_source=link-attribution&amp;utm_medium=referral&amp;utm_campaign=image&amp;utm_content=2731501\">Gerd Altmann<\/a> de <a href=\"https:\/\/pixabay.com\/fr\/?utm_source=link-attribution&amp;utm_medium=referral&amp;utm_campaign=image&amp;utm_content=2731501\">Pixabay<\/a><\/span><\/p>\n","protected":false},"excerpt":{"rendered":"<p>Vous trouverez ici les adresses de lieux, associations, institutions et services qui pourront r\u00e9pondre \u00e0 vos demandes. Chaque site vous donnera tous les d\u00e9tails utiles, les prestations propos\u00e9es et les conditions pour y recourir. Mise \u00e0 jour du 21 f\u00e9vrier 2025. Aum\u00f4nerie de rue L&rsquo;aum\u00f4nerie de rue de La Chaux-de-Fonds Repas et nourriture Le 13Ouvert &hellip; <a href=\"https:\/\/www.eren.ch\/lanterne\/solidarites\/\" class=\"more-link\">Continuer la lecture<span class=\"screen-reader-text\"> de &laquo;&nbsp;Solidarit\u00e9s&nbsp;&raquo;<\/span><\/a><\/p>\n","protected":false},"author":23,"featured_media":50,"parent":0,"menu_order":0,"comment_status":"closed","ping_status":"closed","template":"","meta":{"footnotes":""},"class_list":["post-49","page","type-page","status-publish","has-post-thumbnail","hentry"],"yoast_head":"<!-- This site is optimized with the Yoast SEO Premium plugin v27.5 (Yoast SEO v27.5) - https:\/\/yoast.com\/product\/yoast-seo-premium-wordpress\/ -->\n<title>Solidarit\u00e9s - La Lanterne<\/title>\n<meta name=\"description\" content=\"La Lanterne s&#039;inscrit dans un r\u00e9seau d&#039;entraide en Ville de Neuch\u00e2tel. Voici une liste d&#039;adresses utiles \u00e0 votre disposition.\" \/>\n<meta name=\"robots\" content=\"index, follow, max-snippet:-1, max-image-preview:large, max-video-preview:-1\" \/>\n<link rel=\"canonical\" href=\"https:\/\/www.eren.ch\/lanterne\/solidarites\/\" \/>\n<meta property=\"og:locale\" content=\"fr_FR\" \/>\n<meta property=\"og:type\" content=\"article\" \/>\n<meta property=\"og:title\" content=\"Solidarit\u00e9s\" \/>\n<meta property=\"og:description\" content=\"La Lanterne s&#039;inscrit dans un r\u00e9seau d&#039;entraide en Ville de Neuch\u00e2tel. Voici une liste d&#039;adresses utiles \u00e0 votre disposition.\" \/>\n<meta property=\"og:url\" content=\"https:\/\/www.eren.ch\/lanterne\/solidarites\/\" \/>\n<meta property=\"og:site_name\" content=\"La Lanterne\" \/>\n<meta property=\"article:modified_time\" content=\"2026-01-30T09:44:42+00:00\" \/>\n<meta property=\"og:image\" content=\"https:\/\/www.eren.ch\/lanterne\/wp-content\/uploads\/sites\/15\/2021\/07\/problem-2731501_1280.jpg\" \/>\n\t<meta property=\"og:image:width\" content=\"1280\" \/>\n\t<meta property=\"og:image:height\" content=\"672\" \/>\n\t<meta property=\"og:image:type\" content=\"image\/jpeg\" \/>\n<meta name=\"twitter:card\" content=\"summary_large_image\" \/>\n<meta name=\"twitter:label1\" content=\"Dur\u00e9e de lecture estim\u00e9e\" \/>\n\t<meta name=\"twitter:data1\" content=\"2 minutes\" \/>\n<script type=\"application\/ld+json\" class=\"yoast-schema-graph\">{\"@context\":\"https:\\\/\\\/schema.org\",\"@graph\":[{\"@type\":\"WebPage\",\"@id\":\"https:\\\/\\\/www.eren.ch\\\/lanterne\\\/solidarites\\\/\",\"url\":\"https:\\\/\\\/www.eren.ch\\\/lanterne\\\/solidarites\\\/\",\"name\":\"Solidarit\u00e9s - La Lanterne\",\"isPartOf\":{\"@id\":\"https:\\\/\\\/www.eren.ch\\\/lanterne\\\/#website\"},\"primaryImageOfPage\":{\"@id\":\"https:\\\/\\\/www.eren.ch\\\/lanterne\\\/solidarites\\\/#primaryimage\"},\"image\":{\"@id\":\"https:\\\/\\\/www.eren.ch\\\/lanterne\\\/solidarites\\\/#primaryimage\"},\"thumbnailUrl\":\"https:\\\/\\\/www.eren.ch\\\/lanterne\\\/wp-content\\\/uploads\\\/sites\\\/15\\\/2021\\\/07\\\/problem-2731501_1280.jpg\",\"datePublished\":\"2021-07-08T06:39:41+00:00\",\"dateModified\":\"2026-01-30T09:44:42+00:00\",\"description\":\"La Lanterne s'inscrit dans un r\u00e9seau d'entraide en Ville de Neuch\u00e2tel. Voici une liste d'adresses utiles \u00e0 votre disposition.\",\"breadcrumb\":{\"@id\":\"https:\\\/\\\/www.eren.ch\\\/lanterne\\\/solidarites\\\/#breadcrumb\"},\"inLanguage\":\"fr-FR\",\"potentialAction\":[{\"@type\":\"ReadAction\",\"target\":[\"https:\\\/\\\/www.eren.ch\\\/lanterne\\\/solidarites\\\/\"]}]},{\"@type\":\"ImageObject\",\"inLanguage\":\"fr-FR\",\"@id\":\"https:\\\/\\\/www.eren.ch\\\/lanterne\\\/solidarites\\\/#primaryimage\",\"url\":\"https:\\\/\\\/www.eren.ch\\\/lanterne\\\/wp-content\\\/uploads\\\/sites\\\/15\\\/2021\\\/07\\\/problem-2731501_1280.jpg\",\"contentUrl\":\"https:\\\/\\\/www.eren.ch\\\/lanterne\\\/wp-content\\\/uploads\\\/sites\\\/15\\\/2021\\\/07\\\/problem-2731501_1280.jpg\",\"width\":1280,\"height\":672,\"caption\":\"Probl\u00e8me et solutions\"},{\"@type\":\"BreadcrumbList\",\"@id\":\"https:\\\/\\\/www.eren.ch\\\/lanterne\\\/solidarites\\\/#breadcrumb\",\"itemListElement\":[{\"@type\":\"ListItem\",\"position\":1,\"name\":\"Accueil\",\"item\":\"https:\\\/\\\/www.eren.ch\\\/lanterne\\\/\"},{\"@type\":\"ListItem\",\"position\":2,\"name\":\"Solidarit\u00e9s\"}]},{\"@type\":\"WebSite\",\"@id\":\"https:\\\/\\\/www.eren.ch\\\/lanterne\\\/#website\",\"url\":\"https:\\\/\\\/www.eren.ch\\\/lanterne\\\/\",\"name\":\"La Lanterne\",\"description\":\"Aum\u00f4nerie \u0153cum\u00e9nique de rue en Ville de Neuch\u00e2tel\",\"potentialAction\":[{\"@type\":\"SearchAction\",\"target\":{\"@type\":\"EntryPoint\",\"urlTemplate\":\"https:\\\/\\\/www.eren.ch\\\/lanterne\\\/?s={search_term_string}\"},\"query-input\":{\"@type\":\"PropertyValueSpecification\",\"valueRequired\":true,\"valueName\":\"search_term_string\"}}],\"inLanguage\":\"fr-FR\"}]}<\/script>\n<!-- \/ Yoast SEO Premium plugin. -->","yoast_head_json":{"title":"Solidarit\u00e9s - La Lanterne","description":"La Lanterne s'inscrit dans un r\u00e9seau d'entraide en Ville de Neuch\u00e2tel. Voici une liste d'adresses utiles \u00e0 votre disposition.","robots":{"index":"index","follow":"follow","max-snippet":"max-snippet:-1","max-image-preview":"max-image-preview:large","max-video-preview":"max-video-preview:-1"},"canonical":"https:\/\/www.eren.ch\/lanterne\/solidarites\/","og_locale":"fr_FR","og_type":"article","og_title":"Solidarit\u00e9s","og_description":"La Lanterne s'inscrit dans un r\u00e9seau d'entraide en Ville de Neuch\u00e2tel. Voici une liste d'adresses utiles \u00e0 votre disposition.","og_url":"https:\/\/www.eren.ch\/lanterne\/solidarites\/","og_site_name":"La Lanterne","article_modified_time":"2026-01-30T09:44:42+00:00","og_image":[{"width":1280,"height":672,"url":"https:\/\/www.eren.ch\/lanterne\/wp-content\/uploads\/sites\/15\/2021\/07\/problem-2731501_1280.jpg","type":"image\/jpeg"}],"twitter_card":"summary_large_image","twitter_misc":{"Dur\u00e9e de lecture estim\u00e9e":"2 minutes"},"schema":{"@context":"https:\/\/schema.org","@graph":[{"@type":"WebPage","@id":"https:\/\/www.eren.ch\/lanterne\/solidarites\/","url":"https:\/\/www.eren.ch\/lanterne\/solidarites\/","name":"Solidarit\u00e9s - La Lanterne","isPartOf":{"@id":"https:\/\/www.eren.ch\/lanterne\/#website"},"primaryImageOfPage":{"@id":"https:\/\/www.eren.ch\/lanterne\/solidarites\/#primaryimage"},"image":{"@id":"https:\/\/www.eren.ch\/lanterne\/solidarites\/#primaryimage"},"thumbnailUrl":"https:\/\/www.eren.ch\/lanterne\/wp-content\/uploads\/sites\/15\/2021\/07\/problem-2731501_1280.jpg","datePublished":"2021-07-08T06:39:41+00:00","dateModified":"2026-01-30T09:44:42+00:00","description":"La Lanterne s'inscrit dans un r\u00e9seau d'entraide en Ville de Neuch\u00e2tel. Voici une liste d'adresses utiles \u00e0 votre disposition.","breadcrumb":{"@id":"https:\/\/www.eren.ch\/lanterne\/solidarites\/#breadcrumb"},"inLanguage":"fr-FR","potentialAction":[{"@type":"ReadAction","target":["https:\/\/www.eren.ch\/lanterne\/solidarites\/"]}]},{"@type":"ImageObject","inLanguage":"fr-FR","@id":"https:\/\/www.eren.ch\/lanterne\/solidarites\/#primaryimage","url":"https:\/\/www.eren.ch\/lanterne\/wp-content\/uploads\/sites\/15\/2021\/07\/problem-2731501_1280.jpg","contentUrl":"https:\/\/www.eren.ch\/lanterne\/wp-content\/uploads\/sites\/15\/2021\/07\/problem-2731501_1280.jpg","width":1280,"height":672,"caption":"Probl\u00e8me et solutions"},{"@type":"BreadcrumbList","@id":"https:\/\/www.eren.ch\/lanterne\/solidarites\/#breadcrumb","itemListElement":[{"@type":"ListItem","position":1,"name":"Accueil","item":"https:\/\/www.eren.ch\/lanterne\/"},{"@type":"ListItem","position":2,"name":"Solidarit\u00e9s"}]},{"@type":"WebSite","@id":"https:\/\/www.eren.ch\/lanterne\/#website","url":"https:\/\/www.eren.ch\/lanterne\/","name":"La Lanterne","description":"Aum\u00f4nerie \u0153cum\u00e9nique de rue en Ville de Neuch\u00e2tel","potentialAction":[{"@type":"SearchAction","target":{"@type":"EntryPoint","urlTemplate":"https:\/\/www.eren.ch\/lanterne\/?s={search_term_string}"},"query-input":{"@type":"PropertyValueSpecification","valueRequired":true,"valueName":"search_term_string"}}],"inLanguage":"fr-FR"}]}},"_links":{"self":[{"href":"https:\/\/www.eren.ch\/lanterne\/wp-json\/wp\/v2\/pages\/49","targetHints":{"allow":["GET"]}}],"collection":[{"href":"https:\/\/www.eren.ch\/lanterne\/wp-json\/wp\/v2\/pages"}],"about":[{"href":"https:\/\/www.eren.ch\/lanterne\/wp-json\/wp\/v2\/types\/page"}],"author":[{"embeddable":true,"href":"https:\/\/www.eren.ch\/lanterne\/wp-json\/wp\/v2\/users\/23"}],"replies":[{"embeddable":true,"href":"https:\/\/www.eren.ch\/lanterne\/wp-json\/wp\/v2\/comments?post=49"}],"version-history":[{"count":11,"href":"https:\/\/www.eren.ch\/lanterne\/wp-json\/wp\/v2\/pages\/49\/revisions"}],"predecessor-version":[{"id":445,"href":"https:\/\/www.eren.ch\/lanterne\/wp-json\/wp\/v2\/pages\/49\/revisions\/445"}],"wp:featuredmedia":[{"embeddable":true,"href":"https:\/\/www.eren.ch\/lanterne\/wp-json\/wp\/v2\/media\/50"}],"wp:attachment":[{"href":"https:\/\/www.eren.ch\/lanterne\/wp-json\/wp\/v2\/media?parent=49"}],"curies":[{"name":"wp","href":"https:\/\/api.w.org\/{rel}","templated":true}]}}