{"id":135,"date":"2016-01-08T09:58:42","date_gmt":"2016-01-08T08:58:42","guid":{"rendered":"https:\/\/www.eren.ch\/neuchatel\/?page_id=135"},"modified":"2026-02-18T11:10:57","modified_gmt":"2026-02-18T10:10:57","slug":"convivialite","status":"publish","type":"page","link":"https:\/\/www.eren.ch\/neuchatel\/convivialite\/","title":{"rendered":"Convivialit\u00e9"},"content":{"rendered":"<p><img decoding=\"async\" class=\"alignnone size-large wp-image-542\" src=\"https:\/\/www.eren.ch\/neuchatel\/wp-content\/uploads\/sites\/3\/2016\/01\/valangines_c.klauser_4-1024x464.jpg\" alt=\"valangines_c.klauser_4\" width=\"840\" height=\"381\" srcset=\"https:\/\/www.eren.ch\/neuchatel\/wp-content\/uploads\/sites\/3\/2016\/01\/valangines_c.klauser_4-1024x464.jpg 1024w, https:\/\/www.eren.ch\/neuchatel\/wp-content\/uploads\/sites\/3\/2016\/01\/valangines_c.klauser_4-300x136.jpg 300w, https:\/\/www.eren.ch\/neuchatel\/wp-content\/uploads\/sites\/3\/2016\/01\/valangines_c.klauser_4-768x348.jpg 768w, https:\/\/www.eren.ch\/neuchatel\/wp-content\/uploads\/sites\/3\/2016\/01\/valangines_c.klauser_4-1200x544.jpg 1200w, https:\/\/www.eren.ch\/neuchatel\/wp-content\/uploads\/sites\/3\/2016\/01\/valangines_c.klauser_4.jpg 1500w\" sizes=\"(max-width: 709px) 85vw, (max-width: 909px) 67vw, (max-width: 1362px) 62vw, 840px\" \/><\/p>\n<blockquote><p>R\u00e9jouissez-vous dans le Seigneur en tout temps\u00a0; je le r\u00e9p\u00e8te, r\u00e9jouissez-vous! (Ph, 4-4)<\/p><\/blockquote>\n<p>En tout temps, en tous lieux, d\u00e9couvrez les multiples activit\u00e9s communautaires de notre paroisse.<\/p>\n<p><strong>Membres d&rsquo;un seul corps, nous soignons:<\/strong><\/p>\n<ul>\n<li>notre esprit: <a href=\"https:\/\/www.eren.ch\/neuchatel\/convivialite\/lire\/\">lectures<\/a>, <a href=\"https:\/\/www.eren.ch\/neuchatel\/spiritualite\/prier\/\">pri\u00e8res et m\u00e9ditations<\/a><\/li>\n<li>notre c\u0153ur: <a href=\"https:\/\/www.eren.ch\/neuchatel\/convivialite\/rencontrer\/\">rencontres<\/a>, <a href=\"https:\/\/www.eren.ch\/neuchatel\/solidarite\/\">accompagnement<\/a><\/li>\n<li>nos oreilles: <a href=\"https:\/\/www.eren.ch\/neuchatel\/culture\/ecouter\/\">concerts<\/a><\/li>\n<li>nos jambes: <a href=\"https:\/\/www.eren.ch\/neuchatel\/convivialite\/randonner\/\">randonn\u00e9es<\/a><\/li>\n<\/ul>\n","protected":false},"excerpt":{"rendered":"<p>R\u00e9jouissez-vous dans le Seigneur en tout temps\u00a0; je le r\u00e9p\u00e8te, r\u00e9jouissez-vous! (Ph, 4-4) En tout temps, en tous lieux, d\u00e9couvrez les multiples activit\u00e9s communautaires de notre paroisse. Membres d&rsquo;un seul corps, nous soignons: notre esprit: lectures, pri\u00e8res et m\u00e9ditations notre c\u0153ur: rencontres, accompagnement nos oreilles: concerts nos jambes: randonn\u00e9es<\/p>\n","protected":false},"author":31,"featured_media":0,"parent":0,"menu_order":100,"comment_status":"closed","ping_status":"closed","template":"","meta":{"footnotes":""},"class_list":["post-135","page","type-page","status-publish","hentry"],"yoast_head":"<!-- This site is optimized with the Yoast SEO Premium plugin v27.5 (Yoast SEO v27.5) - https:\/\/yoast.com\/product\/yoast-seo-premium-wordpress\/ -->\n<title>Convivialit\u00e9 - Paroisse de Neuch\u00e2tel<\/title>\n<meta name=\"description\" content=\"R\u00e9jouissez-vous dans le Seigneur en tout temps\u00a0; je le r\u00e9p\u00e8te, r\u00e9jouissez-vous! (Ph, 4-4) En tout temps, en tous lieux, d\u00e9couvrez les multiples activit\u00e9s\" \/>\n<meta name=\"robots\" content=\"index, follow, max-snippet:-1, max-image-preview:large, max-video-preview:-1\" \/>\n<link rel=\"canonical\" href=\"https:\/\/www.eren.ch\/neuchatel\/convivialite\/\" \/>\n<meta property=\"og:locale\" content=\"fr_FR\" \/>\n<meta property=\"og:type\" content=\"article\" \/>\n<meta property=\"og:title\" content=\"Convivialit\u00e9\" \/>\n<meta property=\"og:description\" content=\"R\u00e9jouissez-vous dans le Seigneur en tout temps\u00a0; je le r\u00e9p\u00e8te, r\u00e9jouissez-vous! (Ph, 4-4) En tout temps, en tous lieux, d\u00e9couvrez les multiples activit\u00e9s\" \/>\n<meta property=\"og:url\" content=\"https:\/\/www.eren.ch\/neuchatel\/convivialite\/\" \/>\n<meta property=\"og:site_name\" content=\"Paroisse de Neuch\u00e2tel\" \/>\n<meta property=\"article:publisher\" content=\"https:\/\/www.facebook.com\/eglise.EREN\" \/>\n<meta property=\"article:modified_time\" content=\"2026-02-18T10:10:57+00:00\" \/>\n<meta property=\"og:image\" content=\"https:\/\/www.eren.ch\/neuchatel\/wp-content\/uploads\/sites\/3\/2016\/01\/valangines_c.klauser_4.jpg\" \/>\n\t<meta property=\"og:image:width\" content=\"1500\" \/>\n\t<meta property=\"og:image:height\" content=\"680\" \/>\n\t<meta property=\"og:image:type\" content=\"image\/jpeg\" \/>\n<meta name=\"twitter:card\" content=\"summary_large_image\" \/>\n<meta name=\"twitter:site\" content=\"@egliseeren\" \/>\n<meta name=\"twitter:label1\" content=\"Dur\u00e9e de lecture estim\u00e9e\" \/>\n\t<meta name=\"twitter:data1\" content=\"1 minute\" \/>\n<script type=\"application\/ld+json\" class=\"yoast-schema-graph\">{\"@context\":\"https:\\\/\\\/schema.org\",\"@graph\":[{\"@type\":\"WebPage\",\"@id\":\"https:\\\/\\\/www.eren.ch\\\/neuchatel\\\/convivialite\\\/\",\"url\":\"https:\\\/\\\/www.eren.ch\\\/neuchatel\\\/convivialite\\\/\",\"name\":\"Convivialit\u00e9 - Paroisse de Neuch\u00e2tel\",\"isPartOf\":{\"@id\":\"https:\\\/\\\/www.eren.ch\\\/neuchatel\\\/#website\"},\"primaryImageOfPage\":{\"@id\":\"https:\\\/\\\/www.eren.ch\\\/neuchatel\\\/convivialite\\\/#primaryimage\"},\"image\":{\"@id\":\"https:\\\/\\\/www.eren.ch\\\/neuchatel\\\/convivialite\\\/#primaryimage\"},\"thumbnailUrl\":\"https:\\\/\\\/www.eren.ch\\\/neuchatel\\\/wp-content\\\/uploads\\\/sites\\\/3\\\/2016\\\/01\\\/valangines_c.klauser_4-1024x464.jpg\",\"datePublished\":\"2016-01-08T08:58:42+00:00\",\"dateModified\":\"2026-02-18T10:10:57+00:00\",\"description\":\"R\u00e9jouissez-vous dans le Seigneur en tout temps\u00a0; je le r\u00e9p\u00e8te, r\u00e9jouissez-vous! (Ph, 4-4) En tout temps, en tous lieux, d\u00e9couvrez les multiples activit\u00e9s\",\"breadcrumb\":{\"@id\":\"https:\\\/\\\/www.eren.ch\\\/neuchatel\\\/convivialite\\\/#breadcrumb\"},\"inLanguage\":\"fr-FR\",\"potentialAction\":[{\"@type\":\"ReadAction\",\"target\":[\"https:\\\/\\\/www.eren.ch\\\/neuchatel\\\/convivialite\\\/\"]}]},{\"@type\":\"ImageObject\",\"inLanguage\":\"fr-FR\",\"@id\":\"https:\\\/\\\/www.eren.ch\\\/neuchatel\\\/convivialite\\\/#primaryimage\",\"url\":\"https:\\\/\\\/www.eren.ch\\\/neuchatel\\\/wp-content\\\/uploads\\\/sites\\\/3\\\/2016\\\/01\\\/valangines_c.klauser_4.jpg\",\"contentUrl\":\"https:\\\/\\\/www.eren.ch\\\/neuchatel\\\/wp-content\\\/uploads\\\/sites\\\/3\\\/2016\\\/01\\\/valangines_c.klauser_4.jpg\",\"width\":1500,\"height\":680},{\"@type\":\"BreadcrumbList\",\"@id\":\"https:\\\/\\\/www.eren.ch\\\/neuchatel\\\/convivialite\\\/#breadcrumb\",\"itemListElement\":[{\"@type\":\"ListItem\",\"position\":1,\"name\":\"Accueil\",\"item\":\"https:\\\/\\\/www.eren.ch\\\/neuchatel\\\/\"},{\"@type\":\"ListItem\",\"position\":2,\"name\":\"Convivialit\u00e9\"}]},{\"@type\":\"WebSite\",\"@id\":\"https:\\\/\\\/www.eren.ch\\\/neuchatel\\\/#website\",\"url\":\"https:\\\/\\\/www.eren.ch\\\/neuchatel\\\/\",\"name\":\"Paroisse de Neuch\u00e2tel\",\"description\":\"La pr\u00e9sence protestante reconnue en ville de Neuch\u00e2tel\",\"publisher\":{\"@id\":\"https:\\\/\\\/www.eren.ch\\\/neuchatel\\\/#organization\"},\"potentialAction\":[{\"@type\":\"SearchAction\",\"target\":{\"@type\":\"EntryPoint\",\"urlTemplate\":\"https:\\\/\\\/www.eren.ch\\\/neuchatel\\\/?s={search_term_string}\"},\"query-input\":{\"@type\":\"PropertyValueSpecification\",\"valueRequired\":true,\"valueName\":\"search_term_string\"}}],\"inLanguage\":\"fr-FR\"},{\"@type\":\"Organization\",\"@id\":\"https:\\\/\\\/www.eren.ch\\\/neuchatel\\\/#organization\",\"name\":\"Paroisse de Neuch\u00e2tel\",\"url\":\"https:\\\/\\\/www.eren.ch\\\/neuchatel\\\/\",\"logo\":{\"@type\":\"ImageObject\",\"inLanguage\":\"fr-FR\",\"@id\":\"https:\\\/\\\/www.eren.ch\\\/neuchatel\\\/#\\\/schema\\\/logo\\\/image\\\/\",\"url\":\"https:\\\/\\\/www.eren.ch\\\/neuchatel\\\/wp-content\\\/uploads\\\/sites\\\/3\\\/2020\\\/12\\\/logo-neuchatel.png\",\"contentUrl\":\"https:\\\/\\\/www.eren.ch\\\/neuchatel\\\/wp-content\\\/uploads\\\/sites\\\/3\\\/2020\\\/12\\\/logo-neuchatel.png\",\"width\":240,\"height\":117,\"caption\":\"Paroisse de Neuch\u00e2tel\"},\"image\":{\"@id\":\"https:\\\/\\\/www.eren.ch\\\/neuchatel\\\/#\\\/schema\\\/logo\\\/image\\\/\"},\"sameAs\":[\"https:\\\/\\\/www.facebook.com\\\/eglise.EREN\",\"https:\\\/\\\/x.com\\\/egliseeren\",\"https:\\\/\\\/fr.wikipedia.org\\\/wiki\\\/glise_rforme_vanglique_du_canton_de_Neuchtel\"]}]}<\/script>\n<!-- \/ Yoast SEO Premium plugin. -->","yoast_head_json":{"title":"Convivialit\u00e9 - Paroisse de Neuch\u00e2tel","description":"R\u00e9jouissez-vous dans le Seigneur en tout temps\u00a0; je le r\u00e9p\u00e8te, r\u00e9jouissez-vous! (Ph, 4-4) En tout temps, en tous lieux, d\u00e9couvrez les multiples activit\u00e9s","robots":{"index":"index","follow":"follow","max-snippet":"max-snippet:-1","max-image-preview":"max-image-preview:large","max-video-preview":"max-video-preview:-1"},"canonical":"https:\/\/www.eren.ch\/neuchatel\/convivialite\/","og_locale":"fr_FR","og_type":"article","og_title":"Convivialit\u00e9","og_description":"R\u00e9jouissez-vous dans le Seigneur en tout temps\u00a0; je le r\u00e9p\u00e8te, r\u00e9jouissez-vous! (Ph, 4-4) En tout temps, en tous lieux, d\u00e9couvrez les multiples activit\u00e9s","og_url":"https:\/\/www.eren.ch\/neuchatel\/convivialite\/","og_site_name":"Paroisse de Neuch\u00e2tel","article_publisher":"https:\/\/www.facebook.com\/eglise.EREN","article_modified_time":"2026-02-18T10:10:57+00:00","og_image":[{"width":1500,"height":680,"url":"https:\/\/www.eren.ch\/neuchatel\/wp-content\/uploads\/sites\/3\/2016\/01\/valangines_c.klauser_4.jpg","type":"image\/jpeg"}],"twitter_card":"summary_large_image","twitter_site":"@egliseeren","twitter_misc":{"Dur\u00e9e de lecture estim\u00e9e":"1 minute"},"schema":{"@context":"https:\/\/schema.org","@graph":[{"@type":"WebPage","@id":"https:\/\/www.eren.ch\/neuchatel\/convivialite\/","url":"https:\/\/www.eren.ch\/neuchatel\/convivialite\/","name":"Convivialit\u00e9 - Paroisse de Neuch\u00e2tel","isPartOf":{"@id":"https:\/\/www.eren.ch\/neuchatel\/#website"},"primaryImageOfPage":{"@id":"https:\/\/www.eren.ch\/neuchatel\/convivialite\/#primaryimage"},"image":{"@id":"https:\/\/www.eren.ch\/neuchatel\/convivialite\/#primaryimage"},"thumbnailUrl":"https:\/\/www.eren.ch\/neuchatel\/wp-content\/uploads\/sites\/3\/2016\/01\/valangines_c.klauser_4-1024x464.jpg","datePublished":"2016-01-08T08:58:42+00:00","dateModified":"2026-02-18T10:10:57+00:00","description":"R\u00e9jouissez-vous dans le Seigneur en tout temps\u00a0; je le r\u00e9p\u00e8te, r\u00e9jouissez-vous! (Ph, 4-4) En tout temps, en tous lieux, d\u00e9couvrez les multiples activit\u00e9s","breadcrumb":{"@id":"https:\/\/www.eren.ch\/neuchatel\/convivialite\/#breadcrumb"},"inLanguage":"fr-FR","potentialAction":[{"@type":"ReadAction","target":["https:\/\/www.eren.ch\/neuchatel\/convivialite\/"]}]},{"@type":"ImageObject","inLanguage":"fr-FR","@id":"https:\/\/www.eren.ch\/neuchatel\/convivialite\/#primaryimage","url":"https:\/\/www.eren.ch\/neuchatel\/wp-content\/uploads\/sites\/3\/2016\/01\/valangines_c.klauser_4.jpg","contentUrl":"https:\/\/www.eren.ch\/neuchatel\/wp-content\/uploads\/sites\/3\/2016\/01\/valangines_c.klauser_4.jpg","width":1500,"height":680},{"@type":"BreadcrumbList","@id":"https:\/\/www.eren.ch\/neuchatel\/convivialite\/#breadcrumb","itemListElement":[{"@type":"ListItem","position":1,"name":"Accueil","item":"https:\/\/www.eren.ch\/neuchatel\/"},{"@type":"ListItem","position":2,"name":"Convivialit\u00e9"}]},{"@type":"WebSite","@id":"https:\/\/www.eren.ch\/neuchatel\/#website","url":"https:\/\/www.eren.ch\/neuchatel\/","name":"Paroisse de Neuch\u00e2tel","description":"La pr\u00e9sence protestante reconnue en ville de Neuch\u00e2tel","publisher":{"@id":"https:\/\/www.eren.ch\/neuchatel\/#organization"},"potentialAction":[{"@type":"SearchAction","target":{"@type":"EntryPoint","urlTemplate":"https:\/\/www.eren.ch\/neuchatel\/?s={search_term_string}"},"query-input":{"@type":"PropertyValueSpecification","valueRequired":true,"valueName":"search_term_string"}}],"inLanguage":"fr-FR"},{"@type":"Organization","@id":"https:\/\/www.eren.ch\/neuchatel\/#organization","name":"Paroisse de Neuch\u00e2tel","url":"https:\/\/www.eren.ch\/neuchatel\/","logo":{"@type":"ImageObject","inLanguage":"fr-FR","@id":"https:\/\/www.eren.ch\/neuchatel\/#\/schema\/logo\/image\/","url":"https:\/\/www.eren.ch\/neuchatel\/wp-content\/uploads\/sites\/3\/2020\/12\/logo-neuchatel.png","contentUrl":"https:\/\/www.eren.ch\/neuchatel\/wp-content\/uploads\/sites\/3\/2020\/12\/logo-neuchatel.png","width":240,"height":117,"caption":"Paroisse de Neuch\u00e2tel"},"image":{"@id":"https:\/\/www.eren.ch\/neuchatel\/#\/schema\/logo\/image\/"},"sameAs":["https:\/\/www.facebook.com\/eglise.EREN","https:\/\/x.com\/egliseeren","https:\/\/fr.wikipedia.org\/wiki\/glise_rforme_vanglique_du_canton_de_Neuchtel"]}]}},"_links":{"self":[{"href":"https:\/\/www.eren.ch\/neuchatel\/wp-json\/wp\/v2\/pages\/135","targetHints":{"allow":["GET"]}}],"collection":[{"href":"https:\/\/www.eren.ch\/neuchatel\/wp-json\/wp\/v2\/pages"}],"about":[{"href":"https:\/\/www.eren.ch\/neuchatel\/wp-json\/wp\/v2\/types\/page"}],"author":[{"embeddable":true,"href":"https:\/\/www.eren.ch\/neuchatel\/wp-json\/wp\/v2\/users\/31"}],"replies":[{"embeddable":true,"href":"https:\/\/www.eren.ch\/neuchatel\/wp-json\/wp\/v2\/comments?post=135"}],"version-history":[{"count":7,"href":"https:\/\/www.eren.ch\/neuchatel\/wp-json\/wp\/v2\/pages\/135\/revisions"}],"predecessor-version":[{"id":7672,"href":"https:\/\/www.eren.ch\/neuchatel\/wp-json\/wp\/v2\/pages\/135\/revisions\/7672"}],"wp:attachment":[{"href":"https:\/\/www.eren.ch\/neuchatel\/wp-json\/wp\/v2\/media?parent=135"}],"curies":[{"name":"wp","href":"https:\/\/api.w.org\/{rel}","templated":true}]}}