{"id":20,"date":"2015-12-31T10:21:24","date_gmt":"2015-12-31T09:21:24","guid":{"rendered":"https:\/\/www.eren.ch\/neuchatel\/?page_id=20"},"modified":"2026-04-28T13:02:25","modified_gmt":"2026-04-28T11:02:25","slug":"nous-soutenir","status":"publish","type":"page","link":"https:\/\/www.eren.ch\/neuchatel\/paroisse\/nous-soutenir\/","title":{"rendered":"Nous soutenir"},"content":{"rendered":"<h3>La paroisse de Neuch\u00e2tel<\/h3>\n<p><strong>S&rsquo;engage, pour donner du sens \u00e0 nos vies, <\/strong>\u00e0 travers ses cultes; recueillements; \u00e9tudes bibliques; \u00e9veil \u00e0 la foi; culte de l&rsquo;enfance; cat\u00e9chisme; camps et autres activit\u00e9s de jeunesse; partages; rencontres; accompagnement des personnes les plus d\u00e9munies; concerts; conf\u00e9rences et d\u00e9bats.<\/p>\n<p><strong>S&rsquo;engage avec coeur <\/strong>\u00e0 tisser des liens; nourrir la r\u00e9flexion; donner et recevoir; \u00e9voquer des questions existentielles spirituelles et humaines.<\/p>\n<p><b>S&rsquo;engage \u00e0 soutenir <\/b>chaque ann\u00e9e plusieurs \u0153uvres d&rsquo;entraide de proximit\u00e9 et au loin. Notamment par le financement des projets missionnaires de l&rsquo;EREN, \u00e0 qui elle attribue une part importante de ses revenus.<\/p>\n<h3>Gr\u00e2ce \u00e0 votre g\u00e9n\u00e9rosit\u00e9<\/h3>\n<p>et \u00e0 votre b\u00e9n\u00e9volat, notre paroisse continue sa mission.<\/p>\n<p>CCP 20-728-7<br \/>\nIBAN: CH20 0900 0000 2000 0728 7<br \/>\n<strong>En faveur de:<\/strong><br \/>\nEREN<br \/>\nParoisse r\u00e9form\u00e9e de Neuch\u00e2tel<br \/>\n2000 Neuch\u00e2tel<\/p>\n<p><em>Pensez \u00e0 votre contribution eccl\u00e9siastique. Elle nous permet de payer nos pasteur.e.s et diacres.\u00a0<\/em><\/p>\n","protected":false},"excerpt":{"rendered":"<p>La paroisse de Neuch\u00e2tel S&rsquo;engage, pour donner du sens \u00e0 nos vies, \u00e0 travers ses cultes; recueillements; \u00e9tudes bibliques; \u00e9veil \u00e0 la foi; culte de l&rsquo;enfance; cat\u00e9chisme; camps et autres activit\u00e9s de jeunesse; partages; rencontres; accompagnement des personnes les plus d\u00e9munies; concerts; conf\u00e9rences et d\u00e9bats. S&rsquo;engage avec coeur \u00e0 tisser des liens; nourrir la r\u00e9flexion; &hellip; <a href=\"https:\/\/www.eren.ch\/neuchatel\/paroisse\/nous-soutenir\/\" class=\"more-link\">Continuer la lecture<span class=\"screen-reader-text\"> de &laquo;&nbsp;Nous soutenir&nbsp;&raquo;<\/span><\/a><\/p>\n","protected":false},"author":31,"featured_media":7975,"parent":318,"menu_order":9,"comment_status":"closed","ping_status":"closed","template":"","meta":{"footnotes":""},"class_list":["post-20","page","type-page","status-publish","has-post-thumbnail","hentry"],"yoast_head":"<!-- This site is optimized with the Yoast SEO Premium plugin v27.5 (Yoast SEO v27.5) - https:\/\/yoast.com\/product\/yoast-seo-premium-wordpress\/ -->\n<title>Nous soutenir - Paroisse de Neuch\u00e2tel<\/title>\n<meta name=\"description\" content=\"La paroisse de Neuch\u00e2tel S&#039;engage, pour donner du sens \u00e0 nos vies, \u00e0 travers ses cultes; recueillements; \u00e9tudes bibliques; \u00e9veil \u00e0 la foi; culte de\" \/>\n<meta name=\"robots\" content=\"index, follow, max-snippet:-1, max-image-preview:large, max-video-preview:-1\" \/>\n<link rel=\"canonical\" href=\"https:\/\/www.eren.ch\/neuchatel\/paroisse\/nous-soutenir\/\" \/>\n<meta property=\"og:locale\" content=\"fr_FR\" \/>\n<meta property=\"og:type\" content=\"article\" \/>\n<meta property=\"og:title\" content=\"Nous soutenir\" \/>\n<meta property=\"og:description\" content=\"La paroisse de Neuch\u00e2tel S&#039;engage, pour donner du sens \u00e0 nos vies, \u00e0 travers ses cultes; recueillements; \u00e9tudes bibliques; \u00e9veil \u00e0 la foi; culte de\" \/>\n<meta property=\"og:url\" content=\"https:\/\/www.eren.ch\/neuchatel\/paroisse\/nous-soutenir\/\" \/>\n<meta property=\"og:site_name\" content=\"Paroisse de Neuch\u00e2tel\" \/>\n<meta property=\"article:publisher\" content=\"https:\/\/www.facebook.com\/eglise.EREN\" \/>\n<meta property=\"article:modified_time\" content=\"2026-04-28T11:02:25+00:00\" \/>\n<meta property=\"og:image\" content=\"https:\/\/www.eren.ch\/neuchatel\/wp-content\/uploads\/sites\/3\/2026\/04\/Ange.jpg\" \/>\n\t<meta property=\"og:image:width\" content=\"1920\" \/>\n\t<meta property=\"og:image:height\" content=\"1280\" \/>\n\t<meta property=\"og:image:type\" content=\"image\/jpeg\" \/>\n<meta name=\"twitter:card\" content=\"summary_large_image\" \/>\n<meta name=\"twitter:site\" content=\"@egliseeren\" \/>\n<meta name=\"twitter:label1\" content=\"Dur\u00e9e de lecture estim\u00e9e\" \/>\n\t<meta name=\"twitter:data1\" content=\"1 minute\" \/>\n<script type=\"application\/ld+json\" class=\"yoast-schema-graph\">{\"@context\":\"https:\\\/\\\/schema.org\",\"@graph\":[{\"@type\":\"WebPage\",\"@id\":\"https:\\\/\\\/www.eren.ch\\\/neuchatel\\\/paroisse\\\/nous-soutenir\\\/\",\"url\":\"https:\\\/\\\/www.eren.ch\\\/neuchatel\\\/paroisse\\\/nous-soutenir\\\/\",\"name\":\"Nous soutenir - Paroisse de Neuch\u00e2tel\",\"isPartOf\":{\"@id\":\"https:\\\/\\\/www.eren.ch\\\/neuchatel\\\/#website\"},\"primaryImageOfPage\":{\"@id\":\"https:\\\/\\\/www.eren.ch\\\/neuchatel\\\/paroisse\\\/nous-soutenir\\\/#primaryimage\"},\"image\":{\"@id\":\"https:\\\/\\\/www.eren.ch\\\/neuchatel\\\/paroisse\\\/nous-soutenir\\\/#primaryimage\"},\"thumbnailUrl\":\"https:\\\/\\\/www.eren.ch\\\/neuchatel\\\/wp-content\\\/uploads\\\/sites\\\/3\\\/2026\\\/04\\\/Ange.jpg\",\"datePublished\":\"2015-12-31T09:21:24+00:00\",\"dateModified\":\"2026-04-28T11:02:25+00:00\",\"description\":\"La paroisse de Neuch\u00e2tel S'engage, pour donner du sens \u00e0 nos vies, \u00e0 travers ses cultes; recueillements; \u00e9tudes bibliques; \u00e9veil \u00e0 la foi; culte de\",\"breadcrumb\":{\"@id\":\"https:\\\/\\\/www.eren.ch\\\/neuchatel\\\/paroisse\\\/nous-soutenir\\\/#breadcrumb\"},\"inLanguage\":\"fr-FR\",\"potentialAction\":[{\"@type\":\"ReadAction\",\"target\":[\"https:\\\/\\\/www.eren.ch\\\/neuchatel\\\/paroisse\\\/nous-soutenir\\\/\"]}]},{\"@type\":\"ImageObject\",\"inLanguage\":\"fr-FR\",\"@id\":\"https:\\\/\\\/www.eren.ch\\\/neuchatel\\\/paroisse\\\/nous-soutenir\\\/#primaryimage\",\"url\":\"https:\\\/\\\/www.eren.ch\\\/neuchatel\\\/wp-content\\\/uploads\\\/sites\\\/3\\\/2026\\\/04\\\/Ange.jpg\",\"contentUrl\":\"https:\\\/\\\/www.eren.ch\\\/neuchatel\\\/wp-content\\\/uploads\\\/sites\\\/3\\\/2026\\\/04\\\/Ange.jpg\",\"width\":1920,\"height\":1280},{\"@type\":\"BreadcrumbList\",\"@id\":\"https:\\\/\\\/www.eren.ch\\\/neuchatel\\\/paroisse\\\/nous-soutenir\\\/#breadcrumb\",\"itemListElement\":[{\"@type\":\"ListItem\",\"position\":1,\"name\":\"Accueil\",\"item\":\"https:\\\/\\\/www.eren.ch\\\/neuchatel\\\/\"},{\"@type\":\"ListItem\",\"position\":2,\"name\":\"La paroisse\",\"item\":\"https:\\\/\\\/www.eren.ch\\\/neuchatel\\\/\"},{\"@type\":\"ListItem\",\"position\":3,\"name\":\"Nous soutenir\"}]},{\"@type\":\"WebSite\",\"@id\":\"https:\\\/\\\/www.eren.ch\\\/neuchatel\\\/#website\",\"url\":\"https:\\\/\\\/www.eren.ch\\\/neuchatel\\\/\",\"name\":\"Paroisse de Neuch\u00e2tel\",\"description\":\"La pr\u00e9sence protestante reconnue en ville de Neuch\u00e2tel\",\"publisher\":{\"@id\":\"https:\\\/\\\/www.eren.ch\\\/neuchatel\\\/#organization\"},\"potentialAction\":[{\"@type\":\"SearchAction\",\"target\":{\"@type\":\"EntryPoint\",\"urlTemplate\":\"https:\\\/\\\/www.eren.ch\\\/neuchatel\\\/?s={search_term_string}\"},\"query-input\":{\"@type\":\"PropertyValueSpecification\",\"valueRequired\":true,\"valueName\":\"search_term_string\"}}],\"inLanguage\":\"fr-FR\"},{\"@type\":\"Organization\",\"@id\":\"https:\\\/\\\/www.eren.ch\\\/neuchatel\\\/#organization\",\"name\":\"Paroisse de Neuch\u00e2tel\",\"url\":\"https:\\\/\\\/www.eren.ch\\\/neuchatel\\\/\",\"logo\":{\"@type\":\"ImageObject\",\"inLanguage\":\"fr-FR\",\"@id\":\"https:\\\/\\\/www.eren.ch\\\/neuchatel\\\/#\\\/schema\\\/logo\\\/image\\\/\",\"url\":\"https:\\\/\\\/www.eren.ch\\\/neuchatel\\\/wp-content\\\/uploads\\\/sites\\\/3\\\/2020\\\/12\\\/logo-neuchatel.png\",\"contentUrl\":\"https:\\\/\\\/www.eren.ch\\\/neuchatel\\\/wp-content\\\/uploads\\\/sites\\\/3\\\/2020\\\/12\\\/logo-neuchatel.png\",\"width\":240,\"height\":117,\"caption\":\"Paroisse de Neuch\u00e2tel\"},\"image\":{\"@id\":\"https:\\\/\\\/www.eren.ch\\\/neuchatel\\\/#\\\/schema\\\/logo\\\/image\\\/\"},\"sameAs\":[\"https:\\\/\\\/www.facebook.com\\\/eglise.EREN\",\"https:\\\/\\\/x.com\\\/egliseeren\",\"https:\\\/\\\/fr.wikipedia.org\\\/wiki\\\/glise_rforme_vanglique_du_canton_de_Neuchtel\"]}]}<\/script>\n<!-- \/ Yoast SEO Premium plugin. -->","yoast_head_json":{"title":"Nous soutenir - Paroisse de Neuch\u00e2tel","description":"La paroisse de Neuch\u00e2tel S'engage, pour donner du sens \u00e0 nos vies, \u00e0 travers ses cultes; recueillements; \u00e9tudes bibliques; \u00e9veil \u00e0 la foi; culte de","robots":{"index":"index","follow":"follow","max-snippet":"max-snippet:-1","max-image-preview":"max-image-preview:large","max-video-preview":"max-video-preview:-1"},"canonical":"https:\/\/www.eren.ch\/neuchatel\/paroisse\/nous-soutenir\/","og_locale":"fr_FR","og_type":"article","og_title":"Nous soutenir","og_description":"La paroisse de Neuch\u00e2tel S'engage, pour donner du sens \u00e0 nos vies, \u00e0 travers ses cultes; recueillements; \u00e9tudes bibliques; \u00e9veil \u00e0 la foi; culte de","og_url":"https:\/\/www.eren.ch\/neuchatel\/paroisse\/nous-soutenir\/","og_site_name":"Paroisse de Neuch\u00e2tel","article_publisher":"https:\/\/www.facebook.com\/eglise.EREN","article_modified_time":"2026-04-28T11:02:25+00:00","og_image":[{"width":1920,"height":1280,"url":"https:\/\/www.eren.ch\/neuchatel\/wp-content\/uploads\/sites\/3\/2026\/04\/Ange.jpg","type":"image\/jpeg"}],"twitter_card":"summary_large_image","twitter_site":"@egliseeren","twitter_misc":{"Dur\u00e9e de lecture estim\u00e9e":"1 minute"},"schema":{"@context":"https:\/\/schema.org","@graph":[{"@type":"WebPage","@id":"https:\/\/www.eren.ch\/neuchatel\/paroisse\/nous-soutenir\/","url":"https:\/\/www.eren.ch\/neuchatel\/paroisse\/nous-soutenir\/","name":"Nous soutenir - Paroisse de Neuch\u00e2tel","isPartOf":{"@id":"https:\/\/www.eren.ch\/neuchatel\/#website"},"primaryImageOfPage":{"@id":"https:\/\/www.eren.ch\/neuchatel\/paroisse\/nous-soutenir\/#primaryimage"},"image":{"@id":"https:\/\/www.eren.ch\/neuchatel\/paroisse\/nous-soutenir\/#primaryimage"},"thumbnailUrl":"https:\/\/www.eren.ch\/neuchatel\/wp-content\/uploads\/sites\/3\/2026\/04\/Ange.jpg","datePublished":"2015-12-31T09:21:24+00:00","dateModified":"2026-04-28T11:02:25+00:00","description":"La paroisse de Neuch\u00e2tel S'engage, pour donner du sens \u00e0 nos vies, \u00e0 travers ses cultes; recueillements; \u00e9tudes bibliques; \u00e9veil \u00e0 la foi; culte de","breadcrumb":{"@id":"https:\/\/www.eren.ch\/neuchatel\/paroisse\/nous-soutenir\/#breadcrumb"},"inLanguage":"fr-FR","potentialAction":[{"@type":"ReadAction","target":["https:\/\/www.eren.ch\/neuchatel\/paroisse\/nous-soutenir\/"]}]},{"@type":"ImageObject","inLanguage":"fr-FR","@id":"https:\/\/www.eren.ch\/neuchatel\/paroisse\/nous-soutenir\/#primaryimage","url":"https:\/\/www.eren.ch\/neuchatel\/wp-content\/uploads\/sites\/3\/2026\/04\/Ange.jpg","contentUrl":"https:\/\/www.eren.ch\/neuchatel\/wp-content\/uploads\/sites\/3\/2026\/04\/Ange.jpg","width":1920,"height":1280},{"@type":"BreadcrumbList","@id":"https:\/\/www.eren.ch\/neuchatel\/paroisse\/nous-soutenir\/#breadcrumb","itemListElement":[{"@type":"ListItem","position":1,"name":"Accueil","item":"https:\/\/www.eren.ch\/neuchatel\/"},{"@type":"ListItem","position":2,"name":"La paroisse","item":"https:\/\/www.eren.ch\/neuchatel\/"},{"@type":"ListItem","position":3,"name":"Nous soutenir"}]},{"@type":"WebSite","@id":"https:\/\/www.eren.ch\/neuchatel\/#website","url":"https:\/\/www.eren.ch\/neuchatel\/","name":"Paroisse de Neuch\u00e2tel","description":"La pr\u00e9sence protestante reconnue en ville de Neuch\u00e2tel","publisher":{"@id":"https:\/\/www.eren.ch\/neuchatel\/#organization"},"potentialAction":[{"@type":"SearchAction","target":{"@type":"EntryPoint","urlTemplate":"https:\/\/www.eren.ch\/neuchatel\/?s={search_term_string}"},"query-input":{"@type":"PropertyValueSpecification","valueRequired":true,"valueName":"search_term_string"}}],"inLanguage":"fr-FR"},{"@type":"Organization","@id":"https:\/\/www.eren.ch\/neuchatel\/#organization","name":"Paroisse de Neuch\u00e2tel","url":"https:\/\/www.eren.ch\/neuchatel\/","logo":{"@type":"ImageObject","inLanguage":"fr-FR","@id":"https:\/\/www.eren.ch\/neuchatel\/#\/schema\/logo\/image\/","url":"https:\/\/www.eren.ch\/neuchatel\/wp-content\/uploads\/sites\/3\/2020\/12\/logo-neuchatel.png","contentUrl":"https:\/\/www.eren.ch\/neuchatel\/wp-content\/uploads\/sites\/3\/2020\/12\/logo-neuchatel.png","width":240,"height":117,"caption":"Paroisse de Neuch\u00e2tel"},"image":{"@id":"https:\/\/www.eren.ch\/neuchatel\/#\/schema\/logo\/image\/"},"sameAs":["https:\/\/www.facebook.com\/eglise.EREN","https:\/\/x.com\/egliseeren","https:\/\/fr.wikipedia.org\/wiki\/glise_rforme_vanglique_du_canton_de_Neuchtel"]}]}},"_links":{"self":[{"href":"https:\/\/www.eren.ch\/neuchatel\/wp-json\/wp\/v2\/pages\/20","targetHints":{"allow":["GET"]}}],"collection":[{"href":"https:\/\/www.eren.ch\/neuchatel\/wp-json\/wp\/v2\/pages"}],"about":[{"href":"https:\/\/www.eren.ch\/neuchatel\/wp-json\/wp\/v2\/types\/page"}],"author":[{"embeddable":true,"href":"https:\/\/www.eren.ch\/neuchatel\/wp-json\/wp\/v2\/users\/31"}],"replies":[{"embeddable":true,"href":"https:\/\/www.eren.ch\/neuchatel\/wp-json\/wp\/v2\/comments?post=20"}],"version-history":[{"count":15,"href":"https:\/\/www.eren.ch\/neuchatel\/wp-json\/wp\/v2\/pages\/20\/revisions"}],"predecessor-version":[{"id":8025,"href":"https:\/\/www.eren.ch\/neuchatel\/wp-json\/wp\/v2\/pages\/20\/revisions\/8025"}],"up":[{"embeddable":true,"href":"https:\/\/www.eren.ch\/neuchatel\/wp-json\/wp\/v2\/pages\/318"}],"wp:featuredmedia":[{"embeddable":true,"href":"https:\/\/www.eren.ch\/neuchatel\/wp-json\/wp\/v2\/media\/7975"}],"wp:attachment":[{"href":"https:\/\/www.eren.ch\/neuchatel\/wp-json\/wp\/v2\/media?parent=20"}],"curies":[{"name":"wp","href":"https:\/\/api.w.org\/{rel}","templated":true}]}}