{"id":22,"date":"2015-12-31T10:22:47","date_gmt":"2015-12-31T09:22:47","guid":{"rendered":"https:\/\/www.eren.ch\/neuchatel\/?page_id=22"},"modified":"2023-08-17T16:46:23","modified_gmt":"2023-08-17T14:46:23","slug":"spiritualite","status":"publish","type":"page","link":"https:\/\/www.eren.ch\/neuchatel\/spiritualite\/","title":{"rendered":"Spiritualit\u00e9"},"content":{"rendered":"<p><img decoding=\"async\" class=\"alignnone size-large wp-image-465\" src=\"https:\/\/www.eren.ch\/neuchatel\/wp-content\/uploads\/sites\/3\/2016\/03\/parole1-e1458740334508-1024x307.jpg\" alt=\"parole1\" width=\"840\" height=\"252\" srcset=\"https:\/\/www.eren.ch\/neuchatel\/wp-content\/uploads\/sites\/3\/2016\/03\/parole1-e1458740334508-1024x307.jpg 1024w, https:\/\/www.eren.ch\/neuchatel\/wp-content\/uploads\/sites\/3\/2016\/03\/parole1-e1458740334508-300x90.jpg 300w, https:\/\/www.eren.ch\/neuchatel\/wp-content\/uploads\/sites\/3\/2016\/03\/parole1-e1458740334508-768x230.jpg 768w, https:\/\/www.eren.ch\/neuchatel\/wp-content\/uploads\/sites\/3\/2016\/03\/parole1-e1458740334508-1200x360.jpg 1200w, https:\/\/www.eren.ch\/neuchatel\/wp-content\/uploads\/sites\/3\/2016\/03\/parole1-e1458740334508.jpg 1500w\" sizes=\"(max-width: 709px) 85vw, (max-width: 909px) 67vw, (max-width: 1362px) 62vw, 840px\" \/><\/p>\n<h3 style=\"text-align: center\">La parole de Dieu demeure \u00e9ternellement&#8230;<\/h3>\n<h3 style=\"text-align: center\">\u00e0 nous de la faire r\u00e9sonner!<\/h3>\n<p><strong>De nos pasteurs<\/strong>, nous vous proposons la lecture de leurs <a href=\"https:\/\/www.eren.ch\/neuchatel\/spiritualite\/predications\/\">pr\u00e9dications<\/a> lors des cultes de notre paroisse.<\/p>\n<p><strong>De notre paroisse<\/strong>, nous recevons un th\u00e8me et ses modulations pour\u00a0la <a href=\"https:\/\/www.eren.ch\/neuchatel\/spiritualite\/prieres-mensuelles\/\">pri\u00e8re du mois<\/a>, qui guidera notre pri\u00e8re personnelle ou en commun.<\/p>\n<p><strong>De nos membres de paroisse<\/strong>, nous vous transmettons les diverses <a href=\"https:\/\/www.eren.ch\/neuchatel\/spiritualite\/reflexions-et-meditations\/\">m\u00e9ditations et r\u00e9flexions <\/a>issues de leurs rencontres.<\/p>\n<p>&nbsp;<\/p>\n","protected":false},"excerpt":{"rendered":"<p>La parole de Dieu demeure \u00e9ternellement&#8230; \u00e0 nous de la faire r\u00e9sonner! De nos pasteurs, nous vous proposons la lecture de leurs pr\u00e9dications lors des cultes de notre paroisse. De notre paroisse, nous recevons un th\u00e8me et ses modulations pour\u00a0la pri\u00e8re du mois, qui guidera notre pri\u00e8re personnelle ou en commun. De nos membres de &hellip; <a href=\"https:\/\/www.eren.ch\/neuchatel\/spiritualite\/\" class=\"more-link\">Continuer la lecture<span class=\"screen-reader-text\"> de &laquo;&nbsp;Spiritualit\u00e9&nbsp;&raquo;<\/span><\/a><\/p>\n","protected":false},"author":31,"featured_media":0,"parent":0,"menu_order":80,"comment_status":"closed","ping_status":"closed","template":"","meta":{"footnotes":""},"class_list":["post-22","page","type-page","status-publish","hentry"],"yoast_head":"<!-- This site is optimized with the Yoast SEO Premium plugin v27.4 (Yoast SEO v27.5) - https:\/\/yoast.com\/product\/yoast-seo-premium-wordpress\/ -->\n<title>Spiritualit\u00e9 - Paroisse de Neuch\u00e2tel<\/title>\n<meta name=\"description\" content=\"La parole de Dieu demeure \u00e9ternellement... \u00e0 nous de la faire r\u00e9sonner! De nos pasteurs, nous vous proposons la lecture de leurs pr\u00e9dications lors des\" \/>\n<meta name=\"robots\" content=\"index, follow, max-snippet:-1, max-image-preview:large, max-video-preview:-1\" \/>\n<link rel=\"canonical\" href=\"https:\/\/www.eren.ch\/neuchatel\/spiritualite\/\" \/>\n<meta property=\"og:locale\" content=\"fr_FR\" \/>\n<meta property=\"og:type\" content=\"article\" \/>\n<meta property=\"og:title\" content=\"Spiritualit\u00e9\" \/>\n<meta property=\"og:description\" content=\"La parole de Dieu demeure \u00e9ternellement... \u00e0 nous de la faire r\u00e9sonner! De nos pasteurs, nous vous proposons la lecture de leurs pr\u00e9dications lors des\" \/>\n<meta property=\"og:url\" content=\"https:\/\/www.eren.ch\/neuchatel\/spiritualite\/\" \/>\n<meta property=\"og:site_name\" content=\"Paroisse de Neuch\u00e2tel\" \/>\n<meta property=\"article:publisher\" content=\"https:\/\/www.facebook.com\/eglise.EREN\" \/>\n<meta property=\"article:modified_time\" content=\"2023-08-17T14:46:23+00:00\" \/>\n<meta property=\"og:image\" content=\"https:\/\/www.eren.ch\/neuchatel\/wp-content\/uploads\/sites\/3\/2016\/03\/parole1-e1458740334508-1024x307.jpg\" \/>\n<meta name=\"twitter:card\" content=\"summary_large_image\" \/>\n<meta name=\"twitter:site\" content=\"@egliseeren\" \/>\n<script type=\"application\/ld+json\" class=\"yoast-schema-graph\">{\"@context\":\"https:\\\/\\\/schema.org\",\"@graph\":[{\"@type\":\"WebPage\",\"@id\":\"https:\\\/\\\/www.eren.ch\\\/neuchatel\\\/spiritualite\\\/\",\"url\":\"https:\\\/\\\/www.eren.ch\\\/neuchatel\\\/spiritualite\\\/\",\"name\":\"Spiritualit\u00e9 - Paroisse de Neuch\u00e2tel\",\"isPartOf\":{\"@id\":\"https:\\\/\\\/www.eren.ch\\\/neuchatel\\\/#website\"},\"primaryImageOfPage\":{\"@id\":\"https:\\\/\\\/www.eren.ch\\\/neuchatel\\\/spiritualite\\\/#primaryimage\"},\"image\":{\"@id\":\"https:\\\/\\\/www.eren.ch\\\/neuchatel\\\/spiritualite\\\/#primaryimage\"},\"thumbnailUrl\":\"https:\\\/\\\/www.eren.ch\\\/neuchatel\\\/wp-content\\\/uploads\\\/sites\\\/3\\\/2016\\\/03\\\/parole1-e1458740334508-1024x307.jpg\",\"datePublished\":\"2015-12-31T09:22:47+00:00\",\"dateModified\":\"2023-08-17T14:46:23+00:00\",\"description\":\"La parole de Dieu demeure \u00e9ternellement... \u00e0 nous de la faire r\u00e9sonner! De nos pasteurs, nous vous proposons la lecture de leurs pr\u00e9dications lors des\",\"breadcrumb\":{\"@id\":\"https:\\\/\\\/www.eren.ch\\\/neuchatel\\\/spiritualite\\\/#breadcrumb\"},\"inLanguage\":\"fr-FR\",\"potentialAction\":[{\"@type\":\"ReadAction\",\"target\":[\"https:\\\/\\\/www.eren.ch\\\/neuchatel\\\/spiritualite\\\/\"]}]},{\"@type\":\"ImageObject\",\"inLanguage\":\"fr-FR\",\"@id\":\"https:\\\/\\\/www.eren.ch\\\/neuchatel\\\/spiritualite\\\/#primaryimage\",\"url\":\"https:\\\/\\\/www.eren.ch\\\/neuchatel\\\/wp-content\\\/uploads\\\/sites\\\/3\\\/2016\\\/03\\\/parole1-e1458740334508.jpg\",\"contentUrl\":\"https:\\\/\\\/www.eren.ch\\\/neuchatel\\\/wp-content\\\/uploads\\\/sites\\\/3\\\/2016\\\/03\\\/parole1-e1458740334508.jpg\",\"width\":1500,\"height\":450},{\"@type\":\"BreadcrumbList\",\"@id\":\"https:\\\/\\\/www.eren.ch\\\/neuchatel\\\/spiritualite\\\/#breadcrumb\",\"itemListElement\":[{\"@type\":\"ListItem\",\"position\":1,\"name\":\"Accueil\",\"item\":\"https:\\\/\\\/www.eren.ch\\\/neuchatel\\\/\"},{\"@type\":\"ListItem\",\"position\":2,\"name\":\"Spiritualit\u00e9\"}]},{\"@type\":\"WebSite\",\"@id\":\"https:\\\/\\\/www.eren.ch\\\/neuchatel\\\/#website\",\"url\":\"https:\\\/\\\/www.eren.ch\\\/neuchatel\\\/\",\"name\":\"Paroisse de Neuch\u00e2tel\",\"description\":\"La pr\u00e9sence protestante reconnue en ville de Neuch\u00e2tel\",\"publisher\":{\"@id\":\"https:\\\/\\\/www.eren.ch\\\/neuchatel\\\/#organization\"},\"potentialAction\":[{\"@type\":\"SearchAction\",\"target\":{\"@type\":\"EntryPoint\",\"urlTemplate\":\"https:\\\/\\\/www.eren.ch\\\/neuchatel\\\/?s={search_term_string}\"},\"query-input\":{\"@type\":\"PropertyValueSpecification\",\"valueRequired\":true,\"valueName\":\"search_term_string\"}}],\"inLanguage\":\"fr-FR\"},{\"@type\":\"Organization\",\"@id\":\"https:\\\/\\\/www.eren.ch\\\/neuchatel\\\/#organization\",\"name\":\"Paroisse de Neuch\u00e2tel\",\"url\":\"https:\\\/\\\/www.eren.ch\\\/neuchatel\\\/\",\"logo\":{\"@type\":\"ImageObject\",\"inLanguage\":\"fr-FR\",\"@id\":\"https:\\\/\\\/www.eren.ch\\\/neuchatel\\\/#\\\/schema\\\/logo\\\/image\\\/\",\"url\":\"https:\\\/\\\/www.eren.ch\\\/neuchatel\\\/wp-content\\\/uploads\\\/sites\\\/3\\\/2020\\\/12\\\/logo-neuchatel.png\",\"contentUrl\":\"https:\\\/\\\/www.eren.ch\\\/neuchatel\\\/wp-content\\\/uploads\\\/sites\\\/3\\\/2020\\\/12\\\/logo-neuchatel.png\",\"width\":240,\"height\":117,\"caption\":\"Paroisse de Neuch\u00e2tel\"},\"image\":{\"@id\":\"https:\\\/\\\/www.eren.ch\\\/neuchatel\\\/#\\\/schema\\\/logo\\\/image\\\/\"},\"sameAs\":[\"https:\\\/\\\/www.facebook.com\\\/eglise.EREN\",\"https:\\\/\\\/x.com\\\/egliseeren\",\"https:\\\/\\\/fr.wikipedia.org\\\/wiki\\\/glise_rforme_vanglique_du_canton_de_Neuchtel\"]}]}<\/script>\n<!-- \/ Yoast SEO Premium plugin. -->","yoast_head_json":{"title":"Spiritualit\u00e9 - Paroisse de Neuch\u00e2tel","description":"La parole de Dieu demeure \u00e9ternellement... \u00e0 nous de la faire r\u00e9sonner! De nos pasteurs, nous vous proposons la lecture de leurs pr\u00e9dications lors des","robots":{"index":"index","follow":"follow","max-snippet":"max-snippet:-1","max-image-preview":"max-image-preview:large","max-video-preview":"max-video-preview:-1"},"canonical":"https:\/\/www.eren.ch\/neuchatel\/spiritualite\/","og_locale":"fr_FR","og_type":"article","og_title":"Spiritualit\u00e9","og_description":"La parole de Dieu demeure \u00e9ternellement... \u00e0 nous de la faire r\u00e9sonner! De nos pasteurs, nous vous proposons la lecture de leurs pr\u00e9dications lors des","og_url":"https:\/\/www.eren.ch\/neuchatel\/spiritualite\/","og_site_name":"Paroisse de Neuch\u00e2tel","article_publisher":"https:\/\/www.facebook.com\/eglise.EREN","article_modified_time":"2023-08-17T14:46:23+00:00","og_image":[{"url":"https:\/\/www.eren.ch\/neuchatel\/wp-content\/uploads\/sites\/3\/2016\/03\/parole1-e1458740334508-1024x307.jpg","type":"","width":"","height":""}],"twitter_card":"summary_large_image","twitter_site":"@egliseeren","schema":{"@context":"https:\/\/schema.org","@graph":[{"@type":"WebPage","@id":"https:\/\/www.eren.ch\/neuchatel\/spiritualite\/","url":"https:\/\/www.eren.ch\/neuchatel\/spiritualite\/","name":"Spiritualit\u00e9 - Paroisse de Neuch\u00e2tel","isPartOf":{"@id":"https:\/\/www.eren.ch\/neuchatel\/#website"},"primaryImageOfPage":{"@id":"https:\/\/www.eren.ch\/neuchatel\/spiritualite\/#primaryimage"},"image":{"@id":"https:\/\/www.eren.ch\/neuchatel\/spiritualite\/#primaryimage"},"thumbnailUrl":"https:\/\/www.eren.ch\/neuchatel\/wp-content\/uploads\/sites\/3\/2016\/03\/parole1-e1458740334508-1024x307.jpg","datePublished":"2015-12-31T09:22:47+00:00","dateModified":"2023-08-17T14:46:23+00:00","description":"La parole de Dieu demeure \u00e9ternellement... \u00e0 nous de la faire r\u00e9sonner! De nos pasteurs, nous vous proposons la lecture de leurs pr\u00e9dications lors des","breadcrumb":{"@id":"https:\/\/www.eren.ch\/neuchatel\/spiritualite\/#breadcrumb"},"inLanguage":"fr-FR","potentialAction":[{"@type":"ReadAction","target":["https:\/\/www.eren.ch\/neuchatel\/spiritualite\/"]}]},{"@type":"ImageObject","inLanguage":"fr-FR","@id":"https:\/\/www.eren.ch\/neuchatel\/spiritualite\/#primaryimage","url":"https:\/\/www.eren.ch\/neuchatel\/wp-content\/uploads\/sites\/3\/2016\/03\/parole1-e1458740334508.jpg","contentUrl":"https:\/\/www.eren.ch\/neuchatel\/wp-content\/uploads\/sites\/3\/2016\/03\/parole1-e1458740334508.jpg","width":1500,"height":450},{"@type":"BreadcrumbList","@id":"https:\/\/www.eren.ch\/neuchatel\/spiritualite\/#breadcrumb","itemListElement":[{"@type":"ListItem","position":1,"name":"Accueil","item":"https:\/\/www.eren.ch\/neuchatel\/"},{"@type":"ListItem","position":2,"name":"Spiritualit\u00e9"}]},{"@type":"WebSite","@id":"https:\/\/www.eren.ch\/neuchatel\/#website","url":"https:\/\/www.eren.ch\/neuchatel\/","name":"Paroisse de Neuch\u00e2tel","description":"La pr\u00e9sence protestante reconnue en ville de Neuch\u00e2tel","publisher":{"@id":"https:\/\/www.eren.ch\/neuchatel\/#organization"},"potentialAction":[{"@type":"SearchAction","target":{"@type":"EntryPoint","urlTemplate":"https:\/\/www.eren.ch\/neuchatel\/?s={search_term_string}"},"query-input":{"@type":"PropertyValueSpecification","valueRequired":true,"valueName":"search_term_string"}}],"inLanguage":"fr-FR"},{"@type":"Organization","@id":"https:\/\/www.eren.ch\/neuchatel\/#organization","name":"Paroisse de Neuch\u00e2tel","url":"https:\/\/www.eren.ch\/neuchatel\/","logo":{"@type":"ImageObject","inLanguage":"fr-FR","@id":"https:\/\/www.eren.ch\/neuchatel\/#\/schema\/logo\/image\/","url":"https:\/\/www.eren.ch\/neuchatel\/wp-content\/uploads\/sites\/3\/2020\/12\/logo-neuchatel.png","contentUrl":"https:\/\/www.eren.ch\/neuchatel\/wp-content\/uploads\/sites\/3\/2020\/12\/logo-neuchatel.png","width":240,"height":117,"caption":"Paroisse de Neuch\u00e2tel"},"image":{"@id":"https:\/\/www.eren.ch\/neuchatel\/#\/schema\/logo\/image\/"},"sameAs":["https:\/\/www.facebook.com\/eglise.EREN","https:\/\/x.com\/egliseeren","https:\/\/fr.wikipedia.org\/wiki\/glise_rforme_vanglique_du_canton_de_Neuchtel"]}]}},"_links":{"self":[{"href":"https:\/\/www.eren.ch\/neuchatel\/wp-json\/wp\/v2\/pages\/22","targetHints":{"allow":["GET"]}}],"collection":[{"href":"https:\/\/www.eren.ch\/neuchatel\/wp-json\/wp\/v2\/pages"}],"about":[{"href":"https:\/\/www.eren.ch\/neuchatel\/wp-json\/wp\/v2\/types\/page"}],"author":[{"embeddable":true,"href":"https:\/\/www.eren.ch\/neuchatel\/wp-json\/wp\/v2\/users\/31"}],"replies":[{"embeddable":true,"href":"https:\/\/www.eren.ch\/neuchatel\/wp-json\/wp\/v2\/comments?post=22"}],"version-history":[{"count":5,"href":"https:\/\/www.eren.ch\/neuchatel\/wp-json\/wp\/v2\/pages\/22\/revisions"}],"predecessor-version":[{"id":6249,"href":"https:\/\/www.eren.ch\/neuchatel\/wp-json\/wp\/v2\/pages\/22\/revisions\/6249"}],"wp:attachment":[{"href":"https:\/\/www.eren.ch\/neuchatel\/wp-json\/wp\/v2\/media?parent=22"}],"curies":[{"name":"wp","href":"https:\/\/api.w.org\/{rel}","templated":true}]}}