{"id":28,"date":"2015-12-31T10:26:30","date_gmt":"2015-12-31T09:26:30","guid":{"rendered":"https:\/\/www.eren.ch\/neuchatel\/?page_id=28"},"modified":"2023-08-17T10:42:15","modified_gmt":"2023-08-17T08:42:15","slug":"moniteurs-de-catechisme","status":"publish","type":"page","link":"https:\/\/www.eren.ch\/neuchatel\/enfance-et-jeunesse\/moniteurs-de-catechisme\/","title":{"rendered":"Moniteurs de cat\u00e9chisme"},"content":{"rendered":"<p><img decoding=\"async\" class=\"size-full wp-image-566 alignleft\" src=\"https:\/\/www.eren.ch\/neuchatel\/wp-content\/uploads\/sites\/3\/2015\/12\/cathemonos-e1458765012709.jpg\" alt=\"cathemonos\" width=\"240\" height=\"115\" \/>La paroisse de Neuch\u00e2tel a la chance de pouvoir compter sur une <strong>\u00e9quipe de moniteurs et monitrices<\/strong> pour animer leur programme de cat\u00e9chisme. <strong>La formation<\/strong> de ces monitrices et moniteurs, <strong>coordonn\u00e9e sur le plan cantonal<\/strong>, est donn\u00e9e sur <strong>trois ans<\/strong>, en soir\u00e9es r\u00e9gionales et lors de week-ends cantonaux. Elle permet aux jeunes qui ont termin\u00e9 leur cat\u00e9chisme d\u2019acqu\u00e9rir les bases en mati\u00e8re de <strong>responsabilit\u00e9 et d\u2019animation de groupe<\/strong>.<\/p>\n<p><strong>La formation est construite autour de 5 axes\u00a0:<\/strong><\/p>\n<ul>\n<li>le d\u00e9veloppement personnel<\/li>\n<li>la vie collective<\/li>\n<li>le sens de la responsabilit\u00e9<\/li>\n<li>la p\u00e9dagogie<\/li>\n<li>et, ce qui est sp\u00e9cifique \u00e0 l\u2019\u00c9glise, l\u2019acquisition et la transmission d\u2019un bagage biblique.<\/li>\n<\/ul>\n<p>Cette formation est compl\u00e9t\u00e9e par la <strong>pratique v\u00e9cue<\/strong> dans le cadre de la paroisse avec <strong>les pasteurs qui jouent le r\u00f4le de ma\u00eetre de stage<\/strong>. La premi\u00e8re ann\u00e9e, les moniteurs et monitrices sont appel\u00e9s JEF (jeunes en formation), ils deviennent JAC (jeunes accompagnants de camp) en deuxi\u00e8me et troisi\u00e8me ann\u00e9e. C\u2019est un investissement important, utile et riche, tant pour l\u2019EREN qui construit son pr\u00e9sent et son avenir en formant la jeune g\u00e9n\u00e9ration que pour les jeunes qui acqui\u00e8rent des <strong>comp\u00e9tences et une exp\u00e9rience utiles pour toute leur vie<\/strong>.<br \/>\nContact: Constantin Bacha, 079 707 47 77, <a href=\"mailto:constantin.bacha@eren.ch\">constantin.bacha@eren.ch<\/a><\/p>\n","protected":false},"excerpt":{"rendered":"<p>La paroisse de Neuch\u00e2tel a la chance de pouvoir compter sur une \u00e9quipe de moniteurs et monitrices pour animer leur programme de cat\u00e9chisme. La formation de ces monitrices et moniteurs, coordonn\u00e9e sur le plan cantonal, est donn\u00e9e sur trois ans, en soir\u00e9es r\u00e9gionales et lors de week-ends cantonaux. Elle permet aux jeunes qui ont termin\u00e9 &hellip; <a href=\"https:\/\/www.eren.ch\/neuchatel\/enfance-et-jeunesse\/moniteurs-de-catechisme\/\" class=\"more-link\">Continuer la lecture<span class=\"screen-reader-text\"> de &laquo;&nbsp;Moniteurs de cat\u00e9chisme&nbsp;&raquo;<\/span><\/a><\/p>\n","protected":false},"author":31,"featured_media":0,"parent":24,"menu_order":30,"comment_status":"closed","ping_status":"closed","template":"","meta":{"footnotes":""},"class_list":["post-28","page","type-page","status-publish","hentry"],"yoast_head":"<!-- This site is optimized with the Yoast SEO Premium plugin v27.4 (Yoast SEO v27.5) - https:\/\/yoast.com\/product\/yoast-seo-premium-wordpress\/ -->\n<title>Moniteurs de cat\u00e9chisme - Paroisse de Neuch\u00e2tel<\/title>\n<meta name=\"description\" content=\"La paroisse de Neuch\u00e2tel a la chance de pouvoir compter sur une \u00e9quipe de moniteurs et monitrices pour animer leur programme de cat\u00e9chisme. La formation\" \/>\n<meta name=\"robots\" content=\"index, follow, max-snippet:-1, max-image-preview:large, max-video-preview:-1\" \/>\n<link rel=\"canonical\" href=\"https:\/\/www.eren.ch\/neuchatel\/enfance-et-jeunesse\/moniteurs-de-catechisme\/\" \/>\n<meta property=\"og:locale\" content=\"fr_FR\" \/>\n<meta property=\"og:type\" content=\"article\" \/>\n<meta property=\"og:title\" content=\"Moniteurs de cat\u00e9chisme\" \/>\n<meta property=\"og:description\" content=\"La paroisse de Neuch\u00e2tel a la chance de pouvoir compter sur une \u00e9quipe de moniteurs et monitrices pour animer leur programme de cat\u00e9chisme. La formation\" \/>\n<meta property=\"og:url\" content=\"https:\/\/www.eren.ch\/neuchatel\/enfance-et-jeunesse\/moniteurs-de-catechisme\/\" \/>\n<meta property=\"og:site_name\" content=\"Paroisse de Neuch\u00e2tel\" \/>\n<meta property=\"article:publisher\" content=\"https:\/\/www.facebook.com\/eglise.EREN\" \/>\n<meta property=\"article:modified_time\" content=\"2023-08-17T08:42:15+00:00\" \/>\n<meta property=\"og:image\" content=\"https:\/\/www.eren.ch\/neuchatel\/wp-content\/uploads\/sites\/3\/2015\/12\/cathemonos-e1458765012709.jpg\" \/>\n<meta name=\"twitter:card\" content=\"summary_large_image\" \/>\n<meta name=\"twitter:site\" content=\"@egliseeren\" \/>\n<meta name=\"twitter:label1\" content=\"Dur\u00e9e de lecture estim\u00e9e\" \/>\n\t<meta name=\"twitter:data1\" content=\"1 minute\" \/>\n<script type=\"application\/ld+json\" class=\"yoast-schema-graph\">{\"@context\":\"https:\\\/\\\/schema.org\",\"@graph\":[{\"@type\":\"WebPage\",\"@id\":\"https:\\\/\\\/www.eren.ch\\\/neuchatel\\\/enfance-et-jeunesse\\\/moniteurs-de-catechisme\\\/\",\"url\":\"https:\\\/\\\/www.eren.ch\\\/neuchatel\\\/enfance-et-jeunesse\\\/moniteurs-de-catechisme\\\/\",\"name\":\"Moniteurs de cat\u00e9chisme - Paroisse de Neuch\u00e2tel\",\"isPartOf\":{\"@id\":\"https:\\\/\\\/www.eren.ch\\\/neuchatel\\\/#website\"},\"primaryImageOfPage\":{\"@id\":\"https:\\\/\\\/www.eren.ch\\\/neuchatel\\\/enfance-et-jeunesse\\\/moniteurs-de-catechisme\\\/#primaryimage\"},\"image\":{\"@id\":\"https:\\\/\\\/www.eren.ch\\\/neuchatel\\\/enfance-et-jeunesse\\\/moniteurs-de-catechisme\\\/#primaryimage\"},\"thumbnailUrl\":\"https:\\\/\\\/www.eren.ch\\\/neuchatel\\\/wp-content\\\/uploads\\\/sites\\\/3\\\/2015\\\/12\\\/cathemonos-e1458765012709.jpg\",\"datePublished\":\"2015-12-31T09:26:30+00:00\",\"dateModified\":\"2023-08-17T08:42:15+00:00\",\"description\":\"La paroisse de Neuch\u00e2tel a la chance de pouvoir compter sur une \u00e9quipe de moniteurs et monitrices pour animer leur programme de cat\u00e9chisme. La formation\",\"breadcrumb\":{\"@id\":\"https:\\\/\\\/www.eren.ch\\\/neuchatel\\\/enfance-et-jeunesse\\\/moniteurs-de-catechisme\\\/#breadcrumb\"},\"inLanguage\":\"fr-FR\",\"potentialAction\":[{\"@type\":\"ReadAction\",\"target\":[\"https:\\\/\\\/www.eren.ch\\\/neuchatel\\\/enfance-et-jeunesse\\\/moniteurs-de-catechisme\\\/\"]}]},{\"@type\":\"ImageObject\",\"inLanguage\":\"fr-FR\",\"@id\":\"https:\\\/\\\/www.eren.ch\\\/neuchatel\\\/enfance-et-jeunesse\\\/moniteurs-de-catechisme\\\/#primaryimage\",\"url\":\"https:\\\/\\\/www.eren.ch\\\/neuchatel\\\/wp-content\\\/uploads\\\/sites\\\/3\\\/2015\\\/12\\\/cathemonos-e1458765012709.jpg\",\"contentUrl\":\"https:\\\/\\\/www.eren.ch\\\/neuchatel\\\/wp-content\\\/uploads\\\/sites\\\/3\\\/2015\\\/12\\\/cathemonos-e1458765012709.jpg\",\"width\":240,\"height\":115},{\"@type\":\"BreadcrumbList\",\"@id\":\"https:\\\/\\\/www.eren.ch\\\/neuchatel\\\/enfance-et-jeunesse\\\/moniteurs-de-catechisme\\\/#breadcrumb\",\"itemListElement\":[{\"@type\":\"ListItem\",\"position\":1,\"name\":\"Accueil\",\"item\":\"https:\\\/\\\/www.eren.ch\\\/neuchatel\\\/\"},{\"@type\":\"ListItem\",\"position\":2,\"name\":\"Enfance et jeunesse\",\"item\":\"https:\\\/\\\/www.eren.ch\\\/neuchatel\\\/enfance-et-jeunesse\\\/\"},{\"@type\":\"ListItem\",\"position\":3,\"name\":\"Moniteurs de cat\u00e9chisme\"}]},{\"@type\":\"WebSite\",\"@id\":\"https:\\\/\\\/www.eren.ch\\\/neuchatel\\\/#website\",\"url\":\"https:\\\/\\\/www.eren.ch\\\/neuchatel\\\/\",\"name\":\"Paroisse de Neuch\u00e2tel\",\"description\":\"La pr\u00e9sence protestante reconnue en ville de Neuch\u00e2tel\",\"publisher\":{\"@id\":\"https:\\\/\\\/www.eren.ch\\\/neuchatel\\\/#organization\"},\"potentialAction\":[{\"@type\":\"SearchAction\",\"target\":{\"@type\":\"EntryPoint\",\"urlTemplate\":\"https:\\\/\\\/www.eren.ch\\\/neuchatel\\\/?s={search_term_string}\"},\"query-input\":{\"@type\":\"PropertyValueSpecification\",\"valueRequired\":true,\"valueName\":\"search_term_string\"}}],\"inLanguage\":\"fr-FR\"},{\"@type\":\"Organization\",\"@id\":\"https:\\\/\\\/www.eren.ch\\\/neuchatel\\\/#organization\",\"name\":\"Paroisse de Neuch\u00e2tel\",\"url\":\"https:\\\/\\\/www.eren.ch\\\/neuchatel\\\/\",\"logo\":{\"@type\":\"ImageObject\",\"inLanguage\":\"fr-FR\",\"@id\":\"https:\\\/\\\/www.eren.ch\\\/neuchatel\\\/#\\\/schema\\\/logo\\\/image\\\/\",\"url\":\"https:\\\/\\\/www.eren.ch\\\/neuchatel\\\/wp-content\\\/uploads\\\/sites\\\/3\\\/2020\\\/12\\\/logo-neuchatel.png\",\"contentUrl\":\"https:\\\/\\\/www.eren.ch\\\/neuchatel\\\/wp-content\\\/uploads\\\/sites\\\/3\\\/2020\\\/12\\\/logo-neuchatel.png\",\"width\":240,\"height\":117,\"caption\":\"Paroisse de Neuch\u00e2tel\"},\"image\":{\"@id\":\"https:\\\/\\\/www.eren.ch\\\/neuchatel\\\/#\\\/schema\\\/logo\\\/image\\\/\"},\"sameAs\":[\"https:\\\/\\\/www.facebook.com\\\/eglise.EREN\",\"https:\\\/\\\/x.com\\\/egliseeren\",\"https:\\\/\\\/fr.wikipedia.org\\\/wiki\\\/glise_rforme_vanglique_du_canton_de_Neuchtel\"]}]}<\/script>\n<!-- \/ Yoast SEO Premium plugin. -->","yoast_head_json":{"title":"Moniteurs de cat\u00e9chisme - Paroisse de Neuch\u00e2tel","description":"La paroisse de Neuch\u00e2tel a la chance de pouvoir compter sur une \u00e9quipe de moniteurs et monitrices pour animer leur programme de cat\u00e9chisme. La formation","robots":{"index":"index","follow":"follow","max-snippet":"max-snippet:-1","max-image-preview":"max-image-preview:large","max-video-preview":"max-video-preview:-1"},"canonical":"https:\/\/www.eren.ch\/neuchatel\/enfance-et-jeunesse\/moniteurs-de-catechisme\/","og_locale":"fr_FR","og_type":"article","og_title":"Moniteurs de cat\u00e9chisme","og_description":"La paroisse de Neuch\u00e2tel a la chance de pouvoir compter sur une \u00e9quipe de moniteurs et monitrices pour animer leur programme de cat\u00e9chisme. La formation","og_url":"https:\/\/www.eren.ch\/neuchatel\/enfance-et-jeunesse\/moniteurs-de-catechisme\/","og_site_name":"Paroisse de Neuch\u00e2tel","article_publisher":"https:\/\/www.facebook.com\/eglise.EREN","article_modified_time":"2023-08-17T08:42:15+00:00","og_image":[{"url":"https:\/\/www.eren.ch\/neuchatel\/wp-content\/uploads\/sites\/3\/2015\/12\/cathemonos-e1458765012709.jpg","type":"","width":"","height":""}],"twitter_card":"summary_large_image","twitter_site":"@egliseeren","twitter_misc":{"Dur\u00e9e de lecture estim\u00e9e":"1 minute"},"schema":{"@context":"https:\/\/schema.org","@graph":[{"@type":"WebPage","@id":"https:\/\/www.eren.ch\/neuchatel\/enfance-et-jeunesse\/moniteurs-de-catechisme\/","url":"https:\/\/www.eren.ch\/neuchatel\/enfance-et-jeunesse\/moniteurs-de-catechisme\/","name":"Moniteurs de cat\u00e9chisme - Paroisse de Neuch\u00e2tel","isPartOf":{"@id":"https:\/\/www.eren.ch\/neuchatel\/#website"},"primaryImageOfPage":{"@id":"https:\/\/www.eren.ch\/neuchatel\/enfance-et-jeunesse\/moniteurs-de-catechisme\/#primaryimage"},"image":{"@id":"https:\/\/www.eren.ch\/neuchatel\/enfance-et-jeunesse\/moniteurs-de-catechisme\/#primaryimage"},"thumbnailUrl":"https:\/\/www.eren.ch\/neuchatel\/wp-content\/uploads\/sites\/3\/2015\/12\/cathemonos-e1458765012709.jpg","datePublished":"2015-12-31T09:26:30+00:00","dateModified":"2023-08-17T08:42:15+00:00","description":"La paroisse de Neuch\u00e2tel a la chance de pouvoir compter sur une \u00e9quipe de moniteurs et monitrices pour animer leur programme de cat\u00e9chisme. La formation","breadcrumb":{"@id":"https:\/\/www.eren.ch\/neuchatel\/enfance-et-jeunesse\/moniteurs-de-catechisme\/#breadcrumb"},"inLanguage":"fr-FR","potentialAction":[{"@type":"ReadAction","target":["https:\/\/www.eren.ch\/neuchatel\/enfance-et-jeunesse\/moniteurs-de-catechisme\/"]}]},{"@type":"ImageObject","inLanguage":"fr-FR","@id":"https:\/\/www.eren.ch\/neuchatel\/enfance-et-jeunesse\/moniteurs-de-catechisme\/#primaryimage","url":"https:\/\/www.eren.ch\/neuchatel\/wp-content\/uploads\/sites\/3\/2015\/12\/cathemonos-e1458765012709.jpg","contentUrl":"https:\/\/www.eren.ch\/neuchatel\/wp-content\/uploads\/sites\/3\/2015\/12\/cathemonos-e1458765012709.jpg","width":240,"height":115},{"@type":"BreadcrumbList","@id":"https:\/\/www.eren.ch\/neuchatel\/enfance-et-jeunesse\/moniteurs-de-catechisme\/#breadcrumb","itemListElement":[{"@type":"ListItem","position":1,"name":"Accueil","item":"https:\/\/www.eren.ch\/neuchatel\/"},{"@type":"ListItem","position":2,"name":"Enfance et jeunesse","item":"https:\/\/www.eren.ch\/neuchatel\/enfance-et-jeunesse\/"},{"@type":"ListItem","position":3,"name":"Moniteurs de cat\u00e9chisme"}]},{"@type":"WebSite","@id":"https:\/\/www.eren.ch\/neuchatel\/#website","url":"https:\/\/www.eren.ch\/neuchatel\/","name":"Paroisse de Neuch\u00e2tel","description":"La pr\u00e9sence protestante reconnue en ville de Neuch\u00e2tel","publisher":{"@id":"https:\/\/www.eren.ch\/neuchatel\/#organization"},"potentialAction":[{"@type":"SearchAction","target":{"@type":"EntryPoint","urlTemplate":"https:\/\/www.eren.ch\/neuchatel\/?s={search_term_string}"},"query-input":{"@type":"PropertyValueSpecification","valueRequired":true,"valueName":"search_term_string"}}],"inLanguage":"fr-FR"},{"@type":"Organization","@id":"https:\/\/www.eren.ch\/neuchatel\/#organization","name":"Paroisse de Neuch\u00e2tel","url":"https:\/\/www.eren.ch\/neuchatel\/","logo":{"@type":"ImageObject","inLanguage":"fr-FR","@id":"https:\/\/www.eren.ch\/neuchatel\/#\/schema\/logo\/image\/","url":"https:\/\/www.eren.ch\/neuchatel\/wp-content\/uploads\/sites\/3\/2020\/12\/logo-neuchatel.png","contentUrl":"https:\/\/www.eren.ch\/neuchatel\/wp-content\/uploads\/sites\/3\/2020\/12\/logo-neuchatel.png","width":240,"height":117,"caption":"Paroisse de Neuch\u00e2tel"},"image":{"@id":"https:\/\/www.eren.ch\/neuchatel\/#\/schema\/logo\/image\/"},"sameAs":["https:\/\/www.facebook.com\/eglise.EREN","https:\/\/x.com\/egliseeren","https:\/\/fr.wikipedia.org\/wiki\/glise_rforme_vanglique_du_canton_de_Neuchtel"]}]}},"_links":{"self":[{"href":"https:\/\/www.eren.ch\/neuchatel\/wp-json\/wp\/v2\/pages\/28","targetHints":{"allow":["GET"]}}],"collection":[{"href":"https:\/\/www.eren.ch\/neuchatel\/wp-json\/wp\/v2\/pages"}],"about":[{"href":"https:\/\/www.eren.ch\/neuchatel\/wp-json\/wp\/v2\/types\/page"}],"author":[{"embeddable":true,"href":"https:\/\/www.eren.ch\/neuchatel\/wp-json\/wp\/v2\/users\/31"}],"replies":[{"embeddable":true,"href":"https:\/\/www.eren.ch\/neuchatel\/wp-json\/wp\/v2\/comments?post=28"}],"version-history":[{"count":5,"href":"https:\/\/www.eren.ch\/neuchatel\/wp-json\/wp\/v2\/pages\/28\/revisions"}],"predecessor-version":[{"id":3797,"href":"https:\/\/www.eren.ch\/neuchatel\/wp-json\/wp\/v2\/pages\/28\/revisions\/3797"}],"up":[{"embeddable":true,"href":"https:\/\/www.eren.ch\/neuchatel\/wp-json\/wp\/v2\/pages\/24"}],"wp:attachment":[{"href":"https:\/\/www.eren.ch\/neuchatel\/wp-json\/wp\/v2\/media?parent=28"}],"curies":[{"name":"wp","href":"https:\/\/api.w.org\/{rel}","templated":true}]}}