{"id":2839,"date":"2017-07-14T12:32:05","date_gmt":"2017-07-14T10:32:05","guid":{"rendered":"https:\/\/www.eren.ch\/neuchatel\/?page_id=2839"},"modified":"2025-02-21T11:02:08","modified_gmt":"2025-02-21T10:02:08","slug":"accueil-cafe-migrants","status":"publish","type":"page","link":"https:\/\/www.eren.ch\/neuchatel\/solidarite\/accueil-cafe-migrants\/","title":{"rendered":"Accueil Caf\u00e9 Migrants"},"content":{"rendered":"\n<p class=\"has-text-align-center has-yellow-background-color has-background has-medium-font-size\"><strong>L&rsquo;activit\u00e9 est suspendue jusqu&rsquo;\u00e0 nouvel avis.<\/strong><\/p>\n\n\n\n<p>La paroisse r\u00e9form\u00e9e de Neuch\u00e2tel est heureuse de vous accueillir les jeudis apr\u00e8s-midi aux centre paroissial aux Valangines.<\/p>\n\n\n\n<p><a href=\"#anglais\">Anglais<\/a> &#8211; <a href=\"#francais\">Fran\u00e7ais<\/a> &#8211; <a href=\"#arabe\">Arabe<\/a> &#8211; <a href=\"#farsi\">Farsi<\/a> &#8211; <a href=\"#turc\">Turc<\/a> &#8211; <a href=\"#trigrinia\">Trigrinia<\/a><\/p>\n\n\n\n<h2 class=\"wp-block-heading\" id=\"anglais\">Welcome to migrants<\/h2>\n\n\n\n<p><strong>It will give us the opportunity:<\/strong><\/p>\n\n\n\n<ul class=\"wp-block-list\">\n<li>\u2615 to meet and share time together while enjoying a snack<\/li>\n\n\n\n<li>\ud83d\udde3\ufe0f to get some help in learning French and to practice French conversation<\/li>\n\n\n\n<li>\ud83c\udf92 to provide help with homework<\/li>\n\n\n\n<li>\ud83d\udda5\ufe0f to lend support for dealing with administrative mail (both for understanding and answering)<\/li>\n\n\n\n<li>\ud83c\udfb2 to enjoy a moment of relaxation playing board games and other popular games<\/li>\n<\/ul>\n\n\n\n<p><strong>Informations:<\/strong><br>\u26ea Centre paroissial aux Valangines<br>\ud83e\udded Avenue des Alpes 18 &#8211; 2000 Neuch\u00e2tel<br>\ud83d\uddd3\ufe0f Thursday afternoon<br>\u231a 2pm \u2192 5pm<br>\ud83d\ude8c Line 108: Place Pury \u2192 Temple des Valangines<\/p>\n\n\n\n<h2 class=\"wp-block-heading\" id=\"francais\">Bienvenue aux migrants<\/h2>\n\n\n\n<p><strong>Une occasion:<\/strong><\/p>\n\n\n\n<ul class=\"wp-block-list\">\n<li>\u2615 de se rencontrer et de partager un moment convivial autour d\u2019un go\u00fbter<\/li>\n\n\n\n<li>\ud83d\udde3\ufe0f d\u2019obtenir un appui en fran\u00e7ais et d\u2019exercer le fran\u00e7ais dans la conversation<\/li>\n\n\n\n<li>\ud83c\udf92 de b\u00e9n\u00e9ficier d\u2019une aide aux devoirs<\/li>\n\n\n\n<li>\ud83d\udda5\ufe0f d\u2019avoir un appui pour le courrier administratif (comprendre et \u00e9crire)<\/li>\n\n\n\n<li>\ud83c\udfb2 de faire des jeux de soci\u00e9t\u00e9<\/li>\n<\/ul>\n\n\n\n<p><strong>Informations pratiques:<\/strong><\/p>\n\n\n\n<p>\u26ea Centre paroissial aux Valangines<br>\ud83e\udded Avenue des Alpes 18 &#8211; 2000 Neuch\u00e2tel<br>\ud83d\uddd3\ufe0f Le jeudi apr\u00e8s-midi<br>\u231a 14h00 \u2192 17h00<br>\ud83d\ude8c Ligne 108: Place Pury \u2192 Temple des Valangines<\/p>\n\n\n\n<p>032 725 68 20<br><a href=\"mailto:paroisse.ne@eren.ch\">paroisse.ne@eren.ch<\/a><\/p>\n\n\n\n<h2 class=\"wp-block-heading\" id=\"arabe\">Arabe<\/h2>\n\n\n<div class=\"wp-block-image\">\n<figure class=\"aligncenter size-large\"><a href=\"https:\/\/www.eren.ch\/neuchatel\/wp-content\/uploads\/sites\/3\/2023\/01\/acm-arabe.png\"><img decoding=\"async\" width=\"649\" height=\"1024\" src=\"https:\/\/www.eren.ch\/neuchatel\/wp-content\/uploads\/sites\/3\/2023\/01\/acm-arabe-649x1024.png\" alt=\"ACM Arabe\" class=\"wp-image-5788\" srcset=\"https:\/\/www.eren.ch\/neuchatel\/wp-content\/uploads\/sites\/3\/2023\/01\/acm-arabe-649x1024.png 649w, https:\/\/www.eren.ch\/neuchatel\/wp-content\/uploads\/sites\/3\/2023\/01\/acm-arabe-190x300.png 190w, https:\/\/www.eren.ch\/neuchatel\/wp-content\/uploads\/sites\/3\/2023\/01\/acm-arabe-768x1211.png 768w, https:\/\/www.eren.ch\/neuchatel\/wp-content\/uploads\/sites\/3\/2023\/01\/acm-arabe-974x1536.png 974w, https:\/\/www.eren.ch\/neuchatel\/wp-content\/uploads\/sites\/3\/2023\/01\/acm-arabe.png 1029w\" sizes=\"(max-width: 649px) 85vw, 649px\" \/><\/a><\/figure>\n<\/div>\n\n\n<h2 class=\"wp-block-heading\" id=\"farsi\">Farsi<\/h2>\n\n\n\n<figure class=\"wp-block-image size-large\"><a href=\"https:\/\/www.eren.ch\/neuchatel\/wp-content\/uploads\/sites\/3\/2023\/02\/acm-farsi.jpg\"><img decoding=\"async\" width=\"803\" height=\"1024\" src=\"https:\/\/www.eren.ch\/neuchatel\/wp-content\/uploads\/sites\/3\/2023\/02\/acm-farsi-803x1024.jpg\" alt=\"ACM Farsi\" class=\"wp-image-5811\" srcset=\"https:\/\/www.eren.ch\/neuchatel\/wp-content\/uploads\/sites\/3\/2023\/02\/acm-farsi-803x1024.jpg 803w, https:\/\/www.eren.ch\/neuchatel\/wp-content\/uploads\/sites\/3\/2023\/02\/acm-farsi-235x300.jpg 235w, https:\/\/www.eren.ch\/neuchatel\/wp-content\/uploads\/sites\/3\/2023\/02\/acm-farsi-768x979.jpg 768w, https:\/\/www.eren.ch\/neuchatel\/wp-content\/uploads\/sites\/3\/2023\/02\/acm-farsi-1205x1536.jpg 1205w, https:\/\/www.eren.ch\/neuchatel\/wp-content\/uploads\/sites\/3\/2023\/02\/acm-farsi-1200x1530.jpg 1200w, https:\/\/www.eren.ch\/neuchatel\/wp-content\/uploads\/sites\/3\/2023\/02\/acm-farsi.jpg 1500w\" sizes=\"(max-width: 803px) 85vw, 803px\" \/><\/a><\/figure>\n\n\n\n<h2 class=\"wp-block-heading\" id=\"turc\">Turc<\/h2>\n\n\n\n<p><strong>T\u00fcrk\u00e7e<\/strong><\/p>\n\n\n\n<p>Her per\u015fembe saat 14.00 dan 17\u2019 ye kadar lokalimiz \u201cCentre paroissial des Valangines\u201d de sizi kar\u015f\u0131lamaktan memnun oluruz.<\/p>\n\n\n\n<ul class=\"wp-block-list\">\n<li>Tani\u015fmak ve tani\u015ftirmak, ho\u015f&nbsp; ve rahat bir vakit ge\u00e7irmek, bir \u00e7ay payla\u015fmak,<\/li>\n\n\n\n<li>Fransizca konu\u015fmak ve Fransizca dil i\u00e7in deste\u011fi almak<\/li>\n\n\n\n<li>\u0130dari belgeler anlamak ve doldurmak beraber oyumlar (UNO, ka\u011fit oyumlar vb).<\/li>\n\n\n\n<li>Oynamak i\u00e7in<\/li>\n<\/ul>\n\n\n\n<p>Sizi bekl\u012doruz<\/p>\n\n\n\n<h2 class=\"wp-block-heading\" id=\"trigrinia\">Trigrinia<\/h2>\n\n\n<div class=\"wp-block-image\">\n<figure class=\"aligncenter size-large\"><a href=\"https:\/\/www.eren.ch\/neuchatel\/wp-content\/uploads\/sites\/3\/2023\/01\/acm-trigiria.png\"><img decoding=\"async\" width=\"973\" height=\"1024\" src=\"https:\/\/www.eren.ch\/neuchatel\/wp-content\/uploads\/sites\/3\/2023\/01\/acm-trigiria-973x1024.png\" alt=\"ACM Trigninia\" class=\"wp-image-5794\" srcset=\"https:\/\/www.eren.ch\/neuchatel\/wp-content\/uploads\/sites\/3\/2023\/01\/acm-trigiria-973x1024.png 973w, https:\/\/www.eren.ch\/neuchatel\/wp-content\/uploads\/sites\/3\/2023\/01\/acm-trigiria-285x300.png 285w, https:\/\/www.eren.ch\/neuchatel\/wp-content\/uploads\/sites\/3\/2023\/01\/acm-trigiria-768x808.png 768w, https:\/\/www.eren.ch\/neuchatel\/wp-content\/uploads\/sites\/3\/2023\/01\/acm-trigiria-1460x1536.png 1460w, https:\/\/www.eren.ch\/neuchatel\/wp-content\/uploads\/sites\/3\/2023\/01\/acm-trigiria-1946x2048.png 1946w, https:\/\/www.eren.ch\/neuchatel\/wp-content\/uploads\/sites\/3\/2023\/01\/acm-trigiria-1200x1263.png 1200w, https:\/\/www.eren.ch\/neuchatel\/wp-content\/uploads\/sites\/3\/2023\/01\/acm-trigiria.png 1992w\" sizes=\"(max-width: 709px) 85vw, (max-width: 909px) 67vw, (max-width: 1362px) 62vw, 840px\" \/><\/a><\/figure>\n<\/div>\n\n\n<h2 class=\"wp-block-heading\">S&rsquo;engager avec nous<\/h2>\n\n\n\n<p>Ce projet vous motive ? Voil\u00e0 comment vous pouvez nous aider:<\/p>\n\n\n\n<ul class=\"wp-block-list\">\n<li>En nous proposant du mat\u00e9riel, des jeux, en faisant des g\u00e2teaux et des p\u00e2tisseries pour le coin accueil-rencontre.<\/li>\n\n\n\n<li>En nous donnant un coup de main r\u00e9gulier ou ponctuel pour l\u2019informatique.<\/li>\n\n\n\n<li>En vous inscrivant dans l\u2019\u00e9quipe de b\u00e9n\u00e9voles pour assurer les permanences du jeudi.<\/li>\n\n\n\n<li>En parlant de notre projet autour de vous, en y invitant des personnes migrantes.<\/li>\n\n\n\n<li>En offrant un soutien financier : CCP 20-728-7, mention \u00abProjet Accueil Caf\u00e9 Migrants\u00bb.<\/li>\n<\/ul>\n\n\n\n<p>Pour tout renseignement, vous pouvez contacter:<br><strong>Marianne Chappuis<\/strong><br><a href=\"mailto:marianne.chappuis@eren.ch\">marianne.chappuis@eren.ch<\/a><br>078 768 01 66<\/p>\n\n\n\n<h2 class=\"wp-block-heading\" id=\"h-genese-du-projet\">Gen\u00e8se du projet<\/h2>\n\n\n\n<p>Sur le territoire de la ville de Neuch\u00e2tel et de ses environs vivent de nombreuses personnes migrantes. Ces personnes recherchent de l\u2019amiti\u00e9, des rencontres avec des habitants, elles cherchent \u00e0 avoir des nouvelles de leurs proches, elles cherchent \u00e0 comprendre comment fonctionne notre pays pour s\u2019int\u00e9grer peu \u00e0 peu, elles souhaitent apprendre notre langue, elles cherchent du travail, Consciente de cela la paroisse de Neuch\u00e2tel souhaite leur proposer un lieu d\u2019accueil chaleureux. Un lieu o\u00f9 chacun, chacune sera attendu.e et bienvenu.e.<\/p>\n\n\n<div class=\"wp-block-image\">\n<figure class=\"aligncenter size-large\"><img decoding=\"async\" width=\"722\" height=\"1024\" src=\"https:\/\/www.eren.ch\/neuchatel\/wp-content\/uploads\/sites\/3\/2023\/01\/acm-english-722x1024.jpg\" alt=\"Welcome to migrants\" class=\"wp-image-5780\" srcset=\"https:\/\/www.eren.ch\/neuchatel\/wp-content\/uploads\/sites\/3\/2023\/01\/acm-english-722x1024.jpg 722w, https:\/\/www.eren.ch\/neuchatel\/wp-content\/uploads\/sites\/3\/2023\/01\/acm-english-212x300.jpg 212w, https:\/\/www.eren.ch\/neuchatel\/wp-content\/uploads\/sites\/3\/2023\/01\/acm-english-768x1089.jpg 768w, https:\/\/www.eren.ch\/neuchatel\/wp-content\/uploads\/sites\/3\/2023\/01\/acm-english-1083x1536.jpg 1083w, https:\/\/www.eren.ch\/neuchatel\/wp-content\/uploads\/sites\/3\/2023\/01\/acm-english-1200x1702.jpg 1200w, https:\/\/www.eren.ch\/neuchatel\/wp-content\/uploads\/sites\/3\/2023\/01\/acm-english.jpg 1410w\" sizes=\"(max-width: 722px) 85vw, 722px\" \/><\/figure>\n<\/div>\n\n<div class=\"wp-block-image\">\n<figure class=\"aligncenter size-large\"><img decoding=\"async\" width=\"722\" height=\"1024\" src=\"https:\/\/www.eren.ch\/neuchatel\/wp-content\/uploads\/sites\/3\/2023\/01\/acm-french-722x1024.jpg\" alt=\"Bienvenue aux migrants\" class=\"wp-image-5781\" srcset=\"https:\/\/www.eren.ch\/neuchatel\/wp-content\/uploads\/sites\/3\/2023\/01\/acm-french-722x1024.jpg 722w, https:\/\/www.eren.ch\/neuchatel\/wp-content\/uploads\/sites\/3\/2023\/01\/acm-french-212x300.jpg 212w, https:\/\/www.eren.ch\/neuchatel\/wp-content\/uploads\/sites\/3\/2023\/01\/acm-french-768x1089.jpg 768w, https:\/\/www.eren.ch\/neuchatel\/wp-content\/uploads\/sites\/3\/2023\/01\/acm-french-1083x1536.jpg 1083w, https:\/\/www.eren.ch\/neuchatel\/wp-content\/uploads\/sites\/3\/2023\/01\/acm-french-1200x1702.jpg 1200w, https:\/\/www.eren.ch\/neuchatel\/wp-content\/uploads\/sites\/3\/2023\/01\/acm-french.jpg 1410w\" sizes=\"(max-width: 722px) 85vw, 722px\" \/><\/figure>\n<\/div>","protected":false},"excerpt":{"rendered":"<p>L&rsquo;activit\u00e9 est suspendue jusqu&rsquo;\u00e0 nouvel avis. La paroisse r\u00e9form\u00e9e de Neuch\u00e2tel est heureuse de vous accueillir les jeudis apr\u00e8s-midi aux centre paroissial aux Valangines. Anglais &#8211; Fran\u00e7ais &#8211; Arabe &#8211; Farsi &#8211; Turc &#8211; Trigrinia Welcome to migrants It will give us the opportunity: Informations:\u26ea Centre paroissial aux Valangines\ud83e\udded Avenue des Alpes 18 &#8211; 2000 &hellip; <a href=\"https:\/\/www.eren.ch\/neuchatel\/solidarite\/accueil-cafe-migrants\/\" class=\"more-link\">Continuer la lecture<span class=\"screen-reader-text\"> de &laquo;&nbsp;Accueil Caf\u00e9 Migrants&nbsp;&raquo;<\/span><\/a><\/p>\n","protected":false},"author":31,"featured_media":0,"parent":867,"menu_order":855,"comment_status":"closed","ping_status":"closed","template":"","meta":{"footnotes":""},"class_list":["post-2839","page","type-page","status-publish","hentry"],"yoast_head":"<!-- This site is optimized with the Yoast SEO Premium plugin v27.4 (Yoast SEO v27.4) - https:\/\/yoast.com\/product\/yoast-seo-premium-wordpress\/ -->\n<title>Accueil Caf\u00e9 Migrants - Paroisse de Neuch\u00e2tel<\/title>\n<meta name=\"description\" content=\"La paroisse r\u00e9form\u00e9e de Neuch\u00e2tel est heureuse de vous accueillir les jeudis apr\u00e8s-midi aux centre paroissial aux Valangines.\" \/>\n<meta name=\"robots\" content=\"index, follow, max-snippet:-1, max-image-preview:large, max-video-preview:-1\" \/>\n<link rel=\"canonical\" href=\"https:\/\/www.eren.ch\/neuchatel\/solidarite\/accueil-cafe-migrants\/\" \/>\n<meta property=\"og:locale\" content=\"fr_FR\" \/>\n<meta property=\"og:type\" content=\"article\" \/>\n<meta property=\"og:title\" content=\"Accueil Caf\u00e9 Migrants\" \/>\n<meta property=\"og:description\" content=\"La paroisse r\u00e9form\u00e9e de Neuch\u00e2tel est heureuse de vous accueillir les jeudis apr\u00e8s-midi aux centre paroissial aux Valangines.\" \/>\n<meta property=\"og:url\" content=\"https:\/\/www.eren.ch\/neuchatel\/solidarite\/accueil-cafe-migrants\/\" \/>\n<meta property=\"og:site_name\" content=\"Paroisse de Neuch\u00e2tel\" \/>\n<meta property=\"article:publisher\" content=\"https:\/\/www.facebook.com\/eglise.EREN\" \/>\n<meta property=\"article:modified_time\" content=\"2025-02-21T10:02:08+00:00\" \/>\n<meta property=\"og:image\" content=\"https:\/\/www.eren.ch\/neuchatel\/wp-content\/uploads\/sites\/3\/2023\/01\/acm-arabe.png\" \/>\n\t<meta property=\"og:image:width\" content=\"1029\" \/>\n\t<meta property=\"og:image:height\" content=\"1623\" \/>\n\t<meta property=\"og:image:type\" content=\"image\/png\" \/>\n<meta name=\"twitter:card\" content=\"summary_large_image\" \/>\n<meta name=\"twitter:site\" content=\"@egliseeren\" \/>\n<meta name=\"twitter:label1\" content=\"Dur\u00e9e de lecture estim\u00e9e\" \/>\n\t<meta name=\"twitter:data1\" content=\"4 minutes\" \/>\n<script type=\"application\/ld+json\" class=\"yoast-schema-graph\">{\"@context\":\"https:\\\/\\\/schema.org\",\"@graph\":[{\"@type\":\"WebPage\",\"@id\":\"https:\\\/\\\/www.eren.ch\\\/neuchatel\\\/solidarite\\\/accueil-cafe-migrants\\\/\",\"url\":\"https:\\\/\\\/www.eren.ch\\\/neuchatel\\\/solidarite\\\/accueil-cafe-migrants\\\/\",\"name\":\"Accueil Caf\u00e9 Migrants - Paroisse de Neuch\u00e2tel\",\"isPartOf\":{\"@id\":\"https:\\\/\\\/www.eren.ch\\\/neuchatel\\\/#website\"},\"primaryImageOfPage\":{\"@id\":\"https:\\\/\\\/www.eren.ch\\\/neuchatel\\\/solidarite\\\/accueil-cafe-migrants\\\/#primaryimage\"},\"image\":{\"@id\":\"https:\\\/\\\/www.eren.ch\\\/neuchatel\\\/solidarite\\\/accueil-cafe-migrants\\\/#primaryimage\"},\"thumbnailUrl\":\"https:\\\/\\\/www.eren.ch\\\/neuchatel\\\/wp-content\\\/uploads\\\/sites\\\/3\\\/2023\\\/01\\\/acm-arabe-649x1024.png\",\"datePublished\":\"2017-07-14T10:32:05+00:00\",\"dateModified\":\"2025-02-21T10:02:08+00:00\",\"description\":\"La paroisse r\u00e9form\u00e9e de Neuch\u00e2tel est heureuse de vous accueillir les jeudis apr\u00e8s-midi aux centre paroissial aux Valangines.\",\"breadcrumb\":{\"@id\":\"https:\\\/\\\/www.eren.ch\\\/neuchatel\\\/solidarite\\\/accueil-cafe-migrants\\\/#breadcrumb\"},\"inLanguage\":\"fr-FR\",\"potentialAction\":[{\"@type\":\"ReadAction\",\"target\":[\"https:\\\/\\\/www.eren.ch\\\/neuchatel\\\/solidarite\\\/accueil-cafe-migrants\\\/\"]}]},{\"@type\":\"ImageObject\",\"inLanguage\":\"fr-FR\",\"@id\":\"https:\\\/\\\/www.eren.ch\\\/neuchatel\\\/solidarite\\\/accueil-cafe-migrants\\\/#primaryimage\",\"url\":\"https:\\\/\\\/www.eren.ch\\\/neuchatel\\\/wp-content\\\/uploads\\\/sites\\\/3\\\/2023\\\/01\\\/acm-arabe.png\",\"contentUrl\":\"https:\\\/\\\/www.eren.ch\\\/neuchatel\\\/wp-content\\\/uploads\\\/sites\\\/3\\\/2023\\\/01\\\/acm-arabe.png\",\"width\":1029,\"height\":1623},{\"@type\":\"BreadcrumbList\",\"@id\":\"https:\\\/\\\/www.eren.ch\\\/neuchatel\\\/solidarite\\\/accueil-cafe-migrants\\\/#breadcrumb\",\"itemListElement\":[{\"@type\":\"ListItem\",\"position\":1,\"name\":\"Accueil\",\"item\":\"https:\\\/\\\/www.eren.ch\\\/neuchatel\\\/\"},{\"@type\":\"ListItem\",\"position\":2,\"name\":\"Solidarit\u00e9\",\"item\":\"https:\\\/\\\/www.eren.ch\\\/neuchatel\\\/solidarite\\\/\"},{\"@type\":\"ListItem\",\"position\":3,\"name\":\"Accueil Caf\u00e9 Migrants\"}]},{\"@type\":\"WebSite\",\"@id\":\"https:\\\/\\\/www.eren.ch\\\/neuchatel\\\/#website\",\"url\":\"https:\\\/\\\/www.eren.ch\\\/neuchatel\\\/\",\"name\":\"Paroisse de Neuch\u00e2tel\",\"description\":\"La pr\u00e9sence protestante reconnue en ville de Neuch\u00e2tel\",\"publisher\":{\"@id\":\"https:\\\/\\\/www.eren.ch\\\/neuchatel\\\/#organization\"},\"potentialAction\":[{\"@type\":\"SearchAction\",\"target\":{\"@type\":\"EntryPoint\",\"urlTemplate\":\"https:\\\/\\\/www.eren.ch\\\/neuchatel\\\/?s={search_term_string}\"},\"query-input\":{\"@type\":\"PropertyValueSpecification\",\"valueRequired\":true,\"valueName\":\"search_term_string\"}}],\"inLanguage\":\"fr-FR\"},{\"@type\":\"Organization\",\"@id\":\"https:\\\/\\\/www.eren.ch\\\/neuchatel\\\/#organization\",\"name\":\"Paroisse de Neuch\u00e2tel\",\"url\":\"https:\\\/\\\/www.eren.ch\\\/neuchatel\\\/\",\"logo\":{\"@type\":\"ImageObject\",\"inLanguage\":\"fr-FR\",\"@id\":\"https:\\\/\\\/www.eren.ch\\\/neuchatel\\\/#\\\/schema\\\/logo\\\/image\\\/\",\"url\":\"https:\\\/\\\/www.eren.ch\\\/neuchatel\\\/wp-content\\\/uploads\\\/sites\\\/3\\\/2020\\\/12\\\/logo-neuchatel.png\",\"contentUrl\":\"https:\\\/\\\/www.eren.ch\\\/neuchatel\\\/wp-content\\\/uploads\\\/sites\\\/3\\\/2020\\\/12\\\/logo-neuchatel.png\",\"width\":240,\"height\":117,\"caption\":\"Paroisse de Neuch\u00e2tel\"},\"image\":{\"@id\":\"https:\\\/\\\/www.eren.ch\\\/neuchatel\\\/#\\\/schema\\\/logo\\\/image\\\/\"},\"sameAs\":[\"https:\\\/\\\/www.facebook.com\\\/eglise.EREN\",\"https:\\\/\\\/x.com\\\/egliseeren\",\"https:\\\/\\\/fr.wikipedia.org\\\/wiki\\\/glise_rforme_vanglique_du_canton_de_Neuchtel\"]}]}<\/script>\n<!-- \/ Yoast SEO Premium plugin. -->","yoast_head_json":{"title":"Accueil Caf\u00e9 Migrants - Paroisse de Neuch\u00e2tel","description":"La paroisse r\u00e9form\u00e9e de Neuch\u00e2tel est heureuse de vous accueillir les jeudis apr\u00e8s-midi aux centre paroissial aux Valangines.","robots":{"index":"index","follow":"follow","max-snippet":"max-snippet:-1","max-image-preview":"max-image-preview:large","max-video-preview":"max-video-preview:-1"},"canonical":"https:\/\/www.eren.ch\/neuchatel\/solidarite\/accueil-cafe-migrants\/","og_locale":"fr_FR","og_type":"article","og_title":"Accueil Caf\u00e9 Migrants","og_description":"La paroisse r\u00e9form\u00e9e de Neuch\u00e2tel est heureuse de vous accueillir les jeudis apr\u00e8s-midi aux centre paroissial aux Valangines.","og_url":"https:\/\/www.eren.ch\/neuchatel\/solidarite\/accueil-cafe-migrants\/","og_site_name":"Paroisse de Neuch\u00e2tel","article_publisher":"https:\/\/www.facebook.com\/eglise.EREN","article_modified_time":"2025-02-21T10:02:08+00:00","og_image":[{"width":1029,"height":1623,"url":"https:\/\/www.eren.ch\/neuchatel\/wp-content\/uploads\/sites\/3\/2023\/01\/acm-arabe.png","type":"image\/png"}],"twitter_card":"summary_large_image","twitter_site":"@egliseeren","twitter_misc":{"Dur\u00e9e de lecture estim\u00e9e":"4 minutes"},"schema":{"@context":"https:\/\/schema.org","@graph":[{"@type":"WebPage","@id":"https:\/\/www.eren.ch\/neuchatel\/solidarite\/accueil-cafe-migrants\/","url":"https:\/\/www.eren.ch\/neuchatel\/solidarite\/accueil-cafe-migrants\/","name":"Accueil Caf\u00e9 Migrants - Paroisse de Neuch\u00e2tel","isPartOf":{"@id":"https:\/\/www.eren.ch\/neuchatel\/#website"},"primaryImageOfPage":{"@id":"https:\/\/www.eren.ch\/neuchatel\/solidarite\/accueil-cafe-migrants\/#primaryimage"},"image":{"@id":"https:\/\/www.eren.ch\/neuchatel\/solidarite\/accueil-cafe-migrants\/#primaryimage"},"thumbnailUrl":"https:\/\/www.eren.ch\/neuchatel\/wp-content\/uploads\/sites\/3\/2023\/01\/acm-arabe-649x1024.png","datePublished":"2017-07-14T10:32:05+00:00","dateModified":"2025-02-21T10:02:08+00:00","description":"La paroisse r\u00e9form\u00e9e de Neuch\u00e2tel est heureuse de vous accueillir les jeudis apr\u00e8s-midi aux centre paroissial aux Valangines.","breadcrumb":{"@id":"https:\/\/www.eren.ch\/neuchatel\/solidarite\/accueil-cafe-migrants\/#breadcrumb"},"inLanguage":"fr-FR","potentialAction":[{"@type":"ReadAction","target":["https:\/\/www.eren.ch\/neuchatel\/solidarite\/accueil-cafe-migrants\/"]}]},{"@type":"ImageObject","inLanguage":"fr-FR","@id":"https:\/\/www.eren.ch\/neuchatel\/solidarite\/accueil-cafe-migrants\/#primaryimage","url":"https:\/\/www.eren.ch\/neuchatel\/wp-content\/uploads\/sites\/3\/2023\/01\/acm-arabe.png","contentUrl":"https:\/\/www.eren.ch\/neuchatel\/wp-content\/uploads\/sites\/3\/2023\/01\/acm-arabe.png","width":1029,"height":1623},{"@type":"BreadcrumbList","@id":"https:\/\/www.eren.ch\/neuchatel\/solidarite\/accueil-cafe-migrants\/#breadcrumb","itemListElement":[{"@type":"ListItem","position":1,"name":"Accueil","item":"https:\/\/www.eren.ch\/neuchatel\/"},{"@type":"ListItem","position":2,"name":"Solidarit\u00e9","item":"https:\/\/www.eren.ch\/neuchatel\/solidarite\/"},{"@type":"ListItem","position":3,"name":"Accueil Caf\u00e9 Migrants"}]},{"@type":"WebSite","@id":"https:\/\/www.eren.ch\/neuchatel\/#website","url":"https:\/\/www.eren.ch\/neuchatel\/","name":"Paroisse de Neuch\u00e2tel","description":"La pr\u00e9sence protestante reconnue en ville de Neuch\u00e2tel","publisher":{"@id":"https:\/\/www.eren.ch\/neuchatel\/#organization"},"potentialAction":[{"@type":"SearchAction","target":{"@type":"EntryPoint","urlTemplate":"https:\/\/www.eren.ch\/neuchatel\/?s={search_term_string}"},"query-input":{"@type":"PropertyValueSpecification","valueRequired":true,"valueName":"search_term_string"}}],"inLanguage":"fr-FR"},{"@type":"Organization","@id":"https:\/\/www.eren.ch\/neuchatel\/#organization","name":"Paroisse de Neuch\u00e2tel","url":"https:\/\/www.eren.ch\/neuchatel\/","logo":{"@type":"ImageObject","inLanguage":"fr-FR","@id":"https:\/\/www.eren.ch\/neuchatel\/#\/schema\/logo\/image\/","url":"https:\/\/www.eren.ch\/neuchatel\/wp-content\/uploads\/sites\/3\/2020\/12\/logo-neuchatel.png","contentUrl":"https:\/\/www.eren.ch\/neuchatel\/wp-content\/uploads\/sites\/3\/2020\/12\/logo-neuchatel.png","width":240,"height":117,"caption":"Paroisse de Neuch\u00e2tel"},"image":{"@id":"https:\/\/www.eren.ch\/neuchatel\/#\/schema\/logo\/image\/"},"sameAs":["https:\/\/www.facebook.com\/eglise.EREN","https:\/\/x.com\/egliseeren","https:\/\/fr.wikipedia.org\/wiki\/glise_rforme_vanglique_du_canton_de_Neuchtel"]}]}},"_links":{"self":[{"href":"https:\/\/www.eren.ch\/neuchatel\/wp-json\/wp\/v2\/pages\/2839","targetHints":{"allow":["GET"]}}],"collection":[{"href":"https:\/\/www.eren.ch\/neuchatel\/wp-json\/wp\/v2\/pages"}],"about":[{"href":"https:\/\/www.eren.ch\/neuchatel\/wp-json\/wp\/v2\/types\/page"}],"author":[{"embeddable":true,"href":"https:\/\/www.eren.ch\/neuchatel\/wp-json\/wp\/v2\/users\/31"}],"replies":[{"embeddable":true,"href":"https:\/\/www.eren.ch\/neuchatel\/wp-json\/wp\/v2\/comments?post=2839"}],"version-history":[{"count":8,"href":"https:\/\/www.eren.ch\/neuchatel\/wp-json\/wp\/v2\/pages\/2839\/revisions"}],"predecessor-version":[{"id":7139,"href":"https:\/\/www.eren.ch\/neuchatel\/wp-json\/wp\/v2\/pages\/2839\/revisions\/7139"}],"up":[{"embeddable":true,"href":"https:\/\/www.eren.ch\/neuchatel\/wp-json\/wp\/v2\/pages\/867"}],"wp:attachment":[{"href":"https:\/\/www.eren.ch\/neuchatel\/wp-json\/wp\/v2\/media?parent=2839"}],"curies":[{"name":"wp","href":"https:\/\/api.w.org\/{rel}","templated":true}]}}