{"id":30,"date":"2015-12-31T10:28:50","date_gmt":"2015-12-31T09:28:50","guid":{"rendered":"https:\/\/www.eren.ch\/neuchatel\/?page_id=30"},"modified":"2025-10-30T09:11:10","modified_gmt":"2025-10-30T08:11:10","slug":"enfance","status":"publish","type":"page","link":"https:\/\/www.eren.ch\/neuchatel\/enfance-et-jeunesse\/enfance\/","title":{"rendered":"Enfance"},"content":{"rendered":"\n<h2 class=\"wp-block-heading\" id=\"h-eveil-a-la-foi\">Eveil \u00e0 la foi<\/h2>\n\n\n\n<p><strong>Pour les enfants de 2 \u00e0 6 ans accompagn\u00e9.e de papa et\/ou maman au Centre paroissial aux Valangines. <\/strong><br>Les grands-parents, parrain, marraine, oncles, tantes, amis, peuvent aussi accompagner l\u2019enfant. Et bien s\u00fbr, les fr\u00e8res et s\u0153urs plus jeunes ou plus \u00e2g\u00e9s sont les bienvenus. Un programme pr\u00e9vu pour les enfants entre 6 et 12 ans a lieu au m\u00eame moment dans une autre salle.<br>Les rencontres auront lieu le mercredi apr\u00e8s midi. Elles commenceront \u00e0 15h00 par un moment de chant, puis nous partirons \u00e0 la d\u00e9couverte de Dieu, de la foi, de l\u2019Eglise et de la Bible au travers des r\u00e9cits, des jeux et de bricolages adapt\u00e9s aux jeunes enfants. La s\u00e9ance se termine vers 17h00.<br><strong>Contact<\/strong><br>Florian Schubert, 079 883 00 44, <a href=\"mailto:florian.schubert@eren.ch\">florian.schubert@eren.ch<\/a><\/p>\n\n\n\n<h2 class=\"wp-block-heading\" id=\"h-le-culte-de-l-enfance\">Le culte de l\u2019enfance<\/h2>\n\n\n\n<p><strong> Un mercredi par mois. de 15h \u00e0 17h au <strong>Centre paroissial aux Valangines.<\/strong> Accueil des enfants de 6 \u00e0 12 ans.<\/strong> D\u00e9couvrir la Bible par des jeux, vivre un moment diff\u00e9rent et partager la foi&#8230;<\/p>\n\n\n\n<ul class=\"wp-block-list\">\n<li>19 novembre 2025<\/li>\n\n\n\n<li>dimanche 7 d\u00e9cembre de 14h30-17h30 au coin du feu \u00e0 Montmirail, 2075 Thielle-Wavre, la rencontre cantonale de l&rsquo;\u00e9veil \u00e0 la foi et du culte de l&rsquo;enfance<\/li>\n\n\n\n<li>14 janvier 2026<\/li>\n\n\n\n<li>18 f\u00e9vrier 2026<\/li>\n\n\n\n<li>25 mars 2026<\/li>\n\n\n\n<li>22 avril 2026<\/li>\n\n\n\n<li>13 mai 2026<\/li>\n<\/ul>\n\n\n\n<p><strong>Contact<\/strong><br>Florian Schubert, 079 883 00 44, <a href=\"mailto:florian.schubert@eren.ch\">florian.schubert@eren.ch<\/a><\/p>\n\n\n\n<hr class=\"wp-block-separator has-alpha-channel-opacity\"\/>\n\n\n\n<p><strong>Temple de La Coudre. Accueil des jeunes de 6 \u00e0 13 ans.<\/strong> <strong>Rencontres hebdomadaires<\/strong> qui d\u00e9butent apr\u00e8s les vacances d\u2019automne, <strong>le vendredi, de 15h30 \u00e0 17h.<\/strong><br>A la sortie de l&rsquo;\u00e9cole,<strong> go\u00fbter d\u00e8s 15h30,<\/strong> pour que les \u00e9l\u00e8ves de tous les coll\u00e8ges aient le temps de rejoindre le groupe, la s\u00e9ance comment \u00e0<strong>&nbsp;16h <\/strong>et se termine \u00e0<strong> 17h.<\/strong><strong>&nbsp;<\/strong><br>D\u00e9couverte de th\u00e8mes de la Bible \u00e0 travers des histoires bibliques, des chants, des pri\u00e8res, des films. Un rallye cl\u00f4t la derni\u00e8re rencontre, \u00e0 la fin de l&rsquo;ann\u00e9e scolaire, et est suivi d&rsquo;une grillade avec les parents.<br><strong>Contacts<\/strong><br>Zach\u00e9e Betche, 076 488 05 57, <a href=\"mailto:zachee.betche@eren.ch\">zachee.betche@eren.ch<\/a><br>Mich\u00e8le Scarnera, 032 724 39 21, <a href=\"mailto:scarnera@net2000.ch\">scarnera@net2000.ch<\/a><\/p>\n\n\n\n<p>&nbsp;<\/p>\n\n\n\n<p>&nbsp;<\/p>\n","protected":false},"excerpt":{"rendered":"<p>Eveil \u00e0 la foi Pour les enfants de 2 \u00e0 6 ans accompagn\u00e9.e de papa et\/ou maman au Centre paroissial aux Valangines. Les grands-parents, parrain, marraine, oncles, tantes, amis, peuvent aussi accompagner l\u2019enfant. Et bien s\u00fbr, les fr\u00e8res et s\u0153urs plus jeunes ou plus \u00e2g\u00e9s sont les bienvenus. Un programme pr\u00e9vu pour les enfants entre &hellip; <a href=\"https:\/\/www.eren.ch\/neuchatel\/enfance-et-jeunesse\/enfance\/\" class=\"more-link\">Continuer la lecture<span class=\"screen-reader-text\"> de &laquo;&nbsp;Enfance&nbsp;&raquo;<\/span><\/a><\/p>\n","protected":false},"author":31,"featured_media":0,"parent":24,"menu_order":10,"comment_status":"closed","ping_status":"closed","template":"","meta":{"footnotes":""},"class_list":["post-30","page","type-page","status-publish","hentry"],"yoast_head":"<!-- This site is optimized with the Yoast SEO Premium plugin v27.5 (Yoast SEO v27.5) - https:\/\/yoast.com\/product\/yoast-seo-premium-wordpress\/ -->\n<title>Enfance - Paroisse de Neuch\u00e2tel<\/title>\n<meta name=\"description\" content=\"Eveil \u00e0 la foi Pour les enfants de 2 \u00e0 6 ans accompagn\u00e9.e de papa et\/ou maman au Centre paroissial aux Valangines. Les grands-parents, parrain, marraine,\" \/>\n<meta name=\"robots\" content=\"index, follow, max-snippet:-1, max-image-preview:large, max-video-preview:-1\" \/>\n<link rel=\"canonical\" href=\"https:\/\/www.eren.ch\/neuchatel\/enfance-et-jeunesse\/enfance\/\" \/>\n<meta property=\"og:locale\" content=\"fr_FR\" \/>\n<meta property=\"og:type\" content=\"article\" \/>\n<meta property=\"og:title\" content=\"Enfance\" \/>\n<meta property=\"og:description\" content=\"Eveil \u00e0 la foi Pour les enfants de 2 \u00e0 6 ans accompagn\u00e9.e de papa et\/ou maman au Centre paroissial aux Valangines. Les grands-parents, parrain, marraine,\" \/>\n<meta property=\"og:url\" content=\"https:\/\/www.eren.ch\/neuchatel\/enfance-et-jeunesse\/enfance\/\" \/>\n<meta property=\"og:site_name\" content=\"Paroisse de Neuch\u00e2tel\" \/>\n<meta property=\"article:publisher\" content=\"https:\/\/www.facebook.com\/eglise.EREN\" \/>\n<meta property=\"article:modified_time\" content=\"2025-10-30T08:11:10+00:00\" \/>\n<meta name=\"twitter:card\" content=\"summary_large_image\" \/>\n<meta name=\"twitter:site\" content=\"@egliseeren\" \/>\n<meta name=\"twitter:label1\" content=\"Dur\u00e9e de lecture estim\u00e9e\" \/>\n\t<meta name=\"twitter:data1\" content=\"2 minutes\" \/>\n<script type=\"application\/ld+json\" class=\"yoast-schema-graph\">{\"@context\":\"https:\\\/\\\/schema.org\",\"@graph\":[{\"@type\":\"WebPage\",\"@id\":\"https:\\\/\\\/www.eren.ch\\\/neuchatel\\\/enfance-et-jeunesse\\\/enfance\\\/\",\"url\":\"https:\\\/\\\/www.eren.ch\\\/neuchatel\\\/enfance-et-jeunesse\\\/enfance\\\/\",\"name\":\"Enfance - Paroisse de Neuch\u00e2tel\",\"isPartOf\":{\"@id\":\"https:\\\/\\\/www.eren.ch\\\/neuchatel\\\/#website\"},\"datePublished\":\"2015-12-31T09:28:50+00:00\",\"dateModified\":\"2025-10-30T08:11:10+00:00\",\"description\":\"Eveil \u00e0 la foi Pour les enfants de 2 \u00e0 6 ans accompagn\u00e9.e de papa et\\\/ou maman au Centre paroissial aux Valangines. Les grands-parents, parrain, marraine,\",\"breadcrumb\":{\"@id\":\"https:\\\/\\\/www.eren.ch\\\/neuchatel\\\/enfance-et-jeunesse\\\/enfance\\\/#breadcrumb\"},\"inLanguage\":\"fr-FR\",\"potentialAction\":[{\"@type\":\"ReadAction\",\"target\":[\"https:\\\/\\\/www.eren.ch\\\/neuchatel\\\/enfance-et-jeunesse\\\/enfance\\\/\"]}]},{\"@type\":\"BreadcrumbList\",\"@id\":\"https:\\\/\\\/www.eren.ch\\\/neuchatel\\\/enfance-et-jeunesse\\\/enfance\\\/#breadcrumb\",\"itemListElement\":[{\"@type\":\"ListItem\",\"position\":1,\"name\":\"Accueil\",\"item\":\"https:\\\/\\\/www.eren.ch\\\/neuchatel\\\/\"},{\"@type\":\"ListItem\",\"position\":2,\"name\":\"Enfance et jeunesse\",\"item\":\"https:\\\/\\\/www.eren.ch\\\/neuchatel\\\/enfance-et-jeunesse\\\/\"},{\"@type\":\"ListItem\",\"position\":3,\"name\":\"Enfance\"}]},{\"@type\":\"WebSite\",\"@id\":\"https:\\\/\\\/www.eren.ch\\\/neuchatel\\\/#website\",\"url\":\"https:\\\/\\\/www.eren.ch\\\/neuchatel\\\/\",\"name\":\"Paroisse de Neuch\u00e2tel\",\"description\":\"La pr\u00e9sence protestante reconnue en ville de Neuch\u00e2tel\",\"publisher\":{\"@id\":\"https:\\\/\\\/www.eren.ch\\\/neuchatel\\\/#organization\"},\"potentialAction\":[{\"@type\":\"SearchAction\",\"target\":{\"@type\":\"EntryPoint\",\"urlTemplate\":\"https:\\\/\\\/www.eren.ch\\\/neuchatel\\\/?s={search_term_string}\"},\"query-input\":{\"@type\":\"PropertyValueSpecification\",\"valueRequired\":true,\"valueName\":\"search_term_string\"}}],\"inLanguage\":\"fr-FR\"},{\"@type\":\"Organization\",\"@id\":\"https:\\\/\\\/www.eren.ch\\\/neuchatel\\\/#organization\",\"name\":\"Paroisse de Neuch\u00e2tel\",\"url\":\"https:\\\/\\\/www.eren.ch\\\/neuchatel\\\/\",\"logo\":{\"@type\":\"ImageObject\",\"inLanguage\":\"fr-FR\",\"@id\":\"https:\\\/\\\/www.eren.ch\\\/neuchatel\\\/#\\\/schema\\\/logo\\\/image\\\/\",\"url\":\"https:\\\/\\\/www.eren.ch\\\/neuchatel\\\/wp-content\\\/uploads\\\/sites\\\/3\\\/2020\\\/12\\\/logo-neuchatel.png\",\"contentUrl\":\"https:\\\/\\\/www.eren.ch\\\/neuchatel\\\/wp-content\\\/uploads\\\/sites\\\/3\\\/2020\\\/12\\\/logo-neuchatel.png\",\"width\":240,\"height\":117,\"caption\":\"Paroisse de Neuch\u00e2tel\"},\"image\":{\"@id\":\"https:\\\/\\\/www.eren.ch\\\/neuchatel\\\/#\\\/schema\\\/logo\\\/image\\\/\"},\"sameAs\":[\"https:\\\/\\\/www.facebook.com\\\/eglise.EREN\",\"https:\\\/\\\/x.com\\\/egliseeren\",\"https:\\\/\\\/fr.wikipedia.org\\\/wiki\\\/glise_rforme_vanglique_du_canton_de_Neuchtel\"]}]}<\/script>\n<!-- \/ Yoast SEO Premium plugin. -->","yoast_head_json":{"title":"Enfance - Paroisse de Neuch\u00e2tel","description":"Eveil \u00e0 la foi Pour les enfants de 2 \u00e0 6 ans accompagn\u00e9.e de papa et\/ou maman au Centre paroissial aux Valangines. Les grands-parents, parrain, marraine,","robots":{"index":"index","follow":"follow","max-snippet":"max-snippet:-1","max-image-preview":"max-image-preview:large","max-video-preview":"max-video-preview:-1"},"canonical":"https:\/\/www.eren.ch\/neuchatel\/enfance-et-jeunesse\/enfance\/","og_locale":"fr_FR","og_type":"article","og_title":"Enfance","og_description":"Eveil \u00e0 la foi Pour les enfants de 2 \u00e0 6 ans accompagn\u00e9.e de papa et\/ou maman au Centre paroissial aux Valangines. Les grands-parents, parrain, marraine,","og_url":"https:\/\/www.eren.ch\/neuchatel\/enfance-et-jeunesse\/enfance\/","og_site_name":"Paroisse de Neuch\u00e2tel","article_publisher":"https:\/\/www.facebook.com\/eglise.EREN","article_modified_time":"2025-10-30T08:11:10+00:00","twitter_card":"summary_large_image","twitter_site":"@egliseeren","twitter_misc":{"Dur\u00e9e de lecture estim\u00e9e":"2 minutes"},"schema":{"@context":"https:\/\/schema.org","@graph":[{"@type":"WebPage","@id":"https:\/\/www.eren.ch\/neuchatel\/enfance-et-jeunesse\/enfance\/","url":"https:\/\/www.eren.ch\/neuchatel\/enfance-et-jeunesse\/enfance\/","name":"Enfance - Paroisse de Neuch\u00e2tel","isPartOf":{"@id":"https:\/\/www.eren.ch\/neuchatel\/#website"},"datePublished":"2015-12-31T09:28:50+00:00","dateModified":"2025-10-30T08:11:10+00:00","description":"Eveil \u00e0 la foi Pour les enfants de 2 \u00e0 6 ans accompagn\u00e9.e de papa et\/ou maman au Centre paroissial aux Valangines. Les grands-parents, parrain, marraine,","breadcrumb":{"@id":"https:\/\/www.eren.ch\/neuchatel\/enfance-et-jeunesse\/enfance\/#breadcrumb"},"inLanguage":"fr-FR","potentialAction":[{"@type":"ReadAction","target":["https:\/\/www.eren.ch\/neuchatel\/enfance-et-jeunesse\/enfance\/"]}]},{"@type":"BreadcrumbList","@id":"https:\/\/www.eren.ch\/neuchatel\/enfance-et-jeunesse\/enfance\/#breadcrumb","itemListElement":[{"@type":"ListItem","position":1,"name":"Accueil","item":"https:\/\/www.eren.ch\/neuchatel\/"},{"@type":"ListItem","position":2,"name":"Enfance et jeunesse","item":"https:\/\/www.eren.ch\/neuchatel\/enfance-et-jeunesse\/"},{"@type":"ListItem","position":3,"name":"Enfance"}]},{"@type":"WebSite","@id":"https:\/\/www.eren.ch\/neuchatel\/#website","url":"https:\/\/www.eren.ch\/neuchatel\/","name":"Paroisse de Neuch\u00e2tel","description":"La pr\u00e9sence protestante reconnue en ville de Neuch\u00e2tel","publisher":{"@id":"https:\/\/www.eren.ch\/neuchatel\/#organization"},"potentialAction":[{"@type":"SearchAction","target":{"@type":"EntryPoint","urlTemplate":"https:\/\/www.eren.ch\/neuchatel\/?s={search_term_string}"},"query-input":{"@type":"PropertyValueSpecification","valueRequired":true,"valueName":"search_term_string"}}],"inLanguage":"fr-FR"},{"@type":"Organization","@id":"https:\/\/www.eren.ch\/neuchatel\/#organization","name":"Paroisse de Neuch\u00e2tel","url":"https:\/\/www.eren.ch\/neuchatel\/","logo":{"@type":"ImageObject","inLanguage":"fr-FR","@id":"https:\/\/www.eren.ch\/neuchatel\/#\/schema\/logo\/image\/","url":"https:\/\/www.eren.ch\/neuchatel\/wp-content\/uploads\/sites\/3\/2020\/12\/logo-neuchatel.png","contentUrl":"https:\/\/www.eren.ch\/neuchatel\/wp-content\/uploads\/sites\/3\/2020\/12\/logo-neuchatel.png","width":240,"height":117,"caption":"Paroisse de Neuch\u00e2tel"},"image":{"@id":"https:\/\/www.eren.ch\/neuchatel\/#\/schema\/logo\/image\/"},"sameAs":["https:\/\/www.facebook.com\/eglise.EREN","https:\/\/x.com\/egliseeren","https:\/\/fr.wikipedia.org\/wiki\/glise_rforme_vanglique_du_canton_de_Neuchtel"]}]}},"_links":{"self":[{"href":"https:\/\/www.eren.ch\/neuchatel\/wp-json\/wp\/v2\/pages\/30","targetHints":{"allow":["GET"]}}],"collection":[{"href":"https:\/\/www.eren.ch\/neuchatel\/wp-json\/wp\/v2\/pages"}],"about":[{"href":"https:\/\/www.eren.ch\/neuchatel\/wp-json\/wp\/v2\/types\/page"}],"author":[{"embeddable":true,"href":"https:\/\/www.eren.ch\/neuchatel\/wp-json\/wp\/v2\/users\/31"}],"replies":[{"embeddable":true,"href":"https:\/\/www.eren.ch\/neuchatel\/wp-json\/wp\/v2\/comments?post=30"}],"version-history":[{"count":12,"href":"https:\/\/www.eren.ch\/neuchatel\/wp-json\/wp\/v2\/pages\/30\/revisions"}],"predecessor-version":[{"id":7495,"href":"https:\/\/www.eren.ch\/neuchatel\/wp-json\/wp\/v2\/pages\/30\/revisions\/7495"}],"up":[{"embeddable":true,"href":"https:\/\/www.eren.ch\/neuchatel\/wp-json\/wp\/v2\/pages\/24"}],"wp:attachment":[{"href":"https:\/\/www.eren.ch\/neuchatel\/wp-json\/wp\/v2\/media?parent=30"}],"curies":[{"name":"wp","href":"https:\/\/api.w.org\/{rel}","templated":true}]}}