{"id":312,"date":"2016-03-22T14:48:58","date_gmt":"2016-03-22T13:48:58","guid":{"rendered":"https:\/\/www.eren.ch\/neuchatel\/?page_id=312"},"modified":"2026-04-16T13:55:03","modified_gmt":"2026-04-16T11:55:03","slug":"bapteme","status":"publish","type":"page","link":"https:\/\/www.eren.ch\/neuchatel\/celebrations\/bapteme\/","title":{"rendered":"Bapt\u00eame"},"content":{"rendered":"<p><img decoding=\"async\" class=\"size-medium wp-image-7858 alignleft\" src=\"https:\/\/www.eren.ch\/neuchatel\/wp-content\/uploads\/sites\/3\/2026\/04\/Bapteme-300x200.jpg\" alt=\"\" width=\"300\" height=\"200\" srcset=\"https:\/\/www.eren.ch\/neuchatel\/wp-content\/uploads\/sites\/3\/2026\/04\/Bapteme-300x200.jpg 300w, https:\/\/www.eren.ch\/neuchatel\/wp-content\/uploads\/sites\/3\/2026\/04\/Bapteme-1024x681.jpg 1024w, https:\/\/www.eren.ch\/neuchatel\/wp-content\/uploads\/sites\/3\/2026\/04\/Bapteme-768x511.jpg 768w, https:\/\/www.eren.ch\/neuchatel\/wp-content\/uploads\/sites\/3\/2026\/04\/Bapteme-1536x1022.jpg 1536w, https:\/\/www.eren.ch\/neuchatel\/wp-content\/uploads\/sites\/3\/2026\/04\/Bapteme-1200x798.jpg 1200w, https:\/\/www.eren.ch\/neuchatel\/wp-content\/uploads\/sites\/3\/2026\/04\/Bapteme.jpg 1920w\" sizes=\"(max-width: 300px) 85vw, 300px\" \/><strong>Acte d\u2019entr\u00e9e dans la communaut\u00e9<\/strong>, signe visible de la gr\u00e2ce de Dieu, le bapt\u00eame peut \u00eatre demand\u00e9 par les parents pour leur <strong>enfant<\/strong> ou par un <strong>adulte<\/strong> pour lui-m\u00eame. En g\u00e9n\u00e9ral, le bapt\u00eame a lieu durant le culte, les engagements ont lieu devant la communaut\u00e9. Le pasteur de votre lieu de vie se tient \u00e0 l\u2019\u00e9coute de toutes vos questions personnelles et pratiques.<\/p>\n<p>&nbsp;<\/p>\n<p>N&rsquo;h\u00e9sitez pas \u00e0 prendre contact avec nous plus plus d&rsquo;informations :<a href=\"mailto:paroisse.ne@eren.ch\"> paroisse.ne@eren.ch<\/a><\/p>\n","protected":false},"excerpt":{"rendered":"<p>Acte d\u2019entr\u00e9e dans la communaut\u00e9, signe visible de la gr\u00e2ce de Dieu, le bapt\u00eame peut \u00eatre demand\u00e9 par les parents pour leur enfant ou par un adulte pour lui-m\u00eame. En g\u00e9n\u00e9ral, le bapt\u00eame a lieu durant le culte, les engagements ont lieu devant la communaut\u00e9. Le pasteur de votre lieu de vie se tient \u00e0 &hellip; <a href=\"https:\/\/www.eren.ch\/neuchatel\/celebrations\/bapteme\/\" class=\"more-link\">Continuer la lecture<span class=\"screen-reader-text\"> de &laquo;&nbsp;Bapt\u00eame&nbsp;&raquo;<\/span><\/a><\/p>\n","protected":false},"author":31,"featured_media":0,"parent":6075,"menu_order":10,"comment_status":"closed","ping_status":"closed","template":"","meta":{"footnotes":""},"class_list":["post-312","page","type-page","status-publish","hentry"],"yoast_head":"<!-- This site is optimized with the Yoast SEO Premium plugin v27.5 (Yoast SEO v27.5) - https:\/\/yoast.com\/product\/yoast-seo-premium-wordpress\/ -->\n<title>Bapt\u00eame - Paroisse de Neuch\u00e2tel<\/title>\n<meta name=\"description\" content=\"Acte d\u2019entr\u00e9e dans la communaut\u00e9, signe visible de la gr\u00e2ce de Dieu, le bapt\u00eame peut \u00eatre demand\u00e9 par les parents pour leur enfant ou par un adulte pour %\" \/>\n<meta name=\"robots\" content=\"index, follow, max-snippet:-1, max-image-preview:large, max-video-preview:-1\" \/>\n<link rel=\"canonical\" href=\"https:\/\/www.eren.ch\/neuchatel\/celebrations\/bapteme\/\" \/>\n<meta property=\"og:locale\" content=\"fr_FR\" \/>\n<meta property=\"og:type\" content=\"article\" \/>\n<meta property=\"og:title\" content=\"Bapt\u00eame\" \/>\n<meta property=\"og:description\" content=\"Acte d\u2019entr\u00e9e dans la communaut\u00e9, signe visible de la gr\u00e2ce de Dieu, le bapt\u00eame peut \u00eatre demand\u00e9 par les parents pour leur enfant ou par un adulte pour %\" \/>\n<meta property=\"og:url\" content=\"https:\/\/www.eren.ch\/neuchatel\/celebrations\/bapteme\/\" \/>\n<meta property=\"og:site_name\" content=\"Paroisse de Neuch\u00e2tel\" \/>\n<meta property=\"article:publisher\" content=\"https:\/\/www.facebook.com\/eglise.EREN\" \/>\n<meta property=\"article:modified_time\" content=\"2026-04-16T11:55:03+00:00\" \/>\n<meta property=\"og:image\" content=\"https:\/\/www.eren.ch\/neuchatel\/wp-content\/uploads\/sites\/3\/2026\/04\/Bapteme.jpg\" \/>\n\t<meta property=\"og:image:width\" content=\"1920\" \/>\n\t<meta property=\"og:image:height\" content=\"1277\" \/>\n\t<meta property=\"og:image:type\" content=\"image\/jpeg\" \/>\n<meta name=\"twitter:card\" content=\"summary_large_image\" \/>\n<meta name=\"twitter:site\" content=\"@egliseeren\" \/>\n<meta name=\"twitter:label1\" content=\"Dur\u00e9e de lecture estim\u00e9e\" \/>\n\t<meta name=\"twitter:data1\" content=\"1 minute\" \/>\n<script type=\"application\/ld+json\" class=\"yoast-schema-graph\">{\"@context\":\"https:\\\/\\\/schema.org\",\"@graph\":[{\"@type\":\"WebPage\",\"@id\":\"https:\\\/\\\/www.eren.ch\\\/neuchatel\\\/celebrations\\\/bapteme\\\/\",\"url\":\"https:\\\/\\\/www.eren.ch\\\/neuchatel\\\/celebrations\\\/bapteme\\\/\",\"name\":\"Bapt\u00eame - Paroisse de Neuch\u00e2tel\",\"isPartOf\":{\"@id\":\"https:\\\/\\\/www.eren.ch\\\/neuchatel\\\/#website\"},\"primaryImageOfPage\":{\"@id\":\"https:\\\/\\\/www.eren.ch\\\/neuchatel\\\/celebrations\\\/bapteme\\\/#primaryimage\"},\"image\":{\"@id\":\"https:\\\/\\\/www.eren.ch\\\/neuchatel\\\/celebrations\\\/bapteme\\\/#primaryimage\"},\"thumbnailUrl\":\"https:\\\/\\\/www.eren.ch\\\/neuchatel\\\/wp-content\\\/uploads\\\/sites\\\/3\\\/2026\\\/04\\\/Bapteme-300x200.jpg\",\"datePublished\":\"2016-03-22T13:48:58+00:00\",\"dateModified\":\"2026-04-16T11:55:03+00:00\",\"description\":\"Acte d\u2019entr\u00e9e dans la communaut\u00e9, signe visible de la gr\u00e2ce de Dieu, le bapt\u00eame peut \u00eatre demand\u00e9 par les parents pour leur enfant ou par un adulte pour %\",\"breadcrumb\":{\"@id\":\"https:\\\/\\\/www.eren.ch\\\/neuchatel\\\/celebrations\\\/bapteme\\\/#breadcrumb\"},\"inLanguage\":\"fr-FR\",\"potentialAction\":[{\"@type\":\"ReadAction\",\"target\":[\"https:\\\/\\\/www.eren.ch\\\/neuchatel\\\/celebrations\\\/bapteme\\\/\"]}]},{\"@type\":\"ImageObject\",\"inLanguage\":\"fr-FR\",\"@id\":\"https:\\\/\\\/www.eren.ch\\\/neuchatel\\\/celebrations\\\/bapteme\\\/#primaryimage\",\"url\":\"https:\\\/\\\/www.eren.ch\\\/neuchatel\\\/wp-content\\\/uploads\\\/sites\\\/3\\\/2026\\\/04\\\/Bapteme.jpg\",\"contentUrl\":\"https:\\\/\\\/www.eren.ch\\\/neuchatel\\\/wp-content\\\/uploads\\\/sites\\\/3\\\/2026\\\/04\\\/Bapteme.jpg\",\"width\":1920,\"height\":1277},{\"@type\":\"BreadcrumbList\",\"@id\":\"https:\\\/\\\/www.eren.ch\\\/neuchatel\\\/celebrations\\\/bapteme\\\/#breadcrumb\",\"itemListElement\":[{\"@type\":\"ListItem\",\"position\":1,\"name\":\"Accueil\",\"item\":\"https:\\\/\\\/www.eren.ch\\\/neuchatel\\\/\"},{\"@type\":\"ListItem\",\"position\":2,\"name\":\"C\u00e9l\u00e9brations\",\"item\":\"https:\\\/\\\/www.eren.ch\\\/neuchatel\\\/celebrations\\\/\"},{\"@type\":\"ListItem\",\"position\":3,\"name\":\"Bapt\u00eame\"}]},{\"@type\":\"WebSite\",\"@id\":\"https:\\\/\\\/www.eren.ch\\\/neuchatel\\\/#website\",\"url\":\"https:\\\/\\\/www.eren.ch\\\/neuchatel\\\/\",\"name\":\"Paroisse de Neuch\u00e2tel\",\"description\":\"La pr\u00e9sence protestante reconnue en ville de Neuch\u00e2tel\",\"publisher\":{\"@id\":\"https:\\\/\\\/www.eren.ch\\\/neuchatel\\\/#organization\"},\"potentialAction\":[{\"@type\":\"SearchAction\",\"target\":{\"@type\":\"EntryPoint\",\"urlTemplate\":\"https:\\\/\\\/www.eren.ch\\\/neuchatel\\\/?s={search_term_string}\"},\"query-input\":{\"@type\":\"PropertyValueSpecification\",\"valueRequired\":true,\"valueName\":\"search_term_string\"}}],\"inLanguage\":\"fr-FR\"},{\"@type\":\"Organization\",\"@id\":\"https:\\\/\\\/www.eren.ch\\\/neuchatel\\\/#organization\",\"name\":\"Paroisse de Neuch\u00e2tel\",\"url\":\"https:\\\/\\\/www.eren.ch\\\/neuchatel\\\/\",\"logo\":{\"@type\":\"ImageObject\",\"inLanguage\":\"fr-FR\",\"@id\":\"https:\\\/\\\/www.eren.ch\\\/neuchatel\\\/#\\\/schema\\\/logo\\\/image\\\/\",\"url\":\"https:\\\/\\\/www.eren.ch\\\/neuchatel\\\/wp-content\\\/uploads\\\/sites\\\/3\\\/2020\\\/12\\\/logo-neuchatel.png\",\"contentUrl\":\"https:\\\/\\\/www.eren.ch\\\/neuchatel\\\/wp-content\\\/uploads\\\/sites\\\/3\\\/2020\\\/12\\\/logo-neuchatel.png\",\"width\":240,\"height\":117,\"caption\":\"Paroisse de Neuch\u00e2tel\"},\"image\":{\"@id\":\"https:\\\/\\\/www.eren.ch\\\/neuchatel\\\/#\\\/schema\\\/logo\\\/image\\\/\"},\"sameAs\":[\"https:\\\/\\\/www.facebook.com\\\/eglise.EREN\",\"https:\\\/\\\/x.com\\\/egliseeren\",\"https:\\\/\\\/fr.wikipedia.org\\\/wiki\\\/glise_rforme_vanglique_du_canton_de_Neuchtel\"]}]}<\/script>\n<!-- \/ Yoast SEO Premium plugin. -->","yoast_head_json":{"title":"Bapt\u00eame - Paroisse de Neuch\u00e2tel","description":"Acte d\u2019entr\u00e9e dans la communaut\u00e9, signe visible de la gr\u00e2ce de Dieu, le bapt\u00eame peut \u00eatre demand\u00e9 par les parents pour leur enfant ou par un adulte pour %","robots":{"index":"index","follow":"follow","max-snippet":"max-snippet:-1","max-image-preview":"max-image-preview:large","max-video-preview":"max-video-preview:-1"},"canonical":"https:\/\/www.eren.ch\/neuchatel\/celebrations\/bapteme\/","og_locale":"fr_FR","og_type":"article","og_title":"Bapt\u00eame","og_description":"Acte d\u2019entr\u00e9e dans la communaut\u00e9, signe visible de la gr\u00e2ce de Dieu, le bapt\u00eame peut \u00eatre demand\u00e9 par les parents pour leur enfant ou par un adulte pour %","og_url":"https:\/\/www.eren.ch\/neuchatel\/celebrations\/bapteme\/","og_site_name":"Paroisse de Neuch\u00e2tel","article_publisher":"https:\/\/www.facebook.com\/eglise.EREN","article_modified_time":"2026-04-16T11:55:03+00:00","og_image":[{"width":1920,"height":1277,"url":"https:\/\/www.eren.ch\/neuchatel\/wp-content\/uploads\/sites\/3\/2026\/04\/Bapteme.jpg","type":"image\/jpeg"}],"twitter_card":"summary_large_image","twitter_site":"@egliseeren","twitter_misc":{"Dur\u00e9e de lecture estim\u00e9e":"1 minute"},"schema":{"@context":"https:\/\/schema.org","@graph":[{"@type":"WebPage","@id":"https:\/\/www.eren.ch\/neuchatel\/celebrations\/bapteme\/","url":"https:\/\/www.eren.ch\/neuchatel\/celebrations\/bapteme\/","name":"Bapt\u00eame - Paroisse de Neuch\u00e2tel","isPartOf":{"@id":"https:\/\/www.eren.ch\/neuchatel\/#website"},"primaryImageOfPage":{"@id":"https:\/\/www.eren.ch\/neuchatel\/celebrations\/bapteme\/#primaryimage"},"image":{"@id":"https:\/\/www.eren.ch\/neuchatel\/celebrations\/bapteme\/#primaryimage"},"thumbnailUrl":"https:\/\/www.eren.ch\/neuchatel\/wp-content\/uploads\/sites\/3\/2026\/04\/Bapteme-300x200.jpg","datePublished":"2016-03-22T13:48:58+00:00","dateModified":"2026-04-16T11:55:03+00:00","description":"Acte d\u2019entr\u00e9e dans la communaut\u00e9, signe visible de la gr\u00e2ce de Dieu, le bapt\u00eame peut \u00eatre demand\u00e9 par les parents pour leur enfant ou par un adulte pour %","breadcrumb":{"@id":"https:\/\/www.eren.ch\/neuchatel\/celebrations\/bapteme\/#breadcrumb"},"inLanguage":"fr-FR","potentialAction":[{"@type":"ReadAction","target":["https:\/\/www.eren.ch\/neuchatel\/celebrations\/bapteme\/"]}]},{"@type":"ImageObject","inLanguage":"fr-FR","@id":"https:\/\/www.eren.ch\/neuchatel\/celebrations\/bapteme\/#primaryimage","url":"https:\/\/www.eren.ch\/neuchatel\/wp-content\/uploads\/sites\/3\/2026\/04\/Bapteme.jpg","contentUrl":"https:\/\/www.eren.ch\/neuchatel\/wp-content\/uploads\/sites\/3\/2026\/04\/Bapteme.jpg","width":1920,"height":1277},{"@type":"BreadcrumbList","@id":"https:\/\/www.eren.ch\/neuchatel\/celebrations\/bapteme\/#breadcrumb","itemListElement":[{"@type":"ListItem","position":1,"name":"Accueil","item":"https:\/\/www.eren.ch\/neuchatel\/"},{"@type":"ListItem","position":2,"name":"C\u00e9l\u00e9brations","item":"https:\/\/www.eren.ch\/neuchatel\/celebrations\/"},{"@type":"ListItem","position":3,"name":"Bapt\u00eame"}]},{"@type":"WebSite","@id":"https:\/\/www.eren.ch\/neuchatel\/#website","url":"https:\/\/www.eren.ch\/neuchatel\/","name":"Paroisse de Neuch\u00e2tel","description":"La pr\u00e9sence protestante reconnue en ville de Neuch\u00e2tel","publisher":{"@id":"https:\/\/www.eren.ch\/neuchatel\/#organization"},"potentialAction":[{"@type":"SearchAction","target":{"@type":"EntryPoint","urlTemplate":"https:\/\/www.eren.ch\/neuchatel\/?s={search_term_string}"},"query-input":{"@type":"PropertyValueSpecification","valueRequired":true,"valueName":"search_term_string"}}],"inLanguage":"fr-FR"},{"@type":"Organization","@id":"https:\/\/www.eren.ch\/neuchatel\/#organization","name":"Paroisse de Neuch\u00e2tel","url":"https:\/\/www.eren.ch\/neuchatel\/","logo":{"@type":"ImageObject","inLanguage":"fr-FR","@id":"https:\/\/www.eren.ch\/neuchatel\/#\/schema\/logo\/image\/","url":"https:\/\/www.eren.ch\/neuchatel\/wp-content\/uploads\/sites\/3\/2020\/12\/logo-neuchatel.png","contentUrl":"https:\/\/www.eren.ch\/neuchatel\/wp-content\/uploads\/sites\/3\/2020\/12\/logo-neuchatel.png","width":240,"height":117,"caption":"Paroisse de Neuch\u00e2tel"},"image":{"@id":"https:\/\/www.eren.ch\/neuchatel\/#\/schema\/logo\/image\/"},"sameAs":["https:\/\/www.facebook.com\/eglise.EREN","https:\/\/x.com\/egliseeren","https:\/\/fr.wikipedia.org\/wiki\/glise_rforme_vanglique_du_canton_de_Neuchtel"]}]}},"_links":{"self":[{"href":"https:\/\/www.eren.ch\/neuchatel\/wp-json\/wp\/v2\/pages\/312","targetHints":{"allow":["GET"]}}],"collection":[{"href":"https:\/\/www.eren.ch\/neuchatel\/wp-json\/wp\/v2\/pages"}],"about":[{"href":"https:\/\/www.eren.ch\/neuchatel\/wp-json\/wp\/v2\/types\/page"}],"author":[{"embeddable":true,"href":"https:\/\/www.eren.ch\/neuchatel\/wp-json\/wp\/v2\/users\/31"}],"replies":[{"embeddable":true,"href":"https:\/\/www.eren.ch\/neuchatel\/wp-json\/wp\/v2\/comments?post=312"}],"version-history":[{"count":9,"href":"https:\/\/www.eren.ch\/neuchatel\/wp-json\/wp\/v2\/pages\/312\/revisions"}],"predecessor-version":[{"id":7866,"href":"https:\/\/www.eren.ch\/neuchatel\/wp-json\/wp\/v2\/pages\/312\/revisions\/7866"}],"up":[{"embeddable":true,"href":"https:\/\/www.eren.ch\/neuchatel\/wp-json\/wp\/v2\/pages\/6075"}],"wp:attachment":[{"href":"https:\/\/www.eren.ch\/neuchatel\/wp-json\/wp\/v2\/media?parent=312"}],"curies":[{"name":"wp","href":"https:\/\/api.w.org\/{rel}","templated":true}]}}