{"id":867,"date":"2016-04-02T14:32:51","date_gmt":"2016-04-02T12:32:51","guid":{"rendered":"https:\/\/www.eren.ch\/neuchatel\/?page_id=867"},"modified":"2026-02-18T11:11:05","modified_gmt":"2026-02-18T10:11:05","slug":"solidarite","status":"publish","type":"page","link":"https:\/\/www.eren.ch\/neuchatel\/solidarite\/","title":{"rendered":"Solidarit\u00e9"},"content":{"rendered":"\n<figure class=\"wp-block-image\"><img decoding=\"async\" width=\"1024\" height=\"428\" src=\"https:\/\/www.eren.ch\/neuchatel\/wp-content\/uploads\/sites\/3\/2016\/04\/laby_TN-1024x428.jpg\" alt=\"laby_TN\" class=\"wp-image-868\" srcset=\"https:\/\/www.eren.ch\/neuchatel\/wp-content\/uploads\/sites\/3\/2016\/04\/laby_TN-1024x428.jpg 1024w, https:\/\/www.eren.ch\/neuchatel\/wp-content\/uploads\/sites\/3\/2016\/04\/laby_TN-300x125.jpg 300w, https:\/\/www.eren.ch\/neuchatel\/wp-content\/uploads\/sites\/3\/2016\/04\/laby_TN-768x321.jpg 768w, https:\/\/www.eren.ch\/neuchatel\/wp-content\/uploads\/sites\/3\/2016\/04\/laby_TN-1200x502.jpg 1200w, https:\/\/www.eren.ch\/neuchatel\/wp-content\/uploads\/sites\/3\/2016\/04\/laby_TN.jpg 1500w\" sizes=\"(max-width: 709px) 85vw, (max-width: 909px) 67vw, (max-width: 1362px) 62vw, 840px\" \/><\/figure>\n\n\n\n<p><\/p>\n\n\n\n<blockquote class=\"wp-block-quote is-layout-flow wp-block-quote-is-layout-flow\">\n<p>Nous attendons selon sa promesse des cieux nouveaux et une terre nouvelle o\u00f9 la justice habite.<br>C\u2019est pourquoi, mes amis, dans cette attente, faites effort pour qu\u2019il vous trouve dans la paix, nets et irr\u00e9prochables. (Pierre, Deuxi\u00e8me \u00e9pitre, 3, 13-14)<\/p>\n<\/blockquote>\n\n\n\n<h2 class=\"wp-block-heading\" id=\"h-accueil-cafe-migrants\">Accueil Caf\u00e9 Migrants<\/h2>\n\n\n\n<p class=\"has-text-align-center has-yellow-background-color has-background has-medium-font-size\"><strong>L&rsquo;activit\u00e9 est suspendue jusqu&rsquo;\u00e0 nouvel avis.<\/strong><\/p>\n\n\n\n<h2 class=\"wp-block-heading\" id=\"h-terre-nouvelle\">Terre Nouvelle<\/h2>\n\n\n\n<p class=\"has-text-align-center\"><strong>Dans l&rsquo;attente d&rsquo;une Terre Nouvelle&#8230;<\/strong><\/p>\n\n\n\n<p class=\"has-text-align-center\"><strong>Nous voulons faire un effort !<\/strong><\/p>\n\n\n\n<p><strong>Mais&#8230;<\/strong> l\u2019aide humanitaire&nbsp;peut avoir&nbsp;des cons\u00e9quences n\u00e9gatives impr\u00e9vues, subir des pressions politiques, servir des int\u00e9r\u00eats \u00e9conomiques&#8230;&nbsp;En voulant faire le bien, nous pouvons faire le mal&#8230; <strong>Comment savoir o\u00f9 placer notre confiance et nos dons?<\/strong><\/p>\n\n\n\n<p>D\u00e9couvrez <a href=\"https:\/\/www.eren.ch\/neuchatel\/terre-nouvelle\/vision-terre-nouvelle\/\">la vision Terre Nouvelle <\/a>\u00e0 laquelle notre paroisse s&rsquo;associe.<\/p>\n\n\n\n<p>Participez au <a href=\"https:\/\/www.eren.ch\/neuchatel\/cultes\/cultes-terre-nouvelle\/\">cultes Terre Nouvelle<\/a>.<\/p>\n\n\n\n<p>Soutenez les campagnes de Car\u00eame et d&rsquo;automne.<\/p>\n\n\n\n<p class=\"has-text-align-center\"><em><strong>Notre cible paroissiale Terre Nouvelle annuelle se monte \u00e0 plus de 70&rsquo;000.-<\/strong><\/em><\/p>\n\n\n\n<p class=\"has-text-align-center\"><em><strong>Vos dons directs lors des cultes et des actions d&rsquo;entraide sont pr\u00e9cieux pour atteindre cet objectif&nbsp;<\/strong><\/em><\/p>\n\n\n\n<p><strong>Envie d&rsquo;en savoir plus ou de vous engager \u00e0 nos c\u00f4t\u00e9s?<\/strong><\/p>\n\n\n\n<p>Notre  <strong>contact de r\u00e9f\u00e9rence<\/strong> pour la paroisse de Neuch\u00e2tel<br>Yann Miaz,\u00a0 032 731 33 12, <a href=\"mailto:acymiaz@net2000.ch\">acymiaz@net2000.ch<\/a><\/p>\n","protected":false},"excerpt":{"rendered":"<p>Nous attendons selon sa promesse des cieux nouveaux et une terre nouvelle o\u00f9 la justice habite.C\u2019est pourquoi, mes amis, dans cette attente, faites effort pour qu\u2019il vous trouve dans la paix, nets et irr\u00e9prochables. (Pierre, Deuxi\u00e8me \u00e9pitre, 3, 13-14) Accueil Caf\u00e9 Migrants L&rsquo;activit\u00e9 est suspendue jusqu&rsquo;\u00e0 nouvel avis. Terre Nouvelle Dans l&rsquo;attente d&rsquo;une Terre Nouvelle&#8230; &hellip; <a href=\"https:\/\/www.eren.ch\/neuchatel\/solidarite\/\" class=\"more-link\">Continuer la lecture<span class=\"screen-reader-text\"> de &laquo;&nbsp;Solidarit\u00e9&nbsp;&raquo;<\/span><\/a><\/p>\n","protected":false},"author":31,"featured_media":0,"parent":0,"menu_order":70,"comment_status":"closed","ping_status":"closed","template":"","meta":{"footnotes":""},"class_list":["post-867","page","type-page","status-publish","hentry"],"yoast_head":"<!-- This site is optimized with the Yoast SEO Premium plugin v27.5 (Yoast SEO v27.5) - https:\/\/yoast.com\/product\/yoast-seo-premium-wordpress\/ -->\n<title>Solidarit\u00e9 - Paroisse de Neuch\u00e2tel<\/title>\n<meta name=\"description\" content=\"Nous attendons selon sa promesse des cieux nouveaux et une terre nouvelle o\u00f9 la justice habite.C\u2019est pourquoi, mes amis, dans cette attente, faites effort\" \/>\n<meta name=\"robots\" content=\"index, follow, max-snippet:-1, max-image-preview:large, max-video-preview:-1\" \/>\n<link rel=\"canonical\" href=\"https:\/\/www.eren.ch\/neuchatel\/solidarite\/\" \/>\n<meta property=\"og:locale\" content=\"fr_FR\" \/>\n<meta property=\"og:type\" content=\"article\" \/>\n<meta property=\"og:title\" content=\"Solidarit\u00e9\" \/>\n<meta property=\"og:description\" content=\"Nous attendons selon sa promesse des cieux nouveaux et une terre nouvelle o\u00f9 la justice habite.C\u2019est pourquoi, mes amis, dans cette attente, faites effort\" \/>\n<meta property=\"og:url\" content=\"https:\/\/www.eren.ch\/neuchatel\/solidarite\/\" \/>\n<meta property=\"og:site_name\" content=\"Paroisse de Neuch\u00e2tel\" \/>\n<meta property=\"article:publisher\" content=\"https:\/\/www.facebook.com\/eglise.EREN\" \/>\n<meta property=\"article:modified_time\" content=\"2026-02-18T10:11:05+00:00\" \/>\n<meta property=\"og:image\" content=\"https:\/\/www.eren.ch\/neuchatel\/wp-content\/uploads\/sites\/3\/2016\/04\/laby_TN.jpg\" \/>\n\t<meta property=\"og:image:width\" content=\"1500\" \/>\n\t<meta property=\"og:image:height\" content=\"627\" \/>\n\t<meta property=\"og:image:type\" content=\"image\/jpeg\" \/>\n<meta name=\"twitter:card\" content=\"summary_large_image\" \/>\n<meta name=\"twitter:site\" content=\"@egliseeren\" \/>\n<meta name=\"twitter:label1\" content=\"Dur\u00e9e de lecture estim\u00e9e\" \/>\n\t<meta name=\"twitter:data1\" content=\"1 minute\" \/>\n<script type=\"application\/ld+json\" class=\"yoast-schema-graph\">{\"@context\":\"https:\\\/\\\/schema.org\",\"@graph\":[{\"@type\":\"WebPage\",\"@id\":\"https:\\\/\\\/www.eren.ch\\\/neuchatel\\\/solidarite\\\/\",\"url\":\"https:\\\/\\\/www.eren.ch\\\/neuchatel\\\/solidarite\\\/\",\"name\":\"Solidarit\u00e9 - Paroisse de Neuch\u00e2tel\",\"isPartOf\":{\"@id\":\"https:\\\/\\\/www.eren.ch\\\/neuchatel\\\/#website\"},\"primaryImageOfPage\":{\"@id\":\"https:\\\/\\\/www.eren.ch\\\/neuchatel\\\/solidarite\\\/#primaryimage\"},\"image\":{\"@id\":\"https:\\\/\\\/www.eren.ch\\\/neuchatel\\\/solidarite\\\/#primaryimage\"},\"thumbnailUrl\":\"https:\\\/\\\/www.eren.ch\\\/neuchatel\\\/wp-content\\\/uploads\\\/sites\\\/3\\\/2016\\\/04\\\/laby_TN-1024x428.jpg\",\"datePublished\":\"2016-04-02T12:32:51+00:00\",\"dateModified\":\"2026-02-18T10:11:05+00:00\",\"description\":\"Nous attendons selon sa promesse des cieux nouveaux et une terre nouvelle o\u00f9 la justice habite.C\u2019est pourquoi, mes amis, dans cette attente, faites effort\",\"breadcrumb\":{\"@id\":\"https:\\\/\\\/www.eren.ch\\\/neuchatel\\\/solidarite\\\/#breadcrumb\"},\"inLanguage\":\"fr-FR\",\"potentialAction\":[{\"@type\":\"ReadAction\",\"target\":[\"https:\\\/\\\/www.eren.ch\\\/neuchatel\\\/solidarite\\\/\"]}]},{\"@type\":\"ImageObject\",\"inLanguage\":\"fr-FR\",\"@id\":\"https:\\\/\\\/www.eren.ch\\\/neuchatel\\\/solidarite\\\/#primaryimage\",\"url\":\"https:\\\/\\\/www.eren.ch\\\/neuchatel\\\/wp-content\\\/uploads\\\/sites\\\/3\\\/2016\\\/04\\\/laby_TN.jpg\",\"contentUrl\":\"https:\\\/\\\/www.eren.ch\\\/neuchatel\\\/wp-content\\\/uploads\\\/sites\\\/3\\\/2016\\\/04\\\/laby_TN.jpg\",\"width\":1500,\"height\":627},{\"@type\":\"BreadcrumbList\",\"@id\":\"https:\\\/\\\/www.eren.ch\\\/neuchatel\\\/solidarite\\\/#breadcrumb\",\"itemListElement\":[{\"@type\":\"ListItem\",\"position\":1,\"name\":\"Accueil\",\"item\":\"https:\\\/\\\/www.eren.ch\\\/neuchatel\\\/\"},{\"@type\":\"ListItem\",\"position\":2,\"name\":\"Solidarit\u00e9\"}]},{\"@type\":\"WebSite\",\"@id\":\"https:\\\/\\\/www.eren.ch\\\/neuchatel\\\/#website\",\"url\":\"https:\\\/\\\/www.eren.ch\\\/neuchatel\\\/\",\"name\":\"Paroisse de Neuch\u00e2tel\",\"description\":\"La pr\u00e9sence protestante reconnue en ville de Neuch\u00e2tel\",\"publisher\":{\"@id\":\"https:\\\/\\\/www.eren.ch\\\/neuchatel\\\/#organization\"},\"potentialAction\":[{\"@type\":\"SearchAction\",\"target\":{\"@type\":\"EntryPoint\",\"urlTemplate\":\"https:\\\/\\\/www.eren.ch\\\/neuchatel\\\/?s={search_term_string}\"},\"query-input\":{\"@type\":\"PropertyValueSpecification\",\"valueRequired\":true,\"valueName\":\"search_term_string\"}}],\"inLanguage\":\"fr-FR\"},{\"@type\":\"Organization\",\"@id\":\"https:\\\/\\\/www.eren.ch\\\/neuchatel\\\/#organization\",\"name\":\"Paroisse de Neuch\u00e2tel\",\"url\":\"https:\\\/\\\/www.eren.ch\\\/neuchatel\\\/\",\"logo\":{\"@type\":\"ImageObject\",\"inLanguage\":\"fr-FR\",\"@id\":\"https:\\\/\\\/www.eren.ch\\\/neuchatel\\\/#\\\/schema\\\/logo\\\/image\\\/\",\"url\":\"https:\\\/\\\/www.eren.ch\\\/neuchatel\\\/wp-content\\\/uploads\\\/sites\\\/3\\\/2020\\\/12\\\/logo-neuchatel.png\",\"contentUrl\":\"https:\\\/\\\/www.eren.ch\\\/neuchatel\\\/wp-content\\\/uploads\\\/sites\\\/3\\\/2020\\\/12\\\/logo-neuchatel.png\",\"width\":240,\"height\":117,\"caption\":\"Paroisse de Neuch\u00e2tel\"},\"image\":{\"@id\":\"https:\\\/\\\/www.eren.ch\\\/neuchatel\\\/#\\\/schema\\\/logo\\\/image\\\/\"},\"sameAs\":[\"https:\\\/\\\/www.facebook.com\\\/eglise.EREN\",\"https:\\\/\\\/x.com\\\/egliseeren\",\"https:\\\/\\\/fr.wikipedia.org\\\/wiki\\\/glise_rforme_vanglique_du_canton_de_Neuchtel\"]}]}<\/script>\n<!-- \/ Yoast SEO Premium plugin. -->","yoast_head_json":{"title":"Solidarit\u00e9 - Paroisse de Neuch\u00e2tel","description":"Nous attendons selon sa promesse des cieux nouveaux et une terre nouvelle o\u00f9 la justice habite.C\u2019est pourquoi, mes amis, dans cette attente, faites effort","robots":{"index":"index","follow":"follow","max-snippet":"max-snippet:-1","max-image-preview":"max-image-preview:large","max-video-preview":"max-video-preview:-1"},"canonical":"https:\/\/www.eren.ch\/neuchatel\/solidarite\/","og_locale":"fr_FR","og_type":"article","og_title":"Solidarit\u00e9","og_description":"Nous attendons selon sa promesse des cieux nouveaux et une terre nouvelle o\u00f9 la justice habite.C\u2019est pourquoi, mes amis, dans cette attente, faites effort","og_url":"https:\/\/www.eren.ch\/neuchatel\/solidarite\/","og_site_name":"Paroisse de Neuch\u00e2tel","article_publisher":"https:\/\/www.facebook.com\/eglise.EREN","article_modified_time":"2026-02-18T10:11:05+00:00","og_image":[{"width":1500,"height":627,"url":"https:\/\/www.eren.ch\/neuchatel\/wp-content\/uploads\/sites\/3\/2016\/04\/laby_TN.jpg","type":"image\/jpeg"}],"twitter_card":"summary_large_image","twitter_site":"@egliseeren","twitter_misc":{"Dur\u00e9e de lecture estim\u00e9e":"1 minute"},"schema":{"@context":"https:\/\/schema.org","@graph":[{"@type":"WebPage","@id":"https:\/\/www.eren.ch\/neuchatel\/solidarite\/","url":"https:\/\/www.eren.ch\/neuchatel\/solidarite\/","name":"Solidarit\u00e9 - Paroisse de Neuch\u00e2tel","isPartOf":{"@id":"https:\/\/www.eren.ch\/neuchatel\/#website"},"primaryImageOfPage":{"@id":"https:\/\/www.eren.ch\/neuchatel\/solidarite\/#primaryimage"},"image":{"@id":"https:\/\/www.eren.ch\/neuchatel\/solidarite\/#primaryimage"},"thumbnailUrl":"https:\/\/www.eren.ch\/neuchatel\/wp-content\/uploads\/sites\/3\/2016\/04\/laby_TN-1024x428.jpg","datePublished":"2016-04-02T12:32:51+00:00","dateModified":"2026-02-18T10:11:05+00:00","description":"Nous attendons selon sa promesse des cieux nouveaux et une terre nouvelle o\u00f9 la justice habite.C\u2019est pourquoi, mes amis, dans cette attente, faites effort","breadcrumb":{"@id":"https:\/\/www.eren.ch\/neuchatel\/solidarite\/#breadcrumb"},"inLanguage":"fr-FR","potentialAction":[{"@type":"ReadAction","target":["https:\/\/www.eren.ch\/neuchatel\/solidarite\/"]}]},{"@type":"ImageObject","inLanguage":"fr-FR","@id":"https:\/\/www.eren.ch\/neuchatel\/solidarite\/#primaryimage","url":"https:\/\/www.eren.ch\/neuchatel\/wp-content\/uploads\/sites\/3\/2016\/04\/laby_TN.jpg","contentUrl":"https:\/\/www.eren.ch\/neuchatel\/wp-content\/uploads\/sites\/3\/2016\/04\/laby_TN.jpg","width":1500,"height":627},{"@type":"BreadcrumbList","@id":"https:\/\/www.eren.ch\/neuchatel\/solidarite\/#breadcrumb","itemListElement":[{"@type":"ListItem","position":1,"name":"Accueil","item":"https:\/\/www.eren.ch\/neuchatel\/"},{"@type":"ListItem","position":2,"name":"Solidarit\u00e9"}]},{"@type":"WebSite","@id":"https:\/\/www.eren.ch\/neuchatel\/#website","url":"https:\/\/www.eren.ch\/neuchatel\/","name":"Paroisse de Neuch\u00e2tel","description":"La pr\u00e9sence protestante reconnue en ville de Neuch\u00e2tel","publisher":{"@id":"https:\/\/www.eren.ch\/neuchatel\/#organization"},"potentialAction":[{"@type":"SearchAction","target":{"@type":"EntryPoint","urlTemplate":"https:\/\/www.eren.ch\/neuchatel\/?s={search_term_string}"},"query-input":{"@type":"PropertyValueSpecification","valueRequired":true,"valueName":"search_term_string"}}],"inLanguage":"fr-FR"},{"@type":"Organization","@id":"https:\/\/www.eren.ch\/neuchatel\/#organization","name":"Paroisse de Neuch\u00e2tel","url":"https:\/\/www.eren.ch\/neuchatel\/","logo":{"@type":"ImageObject","inLanguage":"fr-FR","@id":"https:\/\/www.eren.ch\/neuchatel\/#\/schema\/logo\/image\/","url":"https:\/\/www.eren.ch\/neuchatel\/wp-content\/uploads\/sites\/3\/2020\/12\/logo-neuchatel.png","contentUrl":"https:\/\/www.eren.ch\/neuchatel\/wp-content\/uploads\/sites\/3\/2020\/12\/logo-neuchatel.png","width":240,"height":117,"caption":"Paroisse de Neuch\u00e2tel"},"image":{"@id":"https:\/\/www.eren.ch\/neuchatel\/#\/schema\/logo\/image\/"},"sameAs":["https:\/\/www.facebook.com\/eglise.EREN","https:\/\/x.com\/egliseeren","https:\/\/fr.wikipedia.org\/wiki\/glise_rforme_vanglique_du_canton_de_Neuchtel"]}]}},"_links":{"self":[{"href":"https:\/\/www.eren.ch\/neuchatel\/wp-json\/wp\/v2\/pages\/867","targetHints":{"allow":["GET"]}}],"collection":[{"href":"https:\/\/www.eren.ch\/neuchatel\/wp-json\/wp\/v2\/pages"}],"about":[{"href":"https:\/\/www.eren.ch\/neuchatel\/wp-json\/wp\/v2\/types\/page"}],"author":[{"embeddable":true,"href":"https:\/\/www.eren.ch\/neuchatel\/wp-json\/wp\/v2\/users\/31"}],"replies":[{"embeddable":true,"href":"https:\/\/www.eren.ch\/neuchatel\/wp-json\/wp\/v2\/comments?post=867"}],"version-history":[{"count":5,"href":"https:\/\/www.eren.ch\/neuchatel\/wp-json\/wp\/v2\/pages\/867\/revisions"}],"predecessor-version":[{"id":7674,"href":"https:\/\/www.eren.ch\/neuchatel\/wp-json\/wp\/v2\/pages\/867\/revisions\/7674"}],"wp:attachment":[{"href":"https:\/\/www.eren.ch\/neuchatel\/wp-json\/wp\/v2\/media?parent=867"}],"curies":[{"name":"wp","href":"https:\/\/api.w.org\/{rel}","templated":true}]}}