{"id":583,"date":"2017-08-15T16:57:00","date_gmt":"2017-08-15T14:57:00","guid":{"rendered":"https:\/\/www.eren.ch\/ref-500\/?page_id=583"},"modified":"2017-08-15T16:57:47","modified_gmt":"2017-08-15T14:57:47","slug":"video-de-presentation","status":"publish","type":"page","link":"https:\/\/www.eren.ch\/ref-500\/video-de-presentation\/","title":{"rendered":"Vid\u00e9o de pr\u00e9sentation"},"content":{"rendered":"<div style=\"width: 840px;\" class=\"wp-video\"><video class=\"wp-video-shortcode\" id=\"video-583-1\" width=\"840\" height=\"473\" preload=\"metadata\" controls=\"controls\"><source type=\"video\/mp4\" src=\"https:\/\/www.eren.ch\/ref-500\/wp-content\/uploads\/sites\/6\/2017\/05\/La-r\u00e9forme-\u00e0-Neuch\u00e2tel-MASTER-h.264_1080p.mp4?_=1\" \/><a href=\"https:\/\/www.eren.ch\/ref-500\/wp-content\/uploads\/sites\/6\/2017\/05\/La-r\u00e9forme-\u00e0-Neuch\u00e2tel-MASTER-h.264_1080p.mp4\">https:\/\/www.eren.ch\/ref-500\/wp-content\/uploads\/sites\/6\/2017\/05\/La-r\u00e9forme-\u00e0-Neuch\u00e2tel-MASTER-h.264_1080p.mp4<\/a><\/video><\/div>\n<p>Un film propos\u00e9 par l&rsquo;EREN, en collaboration avec la Ville de Neuch\u00e2tel.<\/p>\n","protected":false},"excerpt":{"rendered":"<p>Un film propos\u00e9 par l&rsquo;EREN, en collaboration avec la Ville de Neuch\u00e2tel.<\/p>\n","protected":false},"author":1,"featured_media":0,"parent":0,"menu_order":0,"comment_status":"closed","ping_status":"closed","template":"","meta":{"footnotes":""},"class_list":["post-583","page","type-page","status-publish","hentry"],"yoast_head":"<!-- This site is optimized with the Yoast SEO Premium plugin v27.5 (Yoast SEO v27.5) - https:\/\/yoast.com\/product\/yoast-seo-premium-wordpress\/ -->\n<title>Vid\u00e9o de pr\u00e9sentation - Jubil\u00e9 de la R\u00e9forme dans le canton de Neuch\u00e2tel<\/title>\n<meta name=\"description\" content=\"Un film propos\u00e9 par l&#039;EREN, en collaboration avec la Ville de Neuch\u00e2tel.\" \/>\n<meta name=\"robots\" content=\"index, follow, max-snippet:-1, max-image-preview:large, max-video-preview:-1\" \/>\n<link rel=\"canonical\" href=\"https:\/\/www.eren.ch\/ref-500\/video-de-presentation\/\" \/>\n<meta property=\"og:locale\" content=\"fr_FR\" \/>\n<meta property=\"og:type\" content=\"article\" \/>\n<meta property=\"og:title\" content=\"Vid\u00e9o de pr\u00e9sentation\" \/>\n<meta property=\"og:description\" content=\"Un film propos\u00e9 par l&#039;EREN, en collaboration avec la Ville de Neuch\u00e2tel.\" \/>\n<meta property=\"og:url\" content=\"https:\/\/www.eren.ch\/ref-500\/video-de-presentation\/\" \/>\n<meta property=\"og:site_name\" content=\"Jubil\u00e9 de la R\u00e9forme dans le canton de Neuch\u00e2tel\" \/>\n<meta property=\"article:publisher\" content=\"https:\/\/www.facebook.com\/eglise.EREN\/\" \/>\n<meta property=\"article:modified_time\" content=\"2017-08-15T14:57:47+00:00\" \/>\n<meta property=\"og:image\" content=\"https:\/\/www.eren.ch\/ref-500\/wp-content\/uploads\/sites\/6\/2016\/06\/luther.jpg\" \/>\n\t<meta property=\"og:image:width\" content=\"1428\" \/>\n\t<meta property=\"og:image:height\" content=\"806\" \/>\n\t<meta property=\"og:image:type\" content=\"image\/jpeg\" \/>\n<meta name=\"twitter:card\" content=\"summary_large_image\" \/>\n<meta name=\"twitter:site\" content=\"@egliseEREN\" \/>\n<script type=\"application\/ld+json\" class=\"yoast-schema-graph\">{\"@context\":\"https:\\\/\\\/schema.org\",\"@graph\":[{\"@type\":\"WebPage\",\"@id\":\"https:\\\/\\\/www.eren.ch\\\/ref-500\\\/video-de-presentation\\\/\",\"url\":\"https:\\\/\\\/www.eren.ch\\\/ref-500\\\/video-de-presentation\\\/\",\"name\":\"Vid\u00e9o de pr\u00e9sentation - Jubil\u00e9 de la R\u00e9forme dans le canton de Neuch\u00e2tel\",\"isPartOf\":{\"@id\":\"https:\\\/\\\/www.eren.ch\\\/ref-500\\\/#website\"},\"datePublished\":\"2017-08-15T14:57:00+00:00\",\"dateModified\":\"2017-08-15T14:57:47+00:00\",\"description\":\"Un film propos\u00e9 par l'EREN, en collaboration avec la Ville de Neuch\u00e2tel.\",\"breadcrumb\":{\"@id\":\"https:\\\/\\\/www.eren.ch\\\/ref-500\\\/video-de-presentation\\\/#breadcrumb\"},\"inLanguage\":\"fr-FR\",\"potentialAction\":[{\"@type\":\"ReadAction\",\"target\":[\"https:\\\/\\\/www.eren.ch\\\/ref-500\\\/video-de-presentation\\\/\"]}]},{\"@type\":\"BreadcrumbList\",\"@id\":\"https:\\\/\\\/www.eren.ch\\\/ref-500\\\/video-de-presentation\\\/#breadcrumb\",\"itemListElement\":[{\"@type\":\"ListItem\",\"position\":1,\"name\":\"Accueil\",\"item\":\"https:\\\/\\\/www.eren.ch\\\/ref-500\\\/\"},{\"@type\":\"ListItem\",\"position\":2,\"name\":\"Vid\u00e9o de pr\u00e9sentation\"}]},{\"@type\":\"WebSite\",\"@id\":\"https:\\\/\\\/www.eren.ch\\\/ref-500\\\/#website\",\"url\":\"https:\\\/\\\/www.eren.ch\\\/ref-500\\\/\",\"name\":\"Jubil\u00e9 de la R\u00e9forme dans le canton de Neuch\u00e2tel\",\"description\":\"500 ans de la R\u00e9forme en 2017\",\"potentialAction\":[{\"@type\":\"SearchAction\",\"target\":{\"@type\":\"EntryPoint\",\"urlTemplate\":\"https:\\\/\\\/www.eren.ch\\\/ref-500\\\/?s={search_term_string}\"},\"query-input\":{\"@type\":\"PropertyValueSpecification\",\"valueRequired\":true,\"valueName\":\"search_term_string\"}}],\"inLanguage\":\"fr-FR\"}]}<\/script>\n<!-- \/ Yoast SEO Premium plugin. -->","yoast_head_json":{"title":"Vid\u00e9o de pr\u00e9sentation - Jubil\u00e9 de la R\u00e9forme dans le canton de Neuch\u00e2tel","description":"Un film propos\u00e9 par l'EREN, en collaboration avec la Ville de Neuch\u00e2tel.","robots":{"index":"index","follow":"follow","max-snippet":"max-snippet:-1","max-image-preview":"max-image-preview:large","max-video-preview":"max-video-preview:-1"},"canonical":"https:\/\/www.eren.ch\/ref-500\/video-de-presentation\/","og_locale":"fr_FR","og_type":"article","og_title":"Vid\u00e9o de pr\u00e9sentation","og_description":"Un film propos\u00e9 par l'EREN, en collaboration avec la Ville de Neuch\u00e2tel.","og_url":"https:\/\/www.eren.ch\/ref-500\/video-de-presentation\/","og_site_name":"Jubil\u00e9 de la R\u00e9forme dans le canton de Neuch\u00e2tel","article_publisher":"https:\/\/www.facebook.com\/eglise.EREN\/","article_modified_time":"2017-08-15T14:57:47+00:00","og_image":[{"width":1428,"height":806,"url":"https:\/\/www.eren.ch\/ref-500\/wp-content\/uploads\/sites\/6\/2016\/06\/luther.jpg","type":"image\/jpeg"}],"twitter_card":"summary_large_image","twitter_site":"@egliseEREN","schema":{"@context":"https:\/\/schema.org","@graph":[{"@type":"WebPage","@id":"https:\/\/www.eren.ch\/ref-500\/video-de-presentation\/","url":"https:\/\/www.eren.ch\/ref-500\/video-de-presentation\/","name":"Vid\u00e9o de pr\u00e9sentation - Jubil\u00e9 de la R\u00e9forme dans le canton de Neuch\u00e2tel","isPartOf":{"@id":"https:\/\/www.eren.ch\/ref-500\/#website"},"datePublished":"2017-08-15T14:57:00+00:00","dateModified":"2017-08-15T14:57:47+00:00","description":"Un film propos\u00e9 par l'EREN, en collaboration avec la Ville de Neuch\u00e2tel.","breadcrumb":{"@id":"https:\/\/www.eren.ch\/ref-500\/video-de-presentation\/#breadcrumb"},"inLanguage":"fr-FR","potentialAction":[{"@type":"ReadAction","target":["https:\/\/www.eren.ch\/ref-500\/video-de-presentation\/"]}]},{"@type":"BreadcrumbList","@id":"https:\/\/www.eren.ch\/ref-500\/video-de-presentation\/#breadcrumb","itemListElement":[{"@type":"ListItem","position":1,"name":"Accueil","item":"https:\/\/www.eren.ch\/ref-500\/"},{"@type":"ListItem","position":2,"name":"Vid\u00e9o de pr\u00e9sentation"}]},{"@type":"WebSite","@id":"https:\/\/www.eren.ch\/ref-500\/#website","url":"https:\/\/www.eren.ch\/ref-500\/","name":"Jubil\u00e9 de la R\u00e9forme dans le canton de Neuch\u00e2tel","description":"500 ans de la R\u00e9forme en 2017","potentialAction":[{"@type":"SearchAction","target":{"@type":"EntryPoint","urlTemplate":"https:\/\/www.eren.ch\/ref-500\/?s={search_term_string}"},"query-input":{"@type":"PropertyValueSpecification","valueRequired":true,"valueName":"search_term_string"}}],"inLanguage":"fr-FR"}]}},"_links":{"self":[{"href":"https:\/\/www.eren.ch\/ref-500\/wp-json\/wp\/v2\/pages\/583","targetHints":{"allow":["GET"]}}],"collection":[{"href":"https:\/\/www.eren.ch\/ref-500\/wp-json\/wp\/v2\/pages"}],"about":[{"href":"https:\/\/www.eren.ch\/ref-500\/wp-json\/wp\/v2\/types\/page"}],"author":[{"embeddable":true,"href":"https:\/\/www.eren.ch\/ref-500\/wp-json\/wp\/v2\/users\/1"}],"replies":[{"embeddable":true,"href":"https:\/\/www.eren.ch\/ref-500\/wp-json\/wp\/v2\/comments?post=583"}],"version-history":[{"count":3,"href":"https:\/\/www.eren.ch\/ref-500\/wp-json\/wp\/v2\/pages\/583\/revisions"}],"predecessor-version":[{"id":587,"href":"https:\/\/www.eren.ch\/ref-500\/wp-json\/wp\/v2\/pages\/583\/revisions\/587"}],"wp:attachment":[{"href":"https:\/\/www.eren.ch\/ref-500\/wp-json\/wp\/v2\/media?parent=583"}],"curies":[{"name":"wp","href":"https:\/\/api.w.org\/{rel}","templated":true}]}}