{"id":16,"date":"2025-06-16T16:54:45","date_gmt":"2025-06-16T14:54:45","guid":{"rendered":"https:\/\/www.eren.ch\/siaj\/?page_id=16"},"modified":"2025-11-18T09:58:41","modified_gmt":"2025-11-18T08:58:41","slug":"contacts","status":"publish","type":"page","link":"https:\/\/www.eren.ch\/siaj\/contacts\/","title":{"rendered":"Contacts"},"content":{"rendered":"\n<p><strong>Une structure au service des jeunes<\/strong><\/p>\n\n\n\n<p>Le Service interparoissial de la Jeunesse, par son nom, d\u00e9passe les seules fronti\u00e8res paroissiales. Il intervient \u00e0 l\u2019\u00e9chelle du canton de Neuch\u00e2tel. Il est organis\u00e9 en <strong>quatre secteurs g\u00e9ographiques<\/strong>. Chacun d\u2019eux compte un ou deux ministres. Vous pouvez contacter directement une personne responsable de votre secteur.<\/p>\n\n\n\n<figure class=\"wp-block-image size-large\"><a href=\"https:\/\/www.eren.ch\/siaj\/wp-content\/uploads\/sites\/26\/2025\/08\/siaj.jpg\"><img loading=\"lazy\" decoding=\"async\" width=\"1024\" height=\"683\" src=\"https:\/\/www.eren.ch\/siaj\/wp-content\/uploads\/sites\/26\/2025\/08\/siaj-1024x683.jpg\" alt=\"\u00c9quipe du SIAJ\" class=\"wp-image-59\" srcset=\"https:\/\/www.eren.ch\/siaj\/wp-content\/uploads\/sites\/26\/2025\/08\/siaj-1024x683.jpg 1024w, https:\/\/www.eren.ch\/siaj\/wp-content\/uploads\/sites\/26\/2025\/08\/siaj-300x200.jpg 300w, https:\/\/www.eren.ch\/siaj\/wp-content\/uploads\/sites\/26\/2025\/08\/siaj-768x512.jpg 768w, https:\/\/www.eren.ch\/siaj\/wp-content\/uploads\/sites\/26\/2025\/08\/siaj-1536x1024.jpg 1536w, https:\/\/www.eren.ch\/siaj\/wp-content\/uploads\/sites\/26\/2025\/08\/siaj-1200x800.jpg 1200w, https:\/\/www.eren.ch\/siaj\/wp-content\/uploads\/sites\/26\/2025\/08\/siaj.jpg 1920w\" sizes=\"auto, (max-width: 709px) 85vw, (max-width: 909px) 67vw, (max-width: 1362px) 62vw, 840px\" \/><\/a><figcaption class=\"wp-element-caption\">Debout: Quentin Beck, Esther Berger, Jean-Marc Leresche &amp; Fr\u00e9do Siegenthaler.<br>Assis: Constantin Bacha &amp; Micha Weiss.<\/figcaption><\/figure>\n\n\n\n<h2 class=\"wp-block-heading\" id=\"h-la-barc-le-joran-amp-val-de-travers\">La BARC, Le Joran &amp; Val-de-Travers<\/h2>\n\n\n\n<div class=\"wp-block-media-text is-stacked-on-mobile\" style=\"grid-template-columns:33% auto\"><figure class=\"wp-block-media-text__media\"><img loading=\"lazy\" decoding=\"async\" width=\"1000\" height=\"1000\" src=\"https:\/\/www.eren.ch\/siaj\/wp-content\/uploads\/sites\/26\/2025\/09\/leresche-jean-marc-c.jpg\" alt=\"Jean-Marc Leresche\" class=\"wp-image-113 size-full\" srcset=\"https:\/\/www.eren.ch\/siaj\/wp-content\/uploads\/sites\/26\/2025\/09\/leresche-jean-marc-c.jpg 1000w, https:\/\/www.eren.ch\/siaj\/wp-content\/uploads\/sites\/26\/2025\/09\/leresche-jean-marc-c-300x300.jpg 300w, https:\/\/www.eren.ch\/siaj\/wp-content\/uploads\/sites\/26\/2025\/09\/leresche-jean-marc-c-150x150.jpg 150w, https:\/\/www.eren.ch\/siaj\/wp-content\/uploads\/sites\/26\/2025\/09\/leresche-jean-marc-c-768x768.jpg 768w\" sizes=\"auto, (max-width: 709px) 85vw, (max-width: 909px) 67vw, (max-width: 1362px) 62vw, 840px\" \/><\/figure><div class=\"wp-block-media-text__content\">\n<p><strong>Jean-Marc Leresche<\/strong><br>diacre<br>+41 79 655 73 09<br><a href=\"mailto:jean-marc.leresche@eren.ch\">jean-marc.leresche@eren.ch<\/a><\/p>\n<\/div><\/div>\n\n\n\n<div class=\"wp-block-media-text is-stacked-on-mobile\" style=\"grid-template-columns:33% auto\"><figure class=\"wp-block-media-text__media\"><img loading=\"lazy\" decoding=\"async\" width=\"1000\" height=\"1000\" src=\"https:\/\/www.eren.ch\/siaj\/wp-content\/uploads\/sites\/26\/2025\/09\/weiss-micha-c.jpg\" alt=\"Micha Weiss\" class=\"wp-image-117 size-full\" srcset=\"https:\/\/www.eren.ch\/siaj\/wp-content\/uploads\/sites\/26\/2025\/09\/weiss-micha-c.jpg 1000w, https:\/\/www.eren.ch\/siaj\/wp-content\/uploads\/sites\/26\/2025\/09\/weiss-micha-c-300x300.jpg 300w, https:\/\/www.eren.ch\/siaj\/wp-content\/uploads\/sites\/26\/2025\/09\/weiss-micha-c-150x150.jpg 150w, https:\/\/www.eren.ch\/siaj\/wp-content\/uploads\/sites\/26\/2025\/09\/weiss-micha-c-768x768.jpg 768w\" sizes=\"auto, (max-width: 709px) 85vw, (max-width: 909px) 67vw, (max-width: 1362px) 62vw, 840px\" \/><\/figure><div class=\"wp-block-media-text__content\">\n<p><strong>Micha Weiss<\/strong><br>pasteur<strong><br><\/strong>+41 78 639 04 97<br><a href=\"mailto:micha.weiss@eren.ch\">micha.weiss@eren.ch<\/a><\/p>\n<\/div><\/div>\n\n\n\n<h2 class=\"wp-block-heading\" id=\"h-la-chaux-de-fonds-amp-les-hautes-joux\">La Chaux-de-Fonds &amp; Les Hautes Joux<\/h2>\n\n\n\n<div class=\"wp-block-media-text is-stacked-on-mobile\" style=\"grid-template-columns:33% auto\"><figure class=\"wp-block-media-text__media\"><img loading=\"lazy\" decoding=\"async\" width=\"1000\" height=\"1000\" src=\"https:\/\/www.eren.ch\/siaj\/wp-content\/uploads\/sites\/26\/2025\/09\/beck-quentin-c.jpg\" alt=\"Quentin Beck\" class=\"wp-image-109 size-full\" srcset=\"https:\/\/www.eren.ch\/siaj\/wp-content\/uploads\/sites\/26\/2025\/09\/beck-quentin-c.jpg 1000w, https:\/\/www.eren.ch\/siaj\/wp-content\/uploads\/sites\/26\/2025\/09\/beck-quentin-c-300x300.jpg 300w, https:\/\/www.eren.ch\/siaj\/wp-content\/uploads\/sites\/26\/2025\/09\/beck-quentin-c-150x150.jpg 150w, https:\/\/www.eren.ch\/siaj\/wp-content\/uploads\/sites\/26\/2025\/09\/beck-quentin-c-768x768.jpg 768w\" sizes=\"auto, (max-width: 709px) 85vw, (max-width: 909px) 67vw, (max-width: 1362px) 62vw, 840px\" \/><\/figure><div class=\"wp-block-media-text__content\">\n<p><strong>Quentin Beck<\/strong><br>pasteur<strong><br><\/strong>+41 78 334 40 51<br><a href=\"mailto:quentin.beck@eren.ch\">quentin.beck@eren.ch<\/a><\/p>\n<\/div><\/div>\n\n\n\n<h2 class=\"wp-block-heading\" id=\"h-la-cote-neuchatel-amp-val-de-ruz\">La C\u00f4te, Neuch\u00e2tel &amp; Val-de-Ruz<\/h2>\n\n\n\n<div class=\"wp-block-media-text is-stacked-on-mobile\" style=\"grid-template-columns:33% auto\"><figure class=\"wp-block-media-text__media\"><img loading=\"lazy\" decoding=\"async\" width=\"1000\" height=\"1000\" src=\"https:\/\/www.eren.ch\/siaj\/wp-content\/uploads\/sites\/26\/2025\/09\/bacha-constantin-c.jpg\" alt=\"Constantin Bacha\" class=\"wp-image-107 size-full\" srcset=\"https:\/\/www.eren.ch\/siaj\/wp-content\/uploads\/sites\/26\/2025\/09\/bacha-constantin-c.jpg 1000w, https:\/\/www.eren.ch\/siaj\/wp-content\/uploads\/sites\/26\/2025\/09\/bacha-constantin-c-300x300.jpg 300w, https:\/\/www.eren.ch\/siaj\/wp-content\/uploads\/sites\/26\/2025\/09\/bacha-constantin-c-150x150.jpg 150w, https:\/\/www.eren.ch\/siaj\/wp-content\/uploads\/sites\/26\/2025\/09\/bacha-constantin-c-768x768.jpg 768w\" sizes=\"auto, (max-width: 709px) 85vw, (max-width: 909px) 67vw, (max-width: 1362px) 62vw, 840px\" \/><\/figure><div class=\"wp-block-media-text__content\">\n<p><strong>Constantin Bacha<\/strong><br>pasteur<br>+41 79 707 47 77<br><a href=\"mailto:constantin.bacha@eren.ch\">constantin.bacha@eren.ch<\/a><\/p>\n<\/div><\/div>\n\n\n\n<div class=\"wp-block-media-text is-stacked-on-mobile\" style=\"grid-template-columns:33% auto\"><figure class=\"wp-block-media-text__media\"><img loading=\"lazy\" decoding=\"async\" width=\"1000\" height=\"1000\" src=\"https:\/\/www.eren.ch\/siaj\/wp-content\/uploads\/sites\/26\/2025\/09\/berger-esther-c.jpg\" alt=\"Esther Berger\" class=\"wp-image-111 size-full\" srcset=\"https:\/\/www.eren.ch\/siaj\/wp-content\/uploads\/sites\/26\/2025\/09\/berger-esther-c.jpg 1000w, https:\/\/www.eren.ch\/siaj\/wp-content\/uploads\/sites\/26\/2025\/09\/berger-esther-c-300x300.jpg 300w, https:\/\/www.eren.ch\/siaj\/wp-content\/uploads\/sites\/26\/2025\/09\/berger-esther-c-150x150.jpg 150w, https:\/\/www.eren.ch\/siaj\/wp-content\/uploads\/sites\/26\/2025\/09\/berger-esther-c-768x768.jpg 768w\" sizes=\"auto, (max-width: 709px) 85vw, (max-width: 909px) 67vw, (max-width: 1362px) 62vw, 840px\" \/><\/figure><div class=\"wp-block-media-text__content\">\n<p><strong>Esther Berger<\/strong><br>pasteure<br>+41 79 659 25 60<br><a href=\"mailto:esther.berger@eren.ch\">esther.berger@eren.ch<\/a><\/p>\n<\/div><\/div>\n\n\n\n<h2 class=\"wp-block-heading\" id=\"h-l-entre-deux-lacs\">L&rsquo;Entre-deux-Lacs<\/h2>\n\n\n\n<div class=\"wp-block-media-text is-stacked-on-mobile\" style=\"grid-template-columns:33% auto\"><figure class=\"wp-block-media-text__media\"><img loading=\"lazy\" decoding=\"async\" width=\"1000\" height=\"1000\" src=\"https:\/\/www.eren.ch\/siaj\/wp-content\/uploads\/sites\/26\/2025\/09\/siegenthaler-fredo-c.jpg\" alt=\"Fr\u00e9do Siegenthaler\" class=\"wp-image-115 size-full\" srcset=\"https:\/\/www.eren.ch\/siaj\/wp-content\/uploads\/sites\/26\/2025\/09\/siegenthaler-fredo-c.jpg 1000w, https:\/\/www.eren.ch\/siaj\/wp-content\/uploads\/sites\/26\/2025\/09\/siegenthaler-fredo-c-300x300.jpg 300w, https:\/\/www.eren.ch\/siaj\/wp-content\/uploads\/sites\/26\/2025\/09\/siegenthaler-fredo-c-150x150.jpg 150w, https:\/\/www.eren.ch\/siaj\/wp-content\/uploads\/sites\/26\/2025\/09\/siegenthaler-fredo-c-768x768.jpg 768w\" sizes=\"auto, (max-width: 709px) 85vw, (max-width: 909px) 67vw, (max-width: 1362px) 62vw, 840px\" \/><\/figure><div class=\"wp-block-media-text__content\">\n<p><strong>Fr\u00e9d\u00e9ric \u00abFr\u00e9do\u00bb Siegenthaler<\/strong><br>pasteur<br>+41 79 733 74 78<br><a href=\"mailto:frederic.siegenthaler@eren.ch\">frederic.siegenthaler@eren.ch<\/a><\/p>\n<\/div><\/div>\n\n\n\n<p><\/p>\n","protected":false},"excerpt":{"rendered":"<p>Une structure au service des jeunes Le Service interparoissial de la Jeunesse, par son nom, d\u00e9passe les seules fronti\u00e8res paroissiales. Il intervient \u00e0 l\u2019\u00e9chelle du canton de Neuch\u00e2tel. Il est organis\u00e9 en quatre secteurs g\u00e9ographiques. Chacun d\u2019eux compte un ou deux ministres. Vous pouvez contacter directement une personne responsable de votre secteur. La BARC, Le &hellip; <a href=\"https:\/\/www.eren.ch\/siaj\/contacts\/\" class=\"more-link\">Continuer la lecture<span class=\"screen-reader-text\"> de &laquo;&nbsp;Contacts&nbsp;&raquo;<\/span><\/a><\/p>\n","protected":false},"author":1,"featured_media":0,"parent":0,"menu_order":1000,"comment_status":"closed","ping_status":"closed","template":"","meta":{"footnotes":""},"class_list":["post-16","page","type-page","status-publish","hentry"],"yoast_head":"<!-- This site is optimized with the Yoast SEO Premium plugin v27.5 (Yoast SEO v27.5) - https:\/\/yoast.com\/product\/yoast-seo-premium-wordpress\/ -->\n<title>Contacts - SIAJ<\/title>\n<meta name=\"robots\" content=\"index, follow, max-snippet:-1, max-image-preview:large, max-video-preview:-1\" \/>\n<link rel=\"canonical\" href=\"https:\/\/www.eren.ch\/siaj\/contacts\/\" \/>\n<meta property=\"og:locale\" content=\"fr_FR\" \/>\n<meta property=\"og:type\" content=\"article\" \/>\n<meta property=\"og:title\" content=\"Contacts\" \/>\n<meta property=\"og:description\" content=\"Une structure au service des jeunes Le Service interparoissial de la Jeunesse, par son nom, d\u00e9passe les seules fronti\u00e8res paroissiales. Il intervient \u00e0 l\u2019\u00e9chelle du canton de Neuch\u00e2tel. Il est organis\u00e9 en quatre secteurs g\u00e9ographiques. Chacun d\u2019eux compte un ou deux ministres. Vous pouvez contacter directement une personne responsable de votre secteur. La BARC, Le &hellip; Continuer la lecture de &laquo;&nbsp;Contacts&nbsp;&raquo;\" \/>\n<meta property=\"og:url\" content=\"https:\/\/www.eren.ch\/siaj\/contacts\/\" \/>\n<meta property=\"og:site_name\" content=\"SIAJ\" \/>\n<meta property=\"article:modified_time\" content=\"2025-11-18T08:58:41+00:00\" \/>\n<meta name=\"twitter:card\" content=\"summary_large_image\" \/>\n<meta name=\"twitter:label1\" content=\"Dur\u00e9e de lecture estim\u00e9e\" \/>\n\t<meta name=\"twitter:data1\" content=\"3 minutes\" \/>\n<script type=\"application\/ld+json\" class=\"yoast-schema-graph\">{\"@context\":\"https:\\\/\\\/schema.org\",\"@graph\":[{\"@type\":\"WebPage\",\"@id\":\"https:\\\/\\\/www.eren.ch\\\/siaj\\\/contacts\\\/\",\"url\":\"https:\\\/\\\/www.eren.ch\\\/siaj\\\/contacts\\\/\",\"name\":\"Contacts - SIAJ\",\"isPartOf\":{\"@id\":\"https:\\\/\\\/www.eren.ch\\\/siaj\\\/#website\"},\"datePublished\":\"2025-06-16T14:54:45+00:00\",\"dateModified\":\"2025-11-18T08:58:41+00:00\",\"breadcrumb\":{\"@id\":\"https:\\\/\\\/www.eren.ch\\\/siaj\\\/contacts\\\/#breadcrumb\"},\"inLanguage\":\"fr-FR\",\"potentialAction\":[{\"@type\":\"ReadAction\",\"target\":[\"https:\\\/\\\/www.eren.ch\\\/siaj\\\/contacts\\\/\"]}]},{\"@type\":\"BreadcrumbList\",\"@id\":\"https:\\\/\\\/www.eren.ch\\\/siaj\\\/contacts\\\/#breadcrumb\",\"itemListElement\":[{\"@type\":\"ListItem\",\"position\":1,\"name\":\"Accueil\",\"item\":\"https:\\\/\\\/www.eren.ch\\\/siaj\\\/\"},{\"@type\":\"ListItem\",\"position\":2,\"name\":\"Contacts\"}]},{\"@type\":\"WebSite\",\"@id\":\"https:\\\/\\\/www.eren.ch\\\/siaj\\\/#website\",\"url\":\"https:\\\/\\\/www.eren.ch\\\/siaj\\\/\",\"name\":\"SIAJ\",\"description\":\"Service interparoissial de l\u2019accompagnement de la jeunesse\",\"publisher\":{\"@id\":\"https:\\\/\\\/www.eren.ch\\\/siaj\\\/#organization\"},\"potentialAction\":[{\"@type\":\"SearchAction\",\"target\":{\"@type\":\"EntryPoint\",\"urlTemplate\":\"https:\\\/\\\/www.eren.ch\\\/siaj\\\/?s={search_term_string}\"},\"query-input\":{\"@type\":\"PropertyValueSpecification\",\"valueRequired\":true,\"valueName\":\"search_term_string\"}}],\"inLanguage\":\"fr-FR\"},{\"@type\":\"Organization\",\"@id\":\"https:\\\/\\\/www.eren.ch\\\/siaj\\\/#organization\",\"name\":\"SIAJ\",\"url\":\"https:\\\/\\\/www.eren.ch\\\/siaj\\\/\",\"logo\":{\"@type\":\"ImageObject\",\"inLanguage\":\"fr-FR\",\"@id\":\"https:\\\/\\\/www.eren.ch\\\/siaj\\\/#\\\/schema\\\/logo\\\/image\\\/\",\"url\":\"https:\\\/\\\/www.eren.ch\\\/siaj\\\/wp-content\\\/uploads\\\/sites\\\/26\\\/2025\\\/06\\\/siaj-logo-1.jpg\",\"contentUrl\":\"https:\\\/\\\/www.eren.ch\\\/siaj\\\/wp-content\\\/uploads\\\/sites\\\/26\\\/2025\\\/06\\\/siaj-logo-1.jpg\",\"width\":200,\"height\":129,\"caption\":\"SIAJ\"},\"image\":{\"@id\":\"https:\\\/\\\/www.eren.ch\\\/siaj\\\/#\\\/schema\\\/logo\\\/image\\\/\"}}]}<\/script>\n<!-- \/ Yoast SEO Premium plugin. -->","yoast_head_json":{"title":"Contacts - SIAJ","robots":{"index":"index","follow":"follow","max-snippet":"max-snippet:-1","max-image-preview":"max-image-preview:large","max-video-preview":"max-video-preview:-1"},"canonical":"https:\/\/www.eren.ch\/siaj\/contacts\/","og_locale":"fr_FR","og_type":"article","og_title":"Contacts","og_description":"Une structure au service des jeunes Le Service interparoissial de la Jeunesse, par son nom, d\u00e9passe les seules fronti\u00e8res paroissiales. Il intervient \u00e0 l\u2019\u00e9chelle du canton de Neuch\u00e2tel. Il est organis\u00e9 en quatre secteurs g\u00e9ographiques. Chacun d\u2019eux compte un ou deux ministres. Vous pouvez contacter directement une personne responsable de votre secteur. La BARC, Le &hellip; Continuer la lecture de &laquo;&nbsp;Contacts&nbsp;&raquo;","og_url":"https:\/\/www.eren.ch\/siaj\/contacts\/","og_site_name":"SIAJ","article_modified_time":"2025-11-18T08:58:41+00:00","twitter_card":"summary_large_image","twitter_misc":{"Dur\u00e9e de lecture estim\u00e9e":"3 minutes"},"schema":{"@context":"https:\/\/schema.org","@graph":[{"@type":"WebPage","@id":"https:\/\/www.eren.ch\/siaj\/contacts\/","url":"https:\/\/www.eren.ch\/siaj\/contacts\/","name":"Contacts - SIAJ","isPartOf":{"@id":"https:\/\/www.eren.ch\/siaj\/#website"},"datePublished":"2025-06-16T14:54:45+00:00","dateModified":"2025-11-18T08:58:41+00:00","breadcrumb":{"@id":"https:\/\/www.eren.ch\/siaj\/contacts\/#breadcrumb"},"inLanguage":"fr-FR","potentialAction":[{"@type":"ReadAction","target":["https:\/\/www.eren.ch\/siaj\/contacts\/"]}]},{"@type":"BreadcrumbList","@id":"https:\/\/www.eren.ch\/siaj\/contacts\/#breadcrumb","itemListElement":[{"@type":"ListItem","position":1,"name":"Accueil","item":"https:\/\/www.eren.ch\/siaj\/"},{"@type":"ListItem","position":2,"name":"Contacts"}]},{"@type":"WebSite","@id":"https:\/\/www.eren.ch\/siaj\/#website","url":"https:\/\/www.eren.ch\/siaj\/","name":"SIAJ","description":"Service interparoissial de l\u2019accompagnement de la jeunesse","publisher":{"@id":"https:\/\/www.eren.ch\/siaj\/#organization"},"potentialAction":[{"@type":"SearchAction","target":{"@type":"EntryPoint","urlTemplate":"https:\/\/www.eren.ch\/siaj\/?s={search_term_string}"},"query-input":{"@type":"PropertyValueSpecification","valueRequired":true,"valueName":"search_term_string"}}],"inLanguage":"fr-FR"},{"@type":"Organization","@id":"https:\/\/www.eren.ch\/siaj\/#organization","name":"SIAJ","url":"https:\/\/www.eren.ch\/siaj\/","logo":{"@type":"ImageObject","inLanguage":"fr-FR","@id":"https:\/\/www.eren.ch\/siaj\/#\/schema\/logo\/image\/","url":"https:\/\/www.eren.ch\/siaj\/wp-content\/uploads\/sites\/26\/2025\/06\/siaj-logo-1.jpg","contentUrl":"https:\/\/www.eren.ch\/siaj\/wp-content\/uploads\/sites\/26\/2025\/06\/siaj-logo-1.jpg","width":200,"height":129,"caption":"SIAJ"},"image":{"@id":"https:\/\/www.eren.ch\/siaj\/#\/schema\/logo\/image\/"}}]}},"_links":{"self":[{"href":"https:\/\/www.eren.ch\/siaj\/wp-json\/wp\/v2\/pages\/16","targetHints":{"allow":["GET"]}}],"collection":[{"href":"https:\/\/www.eren.ch\/siaj\/wp-json\/wp\/v2\/pages"}],"about":[{"href":"https:\/\/www.eren.ch\/siaj\/wp-json\/wp\/v2\/types\/page"}],"author":[{"embeddable":true,"href":"https:\/\/www.eren.ch\/siaj\/wp-json\/wp\/v2\/users\/1"}],"replies":[{"embeddable":true,"href":"https:\/\/www.eren.ch\/siaj\/wp-json\/wp\/v2\/comments?post=16"}],"version-history":[{"count":10,"href":"https:\/\/www.eren.ch\/siaj\/wp-json\/wp\/v2\/pages\/16\/revisions"}],"predecessor-version":[{"id":227,"href":"https:\/\/www.eren.ch\/siaj\/wp-json\/wp\/v2\/pages\/16\/revisions\/227"}],"wp:attachment":[{"href":"https:\/\/www.eren.ch\/siaj\/wp-json\/wp\/v2\/media?parent=16"}],"curies":[{"name":"wp","href":"https:\/\/api.w.org\/{rel}","templated":true}]}}