{"id":10,"date":"2016-12-11T16:49:23","date_gmt":"2016-12-11T15:49:23","guid":{"rendered":"https:\/\/www.eren.ch\/vdr\/?page_id=10"},"modified":"2024-12-20T12:02:57","modified_gmt":"2024-12-20T11:02:57","slug":"jeunesse","status":"publish","type":"page","link":"https:\/\/www.eren.ch\/vdr\/jeunesse\/","title":{"rendered":"Enfance et jeunesse"},"content":{"rendered":"\n<p class=\"wp-block-paragraph\"><p><a href=\"https:\/\/www.eren.ch\/vdr\/wp-content\/uploads\/sites\/7\/2024\/12\/saynete-Noel-2024-Coffrane-de-la-geuerre-des-etoiles-a-la-paix-de-Noel-complete-2.pdf\">Sayn\u00e8te No\u00ebl 2024 Coffrane &#8211; de la guerre des \u00e9toiles \u00e0 la paix de No\u00ebl<\/a><\/p>\n<p><strong>Activit\u00e9s paroissiales \u00ab enfants bienvenus \u00bb<\/strong><strong> &nbsp;Ann\u00e9e 2024-25<\/strong><\/p><\/p>\n\n\n\n<ul class=\"wp-block-list\">\n<li>Voici une s\u00e9lection d\u2019activit\u00e9s de la paroisse val-de-Ruz dans lesquelles les enfants et leurs familles sont les bienvenus&nbsp;!<\/li>\n<\/ul>\n\n\n\n<figure class=\"wp-block-table\"><table class=\"has-fixed-layout\"><tbody><tr><td>Samedi <strong>18 janvier 2025<\/strong> 18h00 \u2013 Temple de Cernier<\/td><td><strong>Culte \u00ab&nbsp;familles&nbsp;\u00bb<\/strong> ouvert \u00e0 tous, centr\u00e9 sur les enfants ! &nbsp;<\/td><\/tr><tr><td>Samedi <strong>15 mars 2025<\/strong> 18h00 \u2013 Temple de Cernier<\/td><td><strong>Culte \u00ab&nbsp;familles&nbsp;\u00bb<\/strong> ouvert \u00e0 tous, centr\u00e9 sur les enfants ! &nbsp;<\/td><\/tr><tr><td>Samedi <strong>17 mai 2025&nbsp;<\/strong>&nbsp; 18h00 \u2013 Temple de Cernier<\/td><td><strong>Culte \u00ab&nbsp;familles&nbsp;\u00bb<\/strong> ouvert \u00e0 tous, centr\u00e9 sur les enfants ! &nbsp;<\/td><\/tr><tr><td>Dimanche <strong>28 mai 2025<\/strong> 10h00 \u2013 Place du Boveret au-dessus de Ch\u00e9zard-St-Martin<\/td><td><strong>Culte \u00ab&nbsp;au vert&nbsp;\u00bb<\/strong><br>(en ext\u00e9rieur, abri si n\u00e9c.) ouvert \u00e0 tous, enfants bienvenus !&nbsp;<\/td><\/tr><tr><td>Samedi <strong>14 juin 2025<\/strong> 18h00 \u2013 Temple de Cernier &nbsp;<\/td><td><strong>Culte \u00ab&nbsp;familles&nbsp;\u00bb<\/strong> ouvert \u00e0 tous, centr\u00e9 sur les enfants !&nbsp;<\/td><\/tr><tr><td>Samedi <strong>16 ao\u00fbt 2025<\/strong>&nbsp; 18h00 \u2013 Temple de Cernier<\/td><td><strong>Culte \u00ab&nbsp;familles&nbsp;\u00bb<\/strong> ouvert \u00e0 tous, centr\u00e9 sur les enfants !&nbsp;<\/td><\/tr><\/tbody><\/table><figcaption class=\"wp-element-caption\"><em>Ces activit\u00e9s sont ouvertes \u00e0 toutes et tous, mais centr\u00e9es sur les enfants&nbsp;!<\/em><\/figcaption><\/figure>\n\n\n\n<!-- iframe plugin v.6.0 wordpress.org\/plugins\/iframe\/ -->\n<iframe loading=\"lazy\" src=\"https:\/\/calendar.google.com\/calendar\/embed?showTitle=0&#038;showCalendars=0&#038;showTz=0&#038;mode=AGENDA&#038;height=600&#038;wkst=2&#038;bgcolor=%23FFFFFF&#038;src=6unn1durjtkvj57udr4p3birt8%40group.calendar.google.com&#038;color=%2388880E&#038;src=dnrbrvo29q8mqi8kkm4irlrn20%40group.calendar.google.com&#038;color=%23691426&#038;ctz=Europe%2FRome\" style=\"border-width:0\" width=\"800\" height=\"600\" frameborder=\"0\" scrolling=\"no\" class=\"iframe-class\"><\/iframe>\n","protected":false},"excerpt":{"rendered":"<p>Sayn\u00e8te No\u00ebl 2024 Coffrane &#8211; de la guerre des \u00e9toiles \u00e0 la paix de No\u00ebl Activit\u00e9s paroissiales \u00ab enfants bienvenus \u00bb &nbsp;Ann\u00e9e 2024-25 Samedi 18 janvier 2025 18h00 \u2013 Temple de Cernier Culte \u00ab&nbsp;familles&nbsp;\u00bb ouvert \u00e0 tous, centr\u00e9 sur les enfants ! &nbsp; Samedi 15 mars 2025 18h00 \u2013 Temple de Cernier Culte \u00ab&nbsp;familles&nbsp;\u00bb ouvert &hellip; <a href=\"https:\/\/www.eren.ch\/vdr\/jeunesse\/\" class=\"more-link\">Continuer la lecture<span class=\"screen-reader-text\"> de &laquo;&nbsp;Enfance et jeunesse&nbsp;&raquo;<\/span><\/a><\/p>\n","protected":false},"author":1,"featured_media":0,"parent":0,"menu_order":0,"comment_status":"closed","ping_status":"closed","template":"","meta":{"footnotes":""},"class_list":["post-10","page","type-page","status-publish","hentry"],"yoast_head":"<!-- This site is optimized with the Yoast SEO Premium plugin v27.9 (Yoast SEO v28.4) - https:\/\/yoast.com\/product\/yoast-seo-premium-wordpress\/ -->\n<title>Enfance et jeunesse - Paroisse Val-de-Ruz<\/title>\n<meta name=\"description\" content=\"Sayn\u00e8te No\u00ebl 2024 Coffrane - de la guerre des \u00e9toiles \u00e0 la paix de No\u00ebl Activit\u00e9s paroissiales \u00ab enfants bienvenus \u00bb &nbsp;Ann\u00e9e 2024-25 Voici une\" \/>\n<meta name=\"robots\" content=\"index, follow, max-snippet:-1, max-image-preview:large, max-video-preview:-1\" \/>\n<link rel=\"canonical\" href=\"https:\/\/www.eren.ch\/vdr\/jeunesse\/\" \/>\n<meta property=\"og:locale\" content=\"fr_FR\" \/>\n<meta property=\"og:type\" content=\"article\" \/>\n<meta property=\"og:title\" content=\"Enfance et jeunesse\" \/>\n<meta property=\"og:description\" content=\"Sayn\u00e8te No\u00ebl 2024 Coffrane - de la guerre des \u00e9toiles \u00e0 la paix de No\u00ebl Activit\u00e9s paroissiales \u00ab enfants bienvenus \u00bb &nbsp;Ann\u00e9e 2024-25 Voici une\" \/>\n<meta property=\"og:url\" content=\"https:\/\/www.eren.ch\/vdr\/jeunesse\/\" \/>\n<meta property=\"og:site_name\" content=\"Paroisse Val-de-Ruz\" \/>\n<meta property=\"article:publisher\" content=\"https:\/\/www.facebook.com\/eglise.EREN\/\" \/>\n<meta property=\"article:modified_time\" content=\"2024-12-20T11:02:57+00:00\" \/>\n<meta property=\"og:image\" content=\"https:\/\/www.eren.ch\/vdr\/wp-content\/uploads\/sites\/7\/2017\/02\/boudevilliers_3.jpg\" \/>\n\t<meta property=\"og:image:width\" content=\"886\" \/>\n\t<meta property=\"og:image:height\" content=\"589\" \/>\n\t<meta property=\"og:image:type\" content=\"image\/jpeg\" \/>\n<meta name=\"twitter:card\" content=\"summary_large_image\" \/>\n<meta name=\"twitter:site\" content=\"@EgliseEREN\" \/>\n<meta name=\"twitter:label1\" content=\"Dur\u00e9e de lecture estim\u00e9e\" \/>\n\t<meta name=\"twitter:data1\" content=\"1 minute\" \/>\n<script type=\"application\/ld+json\" class=\"yoast-schema-graph\">{\"@context\":\"https:\\\/\\\/schema.org\",\"@graph\":[{\"@type\":\"WebPage\",\"@id\":\"https:\\\/\\\/www.eren.ch\\\/vdr\\\/jeunesse\\\/\",\"url\":\"https:\\\/\\\/www.eren.ch\\\/vdr\\\/jeunesse\\\/\",\"name\":\"Enfance et jeunesse - Paroisse Val-de-Ruz\",\"isPartOf\":{\"@id\":\"https:\\\/\\\/www.eren.ch\\\/vdr\\\/#website\"},\"datePublished\":\"2016-12-11T15:49:23+00:00\",\"dateModified\":\"2024-12-20T11:02:57+00:00\",\"description\":\"Sayn\u00e8te No\u00ebl 2024 Coffrane - de la guerre des \u00e9toiles \u00e0 la paix de No\u00ebl Activit\u00e9s paroissiales \u00ab enfants bienvenus \u00bb &nbsp;Ann\u00e9e 2024-25 Voici une\",\"breadcrumb\":{\"@id\":\"https:\\\/\\\/www.eren.ch\\\/vdr\\\/jeunesse\\\/#breadcrumb\"},\"inLanguage\":\"fr-FR\",\"potentialAction\":[{\"@type\":\"ReadAction\",\"target\":[\"https:\\\/\\\/www.eren.ch\\\/vdr\\\/jeunesse\\\/\"]}]},{\"@type\":\"BreadcrumbList\",\"@id\":\"https:\\\/\\\/www.eren.ch\\\/vdr\\\/jeunesse\\\/#breadcrumb\",\"itemListElement\":[{\"@type\":\"ListItem\",\"position\":1,\"name\":\"Accueil\",\"item\":\"https:\\\/\\\/www.eren.ch\\\/vdr\\\/\"},{\"@type\":\"ListItem\",\"position\":2,\"name\":\"Enfance et jeunesse\"}]},{\"@type\":\"WebSite\",\"@id\":\"https:\\\/\\\/www.eren.ch\\\/vdr\\\/#website\",\"url\":\"https:\\\/\\\/www.eren.ch\\\/vdr\\\/\",\"name\":\"Paroisse Val-de-Ruz\",\"description\":\"La pr\u00e9sence protestante reconnue\",\"publisher\":{\"@id\":\"https:\\\/\\\/www.eren.ch\\\/vdr\\\/#organization\"},\"potentialAction\":[{\"@type\":\"SearchAction\",\"target\":{\"@type\":\"EntryPoint\",\"urlTemplate\":\"https:\\\/\\\/www.eren.ch\\\/vdr\\\/?s={search_term_string}\"},\"query-input\":{\"@type\":\"PropertyValueSpecification\",\"valueRequired\":true,\"valueName\":\"search_term_string\"}}],\"inLanguage\":\"fr-FR\"},{\"@type\":\"Organization\",\"@id\":\"https:\\\/\\\/www.eren.ch\\\/vdr\\\/#organization\",\"name\":\"Paroisse Val-de-Ruz\",\"url\":\"https:\\\/\\\/www.eren.ch\\\/vdr\\\/\",\"logo\":{\"@type\":\"ImageObject\",\"inLanguage\":\"fr-FR\",\"@id\":\"https:\\\/\\\/www.eren.ch\\\/vdr\\\/#\\\/schema\\\/logo\\\/image\\\/\",\"url\":\"https:\\\/\\\/www.eren.ch\\\/vdr\\\/wp-content\\\/uploads\\\/sites\\\/7\\\/2020\\\/12\\\/logo-vdr.png\",\"contentUrl\":\"https:\\\/\\\/www.eren.ch\\\/vdr\\\/wp-content\\\/uploads\\\/sites\\\/7\\\/2020\\\/12\\\/logo-vdr.png\",\"width\":240,\"height\":117,\"caption\":\"Paroisse Val-de-Ruz\"},\"image\":{\"@id\":\"https:\\\/\\\/www.eren.ch\\\/vdr\\\/#\\\/schema\\\/logo\\\/image\\\/\"},\"sameAs\":[\"https:\\\/\\\/www.facebook.com\\\/eglise.EREN\\\/\",\"https:\\\/\\\/x.com\\\/EgliseEREN\",\"https:\\\/\\\/fr.wikipedia.org\\\/wiki\\\/glise_rforme_vanglique_du_canton_de_Neuchtel\"]}]}<\/script>\n<!-- \/ Yoast SEO Premium plugin. -->","yoast_head_json":{"title":"Enfance et jeunesse - Paroisse Val-de-Ruz","description":"Sayn\u00e8te No\u00ebl 2024 Coffrane - de la guerre des \u00e9toiles \u00e0 la paix de No\u00ebl Activit\u00e9s paroissiales \u00ab enfants bienvenus \u00bb &nbsp;Ann\u00e9e 2024-25 Voici une","robots":{"index":"index","follow":"follow","max-snippet":"max-snippet:-1","max-image-preview":"max-image-preview:large","max-video-preview":"max-video-preview:-1"},"canonical":"https:\/\/www.eren.ch\/vdr\/jeunesse\/","og_locale":"fr_FR","og_type":"article","og_title":"Enfance et jeunesse","og_description":"Sayn\u00e8te No\u00ebl 2024 Coffrane - de la guerre des \u00e9toiles \u00e0 la paix de No\u00ebl Activit\u00e9s paroissiales \u00ab enfants bienvenus \u00bb &nbsp;Ann\u00e9e 2024-25 Voici une","og_url":"https:\/\/www.eren.ch\/vdr\/jeunesse\/","og_site_name":"Paroisse Val-de-Ruz","article_publisher":"https:\/\/www.facebook.com\/eglise.EREN\/","article_modified_time":"2024-12-20T11:02:57+00:00","og_image":[{"width":886,"height":589,"url":"https:\/\/www.eren.ch\/vdr\/wp-content\/uploads\/sites\/7\/2017\/02\/boudevilliers_3.jpg","type":"image\/jpeg"}],"twitter_card":"summary_large_image","twitter_site":"@EgliseEREN","twitter_misc":{"Dur\u00e9e de lecture estim\u00e9e":"1 minute"},"schema":{"@context":"https:\/\/schema.org","@graph":[{"@type":"WebPage","@id":"https:\/\/www.eren.ch\/vdr\/jeunesse\/","url":"https:\/\/www.eren.ch\/vdr\/jeunesse\/","name":"Enfance et jeunesse - Paroisse Val-de-Ruz","isPartOf":{"@id":"https:\/\/www.eren.ch\/vdr\/#website"},"datePublished":"2016-12-11T15:49:23+00:00","dateModified":"2024-12-20T11:02:57+00:00","description":"Sayn\u00e8te No\u00ebl 2024 Coffrane - de la guerre des \u00e9toiles \u00e0 la paix de No\u00ebl Activit\u00e9s paroissiales \u00ab enfants bienvenus \u00bb &nbsp;Ann\u00e9e 2024-25 Voici une","breadcrumb":{"@id":"https:\/\/www.eren.ch\/vdr\/jeunesse\/#breadcrumb"},"inLanguage":"fr-FR","potentialAction":[{"@type":"ReadAction","target":["https:\/\/www.eren.ch\/vdr\/jeunesse\/"]}]},{"@type":"BreadcrumbList","@id":"https:\/\/www.eren.ch\/vdr\/jeunesse\/#breadcrumb","itemListElement":[{"@type":"ListItem","position":1,"name":"Accueil","item":"https:\/\/www.eren.ch\/vdr\/"},{"@type":"ListItem","position":2,"name":"Enfance et jeunesse"}]},{"@type":"WebSite","@id":"https:\/\/www.eren.ch\/vdr\/#website","url":"https:\/\/www.eren.ch\/vdr\/","name":"Paroisse Val-de-Ruz","description":"La pr\u00e9sence protestante reconnue","publisher":{"@id":"https:\/\/www.eren.ch\/vdr\/#organization"},"potentialAction":[{"@type":"SearchAction","target":{"@type":"EntryPoint","urlTemplate":"https:\/\/www.eren.ch\/vdr\/?s={search_term_string}"},"query-input":{"@type":"PropertyValueSpecification","valueRequired":true,"valueName":"search_term_string"}}],"inLanguage":"fr-FR"},{"@type":"Organization","@id":"https:\/\/www.eren.ch\/vdr\/#organization","name":"Paroisse Val-de-Ruz","url":"https:\/\/www.eren.ch\/vdr\/","logo":{"@type":"ImageObject","inLanguage":"fr-FR","@id":"https:\/\/www.eren.ch\/vdr\/#\/schema\/logo\/image\/","url":"https:\/\/www.eren.ch\/vdr\/wp-content\/uploads\/sites\/7\/2020\/12\/logo-vdr.png","contentUrl":"https:\/\/www.eren.ch\/vdr\/wp-content\/uploads\/sites\/7\/2020\/12\/logo-vdr.png","width":240,"height":117,"caption":"Paroisse Val-de-Ruz"},"image":{"@id":"https:\/\/www.eren.ch\/vdr\/#\/schema\/logo\/image\/"},"sameAs":["https:\/\/www.facebook.com\/eglise.EREN\/","https:\/\/x.com\/EgliseEREN","https:\/\/fr.wikipedia.org\/wiki\/glise_rforme_vanglique_du_canton_de_Neuchtel"]}]}},"_links":{"self":[{"href":"https:\/\/www.eren.ch\/vdr\/wp-json\/wp\/v2\/pages\/10","targetHints":{"allow":["GET"]}}],"collection":[{"href":"https:\/\/www.eren.ch\/vdr\/wp-json\/wp\/v2\/pages"}],"about":[{"href":"https:\/\/www.eren.ch\/vdr\/wp-json\/wp\/v2\/types\/page"}],"author":[{"embeddable":true,"href":"https:\/\/www.eren.ch\/vdr\/wp-json\/wp\/v2\/users\/1"}],"replies":[{"embeddable":true,"href":"https:\/\/www.eren.ch\/vdr\/wp-json\/wp\/v2\/comments?post=10"}],"version-history":[{"count":8,"href":"https:\/\/www.eren.ch\/vdr\/wp-json\/wp\/v2\/pages\/10\/revisions"}],"predecessor-version":[{"id":2493,"href":"https:\/\/www.eren.ch\/vdr\/wp-json\/wp\/v2\/pages\/10\/revisions\/2493"}],"wp:attachment":[{"href":"https:\/\/www.eren.ch\/vdr\/wp-json\/wp\/v2\/media?parent=10"}],"curies":[{"name":"wp","href":"https:\/\/api.w.org\/{rel}","templated":true}]}}