{"id":148,"date":"2017-02-17T14:26:15","date_gmt":"2017-02-17T13:26:15","guid":{"rendered":"https:\/\/www.eren.ch\/vdr\/?page_id=148"},"modified":"2026-04-28T16:55:14","modified_gmt":"2026-04-28T14:55:14","slug":"accueil","status":"publish","type":"page","link":"https:\/\/www.eren.ch\/vdr\/","title":{"rendered":"Bienvenue sur le site de la Paroisse r\u00e9form\u00e9e Val-de-Ruz"},"content":{"rendered":"<h1 style=\"text-align: center\"><strong>SONDAGE<\/strong><\/h1>\n<h2 style=\"text-align: center\">UTILISATION DES B\u00c2TIMENTS DE LA PAROISSE R\u00c9FORM\u00c9E DU VAL-DE-RUZ<\/h2>\n\n\n<h2 class=\"wp-block-heading\" id=\"h-pour-repondre-a-notre-enquete-cliquez-ici-ou-scannez-le-qr-code-avec-votre-telephone\">Pour r\u00e9pondre \u00e0 notre enqu\u00eate, cliquez <a href=\"https:\/\/qrco.de\/bgd4HS\">Ici<\/a> ou scannez le QR Code avec votre t\u00e9l\u00e9phone.<\/h2>\n\n\n\n<p>&nbsp;<\/p>\n\n\n\n<figure class=\"wp-block-image size-large is-resized\"><img loading=\"lazy\" decoding=\"async\" width=\"1024\" height=\"1024\" src=\"https:\/\/www.eren.ch\/vdr\/wp-content\/uploads\/sites\/7\/2026\/03\/QR-CODE-Enquete-paroisse-1024x1024.png\" alt=\"\" class=\"wp-image-3044\" style=\"width:344px;height:auto\" srcset=\"https:\/\/www.eren.ch\/vdr\/wp-content\/uploads\/sites\/7\/2026\/03\/QR-CODE-Enquete-paroisse-1024x1024.png 1024w, https:\/\/www.eren.ch\/vdr\/wp-content\/uploads\/sites\/7\/2026\/03\/QR-CODE-Enquete-paroisse-300x300.png 300w, https:\/\/www.eren.ch\/vdr\/wp-content\/uploads\/sites\/7\/2026\/03\/QR-CODE-Enquete-paroisse-150x150.png 150w, https:\/\/www.eren.ch\/vdr\/wp-content\/uploads\/sites\/7\/2026\/03\/QR-CODE-Enquete-paroisse-768x768.png 768w, https:\/\/www.eren.ch\/vdr\/wp-content\/uploads\/sites\/7\/2026\/03\/QR-CODE-Enquete-paroisse-1536x1536.png 1536w, https:\/\/www.eren.ch\/vdr\/wp-content\/uploads\/sites\/7\/2026\/03\/QR-CODE-Enquete-paroisse-2048x2048.png 2048w, https:\/\/www.eren.ch\/vdr\/wp-content\/uploads\/sites\/7\/2026\/03\/QR-CODE-Enquete-paroisse-1200x1200.png 1200w\" sizes=\"auto, (max-width: 709px) 85vw, (max-width: 909px) 67vw, (max-width: 1362px) 62vw, 840px\" \/><\/figure>\n\n\n\n<figure class=\"wp-block-gallery has-nested-images columns-default is-cropped wp-block-gallery-1 is-layout-flex wp-block-gallery-is-layout-flex\">\n<figure class=\"wp-block-image size-full\"><img loading=\"lazy\" decoding=\"async\" width=\"861\" height=\"1280\" data-id=\"3081\" src=\"https:\/\/www.eren.ch\/vdr\/wp-content\/uploads\/sites\/7\/2026\/04\/Voyage-Paris-2026.jpeg\" alt=\"\" class=\"wp-image-3081\" srcset=\"https:\/\/www.eren.ch\/vdr\/wp-content\/uploads\/sites\/7\/2026\/04\/Voyage-Paris-2026.jpeg 861w, https:\/\/www.eren.ch\/vdr\/wp-content\/uploads\/sites\/7\/2026\/04\/Voyage-Paris-2026-202x300.jpeg 202w, https:\/\/www.eren.ch\/vdr\/wp-content\/uploads\/sites\/7\/2026\/04\/Voyage-Paris-2026-689x1024.jpeg 689w, https:\/\/www.eren.ch\/vdr\/wp-content\/uploads\/sites\/7\/2026\/04\/Voyage-Paris-2026-768x1142.jpeg 768w\" sizes=\"auto, (max-width: 709px) 85vw, (max-width: 909px) 67vw, (max-width: 1362px) 62vw, 840px\" \/><\/figure>\n<\/figure>\n\n\n\n<figure class=\"wp-block-table\"><table><tbody><tr><td>Dimanche 3 mai<\/td><td>10h00<\/td><td>Dombresson, Isabelle Herv\u00e9<\/td><\/tr><tr><td>Dimanche 3 mai<\/td><td>d\u00e8s 13h30<\/td><td>Dombresson, apr\u00e8s-midi jeux<\/td><\/tr><tr><td>Samedi 9 mai<\/td><td>18h00<\/td><td>Cernier, Esther Berger et Isabelle Bochud<\/td><\/tr><tr><td>Dimanche 10 mai<\/td><td>10h00<\/td><td>Fenin, St\u00e9phane Herv\u00e9<\/td><\/tr><tr><td>Jeudi 14 mai<\/td><td>10h00<\/td><td>Engollon, Isabelle Herv\u00e9<\/td><\/tr><tr><td>Dimanche 17 mai<\/td><td>10h00<\/td><td>Fontainemelon, un ministre de E2L<\/td><\/tr><tr><td>Lundi 18 mai<\/td><td><\/td><td>Foire de Dombresson<\/td><\/tr><tr><td>Dimanche 24 mai<\/td><td>10h00<\/td><td>Coffrane, Esther Berger et Isabelle Herv\u00e9<\/td><\/tr><tr><td>Dimanche 31 mai<\/td><td>10h00<\/td><td>Savagnier, Christophe Allemann<\/td><\/tr><\/tbody><\/table><\/figure>\n\n\n\n<p>&nbsp;<\/p>\n\n\n<p><!-- \/wp:post-content --><\/p>\n<p><!-- wp:table \/--><\/p>\n<p><!-- wp:media-text --><\/p>\n<div class=\"wp-block-media-text is-stacked-on-mobile\">\n<figure class=\"wp-block-media-text__media\"><\/figure>\n<div class=\"wp-block-media-text__content\"><!-- wp:paragraph {\"placeholder\":\"Contenu\u2026\"} --><\/div>\n<\/div>\n<p><!-- \/wp:paragraph --><\/p>\n<p><!-- \/wp:media-text --><\/p>\n<p><!-- wp:media-text --><\/p>\n<div class=\"wp-block-media-text is-stacked-on-mobile\">\n<figure class=\"wp-block-media-text__media\"><\/figure>\n<div class=\"wp-block-media-text__content\"><!-- wp:paragraph {\"placeholder\":\"Contenu\u2026\"} --><\/p>\n<p><!-- \/wp:paragraph --><\/p>\n<\/div>\n<\/div>\n<p><!-- \/wp:media-text --><\/p>\n<p><!-- wp:media-text --><\/p>\n<div class=\"wp-block-media-text is-stacked-on-mobile\">\n<figure class=\"wp-block-media-text__media\"><\/figure>\n<div class=\"wp-block-media-text__content\"><!-- wp:paragraph {\"placeholder\":\"Contenu\u2026\"} --><\/p>\n<p><!-- \/wp:paragraph --><\/p>\n<\/div>\n<\/div>\n<p><!-- \/wp:media-text --><\/p>","protected":false},"excerpt":{"rendered":"<p>SONDAGE UTILISATION DES B\u00c2TIMENTS DE LA PAROISSE R\u00c9FORM\u00c9E DU VAL-DE-RUZ Pour r\u00e9pondre \u00e0 notre enqu\u00eate, cliquez Ici ou scannez le QR Code avec votre t\u00e9l\u00e9phone. &nbsp; Dimanche 3 mai 10h00 Dombresson, Isabelle Herv\u00e9 Dimanche 3 mai d\u00e8s 13h30 Dombresson, apr\u00e8s-midi jeux Samedi 9 mai 18h00 Cernier, Esther Berger et Isabelle Bochud Dimanche 10 mai 10h00 &hellip; <a href=\"https:\/\/www.eren.ch\/vdr\/\" class=\"more-link\">Continuer la lecture<span class=\"screen-reader-text\"> de &laquo;&nbsp;Bienvenue sur le site de la Paroisse r\u00e9form\u00e9e Val-de-Ruz&nbsp;&raquo;<\/span><\/a><\/p>\n","protected":false},"author":1,"featured_media":0,"parent":0,"menu_order":0,"comment_status":"closed","ping_status":"closed","template":"","meta":{"footnotes":""},"class_list":["post-148","page","type-page","status-publish","hentry"],"yoast_head":"<!-- This site is optimized with the Yoast SEO Premium plugin v27.5 (Yoast SEO v27.5) - https:\/\/yoast.com\/product\/yoast-seo-premium-wordpress\/ -->\n<title>Bienvenue sur le site de la Paroisse r\u00e9form\u00e9e Val-de-Ruz - Paroisse Val-de-Ruz<\/title>\n<meta name=\"description\" content=\"SONDAGE UTILISATION DES B\u00c2TIMENTS DE LA PAROISSE R\u00c9FORM\u00c9E DU VAL-DE-RUZ Pour r\u00e9pondre \u00e0 notre enqu\u00eate, cliquez Ici ou scannez le QR Code avec votre\" \/>\n<meta name=\"robots\" content=\"index, follow, max-snippet:-1, max-image-preview:large, max-video-preview:-1\" \/>\n<link rel=\"canonical\" href=\"https:\/\/www.eren.ch\/vdr\/\" \/>\n<meta property=\"og:locale\" content=\"fr_FR\" \/>\n<meta property=\"og:type\" content=\"article\" \/>\n<meta property=\"og:title\" content=\"Bienvenue sur le site de la Paroisse r\u00e9form\u00e9e Val-de-Ruz\" \/>\n<meta property=\"og:description\" content=\"SONDAGE UTILISATION DES B\u00c2TIMENTS DE LA PAROISSE R\u00c9FORM\u00c9E DU VAL-DE-RUZ Pour r\u00e9pondre \u00e0 notre enqu\u00eate, cliquez Ici ou scannez le QR Code avec votre\" \/>\n<meta property=\"og:url\" content=\"https:\/\/www.eren.ch\/vdr\/\" \/>\n<meta property=\"og:site_name\" content=\"Paroisse Val-de-Ruz\" \/>\n<meta property=\"article:publisher\" content=\"https:\/\/www.facebook.com\/eglise.EREN\/\" \/>\n<meta property=\"article:modified_time\" content=\"2026-04-28T14:55:14+00:00\" \/>\n<meta property=\"og:image\" content=\"https:\/\/www.eren.ch\/vdr\/wp-content\/uploads\/sites\/7\/2026\/03\/QR-CODE-Enquete-paroisse-scaled.png\" \/>\n\t<meta property=\"og:image:width\" content=\"2560\" \/>\n\t<meta property=\"og:image:height\" content=\"2560\" \/>\n\t<meta property=\"og:image:type\" content=\"image\/png\" \/>\n<meta name=\"twitter:card\" content=\"summary_large_image\" \/>\n<meta name=\"twitter:site\" content=\"@EgliseEREN\" \/>\n<meta name=\"twitter:label1\" content=\"Dur\u00e9e de lecture estim\u00e9e\" \/>\n\t<meta name=\"twitter:data1\" content=\"1 minute\" \/>\n<script type=\"application\/ld+json\" class=\"yoast-schema-graph\">{\"@context\":\"https:\\\/\\\/schema.org\",\"@graph\":[{\"@type\":\"WebPage\",\"@id\":\"https:\\\/\\\/www.eren.ch\\\/vdr\\\/\",\"url\":\"https:\\\/\\\/www.eren.ch\\\/vdr\\\/\",\"name\":\"Bienvenue sur le site de la Paroisse r\u00e9form\u00e9e Val-de-Ruz - Paroisse Val-de-Ruz\",\"isPartOf\":{\"@id\":\"https:\\\/\\\/www.eren.ch\\\/vdr\\\/#website\"},\"primaryImageOfPage\":{\"@id\":\"https:\\\/\\\/www.eren.ch\\\/vdr\\\/#primaryimage\"},\"image\":{\"@id\":\"https:\\\/\\\/www.eren.ch\\\/vdr\\\/#primaryimage\"},\"thumbnailUrl\":\"https:\\\/\\\/www.eren.ch\\\/vdr\\\/wp-content\\\/uploads\\\/sites\\\/7\\\/2026\\\/03\\\/QR-CODE-Enquete-paroisse-1024x1024.png\",\"datePublished\":\"2017-02-17T13:26:15+00:00\",\"dateModified\":\"2026-04-28T14:55:14+00:00\",\"description\":\"SONDAGE UTILISATION DES B\u00c2TIMENTS DE LA PAROISSE R\u00c9FORM\u00c9E DU VAL-DE-RUZ Pour r\u00e9pondre \u00e0 notre enqu\u00eate, cliquez Ici ou scannez le QR Code avec votre\",\"breadcrumb\":{\"@id\":\"https:\\\/\\\/www.eren.ch\\\/vdr\\\/#breadcrumb\"},\"inLanguage\":\"fr-FR\",\"potentialAction\":[{\"@type\":\"ReadAction\",\"target\":[\"https:\\\/\\\/www.eren.ch\\\/vdr\\\/\"]}]},{\"@type\":\"ImageObject\",\"inLanguage\":\"fr-FR\",\"@id\":\"https:\\\/\\\/www.eren.ch\\\/vdr\\\/#primaryimage\",\"url\":\"https:\\\/\\\/www.eren.ch\\\/vdr\\\/wp-content\\\/uploads\\\/sites\\\/7\\\/2026\\\/03\\\/QR-CODE-Enquete-paroisse-scaled.png\",\"contentUrl\":\"https:\\\/\\\/www.eren.ch\\\/vdr\\\/wp-content\\\/uploads\\\/sites\\\/7\\\/2026\\\/03\\\/QR-CODE-Enquete-paroisse-scaled.png\",\"width\":2560,\"height\":2560},{\"@type\":\"BreadcrumbList\",\"@id\":\"https:\\\/\\\/www.eren.ch\\\/vdr\\\/#breadcrumb\",\"itemListElement\":[{\"@type\":\"ListItem\",\"position\":1,\"name\":\"Accueil\",\"item\":\"https:\\\/\\\/www.eren.ch\\\/vdr\\\/\"},{\"@type\":\"ListItem\",\"position\":2,\"name\":\"Bienvenue sur le site de la Paroisse r\u00e9form\u00e9e Val-de-Ruz\"}]},{\"@type\":\"WebSite\",\"@id\":\"https:\\\/\\\/www.eren.ch\\\/vdr\\\/#website\",\"url\":\"https:\\\/\\\/www.eren.ch\\\/vdr\\\/\",\"name\":\"Paroisse Val-de-Ruz\",\"description\":\"La pr\u00e9sence protestante reconnue\",\"publisher\":{\"@id\":\"https:\\\/\\\/www.eren.ch\\\/vdr\\\/#organization\"},\"potentialAction\":[{\"@type\":\"SearchAction\",\"target\":{\"@type\":\"EntryPoint\",\"urlTemplate\":\"https:\\\/\\\/www.eren.ch\\\/vdr\\\/?s={search_term_string}\"},\"query-input\":{\"@type\":\"PropertyValueSpecification\",\"valueRequired\":true,\"valueName\":\"search_term_string\"}}],\"inLanguage\":\"fr-FR\"},{\"@type\":\"Organization\",\"@id\":\"https:\\\/\\\/www.eren.ch\\\/vdr\\\/#organization\",\"name\":\"Paroisse Val-de-Ruz\",\"url\":\"https:\\\/\\\/www.eren.ch\\\/vdr\\\/\",\"logo\":{\"@type\":\"ImageObject\",\"inLanguage\":\"fr-FR\",\"@id\":\"https:\\\/\\\/www.eren.ch\\\/vdr\\\/#\\\/schema\\\/logo\\\/image\\\/\",\"url\":\"https:\\\/\\\/www.eren.ch\\\/vdr\\\/wp-content\\\/uploads\\\/sites\\\/7\\\/2020\\\/12\\\/logo-vdr.png\",\"contentUrl\":\"https:\\\/\\\/www.eren.ch\\\/vdr\\\/wp-content\\\/uploads\\\/sites\\\/7\\\/2020\\\/12\\\/logo-vdr.png\",\"width\":240,\"height\":117,\"caption\":\"Paroisse Val-de-Ruz\"},\"image\":{\"@id\":\"https:\\\/\\\/www.eren.ch\\\/vdr\\\/#\\\/schema\\\/logo\\\/image\\\/\"},\"sameAs\":[\"https:\\\/\\\/www.facebook.com\\\/eglise.EREN\\\/\",\"https:\\\/\\\/x.com\\\/EgliseEREN\",\"https:\\\/\\\/fr.wikipedia.org\\\/wiki\\\/glise_rforme_vanglique_du_canton_de_Neuchtel\"]}]}<\/script>\n<!-- \/ Yoast SEO Premium plugin. -->","yoast_head_json":{"title":"Bienvenue sur le site de la Paroisse r\u00e9form\u00e9e Val-de-Ruz - Paroisse Val-de-Ruz","description":"SONDAGE UTILISATION DES B\u00c2TIMENTS DE LA PAROISSE R\u00c9FORM\u00c9E DU VAL-DE-RUZ Pour r\u00e9pondre \u00e0 notre enqu\u00eate, cliquez Ici ou scannez le QR Code avec votre","robots":{"index":"index","follow":"follow","max-snippet":"max-snippet:-1","max-image-preview":"max-image-preview:large","max-video-preview":"max-video-preview:-1"},"canonical":"https:\/\/www.eren.ch\/vdr\/","og_locale":"fr_FR","og_type":"article","og_title":"Bienvenue sur le site de la Paroisse r\u00e9form\u00e9e Val-de-Ruz","og_description":"SONDAGE UTILISATION DES B\u00c2TIMENTS DE LA PAROISSE R\u00c9FORM\u00c9E DU VAL-DE-RUZ Pour r\u00e9pondre \u00e0 notre enqu\u00eate, cliquez Ici ou scannez le QR Code avec votre","og_url":"https:\/\/www.eren.ch\/vdr\/","og_site_name":"Paroisse Val-de-Ruz","article_publisher":"https:\/\/www.facebook.com\/eglise.EREN\/","article_modified_time":"2026-04-28T14:55:14+00:00","og_image":[{"width":2560,"height":2560,"url":"https:\/\/www.eren.ch\/vdr\/wp-content\/uploads\/sites\/7\/2026\/03\/QR-CODE-Enquete-paroisse-scaled.png","type":"image\/png"}],"twitter_card":"summary_large_image","twitter_site":"@EgliseEREN","twitter_misc":{"Dur\u00e9e de lecture estim\u00e9e":"1 minute"},"schema":{"@context":"https:\/\/schema.org","@graph":[{"@type":"WebPage","@id":"https:\/\/www.eren.ch\/vdr\/","url":"https:\/\/www.eren.ch\/vdr\/","name":"Bienvenue sur le site de la Paroisse r\u00e9form\u00e9e Val-de-Ruz - Paroisse Val-de-Ruz","isPartOf":{"@id":"https:\/\/www.eren.ch\/vdr\/#website"},"primaryImageOfPage":{"@id":"https:\/\/www.eren.ch\/vdr\/#primaryimage"},"image":{"@id":"https:\/\/www.eren.ch\/vdr\/#primaryimage"},"thumbnailUrl":"https:\/\/www.eren.ch\/vdr\/wp-content\/uploads\/sites\/7\/2026\/03\/QR-CODE-Enquete-paroisse-1024x1024.png","datePublished":"2017-02-17T13:26:15+00:00","dateModified":"2026-04-28T14:55:14+00:00","description":"SONDAGE UTILISATION DES B\u00c2TIMENTS DE LA PAROISSE R\u00c9FORM\u00c9E DU VAL-DE-RUZ Pour r\u00e9pondre \u00e0 notre enqu\u00eate, cliquez Ici ou scannez le QR Code avec votre","breadcrumb":{"@id":"https:\/\/www.eren.ch\/vdr\/#breadcrumb"},"inLanguage":"fr-FR","potentialAction":[{"@type":"ReadAction","target":["https:\/\/www.eren.ch\/vdr\/"]}]},{"@type":"ImageObject","inLanguage":"fr-FR","@id":"https:\/\/www.eren.ch\/vdr\/#primaryimage","url":"https:\/\/www.eren.ch\/vdr\/wp-content\/uploads\/sites\/7\/2026\/03\/QR-CODE-Enquete-paroisse-scaled.png","contentUrl":"https:\/\/www.eren.ch\/vdr\/wp-content\/uploads\/sites\/7\/2026\/03\/QR-CODE-Enquete-paroisse-scaled.png","width":2560,"height":2560},{"@type":"BreadcrumbList","@id":"https:\/\/www.eren.ch\/vdr\/#breadcrumb","itemListElement":[{"@type":"ListItem","position":1,"name":"Accueil","item":"https:\/\/www.eren.ch\/vdr\/"},{"@type":"ListItem","position":2,"name":"Bienvenue sur le site de la Paroisse r\u00e9form\u00e9e Val-de-Ruz"}]},{"@type":"WebSite","@id":"https:\/\/www.eren.ch\/vdr\/#website","url":"https:\/\/www.eren.ch\/vdr\/","name":"Paroisse Val-de-Ruz","description":"La pr\u00e9sence protestante reconnue","publisher":{"@id":"https:\/\/www.eren.ch\/vdr\/#organization"},"potentialAction":[{"@type":"SearchAction","target":{"@type":"EntryPoint","urlTemplate":"https:\/\/www.eren.ch\/vdr\/?s={search_term_string}"},"query-input":{"@type":"PropertyValueSpecification","valueRequired":true,"valueName":"search_term_string"}}],"inLanguage":"fr-FR"},{"@type":"Organization","@id":"https:\/\/www.eren.ch\/vdr\/#organization","name":"Paroisse Val-de-Ruz","url":"https:\/\/www.eren.ch\/vdr\/","logo":{"@type":"ImageObject","inLanguage":"fr-FR","@id":"https:\/\/www.eren.ch\/vdr\/#\/schema\/logo\/image\/","url":"https:\/\/www.eren.ch\/vdr\/wp-content\/uploads\/sites\/7\/2020\/12\/logo-vdr.png","contentUrl":"https:\/\/www.eren.ch\/vdr\/wp-content\/uploads\/sites\/7\/2020\/12\/logo-vdr.png","width":240,"height":117,"caption":"Paroisse Val-de-Ruz"},"image":{"@id":"https:\/\/www.eren.ch\/vdr\/#\/schema\/logo\/image\/"},"sameAs":["https:\/\/www.facebook.com\/eglise.EREN\/","https:\/\/x.com\/EgliseEREN","https:\/\/fr.wikipedia.org\/wiki\/glise_rforme_vanglique_du_canton_de_Neuchtel"]}]}},"_links":{"self":[{"href":"https:\/\/www.eren.ch\/vdr\/wp-json\/wp\/v2\/pages\/148","targetHints":{"allow":["GET"]}}],"collection":[{"href":"https:\/\/www.eren.ch\/vdr\/wp-json\/wp\/v2\/pages"}],"about":[{"href":"https:\/\/www.eren.ch\/vdr\/wp-json\/wp\/v2\/types\/page"}],"author":[{"embeddable":true,"href":"https:\/\/www.eren.ch\/vdr\/wp-json\/wp\/v2\/users\/1"}],"replies":[{"embeddable":true,"href":"https:\/\/www.eren.ch\/vdr\/wp-json\/wp\/v2\/comments?post=148"}],"version-history":[{"count":225,"href":"https:\/\/www.eren.ch\/vdr\/wp-json\/wp\/v2\/pages\/148\/revisions"}],"predecessor-version":[{"id":3102,"href":"https:\/\/www.eren.ch\/vdr\/wp-json\/wp\/v2\/pages\/148\/revisions\/3102"}],"wp:attachment":[{"href":"https:\/\/www.eren.ch\/vdr\/wp-json\/wp\/v2\/media?parent=148"}],"curies":[{"name":"wp","href":"https:\/\/api.w.org\/{rel}","templated":true}]}}