{"id":155,"date":"2017-02-21T09:50:28","date_gmt":"2017-02-21T08:50:28","guid":{"rendered":"https:\/\/www.eren.ch\/vdr\/?page_id=155"},"modified":"2021-07-23T13:45:24","modified_gmt":"2021-07-23T11:45:24","slug":"cernier","status":"publish","type":"page","link":"https:\/\/www.eren.ch\/vdr\/temples\/cernier\/","title":{"rendered":"Temple de Cernier"},"content":{"rendered":"<p>La paroisse de <a href=\"https:\/\/www.google.ch\/maps\/place\/Temple+de+Cernier\/@47.0613974,6.9025477,17z\/data=!3m1!4b1!4m5!3m4!1s0x478de2ebbdb6bbc5:0x471530f72a429e1e!8m2!3d47.0613974!4d6.9047364\">Cernier <\/a>est mentionn\u00e9e pour la premi\u00e8re fois en 1324. La premi\u00e8re \u00e9glise avait un ch\u0153ur rectangulaire. L\u2019actuel ch\u0153ur polygonal vo\u00fbt\u00e9 en \u00e9toile remonte vraisemblablement au d\u00e9but du XVIe si\u00e8cle. En 1734, on refit le mur nord et une partie du mur sud de la nef. Ces travaux entra\u00een\u00e8rent la disparition d\u2019une ancienne chapelle situ\u00e9e au nord. En 1774, la tour fut reb\u00e2tie en pierre de taille. La restauration men\u00e9e par l\u2019architecte Eug\u00e8ne Colomb en 1884 \u00e9leva les murs de la nef au niveau de ceux du ch\u0153ur. La porte de la nef, en anse de panier, dat\u00e9e de 1646, est un bel exemple de l\u2019art des tailleurs de pierre. Dans les fen\u00eatres de la nef, on peut admirer trois vitraux anciens. Le premier de forme circulaire doit dater du d\u00e9but du XVIe si\u00e8cle. Les deux autres \u00e9taient de la fin du XVIIe si\u00e8cle; ils portaient les armes des pasteurs Rognon (1689) et Boyve (1691).<\/p>\n<p>En 2007, lors du culte de la R\u00e9formation, ont \u00e9t\u00e9s inaugur\u00e9s des nouveaux vitraux, r\u00e9alis\u00e9s par Alo\u00efs Perregaux.<\/p>\n<div id='gallery-1' class='gallery galleryid-155 gallery-columns-4 gallery-size-thumbnail'><figure class='gallery-item'>\n\t\t\t<div class='gallery-icon landscape'>\n\t\t\t\t<a href='https:\/\/www.eren.ch\/vdr\/wp-content\/uploads\/sites\/7\/2017\/02\/IMG_7018_ld-10-800-600-80.jpg'><img loading=\"lazy\" decoding=\"async\" width=\"150\" height=\"150\" src=\"https:\/\/www.eren.ch\/vdr\/wp-content\/uploads\/sites\/7\/2017\/02\/IMG_7018_ld-10-800-600-80-150x150.jpg\" class=\"attachment-thumbnail size-thumbnail\" alt=\"\" \/><\/a>\n\t\t\t<\/div><\/figure><figure class='gallery-item'>\n\t\t\t<div class='gallery-icon portrait'>\n\t\t\t\t<a href='https:\/\/www.eren.ch\/vdr\/wp-content\/uploads\/sites\/7\/2017\/02\/IMG_6889_ld-25-800-600-80.jpg'><img loading=\"lazy\" decoding=\"async\" width=\"150\" height=\"150\" src=\"https:\/\/www.eren.ch\/vdr\/wp-content\/uploads\/sites\/7\/2017\/02\/IMG_6889_ld-25-800-600-80-150x150.jpg\" class=\"attachment-thumbnail size-thumbnail\" alt=\"\" \/><\/a>\n\t\t\t<\/div><\/figure><figure class='gallery-item'>\n\t\t\t<div class='gallery-icon landscape'>\n\t\t\t\t<a href='https:\/\/www.eren.ch\/vdr\/wp-content\/uploads\/sites\/7\/2017\/02\/IMG_6887_ld-24-800-600-80.jpg'><img loading=\"lazy\" decoding=\"async\" width=\"150\" height=\"150\" src=\"https:\/\/www.eren.ch\/vdr\/wp-content\/uploads\/sites\/7\/2017\/02\/IMG_6887_ld-24-800-600-80-150x150.jpg\" class=\"attachment-thumbnail size-thumbnail\" alt=\"\" \/><\/a>\n\t\t\t<\/div><\/figure><figure class='gallery-item'>\n\t\t\t<div class='gallery-icon landscape'>\n\t\t\t\t<a href='https:\/\/www.eren.ch\/vdr\/wp-content\/uploads\/sites\/7\/2017\/02\/IMG_6886_ld-23-800-600-80.jpg'><img loading=\"lazy\" decoding=\"async\" width=\"150\" height=\"150\" src=\"https:\/\/www.eren.ch\/vdr\/wp-content\/uploads\/sites\/7\/2017\/02\/IMG_6886_ld-23-800-600-80-150x150.jpg\" class=\"attachment-thumbnail size-thumbnail\" alt=\"\" \/><\/a>\n\t\t\t<\/div><\/figure><figure class='gallery-item'>\n\t\t\t<div class='gallery-icon landscape'>\n\t\t\t\t<a href='https:\/\/www.eren.ch\/vdr\/wp-content\/uploads\/sites\/7\/2017\/02\/IMG_7017_ld-21-800-600-80.jpg'><img loading=\"lazy\" decoding=\"async\" width=\"150\" height=\"150\" src=\"https:\/\/www.eren.ch\/vdr\/wp-content\/uploads\/sites\/7\/2017\/02\/IMG_7017_ld-21-800-600-80-150x150.jpg\" class=\"attachment-thumbnail size-thumbnail\" alt=\"\" \/><\/a>\n\t\t\t<\/div><\/figure><figure class='gallery-item'>\n\t\t\t<div class='gallery-icon portrait'>\n\t\t\t\t<a href='https:\/\/www.eren.ch\/vdr\/wp-content\/uploads\/sites\/7\/2017\/02\/IMG_7016_ld-20-800-600-80.jpg'><img loading=\"lazy\" decoding=\"async\" width=\"150\" height=\"150\" src=\"https:\/\/www.eren.ch\/vdr\/wp-content\/uploads\/sites\/7\/2017\/02\/IMG_7016_ld-20-800-600-80-150x150.jpg\" class=\"attachment-thumbnail size-thumbnail\" alt=\"\" \/><\/a>\n\t\t\t<\/div><\/figure><figure class='gallery-item'>\n\t\t\t<div class='gallery-icon landscape'>\n\t\t\t\t<a href='https:\/\/www.eren.ch\/vdr\/wp-content\/uploads\/sites\/7\/2017\/02\/IMG_6903_ld-19-800-600-80.jpg'><img loading=\"lazy\" decoding=\"async\" width=\"150\" height=\"150\" src=\"https:\/\/www.eren.ch\/vdr\/wp-content\/uploads\/sites\/7\/2017\/02\/IMG_6903_ld-19-800-600-80-150x150.jpg\" class=\"attachment-thumbnail size-thumbnail\" alt=\"\" \/><\/a>\n\t\t\t<\/div><\/figure><figure class='gallery-item'>\n\t\t\t<div class='gallery-icon portrait'>\n\t\t\t\t<a href='https:\/\/www.eren.ch\/vdr\/wp-content\/uploads\/sites\/7\/2017\/02\/IMG_6900_ld-18-800-600-80.jpg'><img loading=\"lazy\" decoding=\"async\" width=\"150\" height=\"150\" src=\"https:\/\/www.eren.ch\/vdr\/wp-content\/uploads\/sites\/7\/2017\/02\/IMG_6900_ld-18-800-600-80-150x150.jpg\" class=\"attachment-thumbnail size-thumbnail\" alt=\"\" \/><\/a>\n\t\t\t<\/div><\/figure><figure class='gallery-item'>\n\t\t\t<div class='gallery-icon portrait'>\n\t\t\t\t<a href='https:\/\/www.eren.ch\/vdr\/wp-content\/uploads\/sites\/7\/2017\/02\/IMG_6899_ld-17-800-600-80.jpg'><img loading=\"lazy\" decoding=\"async\" width=\"150\" height=\"150\" src=\"https:\/\/www.eren.ch\/vdr\/wp-content\/uploads\/sites\/7\/2017\/02\/IMG_6899_ld-17-800-600-80-150x150.jpg\" class=\"attachment-thumbnail size-thumbnail\" alt=\"\" \/><\/a>\n\t\t\t<\/div><\/figure><figure class='gallery-item'>\n\t\t\t<div class='gallery-icon landscape'>\n\t\t\t\t<a href='https:\/\/www.eren.ch\/vdr\/wp-content\/uploads\/sites\/7\/2017\/02\/IMG_6898_ld-16-800-600-80.jpg'><img loading=\"lazy\" decoding=\"async\" width=\"150\" height=\"150\" src=\"https:\/\/www.eren.ch\/vdr\/wp-content\/uploads\/sites\/7\/2017\/02\/IMG_6898_ld-16-800-600-80-150x150.jpg\" class=\"attachment-thumbnail size-thumbnail\" alt=\"\" \/><\/a>\n\t\t\t<\/div><\/figure><figure class='gallery-item'>\n\t\t\t<div class='gallery-icon landscape'>\n\t\t\t\t<a href='https:\/\/www.eren.ch\/vdr\/wp-content\/uploads\/sites\/7\/2017\/02\/IMG_6897_ld-15-800-600-80.jpg'><img loading=\"lazy\" decoding=\"async\" width=\"150\" height=\"150\" src=\"https:\/\/www.eren.ch\/vdr\/wp-content\/uploads\/sites\/7\/2017\/02\/IMG_6897_ld-15-800-600-80-150x150.jpg\" class=\"attachment-thumbnail size-thumbnail\" alt=\"\" \/><\/a>\n\t\t\t<\/div><\/figure><figure class='gallery-item'>\n\t\t\t<div class='gallery-icon landscape'>\n\t\t\t\t<a href='https:\/\/www.eren.ch\/vdr\/wp-content\/uploads\/sites\/7\/2017\/02\/IMG_6894_ld-14-800-600-80.jpg'><img loading=\"lazy\" decoding=\"async\" width=\"150\" height=\"150\" src=\"https:\/\/www.eren.ch\/vdr\/wp-content\/uploads\/sites\/7\/2017\/02\/IMG_6894_ld-14-800-600-80-150x150.jpg\" class=\"attachment-thumbnail size-thumbnail\" alt=\"\" \/><\/a>\n\t\t\t<\/div><\/figure><figure class='gallery-item'>\n\t\t\t<div class='gallery-icon landscape'>\n\t\t\t\t<a href='https:\/\/www.eren.ch\/vdr\/wp-content\/uploads\/sites\/7\/2017\/02\/IMG_7022_ld-13-800-600-80.jpg'><img loading=\"lazy\" decoding=\"async\" width=\"150\" height=\"150\" src=\"https:\/\/www.eren.ch\/vdr\/wp-content\/uploads\/sites\/7\/2017\/02\/IMG_7022_ld-13-800-600-80-150x150.jpg\" class=\"attachment-thumbnail size-thumbnail\" alt=\"\" \/><\/a>\n\t\t\t<\/div><\/figure><figure class='gallery-item'>\n\t\t\t<div class='gallery-icon portrait'>\n\t\t\t\t<a href='https:\/\/www.eren.ch\/vdr\/wp-content\/uploads\/sites\/7\/2017\/02\/IMG_7021_ld-12-800-600-80.jpg'><img loading=\"lazy\" decoding=\"async\" width=\"150\" height=\"150\" src=\"https:\/\/www.eren.ch\/vdr\/wp-content\/uploads\/sites\/7\/2017\/02\/IMG_7021_ld-12-800-600-80-150x150.jpg\" class=\"attachment-thumbnail size-thumbnail\" alt=\"\" \/><\/a>\n\t\t\t<\/div><\/figure><figure class='gallery-item'>\n\t\t\t<div class='gallery-icon portrait'>\n\t\t\t\t<a href='https:\/\/www.eren.ch\/vdr\/wp-content\/uploads\/sites\/7\/2017\/02\/IMG_7020_ld-11-800-600-80.jpg'><img loading=\"lazy\" decoding=\"async\" width=\"150\" height=\"150\" src=\"https:\/\/www.eren.ch\/vdr\/wp-content\/uploads\/sites\/7\/2017\/02\/IMG_7020_ld-11-800-600-80-150x150.jpg\" class=\"attachment-thumbnail size-thumbnail\" alt=\"\" \/><\/a>\n\t\t\t<\/div><\/figure>\n\t\t<\/div>\n\n","protected":false},"excerpt":{"rendered":"<p>La paroisse de Cernier est mentionn\u00e9e pour la premi\u00e8re fois en 1324. La premi\u00e8re \u00e9glise avait un ch\u0153ur rectangulaire. L\u2019actuel ch\u0153ur polygonal vo\u00fbt\u00e9 en \u00e9toile remonte vraisemblablement au d\u00e9but du XVIe si\u00e8cle. En 1734, on refit le mur nord et une partie du mur sud de la nef. Ces travaux entra\u00een\u00e8rent la disparition d\u2019une ancienne &hellip; <a href=\"https:\/\/www.eren.ch\/vdr\/temples\/cernier\/\" class=\"more-link\">Continuer la lecture<span class=\"screen-reader-text\"> de &laquo;&nbsp;Temple de Cernier&nbsp;&raquo;<\/span><\/a><\/p>\n","protected":false},"author":1,"featured_media":0,"parent":92,"menu_order":20,"comment_status":"closed","ping_status":"closed","template":"","meta":{"footnotes":""},"class_list":["post-155","page","type-page","status-publish","hentry"],"yoast_head":"<!-- This site is optimized with the Yoast SEO Premium plugin v27.5 (Yoast SEO v27.5) - https:\/\/yoast.com\/product\/yoast-seo-premium-wordpress\/ -->\n<title>Temple de Cernier - Paroisse Val-de-Ruz<\/title>\n<meta name=\"description\" content=\"La paroisse de Cernier est mentionn\u00e9e pour la premi\u00e8re fois en 1324. La premi\u00e8re \u00e9glise avait un ch\u0153ur rectangulaire. L\u2019actuel ch\u0153ur polygonal vo\u00fbt\u00e9 en\" \/>\n<meta name=\"robots\" content=\"index, follow, max-snippet:-1, max-image-preview:large, max-video-preview:-1\" \/>\n<link rel=\"canonical\" href=\"https:\/\/www.eren.ch\/vdr\/temples\/cernier\/\" \/>\n<meta property=\"og:locale\" content=\"fr_FR\" \/>\n<meta property=\"og:type\" content=\"article\" \/>\n<meta property=\"og:title\" content=\"Temple de Cernier\" \/>\n<meta property=\"og:description\" content=\"La paroisse de Cernier est mentionn\u00e9e pour la premi\u00e8re fois en 1324. La premi\u00e8re \u00e9glise avait un ch\u0153ur rectangulaire. L\u2019actuel ch\u0153ur polygonal vo\u00fbt\u00e9 en\" \/>\n<meta property=\"og:url\" content=\"https:\/\/www.eren.ch\/vdr\/temples\/cernier\/\" \/>\n<meta property=\"og:site_name\" content=\"Paroisse Val-de-Ruz\" \/>\n<meta property=\"article:publisher\" content=\"https:\/\/www.facebook.com\/eglise.EREN\/\" \/>\n<meta property=\"article:modified_time\" content=\"2021-07-23T11:45:24+00:00\" \/>\n<meta property=\"og:image\" content=\"https:\/\/www.eren.ch\/vdr\/wp-content\/uploads\/sites\/7\/2017\/02\/IMG_7018_ld-10-800-600-80-150x150.jpg\" \/>\n<meta name=\"twitter:card\" content=\"summary_large_image\" \/>\n<meta name=\"twitter:site\" content=\"@EgliseEREN\" \/>\n<meta name=\"twitter:label1\" content=\"Dur\u00e9e de lecture estim\u00e9e\" \/>\n\t<meta name=\"twitter:data1\" content=\"1 minute\" \/>\n<script type=\"application\/ld+json\" class=\"yoast-schema-graph\">{\"@context\":\"https:\\\/\\\/schema.org\",\"@graph\":[{\"@type\":\"WebPage\",\"@id\":\"https:\\\/\\\/www.eren.ch\\\/vdr\\\/temples\\\/cernier\\\/\",\"url\":\"https:\\\/\\\/www.eren.ch\\\/vdr\\\/temples\\\/cernier\\\/\",\"name\":\"Temple de Cernier - Paroisse Val-de-Ruz\",\"isPartOf\":{\"@id\":\"https:\\\/\\\/www.eren.ch\\\/vdr\\\/#website\"},\"datePublished\":\"2017-02-21T08:50:28+00:00\",\"dateModified\":\"2021-07-23T11:45:24+00:00\",\"description\":\"La paroisse de Cernier est mentionn\u00e9e pour la premi\u00e8re fois en 1324. La premi\u00e8re \u00e9glise avait un ch\u0153ur rectangulaire. L\u2019actuel ch\u0153ur polygonal vo\u00fbt\u00e9 en\",\"breadcrumb\":{\"@id\":\"https:\\\/\\\/www.eren.ch\\\/vdr\\\/temples\\\/cernier\\\/#breadcrumb\"},\"inLanguage\":\"fr-FR\",\"potentialAction\":[{\"@type\":\"ReadAction\",\"target\":[\"https:\\\/\\\/www.eren.ch\\\/vdr\\\/temples\\\/cernier\\\/\"]}]},{\"@type\":\"BreadcrumbList\",\"@id\":\"https:\\\/\\\/www.eren.ch\\\/vdr\\\/temples\\\/cernier\\\/#breadcrumb\",\"itemListElement\":[{\"@type\":\"ListItem\",\"position\":1,\"name\":\"Accueil\",\"item\":\"https:\\\/\\\/www.eren.ch\\\/vdr\\\/\"},{\"@type\":\"ListItem\",\"position\":2,\"name\":\"Temples et chapelles\",\"item\":\"https:\\\/\\\/www.eren.ch\\\/vdr\\\/temples\\\/\"},{\"@type\":\"ListItem\",\"position\":3,\"name\":\"Temple de Cernier\"}]},{\"@type\":\"WebSite\",\"@id\":\"https:\\\/\\\/www.eren.ch\\\/vdr\\\/#website\",\"url\":\"https:\\\/\\\/www.eren.ch\\\/vdr\\\/\",\"name\":\"Paroisse Val-de-Ruz\",\"description\":\"La pr\u00e9sence protestante reconnue\",\"publisher\":{\"@id\":\"https:\\\/\\\/www.eren.ch\\\/vdr\\\/#organization\"},\"potentialAction\":[{\"@type\":\"SearchAction\",\"target\":{\"@type\":\"EntryPoint\",\"urlTemplate\":\"https:\\\/\\\/www.eren.ch\\\/vdr\\\/?s={search_term_string}\"},\"query-input\":{\"@type\":\"PropertyValueSpecification\",\"valueRequired\":true,\"valueName\":\"search_term_string\"}}],\"inLanguage\":\"fr-FR\"},{\"@type\":\"Organization\",\"@id\":\"https:\\\/\\\/www.eren.ch\\\/vdr\\\/#organization\",\"name\":\"Paroisse Val-de-Ruz\",\"url\":\"https:\\\/\\\/www.eren.ch\\\/vdr\\\/\",\"logo\":{\"@type\":\"ImageObject\",\"inLanguage\":\"fr-FR\",\"@id\":\"https:\\\/\\\/www.eren.ch\\\/vdr\\\/#\\\/schema\\\/logo\\\/image\\\/\",\"url\":\"https:\\\/\\\/www.eren.ch\\\/vdr\\\/wp-content\\\/uploads\\\/sites\\\/7\\\/2020\\\/12\\\/logo-vdr.png\",\"contentUrl\":\"https:\\\/\\\/www.eren.ch\\\/vdr\\\/wp-content\\\/uploads\\\/sites\\\/7\\\/2020\\\/12\\\/logo-vdr.png\",\"width\":240,\"height\":117,\"caption\":\"Paroisse Val-de-Ruz\"},\"image\":{\"@id\":\"https:\\\/\\\/www.eren.ch\\\/vdr\\\/#\\\/schema\\\/logo\\\/image\\\/\"},\"sameAs\":[\"https:\\\/\\\/www.facebook.com\\\/eglise.EREN\\\/\",\"https:\\\/\\\/x.com\\\/EgliseEREN\",\"https:\\\/\\\/fr.wikipedia.org\\\/wiki\\\/glise_rforme_vanglique_du_canton_de_Neuchtel\"]}]}<\/script>\n<!-- \/ Yoast SEO Premium plugin. -->","yoast_head_json":{"title":"Temple de Cernier - Paroisse Val-de-Ruz","description":"La paroisse de Cernier est mentionn\u00e9e pour la premi\u00e8re fois en 1324. La premi\u00e8re \u00e9glise avait un ch\u0153ur rectangulaire. L\u2019actuel ch\u0153ur polygonal vo\u00fbt\u00e9 en","robots":{"index":"index","follow":"follow","max-snippet":"max-snippet:-1","max-image-preview":"max-image-preview:large","max-video-preview":"max-video-preview:-1"},"canonical":"https:\/\/www.eren.ch\/vdr\/temples\/cernier\/","og_locale":"fr_FR","og_type":"article","og_title":"Temple de Cernier","og_description":"La paroisse de Cernier est mentionn\u00e9e pour la premi\u00e8re fois en 1324. La premi\u00e8re \u00e9glise avait un ch\u0153ur rectangulaire. L\u2019actuel ch\u0153ur polygonal vo\u00fbt\u00e9 en","og_url":"https:\/\/www.eren.ch\/vdr\/temples\/cernier\/","og_site_name":"Paroisse Val-de-Ruz","article_publisher":"https:\/\/www.facebook.com\/eglise.EREN\/","article_modified_time":"2021-07-23T11:45:24+00:00","og_image":[{"url":"https:\/\/www.eren.ch\/vdr\/wp-content\/uploads\/sites\/7\/2017\/02\/IMG_7018_ld-10-800-600-80-150x150.jpg","type":"","width":"","height":""}],"twitter_card":"summary_large_image","twitter_site":"@EgliseEREN","twitter_misc":{"Dur\u00e9e de lecture estim\u00e9e":"1 minute"},"schema":{"@context":"https:\/\/schema.org","@graph":[{"@type":"WebPage","@id":"https:\/\/www.eren.ch\/vdr\/temples\/cernier\/","url":"https:\/\/www.eren.ch\/vdr\/temples\/cernier\/","name":"Temple de Cernier - Paroisse Val-de-Ruz","isPartOf":{"@id":"https:\/\/www.eren.ch\/vdr\/#website"},"datePublished":"2017-02-21T08:50:28+00:00","dateModified":"2021-07-23T11:45:24+00:00","description":"La paroisse de Cernier est mentionn\u00e9e pour la premi\u00e8re fois en 1324. La premi\u00e8re \u00e9glise avait un ch\u0153ur rectangulaire. L\u2019actuel ch\u0153ur polygonal vo\u00fbt\u00e9 en","breadcrumb":{"@id":"https:\/\/www.eren.ch\/vdr\/temples\/cernier\/#breadcrumb"},"inLanguage":"fr-FR","potentialAction":[{"@type":"ReadAction","target":["https:\/\/www.eren.ch\/vdr\/temples\/cernier\/"]}]},{"@type":"BreadcrumbList","@id":"https:\/\/www.eren.ch\/vdr\/temples\/cernier\/#breadcrumb","itemListElement":[{"@type":"ListItem","position":1,"name":"Accueil","item":"https:\/\/www.eren.ch\/vdr\/"},{"@type":"ListItem","position":2,"name":"Temples et chapelles","item":"https:\/\/www.eren.ch\/vdr\/temples\/"},{"@type":"ListItem","position":3,"name":"Temple de Cernier"}]},{"@type":"WebSite","@id":"https:\/\/www.eren.ch\/vdr\/#website","url":"https:\/\/www.eren.ch\/vdr\/","name":"Paroisse Val-de-Ruz","description":"La pr\u00e9sence protestante reconnue","publisher":{"@id":"https:\/\/www.eren.ch\/vdr\/#organization"},"potentialAction":[{"@type":"SearchAction","target":{"@type":"EntryPoint","urlTemplate":"https:\/\/www.eren.ch\/vdr\/?s={search_term_string}"},"query-input":{"@type":"PropertyValueSpecification","valueRequired":true,"valueName":"search_term_string"}}],"inLanguage":"fr-FR"},{"@type":"Organization","@id":"https:\/\/www.eren.ch\/vdr\/#organization","name":"Paroisse Val-de-Ruz","url":"https:\/\/www.eren.ch\/vdr\/","logo":{"@type":"ImageObject","inLanguage":"fr-FR","@id":"https:\/\/www.eren.ch\/vdr\/#\/schema\/logo\/image\/","url":"https:\/\/www.eren.ch\/vdr\/wp-content\/uploads\/sites\/7\/2020\/12\/logo-vdr.png","contentUrl":"https:\/\/www.eren.ch\/vdr\/wp-content\/uploads\/sites\/7\/2020\/12\/logo-vdr.png","width":240,"height":117,"caption":"Paroisse Val-de-Ruz"},"image":{"@id":"https:\/\/www.eren.ch\/vdr\/#\/schema\/logo\/image\/"},"sameAs":["https:\/\/www.facebook.com\/eglise.EREN\/","https:\/\/x.com\/EgliseEREN","https:\/\/fr.wikipedia.org\/wiki\/glise_rforme_vanglique_du_canton_de_Neuchtel"]}]}},"_links":{"self":[{"href":"https:\/\/www.eren.ch\/vdr\/wp-json\/wp\/v2\/pages\/155","targetHints":{"allow":["GET"]}}],"collection":[{"href":"https:\/\/www.eren.ch\/vdr\/wp-json\/wp\/v2\/pages"}],"about":[{"href":"https:\/\/www.eren.ch\/vdr\/wp-json\/wp\/v2\/types\/page"}],"author":[{"embeddable":true,"href":"https:\/\/www.eren.ch\/vdr\/wp-json\/wp\/v2\/users\/1"}],"replies":[{"embeddable":true,"href":"https:\/\/www.eren.ch\/vdr\/wp-json\/wp\/v2\/comments?post=155"}],"version-history":[{"count":5,"href":"https:\/\/www.eren.ch\/vdr\/wp-json\/wp\/v2\/pages\/155\/revisions"}],"predecessor-version":[{"id":1518,"href":"https:\/\/www.eren.ch\/vdr\/wp-json\/wp\/v2\/pages\/155\/revisions\/1518"}],"up":[{"embeddable":true,"href":"https:\/\/www.eren.ch\/vdr\/wp-json\/wp\/v2\/pages\/92"}],"wp:attachment":[{"href":"https:\/\/www.eren.ch\/vdr\/wp-json\/wp\/v2\/media?parent=155"}],"curies":[{"name":"wp","href":"https:\/\/api.w.org\/{rel}","templated":true}]}}