{"id":162,"date":"2017-02-21T09:53:37","date_gmt":"2017-02-21T08:53:37","guid":{"rendered":"https:\/\/www.eren.ch\/vdr\/?page_id=162"},"modified":"2021-07-23T13:47:24","modified_gmt":"2021-07-23T11:47:24","slug":"coffrane","status":"publish","type":"page","link":"https:\/\/www.eren.ch\/vdr\/temples\/coffrane\/","title":{"rendered":"Temple de Coffrane"},"content":{"rendered":"<p>Une \u00e9glise est mentionn\u00e9e <a href=\"https:\/\/www.google.ch\/maps\/place\/Temple+de+Coffrane\/@47.0103308,6.8604657,17z\/data=!3m1!4b1!4m5!3m4!1s0x478de3d795d8561b:0x66326bfed5dfe71b!8m2!3d47.0103629!4d6.8625661\">\u00e0 Coffrane<\/a> en 1092 d\u00e9j\u00e0; les visiteurs \u00e9piscopaux de 1416 et 1453 constatent que c\u2019est une chapelle d\u00e9pendant du prieur\u00e9 de Corcelles. Apr\u00e8s la R\u00e9forme, on ne sait plus rien du temple, si ce n\u2019est qu\u2019en 1613, le gouverneur de la principaut\u00e9 accorda 200 livres \u00e0 la paroisse de Coffrane pour l\u2019aider \u00e0 le remettre en \u00e9tat.<\/p>\n<p>Une reconstruction sans doute assez compl\u00e8te eut lieu en 1775, puis en 1828 le Conseil d\u2019Etat autorisa la reconstruction de la tour. D\u00e9truit par le feu en 1841, l\u2019\u00e9difice dut \u00eatre presque compl\u00e8tement reconstruit sur les plans de l\u2019architecte Edouard de Sandoz-Rosi\u00e8res.<\/p>\n<p>Une restauration en 1932-33 amena la cr\u00e9ation d\u2019une annexe orientale pour l\u2019orgue et l\u2019ex\u00e9cution de peintures par Charles L\u2019Eplattenier sur les murs nord et sud. Les vitraux non figuratifs sont de Raymond Perrenoud (1956).<\/p>\n<div id='gallery-1' class='gallery galleryid-162 gallery-columns-5 gallery-size-thumbnail'><figure class='gallery-item'>\n\t\t\t<div class='gallery-icon portrait'>\n\t\t\t\t<a href='https:\/\/www.eren.ch\/vdr\/wp-content\/uploads\/sites\/7\/2017\/02\/coffrane_2.jpg'><img loading=\"lazy\" decoding=\"async\" width=\"150\" height=\"150\" src=\"https:\/\/www.eren.ch\/vdr\/wp-content\/uploads\/sites\/7\/2017\/02\/coffrane_2-150x150.jpg\" class=\"attachment-thumbnail size-thumbnail\" alt=\"\" \/><\/a>\n\t\t\t<\/div><\/figure><figure class='gallery-item'>\n\t\t\t<div class='gallery-icon portrait'>\n\t\t\t\t<a href='https:\/\/www.eren.ch\/vdr\/wp-content\/uploads\/sites\/7\/2017\/02\/coffrane_5.jpg'><img loading=\"lazy\" decoding=\"async\" width=\"150\" height=\"150\" src=\"https:\/\/www.eren.ch\/vdr\/wp-content\/uploads\/sites\/7\/2017\/02\/coffrane_5-150x150.jpg\" class=\"attachment-thumbnail size-thumbnail\" alt=\"\" \/><\/a>\n\t\t\t<\/div><\/figure><figure class='gallery-item'>\n\t\t\t<div class='gallery-icon portrait'>\n\t\t\t\t<a href='https:\/\/www.eren.ch\/vdr\/wp-content\/uploads\/sites\/7\/2017\/02\/IMG_3760_ld-8-800-600-80.jpg'><img loading=\"lazy\" decoding=\"async\" width=\"150\" height=\"150\" src=\"https:\/\/www.eren.ch\/vdr\/wp-content\/uploads\/sites\/7\/2017\/02\/IMG_3760_ld-8-800-600-80-150x150.jpg\" class=\"attachment-thumbnail size-thumbnail\" alt=\"\" \/><\/a>\n\t\t\t<\/div><\/figure><figure class='gallery-item'>\n\t\t\t<div class='gallery-icon landscape'>\n\t\t\t\t<a href='https:\/\/www.eren.ch\/vdr\/wp-content\/uploads\/sites\/7\/2017\/02\/coffrane_13.jpg'><img loading=\"lazy\" decoding=\"async\" width=\"150\" height=\"150\" src=\"https:\/\/www.eren.ch\/vdr\/wp-content\/uploads\/sites\/7\/2017\/02\/coffrane_13-150x150.jpg\" class=\"attachment-thumbnail size-thumbnail\" alt=\"\" \/><\/a>\n\t\t\t<\/div><\/figure><figure class='gallery-item'>\n\t\t\t<div class='gallery-icon portrait'>\n\t\t\t\t<a href='https:\/\/www.eren.ch\/vdr\/wp-content\/uploads\/sites\/7\/2017\/02\/coffrane_9.jpg'><img loading=\"lazy\" decoding=\"async\" width=\"150\" height=\"150\" src=\"https:\/\/www.eren.ch\/vdr\/wp-content\/uploads\/sites\/7\/2017\/02\/coffrane_9-150x150.jpg\" class=\"attachment-thumbnail size-thumbnail\" alt=\"\" \/><\/a>\n\t\t\t<\/div><\/figure><figure class='gallery-item'>\n\t\t\t<div class='gallery-icon portrait'>\n\t\t\t\t<a href='https:\/\/www.eren.ch\/vdr\/wp-content\/uploads\/sites\/7\/2017\/02\/coffrane_7.jpg'><img loading=\"lazy\" decoding=\"async\" width=\"150\" height=\"150\" src=\"https:\/\/www.eren.ch\/vdr\/wp-content\/uploads\/sites\/7\/2017\/02\/coffrane_7-150x150.jpg\" class=\"attachment-thumbnail size-thumbnail\" alt=\"\" \/><\/a>\n\t\t\t<\/div><\/figure>\n\t\t<\/div>\n\n","protected":false},"excerpt":{"rendered":"<p>Une \u00e9glise est mentionn\u00e9e \u00e0 Coffrane en 1092 d\u00e9j\u00e0; les visiteurs \u00e9piscopaux de 1416 et 1453 constatent que c\u2019est une chapelle d\u00e9pendant du prieur\u00e9 de Corcelles. Apr\u00e8s la R\u00e9forme, on ne sait plus rien du temple, si ce n\u2019est qu\u2019en 1613, le gouverneur de la principaut\u00e9 accorda 200 livres \u00e0 la paroisse de Coffrane pour &hellip; <a href=\"https:\/\/www.eren.ch\/vdr\/temples\/coffrane\/\" class=\"more-link\">Continuer la lecture<span class=\"screen-reader-text\"> de &laquo;&nbsp;Temple de Coffrane&nbsp;&raquo;<\/span><\/a><\/p>\n","protected":false},"author":1,"featured_media":0,"parent":92,"menu_order":40,"comment_status":"closed","ping_status":"closed","template":"","meta":{"footnotes":""},"class_list":["post-162","page","type-page","status-publish","hentry"],"yoast_head":"<!-- This site is optimized with the Yoast SEO Premium plugin v27.5 (Yoast SEO v27.5) - https:\/\/yoast.com\/product\/yoast-seo-premium-wordpress\/ -->\n<title>Temple de Coffrane - Paroisse Val-de-Ruz<\/title>\n<meta name=\"description\" content=\"Une \u00e9glise est mentionn\u00e9e \u00e0 Coffrane en 1092 d\u00e9j\u00e0; les visiteurs \u00e9piscopaux de 1416 et 1453 constatent que c\u2019est une chapelle d\u00e9pendant du prieur\u00e9 de\" \/>\n<meta name=\"robots\" content=\"index, follow, max-snippet:-1, max-image-preview:large, max-video-preview:-1\" \/>\n<link rel=\"canonical\" href=\"https:\/\/www.eren.ch\/vdr\/temples\/coffrane\/\" \/>\n<meta property=\"og:locale\" content=\"fr_FR\" \/>\n<meta property=\"og:type\" content=\"article\" \/>\n<meta property=\"og:title\" content=\"Temple de Coffrane\" \/>\n<meta property=\"og:description\" content=\"Une \u00e9glise est mentionn\u00e9e \u00e0 Coffrane en 1092 d\u00e9j\u00e0; les visiteurs \u00e9piscopaux de 1416 et 1453 constatent que c\u2019est une chapelle d\u00e9pendant du prieur\u00e9 de\" \/>\n<meta property=\"og:url\" content=\"https:\/\/www.eren.ch\/vdr\/temples\/coffrane\/\" \/>\n<meta property=\"og:site_name\" content=\"Paroisse Val-de-Ruz\" \/>\n<meta property=\"article:publisher\" content=\"https:\/\/www.facebook.com\/eglise.EREN\/\" \/>\n<meta property=\"article:modified_time\" content=\"2021-07-23T11:47:24+00:00\" \/>\n<meta property=\"og:image\" content=\"https:\/\/www.eren.ch\/vdr\/wp-content\/uploads\/sites\/7\/2017\/02\/coffrane_2-150x150.jpg\" \/>\n<meta name=\"twitter:card\" content=\"summary_large_image\" \/>\n<meta name=\"twitter:site\" content=\"@EgliseEREN\" \/>\n<meta name=\"twitter:label1\" content=\"Dur\u00e9e de lecture estim\u00e9e\" \/>\n\t<meta name=\"twitter:data1\" content=\"1 minute\" \/>\n<script type=\"application\/ld+json\" class=\"yoast-schema-graph\">{\"@context\":\"https:\\\/\\\/schema.org\",\"@graph\":[{\"@type\":\"WebPage\",\"@id\":\"https:\\\/\\\/www.eren.ch\\\/vdr\\\/temples\\\/coffrane\\\/\",\"url\":\"https:\\\/\\\/www.eren.ch\\\/vdr\\\/temples\\\/coffrane\\\/\",\"name\":\"Temple de Coffrane - Paroisse Val-de-Ruz\",\"isPartOf\":{\"@id\":\"https:\\\/\\\/www.eren.ch\\\/vdr\\\/#website\"},\"datePublished\":\"2017-02-21T08:53:37+00:00\",\"dateModified\":\"2021-07-23T11:47:24+00:00\",\"description\":\"Une \u00e9glise est mentionn\u00e9e \u00e0 Coffrane en 1092 d\u00e9j\u00e0; les visiteurs \u00e9piscopaux de 1416 et 1453 constatent que c\u2019est une chapelle d\u00e9pendant du prieur\u00e9 de\",\"breadcrumb\":{\"@id\":\"https:\\\/\\\/www.eren.ch\\\/vdr\\\/temples\\\/coffrane\\\/#breadcrumb\"},\"inLanguage\":\"fr-FR\",\"potentialAction\":[{\"@type\":\"ReadAction\",\"target\":[\"https:\\\/\\\/www.eren.ch\\\/vdr\\\/temples\\\/coffrane\\\/\"]}]},{\"@type\":\"BreadcrumbList\",\"@id\":\"https:\\\/\\\/www.eren.ch\\\/vdr\\\/temples\\\/coffrane\\\/#breadcrumb\",\"itemListElement\":[{\"@type\":\"ListItem\",\"position\":1,\"name\":\"Accueil\",\"item\":\"https:\\\/\\\/www.eren.ch\\\/vdr\\\/\"},{\"@type\":\"ListItem\",\"position\":2,\"name\":\"Temples et chapelles\",\"item\":\"https:\\\/\\\/www.eren.ch\\\/vdr\\\/temples\\\/\"},{\"@type\":\"ListItem\",\"position\":3,\"name\":\"Temple de Coffrane\"}]},{\"@type\":\"WebSite\",\"@id\":\"https:\\\/\\\/www.eren.ch\\\/vdr\\\/#website\",\"url\":\"https:\\\/\\\/www.eren.ch\\\/vdr\\\/\",\"name\":\"Paroisse Val-de-Ruz\",\"description\":\"La pr\u00e9sence protestante reconnue\",\"publisher\":{\"@id\":\"https:\\\/\\\/www.eren.ch\\\/vdr\\\/#organization\"},\"potentialAction\":[{\"@type\":\"SearchAction\",\"target\":{\"@type\":\"EntryPoint\",\"urlTemplate\":\"https:\\\/\\\/www.eren.ch\\\/vdr\\\/?s={search_term_string}\"},\"query-input\":{\"@type\":\"PropertyValueSpecification\",\"valueRequired\":true,\"valueName\":\"search_term_string\"}}],\"inLanguage\":\"fr-FR\"},{\"@type\":\"Organization\",\"@id\":\"https:\\\/\\\/www.eren.ch\\\/vdr\\\/#organization\",\"name\":\"Paroisse Val-de-Ruz\",\"url\":\"https:\\\/\\\/www.eren.ch\\\/vdr\\\/\",\"logo\":{\"@type\":\"ImageObject\",\"inLanguage\":\"fr-FR\",\"@id\":\"https:\\\/\\\/www.eren.ch\\\/vdr\\\/#\\\/schema\\\/logo\\\/image\\\/\",\"url\":\"https:\\\/\\\/www.eren.ch\\\/vdr\\\/wp-content\\\/uploads\\\/sites\\\/7\\\/2020\\\/12\\\/logo-vdr.png\",\"contentUrl\":\"https:\\\/\\\/www.eren.ch\\\/vdr\\\/wp-content\\\/uploads\\\/sites\\\/7\\\/2020\\\/12\\\/logo-vdr.png\",\"width\":240,\"height\":117,\"caption\":\"Paroisse Val-de-Ruz\"},\"image\":{\"@id\":\"https:\\\/\\\/www.eren.ch\\\/vdr\\\/#\\\/schema\\\/logo\\\/image\\\/\"},\"sameAs\":[\"https:\\\/\\\/www.facebook.com\\\/eglise.EREN\\\/\",\"https:\\\/\\\/x.com\\\/EgliseEREN\",\"https:\\\/\\\/fr.wikipedia.org\\\/wiki\\\/glise_rforme_vanglique_du_canton_de_Neuchtel\"]}]}<\/script>\n<!-- \/ Yoast SEO Premium plugin. -->","yoast_head_json":{"title":"Temple de Coffrane - Paroisse Val-de-Ruz","description":"Une \u00e9glise est mentionn\u00e9e \u00e0 Coffrane en 1092 d\u00e9j\u00e0; les visiteurs \u00e9piscopaux de 1416 et 1453 constatent que c\u2019est une chapelle d\u00e9pendant du prieur\u00e9 de","robots":{"index":"index","follow":"follow","max-snippet":"max-snippet:-1","max-image-preview":"max-image-preview:large","max-video-preview":"max-video-preview:-1"},"canonical":"https:\/\/www.eren.ch\/vdr\/temples\/coffrane\/","og_locale":"fr_FR","og_type":"article","og_title":"Temple de Coffrane","og_description":"Une \u00e9glise est mentionn\u00e9e \u00e0 Coffrane en 1092 d\u00e9j\u00e0; les visiteurs \u00e9piscopaux de 1416 et 1453 constatent que c\u2019est une chapelle d\u00e9pendant du prieur\u00e9 de","og_url":"https:\/\/www.eren.ch\/vdr\/temples\/coffrane\/","og_site_name":"Paroisse Val-de-Ruz","article_publisher":"https:\/\/www.facebook.com\/eglise.EREN\/","article_modified_time":"2021-07-23T11:47:24+00:00","og_image":[{"url":"https:\/\/www.eren.ch\/vdr\/wp-content\/uploads\/sites\/7\/2017\/02\/coffrane_2-150x150.jpg","type":"","width":"","height":""}],"twitter_card":"summary_large_image","twitter_site":"@EgliseEREN","twitter_misc":{"Dur\u00e9e de lecture estim\u00e9e":"1 minute"},"schema":{"@context":"https:\/\/schema.org","@graph":[{"@type":"WebPage","@id":"https:\/\/www.eren.ch\/vdr\/temples\/coffrane\/","url":"https:\/\/www.eren.ch\/vdr\/temples\/coffrane\/","name":"Temple de Coffrane - Paroisse Val-de-Ruz","isPartOf":{"@id":"https:\/\/www.eren.ch\/vdr\/#website"},"datePublished":"2017-02-21T08:53:37+00:00","dateModified":"2021-07-23T11:47:24+00:00","description":"Une \u00e9glise est mentionn\u00e9e \u00e0 Coffrane en 1092 d\u00e9j\u00e0; les visiteurs \u00e9piscopaux de 1416 et 1453 constatent que c\u2019est une chapelle d\u00e9pendant du prieur\u00e9 de","breadcrumb":{"@id":"https:\/\/www.eren.ch\/vdr\/temples\/coffrane\/#breadcrumb"},"inLanguage":"fr-FR","potentialAction":[{"@type":"ReadAction","target":["https:\/\/www.eren.ch\/vdr\/temples\/coffrane\/"]}]},{"@type":"BreadcrumbList","@id":"https:\/\/www.eren.ch\/vdr\/temples\/coffrane\/#breadcrumb","itemListElement":[{"@type":"ListItem","position":1,"name":"Accueil","item":"https:\/\/www.eren.ch\/vdr\/"},{"@type":"ListItem","position":2,"name":"Temples et chapelles","item":"https:\/\/www.eren.ch\/vdr\/temples\/"},{"@type":"ListItem","position":3,"name":"Temple de Coffrane"}]},{"@type":"WebSite","@id":"https:\/\/www.eren.ch\/vdr\/#website","url":"https:\/\/www.eren.ch\/vdr\/","name":"Paroisse Val-de-Ruz","description":"La pr\u00e9sence protestante reconnue","publisher":{"@id":"https:\/\/www.eren.ch\/vdr\/#organization"},"potentialAction":[{"@type":"SearchAction","target":{"@type":"EntryPoint","urlTemplate":"https:\/\/www.eren.ch\/vdr\/?s={search_term_string}"},"query-input":{"@type":"PropertyValueSpecification","valueRequired":true,"valueName":"search_term_string"}}],"inLanguage":"fr-FR"},{"@type":"Organization","@id":"https:\/\/www.eren.ch\/vdr\/#organization","name":"Paroisse Val-de-Ruz","url":"https:\/\/www.eren.ch\/vdr\/","logo":{"@type":"ImageObject","inLanguage":"fr-FR","@id":"https:\/\/www.eren.ch\/vdr\/#\/schema\/logo\/image\/","url":"https:\/\/www.eren.ch\/vdr\/wp-content\/uploads\/sites\/7\/2020\/12\/logo-vdr.png","contentUrl":"https:\/\/www.eren.ch\/vdr\/wp-content\/uploads\/sites\/7\/2020\/12\/logo-vdr.png","width":240,"height":117,"caption":"Paroisse Val-de-Ruz"},"image":{"@id":"https:\/\/www.eren.ch\/vdr\/#\/schema\/logo\/image\/"},"sameAs":["https:\/\/www.facebook.com\/eglise.EREN\/","https:\/\/x.com\/EgliseEREN","https:\/\/fr.wikipedia.org\/wiki\/glise_rforme_vanglique_du_canton_de_Neuchtel"]}]}},"_links":{"self":[{"href":"https:\/\/www.eren.ch\/vdr\/wp-json\/wp\/v2\/pages\/162","targetHints":{"allow":["GET"]}}],"collection":[{"href":"https:\/\/www.eren.ch\/vdr\/wp-json\/wp\/v2\/pages"}],"about":[{"href":"https:\/\/www.eren.ch\/vdr\/wp-json\/wp\/v2\/types\/page"}],"author":[{"embeddable":true,"href":"https:\/\/www.eren.ch\/vdr\/wp-json\/wp\/v2\/users\/1"}],"replies":[{"embeddable":true,"href":"https:\/\/www.eren.ch\/vdr\/wp-json\/wp\/v2\/comments?post=162"}],"version-history":[{"count":4,"href":"https:\/\/www.eren.ch\/vdr\/wp-json\/wp\/v2\/pages\/162\/revisions"}],"predecessor-version":[{"id":1519,"href":"https:\/\/www.eren.ch\/vdr\/wp-json\/wp\/v2\/pages\/162\/revisions\/1519"}],"up":[{"embeddable":true,"href":"https:\/\/www.eren.ch\/vdr\/wp-json\/wp\/v2\/pages\/92"}],"wp:attachment":[{"href":"https:\/\/www.eren.ch\/vdr\/wp-json\/wp\/v2\/media?parent=162"}],"curies":[{"name":"wp","href":"https:\/\/api.w.org\/{rel}","templated":true}]}}