{"id":29,"date":"2016-12-11T16:56:41","date_gmt":"2016-12-11T15:56:41","guid":{"rendered":"https:\/\/www.eren.ch\/vdr\/?page_id=29"},"modified":"2026-05-12T09:16:17","modified_gmt":"2026-05-12T07:16:17","slug":"aines","status":"publish","type":"page","link":"https:\/\/www.eren.ch\/vdr\/aines\/","title":{"rendered":"A\u00een\u00e9s"},"content":{"rendered":"\n<h2 class=\"wp-block-heading\" id=\"h-le-club-des-aines-du-val-de-ruz\">Le Club des a\u00een\u00e9s du Val-de-Ruz<\/h2>\n\n\n\n<p class=\"wp-block-paragraph\">Le Club des a\u00een\u00e9s offre une vari\u00e9t\u00e9 d\u2019activit\u00e9s d\u2019octobre \u00e0 mai \u00e0 la <a href=\"https:\/\/www.google.ch\/maps\/place\/Temple+de+Dombresson\/@47.0728401,6.9519371,15z\/data=!4m9!1m2!2m1!1ssalle+paroisse+dombresson!3m5!1s0x478e0872f154ba67:0x8bac23f68f6fd0c8!8m2!3d47.072806!4d6.960499!15sChlzYWxsZSBwYXJvaXNzZSBkb21icmVzc29ukgEPcmVmb3JtZWRfY2h1cmNo\">salle de paroisse de Dombresson<\/a>. Ces rencontres ont lieu environ toutes les trois semaines le vendredi apr\u00e8s-midi. Trois repas de midi font partie du programme.<\/p>\n\n\n\n<h2 class=\"wp-block-heading\" id=\"h-agenda\">Agenda<\/h2>\n\n\n\n<figure class=\"wp-block-table\"><table><thead><tr><th>Date<\/th><th>Activit\u00e9<\/th><\/tr><\/thead><tbody><tr><td>Vendredi 16 janvier 2026<\/td><td><\/td><\/tr><tr><td>Vendredi 6 f\u00e9vrier 2026<\/td><td><\/td><\/tr><tr><td>Vendredi 13 mars 2026<\/td><td>Conf\u00e9rence<\/td><\/tr><tr><td>Vendredi 3 avril 2026<\/td><td>Repas lasagnes<\/td><\/tr><tr><td>Vendredi 8 mai 2026<\/td><td>Conf\u00e9rence<\/td><\/tr><tr><td>Vendredi 2 octobre 2026<\/td><td>Repas raclette<\/td><\/tr><tr><td>Vendredi 6 novembre 2026<\/td><td>Loto<\/td><\/tr><tr><td>Vendredi 4 d\u00e9cembre 2026<\/td><td>Repas de No\u00ebl<\/td><\/tr><\/tbody><\/table><\/figure>\n\n\n\n<h2 class=\"wp-block-heading\">Informations et contact<\/h2>\n\n\n\n<ul class=\"wp-block-list\">\n<li>Mme Paulette Bourquin &#8211; +41 32 853 21 86 ou +41 78 742 11 49.<\/li>\n<\/ul>\n\n\n\n<p class=\"wp-block-paragraph\">Autres activit\u00e9s concernant les personnes retrait\u00e9es <\/p>\n\n\n\n<h2 class=\"wp-block-heading\" id=\"h-autres-activites-concernant-les-personnes-retraitees\">Autres activit\u00e9s concernant les personnes retrait\u00e9es<\/h2>\n\n\n\n<p class=\"wp-block-paragraph\">Dates des rencontres <strong>DU MCR AU VAL-DE-RUZ POUR 2024-2025<\/strong><br><strong>Les rencontres ont lieu les mercredis \u00e0 14h30 dans la salle de la maison de Paroisse catholique, Rue des Pierres Grises 3 \u00e0 Cernier<\/strong>.<\/p>\n\n\n<a class=\"wp-block-read-more\" href=\"https:\/\/www.eren.ch\/vdr\/aines\/\" target=\"_self\"><a href=\"https:\/\/www.mcr-viemontante.ch\/copie-de-informations-3#:~:text=Journ%C3%A9e%20mondiale%20des%20a%C3%AEn%C3%A9s%20:%2021%20juillet%2010h%20Culte%20%C3%A0\">https:\/\/www.mcr-viemontante.ch\/copie-de-informations-3#:~:text=Journ%C3%A9e%20mondiale%20des%20a%C3%AEn%C3%A9s%20:%2021%20juillet%2010h%20Culte%20%C3%A0<\/a><span class=\"screen-reader-text\">\u00a0: A\u00een\u00e9s<\/span><\/a>","protected":false},"excerpt":{"rendered":"<p>Le Club des a\u00een\u00e9s du Val-de-Ruz Le Club des a\u00een\u00e9s offre une vari\u00e9t\u00e9 d\u2019activit\u00e9s d\u2019octobre \u00e0 mai \u00e0 la salle de paroisse de Dombresson. Ces rencontres ont lieu environ toutes les trois semaines le vendredi apr\u00e8s-midi. Trois repas de midi font partie du programme. Agenda Date Activit\u00e9 Vendredi 16 janvier 2026 Vendredi 6 f\u00e9vrier 2026 &hellip; <a href=\"https:\/\/www.eren.ch\/vdr\/aines\/\" class=\"more-link\">Continuer la lecture<span class=\"screen-reader-text\"> de &laquo;&nbsp;A\u00een\u00e9s&nbsp;&raquo;<\/span><\/a><\/p>\n","protected":false},"author":1,"featured_media":0,"parent":0,"menu_order":40,"comment_status":"closed","ping_status":"closed","template":"","meta":{"footnotes":""},"class_list":["post-29","page","type-page","status-publish","hentry"],"yoast_head":"<!-- This site is optimized with the Yoast SEO Premium plugin v27.9 (Yoast SEO v28.4) - https:\/\/yoast.com\/product\/yoast-seo-premium-wordpress\/ -->\n<title>A\u00een\u00e9s - Paroisse Val-de-Ruz<\/title>\n<meta name=\"description\" content=\"Le Club des a\u00een\u00e9s du Val-de-Ruz Le Club des a\u00een\u00e9s offre une vari\u00e9t\u00e9 d\u2019activit\u00e9s d\u2019octobre \u00e0 mai \u00e0 la salle de paroisse de Dombresson. Ces rencontres ont\" \/>\n<meta name=\"robots\" content=\"index, follow, max-snippet:-1, max-image-preview:large, max-video-preview:-1\" \/>\n<link rel=\"canonical\" href=\"https:\/\/www.eren.ch\/vdr\/aines\/\" \/>\n<meta property=\"og:locale\" content=\"fr_FR\" \/>\n<meta property=\"og:type\" content=\"article\" \/>\n<meta property=\"og:title\" content=\"A\u00een\u00e9s\" \/>\n<meta property=\"og:description\" content=\"Le Club des a\u00een\u00e9s du Val-de-Ruz Le Club des a\u00een\u00e9s offre une vari\u00e9t\u00e9 d\u2019activit\u00e9s d\u2019octobre \u00e0 mai \u00e0 la salle de paroisse de Dombresson. Ces rencontres ont\" \/>\n<meta property=\"og:url\" content=\"https:\/\/www.eren.ch\/vdr\/aines\/\" \/>\n<meta property=\"og:site_name\" content=\"Paroisse Val-de-Ruz\" \/>\n<meta property=\"article:publisher\" content=\"https:\/\/www.facebook.com\/eglise.EREN\/\" \/>\n<meta property=\"article:modified_time\" content=\"2026-05-12T07:16:17+00:00\" \/>\n<meta property=\"og:image\" content=\"https:\/\/www.eren.ch\/vdr\/wp-content\/uploads\/sites\/7\/2017\/02\/boudevilliers_3.jpg\" \/>\n\t<meta property=\"og:image:width\" content=\"886\" \/>\n\t<meta property=\"og:image:height\" content=\"589\" \/>\n\t<meta property=\"og:image:type\" content=\"image\/jpeg\" \/>\n<meta name=\"twitter:card\" content=\"summary_large_image\" \/>\n<meta name=\"twitter:site\" content=\"@EgliseEREN\" \/>\n<meta name=\"twitter:label1\" content=\"Dur\u00e9e de lecture estim\u00e9e\" \/>\n\t<meta name=\"twitter:data1\" content=\"1 minute\" \/>\n<script type=\"application\/ld+json\" class=\"yoast-schema-graph\">{\"@context\":\"https:\\\/\\\/schema.org\",\"@graph\":[{\"@type\":\"WebPage\",\"@id\":\"https:\\\/\\\/www.eren.ch\\\/vdr\\\/aines\\\/\",\"url\":\"https:\\\/\\\/www.eren.ch\\\/vdr\\\/aines\\\/\",\"name\":\"A\u00een\u00e9s - Paroisse Val-de-Ruz\",\"isPartOf\":{\"@id\":\"https:\\\/\\\/www.eren.ch\\\/vdr\\\/#website\"},\"datePublished\":\"2016-12-11T15:56:41+00:00\",\"dateModified\":\"2026-05-12T07:16:17+00:00\",\"description\":\"Le Club des a\u00een\u00e9s du Val-de-Ruz Le Club des a\u00een\u00e9s offre une vari\u00e9t\u00e9 d\u2019activit\u00e9s d\u2019octobre \u00e0 mai \u00e0 la salle de paroisse de Dombresson. Ces rencontres ont\",\"breadcrumb\":{\"@id\":\"https:\\\/\\\/www.eren.ch\\\/vdr\\\/aines\\\/#breadcrumb\"},\"inLanguage\":\"fr-FR\",\"potentialAction\":[{\"@type\":\"ReadAction\",\"target\":[\"https:\\\/\\\/www.eren.ch\\\/vdr\\\/aines\\\/\"]}]},{\"@type\":\"BreadcrumbList\",\"@id\":\"https:\\\/\\\/www.eren.ch\\\/vdr\\\/aines\\\/#breadcrumb\",\"itemListElement\":[{\"@type\":\"ListItem\",\"position\":1,\"name\":\"Accueil\",\"item\":\"https:\\\/\\\/www.eren.ch\\\/vdr\\\/\"},{\"@type\":\"ListItem\",\"position\":2,\"name\":\"A\u00een\u00e9s\"}]},{\"@type\":\"WebSite\",\"@id\":\"https:\\\/\\\/www.eren.ch\\\/vdr\\\/#website\",\"url\":\"https:\\\/\\\/www.eren.ch\\\/vdr\\\/\",\"name\":\"Paroisse Val-de-Ruz\",\"description\":\"La pr\u00e9sence protestante reconnue\",\"publisher\":{\"@id\":\"https:\\\/\\\/www.eren.ch\\\/vdr\\\/#organization\"},\"potentialAction\":[{\"@type\":\"SearchAction\",\"target\":{\"@type\":\"EntryPoint\",\"urlTemplate\":\"https:\\\/\\\/www.eren.ch\\\/vdr\\\/?s={search_term_string}\"},\"query-input\":{\"@type\":\"PropertyValueSpecification\",\"valueRequired\":true,\"valueName\":\"search_term_string\"}}],\"inLanguage\":\"fr-FR\"},{\"@type\":\"Organization\",\"@id\":\"https:\\\/\\\/www.eren.ch\\\/vdr\\\/#organization\",\"name\":\"Paroisse Val-de-Ruz\",\"url\":\"https:\\\/\\\/www.eren.ch\\\/vdr\\\/\",\"logo\":{\"@type\":\"ImageObject\",\"inLanguage\":\"fr-FR\",\"@id\":\"https:\\\/\\\/www.eren.ch\\\/vdr\\\/#\\\/schema\\\/logo\\\/image\\\/\",\"url\":\"https:\\\/\\\/www.eren.ch\\\/vdr\\\/wp-content\\\/uploads\\\/sites\\\/7\\\/2020\\\/12\\\/logo-vdr.png\",\"contentUrl\":\"https:\\\/\\\/www.eren.ch\\\/vdr\\\/wp-content\\\/uploads\\\/sites\\\/7\\\/2020\\\/12\\\/logo-vdr.png\",\"width\":240,\"height\":117,\"caption\":\"Paroisse Val-de-Ruz\"},\"image\":{\"@id\":\"https:\\\/\\\/www.eren.ch\\\/vdr\\\/#\\\/schema\\\/logo\\\/image\\\/\"},\"sameAs\":[\"https:\\\/\\\/www.facebook.com\\\/eglise.EREN\\\/\",\"https:\\\/\\\/x.com\\\/EgliseEREN\",\"https:\\\/\\\/fr.wikipedia.org\\\/wiki\\\/glise_rforme_vanglique_du_canton_de_Neuchtel\"]}]}<\/script>\n<!-- \/ Yoast SEO Premium plugin. -->","yoast_head_json":{"title":"A\u00een\u00e9s - Paroisse Val-de-Ruz","description":"Le Club des a\u00een\u00e9s du Val-de-Ruz Le Club des a\u00een\u00e9s offre une vari\u00e9t\u00e9 d\u2019activit\u00e9s d\u2019octobre \u00e0 mai \u00e0 la salle de paroisse de Dombresson. Ces rencontres ont","robots":{"index":"index","follow":"follow","max-snippet":"max-snippet:-1","max-image-preview":"max-image-preview:large","max-video-preview":"max-video-preview:-1"},"canonical":"https:\/\/www.eren.ch\/vdr\/aines\/","og_locale":"fr_FR","og_type":"article","og_title":"A\u00een\u00e9s","og_description":"Le Club des a\u00een\u00e9s du Val-de-Ruz Le Club des a\u00een\u00e9s offre une vari\u00e9t\u00e9 d\u2019activit\u00e9s d\u2019octobre \u00e0 mai \u00e0 la salle de paroisse de Dombresson. Ces rencontres ont","og_url":"https:\/\/www.eren.ch\/vdr\/aines\/","og_site_name":"Paroisse Val-de-Ruz","article_publisher":"https:\/\/www.facebook.com\/eglise.EREN\/","article_modified_time":"2026-05-12T07:16:17+00:00","og_image":[{"width":886,"height":589,"url":"https:\/\/www.eren.ch\/vdr\/wp-content\/uploads\/sites\/7\/2017\/02\/boudevilliers_3.jpg","type":"image\/jpeg"}],"twitter_card":"summary_large_image","twitter_site":"@EgliseEREN","twitter_misc":{"Dur\u00e9e de lecture estim\u00e9e":"1 minute"},"schema":{"@context":"https:\/\/schema.org","@graph":[{"@type":"WebPage","@id":"https:\/\/www.eren.ch\/vdr\/aines\/","url":"https:\/\/www.eren.ch\/vdr\/aines\/","name":"A\u00een\u00e9s - Paroisse Val-de-Ruz","isPartOf":{"@id":"https:\/\/www.eren.ch\/vdr\/#website"},"datePublished":"2016-12-11T15:56:41+00:00","dateModified":"2026-05-12T07:16:17+00:00","description":"Le Club des a\u00een\u00e9s du Val-de-Ruz Le Club des a\u00een\u00e9s offre une vari\u00e9t\u00e9 d\u2019activit\u00e9s d\u2019octobre \u00e0 mai \u00e0 la salle de paroisse de Dombresson. Ces rencontres ont","breadcrumb":{"@id":"https:\/\/www.eren.ch\/vdr\/aines\/#breadcrumb"},"inLanguage":"fr-FR","potentialAction":[{"@type":"ReadAction","target":["https:\/\/www.eren.ch\/vdr\/aines\/"]}]},{"@type":"BreadcrumbList","@id":"https:\/\/www.eren.ch\/vdr\/aines\/#breadcrumb","itemListElement":[{"@type":"ListItem","position":1,"name":"Accueil","item":"https:\/\/www.eren.ch\/vdr\/"},{"@type":"ListItem","position":2,"name":"A\u00een\u00e9s"}]},{"@type":"WebSite","@id":"https:\/\/www.eren.ch\/vdr\/#website","url":"https:\/\/www.eren.ch\/vdr\/","name":"Paroisse Val-de-Ruz","description":"La pr\u00e9sence protestante reconnue","publisher":{"@id":"https:\/\/www.eren.ch\/vdr\/#organization"},"potentialAction":[{"@type":"SearchAction","target":{"@type":"EntryPoint","urlTemplate":"https:\/\/www.eren.ch\/vdr\/?s={search_term_string}"},"query-input":{"@type":"PropertyValueSpecification","valueRequired":true,"valueName":"search_term_string"}}],"inLanguage":"fr-FR"},{"@type":"Organization","@id":"https:\/\/www.eren.ch\/vdr\/#organization","name":"Paroisse Val-de-Ruz","url":"https:\/\/www.eren.ch\/vdr\/","logo":{"@type":"ImageObject","inLanguage":"fr-FR","@id":"https:\/\/www.eren.ch\/vdr\/#\/schema\/logo\/image\/","url":"https:\/\/www.eren.ch\/vdr\/wp-content\/uploads\/sites\/7\/2020\/12\/logo-vdr.png","contentUrl":"https:\/\/www.eren.ch\/vdr\/wp-content\/uploads\/sites\/7\/2020\/12\/logo-vdr.png","width":240,"height":117,"caption":"Paroisse Val-de-Ruz"},"image":{"@id":"https:\/\/www.eren.ch\/vdr\/#\/schema\/logo\/image\/"},"sameAs":["https:\/\/www.facebook.com\/eglise.EREN\/","https:\/\/x.com\/EgliseEREN","https:\/\/fr.wikipedia.org\/wiki\/glise_rforme_vanglique_du_canton_de_Neuchtel"]}]}},"_links":{"self":[{"href":"https:\/\/www.eren.ch\/vdr\/wp-json\/wp\/v2\/pages\/29","targetHints":{"allow":["GET"]}}],"collection":[{"href":"https:\/\/www.eren.ch\/vdr\/wp-json\/wp\/v2\/pages"}],"about":[{"href":"https:\/\/www.eren.ch\/vdr\/wp-json\/wp\/v2\/types\/page"}],"author":[{"embeddable":true,"href":"https:\/\/www.eren.ch\/vdr\/wp-json\/wp\/v2\/users\/1"}],"replies":[{"embeddable":true,"href":"https:\/\/www.eren.ch\/vdr\/wp-json\/wp\/v2\/comments?post=29"}],"version-history":[{"count":12,"href":"https:\/\/www.eren.ch\/vdr\/wp-json\/wp\/v2\/pages\/29\/revisions"}],"predecessor-version":[{"id":3118,"href":"https:\/\/www.eren.ch\/vdr\/wp-json\/wp\/v2\/pages\/29\/revisions\/3118"}],"wp:attachment":[{"href":"https:\/\/www.eren.ch\/vdr\/wp-json\/wp\/v2\/media?parent=29"}],"curies":[{"name":"wp","href":"https:\/\/api.w.org\/{rel}","templated":true}]}}